{"version":"1.0","provider_name":"Fundaci\u00f3 Barcelona Ol\u00edmpica","provider_url":"https:\/\/www.fundaciobarcelonaolimpica.es\/ca\/","author_name":"useradmin","author_url":"https:\/\/www.fundaciobarcelonaolimpica.es\/ca\/author\/useradmin\/","title":"Periodisme amb empremta ol\u00edmpica - Fundaci\u00f3 Barcelona Ol\u00edmpica","type":"rich","width":600,"height":338,"html":"<blockquote class=\"wp-embedded-content\" data-secret=\"vOoKlNSuch\"><a href=\"https:\/\/www.fundaciobarcelonaolimpica.es\/ca\/publications\/periodisme-amb-empremta-olimpica\/\">Periodisme amb empremta ol\u00edmpica<\/a><\/blockquote><iframe sandbox=\"allow-scripts\" security=\"restricted\" src=\"https:\/\/www.fundaciobarcelonaolimpica.es\/ca\/publications\/periodisme-amb-empremta-olimpica\/embed\/#?secret=vOoKlNSuch\" width=\"600\" height=\"338\" title=\"&#8220;Periodisme amb empremta ol\u00edmpica&#8221; &#8212; Fundaci\u00f3 Barcelona Ol\u00edmpica\" data-secret=\"vOoKlNSuch\" frameborder=\"0\" marginwidth=\"0\" marginheight=\"0\" scrolling=\"no\" class=\"wp-embedded-content\"><\/iframe><script type=\"text\/javascript\">\n\/* <![CDATA[ *\/\n\/*! This file is auto-generated *\/\n!function(d,l){\"use strict\";l.querySelector&&d.addEventListener&&\"undefined\"!=typeof URL&&(d.wp=d.wp||{},d.wp.receiveEmbedMessage||(d.wp.receiveEmbedMessage=function(e){var t=e.data;if((t||t.secret||t.message||t.value)&&!\/[^a-zA-Z0-9]\/.test(t.secret)){for(var s,r,n,a=l.querySelectorAll('iframe[data-secret=\"'+t.secret+'\"]'),o=l.querySelectorAll('blockquote[data-secret=\"'+t.secret+'\"]'),c=new RegExp(\"^https?:$\",\"i\"),i=0;i<o.length;i++)o[i].style.display=\"none\";for(i=0;i<a.length;i++)s=a[i],e.source===s.contentWindow&&(s.removeAttribute(\"style\"),\"height\"===t.message?(1e3<(r=parseInt(t.value,10))?r=1e3:~~r<200&&(r=200),s.height=r):\"link\"===t.message&&(r=new URL(s.getAttribute(\"src\")),n=new URL(t.value),c.test(n.protocol))&&n.host===r.host&&l.activeElement===s&&(d.top.location.href=t.value))}},d.addEventListener(\"message\",d.wp.receiveEmbedMessage,!1),l.addEventListener(\"DOMContentLoaded\",function(){for(var e,t,s=l.querySelectorAll(\"iframe.wp-embedded-content\"),r=0;r<s.length;r++)(t=(e=s[r]).getAttribute(\"data-secret\"))||(t=Math.random().toString(36).substring(2,12),e.src+=\"#?secret=\"+t,e.setAttribute(\"data-secret\",t)),e.contentWindow.postMessage({message:\"ready\",secret:t},\"*\")},!1)))}(window,document);\n\/* ]]> *\/\n<\/script>\n","thumbnail_url":"https:\/\/www.fundaciobarcelonaolimpica.es\/wp-content\/uploads\/sites\/3\/2019\/07\/Periodisme_portada.jpg","thumbnail_width":991,"thumbnail_height":1403,"description":"Aquest llibre \u00e9s molt m\u00e9s que una col\u00b7lecci\u00f3 d\u2019article period\u00edstic sobre el moviment ol\u00edmpic. El contingut que \u00e9s fa que sigueu extreure una part de l'exist\u00e8ncia dels Jocs Ol\u00edmpics de Barcelona i us ajudem a con\u00e8ixer m\u00e9s a fons la capital deportiva de la nostra ciutat."}