{"id":23039,"date":"2021-06-04T12:29:31","date_gmt":"2021-06-04T10:29:31","guid":{"rendered":"https:\/\/www.fundaciobarcelonaolimpica.es\/?page_id=23039"},"modified":"2021-06-11T14:27:55","modified_gmt":"2021-06-11T12:27:55","slug":"proteccio-de-dades-caracter-personal-treball-de-recerca","status":"publish","type":"page","link":"https:\/\/www.fundaciobarcelonaolimpica.es\/ca\/proteccio-de-dades-caracter-personal-treball-de-recerca\/","title":{"rendered":"Protecci\u00f3 de dades car\u00e0cter personal &#8211; Treball de recerca"},"content":{"rendered":"\t\t<div data-elementor-type=\"wp-post\" data-elementor-id=\"23039\" class=\"elementor elementor-23039 elementor-23038\" data-elementor-post-type=\"page\">\n\t\t\t\t\t\t<section class=\"elementor-section elementor-top-section elementor-element elementor-element-79b84364 fbo-rgpd elementor-section-boxed elementor-section-height-default elementor-section-height-default\" data-id=\"79b84364\" data-element_type=\"section\">\n\t\t\t\t\t\t<div class=\"elementor-container elementor-column-gap-no\">\n\t\t\t\t\t<div class=\"elementor-column elementor-col-100 elementor-top-column elementor-element elementor-element-57400f86\" data-id=\"57400f86\" data-element_type=\"column\">\n\t\t\t<div class=\"elementor-widget-wrap elementor-element-populated\">\n\t\t\t\t\t\t<section class=\"elementor-section elementor-inner-section elementor-element elementor-element-2fc25f48 elementor-section-boxed elementor-section-height-default elementor-section-height-default\" data-id=\"2fc25f48\" data-element_type=\"section\">\n\t\t\t\t\t\t<div class=\"elementor-container elementor-column-gap-default\">\n\t\t\t\t\t<div class=\"elementor-column elementor-col-100 elementor-inner-column elementor-element elementor-element-632a5d05\" data-id=\"632a5d05\" data-element_type=\"column\">\n\t\t\t<div class=\"elementor-widget-wrap elementor-element-populated\">\n\t\t\t\t\t\t<div class=\"elementor-element elementor-element-6376822 elementor-widget elementor-widget-text-editor\" data-id=\"6376822\" data-element_type=\"widget\" data-widget_type=\"text-editor.default\">\n\t\t\t\t<div class=\"elementor-widget-container\">\n\t\t\t\t\t\t\t\t\t<h1 style=\"margin-top: .05pt; line-height: 150%;\"><span lang=\"CA\" style=\"font-size: 12.0pt; line-height: 150%; font-family: 'Calibri Light',sans-serif;\">PROTECCI\u00d3 DE DADES DE CAR\u00c0CTER PERSONAL<\/span><\/h1>\n<table>\n<tbody>\n<tr>\n<td colspan=\"2\" width=\"574\">Informaci\u00f3 b\u00e0sica sobre Protecci\u00f3 de Dades<\/td>\n<\/tr>\n<tr>\n<td width=\"136\">Responsable<\/td>\n<td width=\"438\">Identidat: Fundaci\u00f3 Barcelona Ol\u00edmpica<\/p>\n<p>Domicili: Avinguda de l\u2019Estadi, 60 \u2013 08038 Barcelona NIF: G-60309655<\/td>\n<\/tr>\n<tr>\n<td width=\"136\">Finalidat<\/td>\n<td width=\"438\">Gesti\u00f3 i administraci\u00f3 del PREMI AL TREBALL DE RECERCA DE TEM\u00c0TICA ESPORTIVA<\/td>\n<\/tr>\n<tr>\n<td width=\"136\">Legitimaci\u00f3<\/td>\n<td width=\"438\">Bases generals del PREMI AL TREBALL DE RECERCA DE TEM\u00c0TICA ESPORTIVA<\/td>\n<\/tr>\n<tr>\n<td width=\"136\">Destinataris<\/td>\n<td width=\"438\">No es preveu la cessi\u00f3 de dades i, en aquest cas, nom\u00e9s es comunicarien a tercers quan consti el consentiment inequ\u00edvoc de l\u2019interessat, o en els casos de compliment d\u2019execuci\u00f3 d\u2019un contracte, inter\u00e8s leg\u00edtim, inter\u00e8s p\u00fablic o obligacions legals.<\/td>\n<\/tr>\n<tr>\n<td width=\"136\">Drets<\/td>\n<td width=\"438\">Accedir, rectificar i suprimir les dades, aix\u00ed com altres drets, com s\u2019explica en la informaci\u00f3 addicional de la pol\u00edtica de protecci\u00f3 de dades.<\/td>\n<\/tr>\n<tr>\n<td width=\"136\">Informaci\u00f3 adicional<\/td>\n<td width=\"438\">Per m\u00e9s informaci\u00f3 sobre la pol\u00edtica de protecci\u00f3 de dades pot consultar m\u00e9s avall*.<\/td>\n<\/tr>\n<\/tbody>\n<\/table>\n<p><strong>\u00a0<\/strong><\/p>\n<p><strong>**INFORMACI\u00d3 ADDICIONAL DE LA POL\u00cdTICA DE PROTECCI\u00d3 DE DADES<\/strong><\/p>\n<p><strong>\u00a0<\/strong><strong>Responsable del tractament de les dades<\/strong><\/p>\n<p>Identitat: Fundaci\u00f3 Barcelona Ol\u00edmpica<\/p>\n<p>Domicili: Avinguda de l\u2019Estadi, 60<\/p>\n<p>08038 Barcelona NIF: G-60309655<\/p>\n<p>Tel\u00e8fon: 93.426.06.60<\/p>\n<p>Contacte: <a href=\"mailto:protecciodades@fbolimpica.es\">protecciodades@fbolimpica.es<\/a><\/p>\n<h2>Finalitat del tractament de dades<\/h2>\n<p><strong>\u00a0<\/strong>Gesti\u00f3 i administraci\u00f3 del PREMI AL TREBALL DE RECERCA DE TEM\u00c0TICA ESPORTIVA.<\/p>\n<p>Publicaci\u00f3 de fotografies de car\u00e0cter personal a la p\u00e0gina web i a les xarxes socials, i per tant, mitjan\u00e7ant l\u2019acceptaci\u00f3 de les presents bases s\u2019autoritza a la FBO per a la realitzaci\u00f3 de fotografies i publicar-les, com s\u2019ha dit, a la p\u00e0gina web i a les xarxes socials.<\/p>\n<h2>Legitimaci\u00f3 i termini de conservaci\u00f3<\/h2>\n<p>La presentaci\u00f3 d\u2019una sol\u00b7licitud al PREMI AL TREBALL DE RECERCA DE TEM\u00c0TICA ESPORTIVA suposar\u00e0 el consentiment expr\u00e9s i inequ\u00edvoc del participant, titular de les dades, per al seu tractament per part de la FBO en els termes i per a les finalitats informades.<\/p>\n<p>La base jur\u00eddica per al tractament de dades s\u00f3n les presents bases relatives al PREMI AL TREBALL DE RECERCA DE TEM\u00c0TICA ESPORTIVA.<\/p>\n<p>Les dades personals dels participants es guardaran mentre no es revoqui el consentiment.<\/p>\n<h2>Destinataris<\/h2>\n<p>No es preveu la cessi\u00f3 a tercers de les dades personals que faciliti l\u2019interessat m\u00e9s enll\u00e0 de les previstes en aquestes bases o sempre que l\u2019interessat hagi prestat el seu consentiment.<br \/>\nNo obstant, si s\u2019escau, nom\u00e9s es comunicarien a tercers quan consti el consentiment inequ\u00edvoc de l\u2019interessat, o en els casos de compliment d\u2019execuci\u00f3 d\u2019un contracte, inter\u00e8s leg\u00edtim, inter\u00e8s p\u00fablic o obligacions legals.<br \/>\nNo es contempla la realitzaci\u00f3 de transfer\u00e8ncies internacionals de dades.<\/p>\n<h2>Categor\u00edes de dades<\/h2>\n<p>Les categories de dades que es tracten s\u00f3n les seg\u00fcents:<\/p>\n<ul>\n<li>-Nom i cognoms.<\/li>\n<li>DNI, NIE o passaport<\/li>\n<li>Direcci\u00f3 postal i electr\u00f2nica.<\/li>\n<li>Tel\u00e8fon.<\/li>\n<li>Imatges.<\/li>\n<li>Formaci\u00f3.<\/li>\n<\/ul>\n<h2>Mesures de seguretat per a les dades de car\u00e0cter personal<\/h2>\n<p>En compliment de la normativa vigent, la FBO garanteix que ha adoptat totes les mesures t\u00e8cniques i organitzatives necess\u00e0ries per mantenir el nivell de seguretat requerit, en atenci\u00f3 a la naturalesa de les dades personals tractades.<\/p>\n<h2>Drets de l\u2019interessat<strong>\u00a0<\/strong><\/h2>\n<p>Qualsevol persona t\u00e9 dret a obtenir confirmaci\u00f3 sobre si la FBO est\u00e0 tractant dades personals que li concerneixin, o no.<\/p>\n<p>Les persones interessades tenen dret a accedir a les seves dades personals, aix\u00ed com a sol\u00b7licitar la rectificaci\u00f3 de les dades inexactes o, si escau, sol\u00b7licitar la seva supressi\u00f3 quan, entre altres motius, les dades ja no siguin necess\u00e0ries per a les finalitats per les que van ser recollides.<\/p>\n<p>En determinades circumst\u00e0ncies, els interessats podran sol\u00b7licitar la limitaci\u00f3 del tractament de les seves dades, en aquest cas \u00fanicament la FBO nom\u00e9s les conservar\u00e0 per a l&#8217;exercici o la defensa de reclamacions<\/p>\n<p>En determinades circumst\u00e0ncies i per motius relacionats amb la seva situaci\u00f3 particular, els interessats podran oposar-se al tractament de les seves dades. La FBO deixar\u00e0 de tractar les dades, excepte per motius leg\u00edtims imperiosos, o l&#8217;exercici o la defensa de possibles reclamacions..<\/p>\n<p>Els interessats podran sol\u00b7licitar la portabilitat de les seves dades en suport automatitzat a un altre responsable en els sup\u00f2sits de tractaments que permet el Reglament General de Protecci\u00f3 de Dades.<\/p>\n<p>En el moment de la cancel\u00b7laci\u00f3 de les dades, \u00fanicament les conservarem bloquejades en compliment d&#8217;obligacions legals<\/p>\n<p>En definitiva, les dades que ha facilitat es tractaran per la FBO d\u2019acord amb les finalitats descrites en aquest document, i en aquest sentit se l\u2019informa que podr\u00e0 exercir els seus drets d\u2019acc\u00e9s, rectificaci\u00f3 o supressi\u00f3, o la limitaci\u00f3 al seu tractament, i a oposar-se al tractament, aix\u00ed com el dret a la portabilitat de la dades a la seg\u00fcent adre\u00e7a de correu electr\u00f2nic<a href=\"mailto:protecciodades@fbolimpica.es\">protecciodades@fbolimpica.es<\/a>, sense perjudici tamb\u00e9 del seu dret a presentar una reclamaci\u00f3 davant de l\u2019Ag\u00e8ncia Espanyola de Protecci\u00f3 de Dades, organisme que ostenta l\u2019autoritat de control en la mat\u00e8ria, ubicada al C\/ Jorge Juan, 6 &#8211; 28001 Madrid.<\/p>\n<p>En tot cas, podr\u00e0 retirar el seu consentiment en qualsevol moment sense que la retirada afecti a la licitud del tractament basat en el consentiment abans de la seva retirada.<\/p>\n<h2>CConseq\u00fc\u00e8ncies de la no-acceptaci\u00f3 de les presents bases<\/h2>\n<p><strong>\u00a0<\/strong>En el sup\u00f2sit en qu\u00e8 el participant no accepti el contingut \u00edntegre de les presents bases no podr\u00e0 participar en el premi.<\/p>\n\t\t\t\t\t\t\t\t<\/div>\n\t\t\t\t<\/div>\n\t\t\t\t\t<\/div>\n\t\t<\/div>\n\t\t\t\t\t<\/div>\n\t\t<\/section>\n\t\t\t\t\t<\/div>\n\t\t<\/div>\n\t\t\t\t\t<\/div>\n\t\t<\/section>\n\t\t\t\t<\/div>\n\t\t","protected":false},"excerpt":{"rendered":"<p>PROTECCI\u00d3 DE DADES DE CAR\u00c0CTER PERSONAL Informaci\u00f3 b\u00e0sica sobre Protecci\u00f3 de Dades Responsable Identidat: Fundaci\u00f3 Barcelona Ol\u00edmpica Domicili: Avinguda de l\u2019Estadi, 60 \u2013 08038 Barcelona NIF: G-60309655 Finalidat Gesti\u00f3 i administraci\u00f3 del PREMI AL TREBALL DE RECERCA DE TEM\u00c0TICA ESPORTIVA Legitimaci\u00f3 Bases generals del PREMI AL TREBALL DE RECERCA DE TEM\u00c0TICA ESPORTIVA Destinataris No es [&hellip;]<\/p>\n","protected":false},"author":11,"featured_media":0,"parent":0,"menu_order":0,"comment_status":"closed","ping_status":"closed","template":"","meta":{"_acf_changed":false,"footnotes":""},"class_list":["post-23039","page","type-page","status-publish","hentry"],"acf":[],"yoast_head":"<!-- This site is optimized with the Yoast SEO plugin v23.7 - https:\/\/yoast.com\/wordpress\/plugins\/seo\/ -->\n<title>Protecci\u00f3 de dades car\u00e0cter personal - Treball de recerca - Fundaci\u00f3 Barcelona Ol\u00edmpica<\/title>\n<meta name=\"robots\" content=\"index, follow, max-snippet:-1, max-image-preview:large, max-video-preview:-1\" \/>\n<link rel=\"canonical\" href=\"https:\/\/www.fundaciobarcelonaolimpica.es\/ca\/proteccio-de-dades-caracter-personal-treball-de-recerca\/\" \/>\n<meta property=\"og:locale\" content=\"ca_ES\" \/>\n<meta property=\"og:type\" content=\"article\" \/>\n<meta property=\"og:title\" content=\"Protecci\u00f3 de dades car\u00e0cter personal - Treball de recerca - Fundaci\u00f3 Barcelona Ol\u00edmpica\" \/>\n<meta property=\"og:description\" content=\"PROTECCI\u00d3 DE DADES DE CAR\u00c0CTER PERSONAL Informaci\u00f3 b\u00e0sica sobre Protecci\u00f3 de Dades Responsable Identidat: Fundaci\u00f3 Barcelona Ol\u00edmpica Domicili: Avinguda de l\u2019Estadi, 60 \u2013 08038 Barcelona NIF: G-60309655 Finalidat Gesti\u00f3 i administraci\u00f3 del PREMI AL TREBALL DE RECERCA DE TEM\u00c0TICA ESPORTIVA Legitimaci\u00f3 Bases generals del PREMI AL TREBALL DE RECERCA DE TEM\u00c0TICA ESPORTIVA Destinataris No es [&hellip;]\" \/>\n<meta property=\"og:url\" content=\"https:\/\/www.fundaciobarcelonaolimpica.es\/ca\/proteccio-de-dades-caracter-personal-treball-de-recerca\/\" \/>\n<meta property=\"og:site_name\" content=\"Fundaci\u00f3 Barcelona Ol\u00edmpica\" \/>\n<meta property=\"article:modified_time\" content=\"2021-06-11T12:27:55+00:00\" \/>\n<meta name=\"twitter:card\" content=\"summary_large_image\" \/>\n<meta name=\"twitter:label1\" content=\"Temps estimat de lectura\" \/>\n\t<meta name=\"twitter:data1\" content=\"4 minuts\" \/>\n<script type=\"application\/ld+json\" class=\"yoast-schema-graph\">{\"@context\":\"https:\/\/schema.org\",\"@graph\":[{\"@type\":\"WebPage\",\"@id\":\"https:\/\/www.fundaciobarcelonaolimpica.es\/ca\/proteccio-de-dades-caracter-personal-treball-de-recerca\/\",\"url\":\"https:\/\/www.fundaciobarcelonaolimpica.es\/ca\/proteccio-de-dades-caracter-personal-treball-de-recerca\/\",\"name\":\"Protecci\u00f3 de dades car\u00e0cter personal - Treball de recerca - Fundaci\u00f3 Barcelona Ol\u00edmpica\",\"isPartOf\":{\"@id\":\"https:\/\/www.fundaciobarcelonaolimpica.es\/ca\/#website\"},\"datePublished\":\"2021-06-04T10:29:31+00:00\",\"dateModified\":\"2021-06-11T12:27:55+00:00\",\"breadcrumb\":{\"@id\":\"https:\/\/www.fundaciobarcelonaolimpica.es\/ca\/proteccio-de-dades-caracter-personal-treball-de-recerca\/#breadcrumb\"},\"inLanguage\":\"ca\",\"potentialAction\":[{\"@type\":\"ReadAction\",\"target\":[\"https:\/\/www.fundaciobarcelonaolimpica.es\/ca\/proteccio-de-dades-caracter-personal-treball-de-recerca\/\"]}]},{\"@type\":\"BreadcrumbList\",\"@id\":\"https:\/\/www.fundaciobarcelonaolimpica.es\/ca\/proteccio-de-dades-caracter-personal-treball-de-recerca\/#breadcrumb\",\"itemListElement\":[{\"@type\":\"ListItem\",\"position\":1,\"name\":\"FBO\",\"item\":\"https:\/\/www.fundaciobarcelonaolimpica.es\/es\/\"},{\"@type\":\"ListItem\",\"position\":2,\"name\":\"Protecci\u00f3 de dades car\u00e0cter personal &#8211; Treball de recerca\"}]},{\"@type\":\"WebSite\",\"@id\":\"https:\/\/www.fundaciobarcelonaolimpica.es\/ca\/#website\",\"url\":\"https:\/\/www.fundaciobarcelonaolimpica.es\/ca\/\",\"name\":\"Fundaci\u00f3 Barcelona Ol\u00edmpica\",\"description\":\"Web del Museu Ol\u00edmpic i de l&#039;Esport\",\"publisher\":{\"@id\":\"https:\/\/www.fundaciobarcelonaolimpica.es\/ca\/#organization\"},\"potentialAction\":[{\"@type\":\"SearchAction\",\"target\":{\"@type\":\"EntryPoint\",\"urlTemplate\":\"https:\/\/www.fundaciobarcelonaolimpica.es\/ca\/?s={search_term_string}\"},\"query-input\":{\"@type\":\"PropertyValueSpecification\",\"valueRequired\":true,\"valueName\":\"search_term_string\"}}],\"inLanguage\":\"ca\"},{\"@type\":\"Organization\",\"@id\":\"https:\/\/www.fundaciobarcelonaolimpica.es\/ca\/#organization\",\"name\":\"Fundaci\u00f3 Barcelona Ol\u00edmpica\",\"url\":\"https:\/\/www.fundaciobarcelonaolimpica.es\/ca\/\",\"logo\":{\"@type\":\"ImageObject\",\"inLanguage\":\"ca\",\"@id\":\"https:\/\/www.fundaciobarcelonaolimpica.es\/ca\/#\/schema\/logo\/image\/\",\"url\":\"https:\/\/www.fundaciobarcelonaolimpica.es\/wp-content\/uploads\/sites\/3\/2019\/02\/logo-fundacio.svg\",\"contentUrl\":\"https:\/\/www.fundaciobarcelonaolimpica.es\/wp-content\/uploads\/sites\/3\/2019\/02\/logo-fundacio.svg\",\"caption\":\"Fundaci\u00f3 Barcelona Ol\u00edmpica\"},\"image\":{\"@id\":\"https:\/\/www.fundaciobarcelonaolimpica.es\/ca\/#\/schema\/logo\/image\/\"}}]}<\/script>\n<!-- \/ Yoast SEO plugin. -->","yoast_head_json":{"title":"Protecci\u00f3 de dades car\u00e0cter personal - Treball de recerca - Fundaci\u00f3 Barcelona Ol\u00edmpica","robots":{"index":"index","follow":"follow","max-snippet":"max-snippet:-1","max-image-preview":"max-image-preview:large","max-video-preview":"max-video-preview:-1"},"canonical":"https:\/\/www.fundaciobarcelonaolimpica.es\/ca\/proteccio-de-dades-caracter-personal-treball-de-recerca\/","og_locale":"ca_ES","og_type":"article","og_title":"Protecci\u00f3 de dades car\u00e0cter personal - Treball de recerca - Fundaci\u00f3 Barcelona Ol\u00edmpica","og_description":"PROTECCI\u00d3 DE DADES DE CAR\u00c0CTER PERSONAL Informaci\u00f3 b\u00e0sica sobre Protecci\u00f3 de Dades Responsable Identidat: Fundaci\u00f3 Barcelona Ol\u00edmpica Domicili: Avinguda de l\u2019Estadi, 60 \u2013 08038 Barcelona NIF: G-60309655 Finalidat Gesti\u00f3 i administraci\u00f3 del PREMI AL TREBALL DE RECERCA DE TEM\u00c0TICA ESPORTIVA Legitimaci\u00f3 Bases generals del PREMI AL TREBALL DE RECERCA DE TEM\u00c0TICA ESPORTIVA Destinataris No es [&hellip;]","og_url":"https:\/\/www.fundaciobarcelonaolimpica.es\/ca\/proteccio-de-dades-caracter-personal-treball-de-recerca\/","og_site_name":"Fundaci\u00f3 Barcelona Ol\u00edmpica","article_modified_time":"2021-06-11T12:27:55+00:00","twitter_card":"summary_large_image","twitter_misc":{"Temps estimat de lectura":"4 minuts"},"schema":{"@context":"https:\/\/schema.org","@graph":[{"@type":"WebPage","@id":"https:\/\/www.fundaciobarcelonaolimpica.es\/ca\/proteccio-de-dades-caracter-personal-treball-de-recerca\/","url":"https:\/\/www.fundaciobarcelonaolimpica.es\/ca\/proteccio-de-dades-caracter-personal-treball-de-recerca\/","name":"Protecci\u00f3 de dades car\u00e0cter personal - Treball de recerca - Fundaci\u00f3 Barcelona Ol\u00edmpica","isPartOf":{"@id":"https:\/\/www.fundaciobarcelonaolimpica.es\/ca\/#website"},"datePublished":"2021-06-04T10:29:31+00:00","dateModified":"2021-06-11T12:27:55+00:00","breadcrumb":{"@id":"https:\/\/www.fundaciobarcelonaolimpica.es\/ca\/proteccio-de-dades-caracter-personal-treball-de-recerca\/#breadcrumb"},"inLanguage":"ca","potentialAction":[{"@type":"ReadAction","target":["https:\/\/www.fundaciobarcelonaolimpica.es\/ca\/proteccio-de-dades-caracter-personal-treball-de-recerca\/"]}]},{"@type":"BreadcrumbList","@id":"https:\/\/www.fundaciobarcelonaolimpica.es\/ca\/proteccio-de-dades-caracter-personal-treball-de-recerca\/#breadcrumb","itemListElement":[{"@type":"ListItem","position":1,"name":"FBO","item":"https:\/\/www.fundaciobarcelonaolimpica.es\/es\/"},{"@type":"ListItem","position":2,"name":"Protecci\u00f3 de dades car\u00e0cter personal &#8211; Treball de recerca"}]},{"@type":"WebSite","@id":"https:\/\/www.fundaciobarcelonaolimpica.es\/ca\/#website","url":"https:\/\/www.fundaciobarcelonaolimpica.es\/ca\/","name":"Fundaci\u00f3 Barcelona Ol\u00edmpica","description":"Web del Museu Ol\u00edmpic i de l&#039;Esport","publisher":{"@id":"https:\/\/www.fundaciobarcelonaolimpica.es\/ca\/#organization"},"potentialAction":[{"@type":"SearchAction","target":{"@type":"EntryPoint","urlTemplate":"https:\/\/www.fundaciobarcelonaolimpica.es\/ca\/?s={search_term_string}"},"query-input":{"@type":"PropertyValueSpecification","valueRequired":true,"valueName":"search_term_string"}}],"inLanguage":"ca"},{"@type":"Organization","@id":"https:\/\/www.fundaciobarcelonaolimpica.es\/ca\/#organization","name":"Fundaci\u00f3 Barcelona Ol\u00edmpica","url":"https:\/\/www.fundaciobarcelonaolimpica.es\/ca\/","logo":{"@type":"ImageObject","inLanguage":"ca","@id":"https:\/\/www.fundaciobarcelonaolimpica.es\/ca\/#\/schema\/logo\/image\/","url":"https:\/\/www.fundaciobarcelonaolimpica.es\/wp-content\/uploads\/sites\/3\/2019\/02\/logo-fundacio.svg","contentUrl":"https:\/\/www.fundaciobarcelonaolimpica.es\/wp-content\/uploads\/sites\/3\/2019\/02\/logo-fundacio.svg","caption":"Fundaci\u00f3 Barcelona Ol\u00edmpica"},"image":{"@id":"https:\/\/www.fundaciobarcelonaolimpica.es\/ca\/#\/schema\/logo\/image\/"}}]}},"_links":{"self":[{"href":"https:\/\/www.fundaciobarcelonaolimpica.es\/ca\/wp-json\/wp\/v2\/pages\/23039"}],"collection":[{"href":"https:\/\/www.fundaciobarcelonaolimpica.es\/ca\/wp-json\/wp\/v2\/pages"}],"about":[{"href":"https:\/\/www.fundaciobarcelonaolimpica.es\/ca\/wp-json\/wp\/v2\/types\/page"}],"author":[{"embeddable":true,"href":"https:\/\/www.fundaciobarcelonaolimpica.es\/ca\/wp-json\/wp\/v2\/users\/11"}],"replies":[{"embeddable":true,"href":"https:\/\/www.fundaciobarcelonaolimpica.es\/ca\/wp-json\/wp\/v2\/comments?post=23039"}],"version-history":[{"count":4,"href":"https:\/\/www.fundaciobarcelonaolimpica.es\/ca\/wp-json\/wp\/v2\/pages\/23039\/revisions"}],"predecessor-version":[{"id":23206,"href":"https:\/\/www.fundaciobarcelonaolimpica.es\/ca\/wp-json\/wp\/v2\/pages\/23039\/revisions\/23206"}],"wp:attachment":[{"href":"https:\/\/www.fundaciobarcelonaolimpica.es\/ca\/wp-json\/wp\/v2\/media?parent=23039"}],"curies":[{"name":"wp","href":"https:\/\/api.w.org\/{rel}","templated":true}]}}