{"id":24672,"date":"2022-03-09T08:37:46","date_gmt":"2022-03-09T07:37:46","guid":{"rendered":"https:\/\/www.fundaciobarcelonaolimpica.es\/?page_id=24672"},"modified":"2022-03-09T11:56:50","modified_gmt":"2022-03-09T10:56:50","slug":"agenda-barcelona-92","status":"publish","type":"page","link":"https:\/\/www.fundaciobarcelonaolimpica.es\/ca\/agenda-barcelona-92\/","title":{"rendered":"Agenda Barcelona 92"},"content":{"rendered":"\t\t<div data-elementor-type=\"wp-post\" data-elementor-id=\"24672\" class=\"elementor elementor-24672 elementor-24671\" data-elementor-post-type=\"page\">\n\t\t\t\t\t\t<section class=\"elementor-section elementor-top-section elementor-element elementor-element-a1452a8 elementor-section-boxed elementor-section-height-default elementor-section-height-default\" data-id=\"a1452a8\" data-element_type=\"section\">\n\t\t\t\t\t\t<div class=\"elementor-container elementor-column-gap-default\">\n\t\t\t\t\t<div class=\"elementor-column elementor-col-100 elementor-top-column elementor-element elementor-element-9cb64ac\" data-id=\"9cb64ac\" data-element_type=\"column\">\n\t\t\t<div class=\"elementor-widget-wrap elementor-element-populated\">\n\t\t\t\t\t\t<div class=\"elementor-element elementor-element-798bfc0 elementor-widget elementor-widget-shortcode\" data-id=\"798bfc0\" data-element_type=\"widget\" data-widget_type=\"shortcode.default\">\n\t\t\t\t<div class=\"elementor-widget-container\">\n\t\t\t\t\t\t\t<div class=\"elementor-shortcode\"><div class=\"cpt-grid cpt-grid--event\">\n  \n        <div class=\"cpt-grid-item cpt-grid-item--event\">\n  <div class=\"cpt-grid-item__inside\">\n    <div class=\"cpt-grid-item__schedule\">\n            <span class=\"moe-date start\">\n        <span class=\"date\"><span class=\"day\">22<\/span><span class=\"month\">nov.-22<\/span><\/span>        <span class=\"time\">17:00<\/span>      <\/span>\n                  <span class=\"moe-date end\">\n                <span class=\"time\">19:00<\/span>      <\/span>\n          <\/div><!-- \/.cpt-grid-item__schedule -->\n    <div class=\"cpt-grid-item__content\">\n      <ul class=\"cpt-grid-item__tags\"><\/ul>\n            <h3>Presentaci\u00f3 projecte: &#8220;30 mirades, 30 anys despr\u00e9s&#8221;<\/h3>\n                  <div class=\"cpt-grid-item__meta\">\n        <span class=\"location\">Auditori Museu Ol\u00edmpic i de l'Esport JA Samaranch<\/span>        <span class=\"promoter\">Organitza: Fundaci\u00f3 Barcelona Ol\u00edmpica<\/span>      <\/div><!-- \/.cpt-grid-item__meta -->\n                  <div class=\"cpt-grid-item__description\">\n        <p>Amb motiu de la commemoraci\u00f3 dels 30 anys dels Jocs Ol\u00edmpics i Paral\u00edmpics de Barcelona 1992, la Fundaci\u00f3 Barcelona Ol\u00edmpica ha recollit el testimoniatge de 30 protagonistes de diversos \u00e0mbits que van fer possible aquells Jocs. &nbsp; El documental \u201c30 mirades, 30 anys despr\u00e9s\u201d relata a trav\u00e9s de diverses veus com es van desenvolupar els [&hellip;]<\/p>\n      <\/div><!-- \/.cpt-grid-item__description -->\n                  <p class=\"cpt-grid-item__lnk\"><a href=\"https:\/\/www.fundaciobarcelonaolimpica.es\/ca\/feed\/calendar\/?id=26425\" class=\"lnk\">Afegir al calendari<\/a><\/p>\n      <div class=\"cpt-grid-item__fullcontent\" id=\"event-content-26425\" style=\"display: none\">\n        <p>Amb motiu de la commemoraci\u00f3 dels 30 anys dels Jocs Ol\u00edmpics i Paral\u00edmpics de Barcelona 1992, la Fundaci\u00f3 Barcelona Ol\u00edmpica ha recollit el testimoniatge de 30 protagonistes de diversos \u00e0mbits que van fer possible aquells Jocs.<\/p>\n<p>&nbsp;<\/p>\n<p>El documental \u201c30 mirades, 30 anys despr\u00e9s\u201d relata a trav\u00e9s de diverses veus com es van desenvolupar els esdeveniments i quines vicissituds van haver de solucionar per a dur a terme el que Joan Antoni Samaranch va definir com \u201cels millors Jocs de la hist\u00f2ria\u201d.<\/p>\n<p><iframe title=\"Presentaci\u00f3 del documental &quot;30 mirades, 30 anys despr\u00e9s&quot;\" width=\"500\" height=\"281\" src=\"https:\/\/www.youtube.com\/embed\/ygxY23Lj6x0?feature=oembed\" frameborder=\"0\" allow=\"accelerometer; autoplay; clipboard-write; encrypted-media; gyroscope; picture-in-picture; web-share\" referrerpolicy=\"strict-origin-when-cross-origin\" allowfullscreen><\/iframe><\/p>\n      <\/div><!-- \/.cpt-grid-item__content -->\n      <a href=\"#event-content-26425\" class=\"toggable\">Veure m\u00e9s<\/a>\n          <\/div><!-- \/.cpt-grid-item__fullcontent -->\n  <\/div><!-- \/.cpt-grid-item__inside -->\n<\/div><!-- \/.cpt-grid-item -->        <div class=\"cpt-grid-item cpt-grid-item--event\">\n  <div class=\"cpt-grid-item__inside\">\n    <div class=\"cpt-grid-item__schedule\">\n            <span class=\"moe-date start\">\n        <span class=\"date\"><span class=\"day\">16<\/span><span class=\"month\">nov.-22<\/span><\/span>        <span class=\"time\">17:00<\/span>      <\/span>\n                  <span class=\"moe-date end\">\n                <span class=\"time\">18:00<\/span>      <\/span>\n          <\/div><!-- \/.cpt-grid-item__schedule -->\n    <div class=\"cpt-grid-item__content\">\n      <ul class=\"cpt-grid-item__tags\"><\/ul>\n            <h3>La gesti\u00f3 sostenible, un dels llegats menys coneguts de Barcelona&#8217;92<\/h3>\n                  <div class=\"cpt-grid-item__meta\">\n        <span class=\"location\">Museu Ol\u00edmpic i de l'Esport JA Samaranch<\/span>        <span class=\"promoter\">Organitza: FBO<\/span>      <\/div><!-- \/.cpt-grid-item__meta -->\n                  <div class=\"cpt-grid-item__description\">\n        <p>Els Jocs Ol\u00edmpics de Barcelona van deixar un important llegat, per\u00f2 un dels menys coneguts ha estat la del medi ambient. Alberto Arag\u00f3n va escriure una tesi doctoral on es demostra el paper clau de la ciutat de Barcelona, i algunes subseus ol\u00edmpiques, en el desenvolupament de bones pr\u00e0ctiques, i reivindica el paper clau i [&hellip;]<\/p>\n      <\/div><!-- \/.cpt-grid-item__description -->\n                  <p class=\"cpt-grid-item__lnk\"><a href=\"https:\/\/www.fundaciobarcelonaolimpica.es\/ca\/feed\/calendar\/?id=26213\" class=\"lnk\">Afegir al calendari<\/a><\/p>\n      <div class=\"cpt-grid-item__fullcontent\" id=\"event-content-26213\" style=\"display: none\">\n        <p>Els Jocs Ol\u00edmpics de Barcelona van deixar un important llegat, per\u00f2 un dels menys coneguts ha estat la del medi ambient. Alberto Arag\u00f3n va escriure una tesi doctoral on es demostra el paper clau de la ciutat de Barcelona, i algunes subseus ol\u00edmpiques, en el desenvolupament de bones pr\u00e0ctiques, i reivindica el paper clau i el nom de la ciutat com a ciutat pionera en aquesta mat\u00e8ria dins l&#8217;historia del moviment ol\u00edmpic.<\/p>\n<p>Amb la col\u00b7laboraci\u00f3 de <a href=\"https:\/\/www.voluntaris2000.org\/\">Voluntaris 2000<\/a><\/p>\n<p><a href=\"http:\/\/\">Inscriu-te!<\/a><\/p>\n<div class=\"caldera-grid\" id=\"caldera_form_1\" data-cf-ver=\"1.9.4\" data-cf-form-id=\"CF634fdb94eeb8c\"><div id=\"caldera_notices_1\" data-spinner=\"https:\/\/www.fundaciobarcelonaolimpica.es\/wp-admin\/images\/spinner.gif\"><\/div><form data-instance=\"1\" class=\"CF634fdb94eeb8c caldera_forms_form cfajax-trigger\" method=\"POST\" enctype=\"multipart\/form-data\" id=\"CF634fdb94eeb8c_1\" data-form-id=\"CF634fdb94eeb8c\" aria-label=\"CAT-Sostenibilidad-Acto30 aniversario\" data-target=\"#caldera_notices_1\" data-template=\"#cfajax_CF634fdb94eeb8c-tmpl\" data-cfajax=\"CF634fdb94eeb8c\" data-load-element=\"_parent\" data-load-class=\"cf_processing\" data-post-disable=\"0\" data-action=\"cf_process_ajax_submit\" data-request=\"https:\/\/www.fundaciobarcelonaolimpica.es\/ca\/\/cf-api\/CF634fdb94eeb8c\" data-hiderows=\"true\">\r\n<input type=\"hidden\" id=\"_cf_verify_CF634fdb94eeb8c\" name=\"_cf_verify\" value=\"70d1a46973\"  data-nonce-time=\"1777655560\" \/><input type=\"hidden\" name=\"_wp_http_referer\" value=\"\/ca\/wp-json\/wp\/v2\/pages\/24672\" \/><div id=\"cf2-CF634fdb94eeb8c_1\"><\/div><input type=\"hidden\" name=\"_cf_frm_id\" value=\"CF634fdb94eeb8c\">\r\n<input type=\"hidden\" name=\"_cf_frm_ct\" value=\"1\">\r\n<input type=\"hidden\" name=\"cfajax\" value=\"CF634fdb94eeb8c\">\r\n<input type=\"hidden\" name=\"_cf_cr_pst\" value=\"26213\">\r\n<div class=\"hide\" style=\"display:none; overflow:hidden;height:0;width:0;\">\r\n<label>Twitter<\/label><input type=\"text\" name=\"twitter\" value=\"\" autocomplete=\"off\">\r\n<\/div><div id=\"CF634fdb94eeb8c_1-row-1\"  class=\"row  first_row\"><div  class=\"col-sm-12  single\"><\/div><\/div><div id=\"CF634fdb94eeb8c_1-row-2\"  class=\"row \"><div  class=\"col-sm-12  single\"><\/div><\/div><div id=\"CF634fdb94eeb8c_1-row-3\"  class=\"row \"><div  class=\"col-sm-12  single\"><div data-field-wrapper=\"fld_8768091\" class=\"form-group\" id=\"fld_8768091_1-wrap\">\r\n\t<label id=\"fld_8768091Label\" for=\"fld_8768091_1\" class=\"control-label\">Nom <span aria-hidden=\"true\" role=\"presentation\" class=\"field_required\" style=\"color:#ee0000;\">*<\/span><\/label>\r\n\t<div class=\"\">\r\n\t\t<input   required type=\"text\" data-field=\"fld_8768091\" class=\" form-control\" id=\"fld_8768091_1\" name=\"fld_8768091\" value=\"\" data-type=\"text\" aria-required=\"true\"   aria-labelledby=\"fld_8768091Label\" >\t\t\t<\/div>\r\n<\/div>\r\n<\/div><\/div><div id=\"CF634fdb94eeb8c_1-row-4\"  class=\"row \"><div  class=\"col-sm-12  single\"><div data-field-wrapper=\"fld_8172984\" class=\"form-group\" id=\"fld_8172984_1-wrap\">\r\n\t<label id=\"fld_8172984Label\" for=\"fld_8172984_1\" class=\"control-label\">Cognoms <span aria-hidden=\"true\" role=\"presentation\" class=\"field_required\" style=\"color:#ee0000;\">*<\/span><\/label>\r\n\t<div class=\"\">\r\n\t\t<input   required type=\"text\" data-field=\"fld_8172984\" class=\" form-control\" id=\"fld_8172984_1\" name=\"fld_8172984\" value=\"\" data-type=\"text\" aria-required=\"true\"   aria-labelledby=\"fld_8172984Label\" >\t\t\t<\/div>\r\n<\/div>\r\n<\/div><\/div><div id=\"CF634fdb94eeb8c_1-row-5\"  class=\"row \"><div  class=\"col-sm-12  single\"><div data-field-wrapper=\"fld_6009157\" class=\"form-group\" id=\"fld_6009157_1-wrap\">\r\n\t<label id=\"fld_6009157Label\" for=\"fld_6009157_1\" class=\"control-label\">Email <span aria-hidden=\"true\" role=\"presentation\" class=\"field_required\" style=\"color:#ee0000;\">*<\/span><\/label>\r\n\t<div class=\"\">\r\n\t\t<input   required type=\"email\" data-field=\"fld_6009157\" class=\" form-control\" id=\"fld_6009157_1\" name=\"fld_6009157\" value=\"\" data-type=\"email\" aria-required=\"true\"   aria-labelledby=\"fld_6009157Label\" >\t\t\t<\/div>\r\n<\/div>\r\n<\/div><\/div><div id=\"CF634fdb94eeb8c_1-row-6\"  class=\"row \"><div  class=\"col-sm-12  single\"><hr id=\"fld_407093_1\" class=\"\" style=\"width: 100%\" \/><div data-field-wrapper=\"fld_3025413\" class=\"form-group\" id=\"fld_3025413_1-wrap\">\r\n\t<label id=\"fld_3025413Label\" for=\"fld_3025413_1\" class=\"control-label screen-reader-text sr-only\">Privacitat<\/label>\r\n\t<div class=\"\">\r\n\t\t\t\t\t\t\n                <label  class=\"checkbox-inline\"                        for=\"fld_3025413_1_opt2041554\"\n                >\n                            <input\n                                data-parsley-required=\"true\" data-parsley-group=\"fld_3025413_1\" data-parsley-multiple=\"fld_3025413_1\"                                type=\"checkbox\"\n                                data-label=\"He llegit i accepto la &lt;a href=&quot;\/ca\/politica-de-privacitat\/&quot; class=&quot;lnk&quot;&gt;Pol\u00edtica de privacitat&lt;\/a&gt; de la Fundaci\u00f3 Barcelona Ol\u00edmpica.\"\n                                data-field=\"fld_3025413\"\n                                id=\"fld_3025413_1_opt2041554\"\n                                class=\"fld_3025413_1 option-required\"\n                                name=\"fld_3025413[opt2041554]\"\n                                value=\"si\"\n                                                                data-type=\"checkbox\"\n                                data-checkbox-field=\"fld_3025413_1\"\n                                                                data-calc-value=\"0\"\n                            >\n                    He llegit i accepto la <a href=\"\/ca\/politica-de-privacitat\/\" class=\"lnk\">Pol\u00edtica de privacitat<\/a> de la Fundaci\u00f3 Barcelona Ol\u00edmpica.                <\/label>\n\n                \t\t\t\t\t\t\t<\/div>\r\n<\/div>\r\n<\/div><\/div><div id=\"CF634fdb94eeb8c_1-row-7\"  class=\"row  last_row\"><div  class=\"col-sm-12  single\"><div data-field-wrapper=\"fld_7908577\" class=\"form-group\" id=\"fld_7908577_1-wrap\">\r\n<div class=\"\">\r\n\t<input  class=\"btn btn--primary\" type=\"submit\" name=\"fld_7908577\" id=\"fld_7908577_1\" value=\"Enviar\" data-field=\"fld_7908577\"  >\n<\/div>\r\n<\/div>\r\n\t<input class=\"button_trigger_1\" type=\"hidden\" name=\"fld_7908577\" id=\"fld_7908577_1_btn\" value=\"\" data-field=\"fld_7908577\"  \/>\n<\/div><\/div><\/form>\r\n<\/div>\r\n\n<p><img fetchpriority=\"high\" fetchpriority=\"high\" decoding=\"async\" class=\"alignnone wp-image-26211 size-mailpoet_newsletter_max\" src=\"https:\/\/www.fundaciobarcelonaolimpica.es\/wp-content\/uploads\/sites\/3\/2022\/10\/eco_30anysBCN92_fondo-p_A-1320x743.png\" alt=\"\" width=\"1320\" height=\"743\" srcset=\"https:\/\/www.fundaciobarcelonaolimpica.es\/wp-content\/uploads\/sites\/3\/2022\/10\/eco_30anysBCN92_fondo-p_A-1320x743.png 1320w, https:\/\/www.fundaciobarcelonaolimpica.es\/wp-content\/uploads\/sites\/3\/2022\/10\/eco_30anysBCN92_fondo-p_A-300x169.png 300w, https:\/\/www.fundaciobarcelonaolimpica.es\/wp-content\/uploads\/sites\/3\/2022\/10\/eco_30anysBCN92_fondo-p_A-1024x576.png 1024w, https:\/\/www.fundaciobarcelonaolimpica.es\/wp-content\/uploads\/sites\/3\/2022\/10\/eco_30anysBCN92_fondo-p_A-768x432.png 768w, https:\/\/www.fundaciobarcelonaolimpica.es\/wp-content\/uploads\/sites\/3\/2022\/10\/eco_30anysBCN92_fondo-p_A-1536x864.png 1536w, https:\/\/www.fundaciobarcelonaolimpica.es\/wp-content\/uploads\/sites\/3\/2022\/10\/eco_30anysBCN92_fondo-p_A.png 1920w\" sizes=\"(max-width: 1320px) 100vw, 1320px\" \/><\/p>\n      <\/div><!-- \/.cpt-grid-item__content -->\n      <a href=\"#event-content-26213\" class=\"toggable\">Veure m\u00e9s<\/a>\n          <\/div><!-- \/.cpt-grid-item__fullcontent -->\n  <\/div><!-- \/.cpt-grid-item__inside -->\n<\/div><!-- \/.cpt-grid-item -->        <div class=\"cpt-grid-item cpt-grid-item--event\">\n  <div class=\"cpt-grid-item__inside\">\n    <div class=\"cpt-grid-item__schedule\">\n            <span class=\"moe-date start\">\n        <span class=\"date\"><span class=\"day\">27<\/span><span class=\"month\">set.-22<\/span><\/span>        <span class=\"time\">12:00<\/span>      <\/span>\n                  <span class=\"moe-date end\">\n                <span class=\"time\">13:00<\/span>      <\/span>\n          <\/div><!-- \/.cpt-grid-item__schedule -->\n    <div class=\"cpt-grid-item__content\">\n      <ul class=\"cpt-grid-item__tags\"><\/ul>\n            <h3>Derartu Tulu i Elana Meyer es reuneixen a Barcelona 30 anys despr\u00e9s de la final ol\u00edmpica de 10.000 m<\/h3>\n                  <div class=\"cpt-grid-item__meta\">\n        <span class=\"location\">Museu Ol\u00edmpic i de l'Esport JA Samaranch<\/span>              <\/div><!-- \/.cpt-grid-item__meta -->\n                  <div class=\"cpt-grid-item__description\">\n        <p>Trenta anys despr\u00e9s de la seva \u00e8pica 10.000m, i la molt simb\u00f2lica volta de vict\u00f2ria, Derartu Tulu -la primera dona negra africana que va guanyar una medalla d&#8217;or ol\u00edmpica- i Elana Meyer -que va guanyar la primera medalla per Sud-\u00e0frica quan van ser readmesos als Jocs Ol\u00edmpics el 1992 despr\u00e9s d&#8217;una prohibici\u00f3 de 32 anys- [&hellip;]<\/p>\n      <\/div><!-- \/.cpt-grid-item__description -->\n                  <p class=\"cpt-grid-item__lnk\"><a href=\"https:\/\/www.fundaciobarcelonaolimpica.es\/ca\/feed\/calendar\/?id=26115\" class=\"lnk\">Afegir al calendari<\/a><\/p>\n      <div class=\"cpt-grid-item__fullcontent\" id=\"event-content-26115\" style=\"display: none\">\n        <p>Trenta anys despr\u00e9s de la seva \u00e8pica 10.000m, i la molt simb\u00f2lica volta de vict\u00f2ria, Derartu Tulu -la primera dona negra africana que va guanyar una medalla d&#8217;or ol\u00edmpica- i Elana Meyer -que va guanyar la primera medalla per Sud-\u00e0frica quan van ser readmesos als Jocs Ol\u00edmpics el 1992 despr\u00e9s d&#8217;una prohibici\u00f3 de 32 anys- es van retrobar a Barcelona.<\/p>\n<p>Elana Meyer va donar al Museu Ol\u00edmpic i de l\u2019Esport Joan Antoni Samaranch la bandera neutral amb la qual dirigia la llegend\u00e0ria &#8220;volta 26&#8221;, que seria el moment definitori dels Jocs de Barcelona de 1992.\u2028\u2028Totes dues atletes van signar la bandera, i Elana va escriure sobre ella:<\/p>\n<p style=\"text-align: center\"><em>\u201cEl s\u00edmbol del poder dels valors dels Jocs Ol\u00edmpics!\u2028 <\/em><\/p>\n<p style=\"text-align: center\"><em>Amistats, Pau, Perseveran\u00e7a \u2028\u2028\u2028\u201d<\/em><\/p>\n<p>Aquests moments de profunda amistat, de ponts de construcci\u00f3 i de connexi\u00f3 espont\u00e0nia a trav\u00e9s de l&#8217;esport es van manifestar a Barcelona en 2022, igual que en 1992.<\/p>\n      <\/div><!-- \/.cpt-grid-item__content -->\n      <a href=\"#event-content-26115\" class=\"toggable\">Veure m\u00e9s<\/a>\n          <\/div><!-- \/.cpt-grid-item__fullcontent -->\n  <\/div><!-- \/.cpt-grid-item__inside -->\n<\/div><!-- \/.cpt-grid-item -->        <div class=\"cpt-grid-item cpt-grid-item--event\">\n  <div class=\"cpt-grid-item__inside\">\n    <div class=\"cpt-grid-item__schedule\">\n            <span class=\"moe-date start\">\n        <span class=\"date\"><span class=\"day\">25<\/span><span class=\"month\">jul.-22<\/span><\/span>        <span class=\"time\">10:00<\/span>      <\/span>\n                  <span class=\"moe-date end\">\n                <span class=\"time\">19:00<\/span>      <\/span>\n          <\/div><!-- \/.cpt-grid-item__schedule -->\n    <div class=\"cpt-grid-item__content\">\n      <ul class=\"cpt-grid-item__tags\"><li  class=\"cpt-grid-item__tag\"><a href=\"https:\/\/www.fundaciobarcelonaolimpica.es\/ca\/tag-evento\/jornada-ca\/\" rel=\"tag\">jornada<\/a><\/li><\/ul>\n            <h3>Jornada de portes obertes al Museu Olimpic i de l&#8217;Esport JA Samaranch<\/h3>\n                  <div class=\"cpt-grid-item__meta\">\n        <span class=\"location\">Museu Ol\u00edmpic i de l'Esport JA Samaranch<\/span>        <span class=\"promoter\">Organitza: Fundaci\u00f3 Barcelona Ol\u00edmpica<\/span>      <\/div><!-- \/.cpt-grid-item__meta -->\n                  <div class=\"cpt-grid-item__description\">\n        <p>El 25 de juliol de 1992 van comen\u00e7ar oficialment els Jocs Ol\u00edmpics de Barceloa 1992 amb el lema &#8220;Amics per sempre&#8221; &nbsp;<\/p>\n      <\/div><!-- \/.cpt-grid-item__description -->\n                  <p class=\"cpt-grid-item__lnk\"><a href=\"https:\/\/www.fundaciobarcelonaolimpica.es\/ca\/feed\/calendar\/?id=25749\" class=\"lnk\">Afegir al calendari<\/a><\/p>\n      <div class=\"cpt-grid-item__fullcontent\" id=\"event-content-25749\" style=\"display: none\">\n        <p>El 25 de juliol de 1992 van comen\u00e7ar oficialment els Jocs Ol\u00edmpics de Barceloa 1992 amb el lema &#8220;Amics per sempre&#8221;<\/p>\n<p><img decoding=\"async\" class=\"aligncenter wp-image-25746 size-full\" src=\"https:\/\/www.fundaciobarcelonaolimpica.es\/wp-content\/uploads\/sites\/3\/2022\/04\/30aniv_BCN92JJOO_A4_JJOO.jpg\" alt=\"\" width=\"601\" height=\"365\" \/><\/p>\n<p>&nbsp;<\/p>\n      <\/div><!-- \/.cpt-grid-item__content -->\n      <a href=\"#event-content-25749\" class=\"toggable\">Veure m\u00e9s<\/a>\n          <\/div><!-- \/.cpt-grid-item__fullcontent -->\n  <\/div><!-- \/.cpt-grid-item__inside -->\n<\/div><!-- \/.cpt-grid-item -->        <div class=\"cpt-grid-item cpt-grid-item--event\">\n  <div class=\"cpt-grid-item__inside\">\n    <div class=\"cpt-grid-item__schedule\">\n            <span class=\"moe-date start\">\n        <span class=\"date\"><span class=\"day\">24<\/span><span class=\"month\">jul.-22<\/span><\/span>        <span class=\"time\">11:30<\/span>      <\/span>\n                  <span class=\"moe-date end\">\n        <span class=\"date\"><span class=\"day\">15<\/span><span class=\"month\">gen.-23<\/span><\/span>        <span class=\"time\">13:00<\/span>      <\/span>\n          <\/div><!-- \/.cpt-grid-item__schedule -->\n    <div class=\"cpt-grid-item__content\">\n      <ul class=\"cpt-grid-item__tags\"><li  class=\"cpt-grid-item__tag\"><a href=\"https:\/\/www.fundaciobarcelonaolimpica.es\/ca\/tag-evento\/activitat\/\" rel=\"tag\">Activitat<\/a>, <a href=\"https:\/\/www.fundaciobarcelonaolimpica.es\/ca\/tag-evento\/familiar-ca\/\" rel=\"tag\">familiar<\/a><\/li><\/ul>\n            <h3>Deixa&#8217;t atrapar pels Jocs de Barcelona&#8217;92<\/h3>\n                  <div class=\"cpt-grid-item__meta\">\n        <span class=\"location\">Museuu Ol\u00edmpic i de l'esport JA Samaranch<\/span>        <span class=\"promoter\">Organitza: Fundaci\u00f3 Barcelona Ol\u00edmpica<\/span>      <\/div><!-- \/.cpt-grid-item__meta -->\n                  <div class=\"cpt-grid-item__description\">\n        <p>Voleu saber qu\u00e8 va passar aquell estiu del 92? Les Olimp\u00edades de Barcelona\u201992 van canviar la ciutat i els seus ve\u00efns. Voleu saber com va arribar a aquell estiu del 92? En commemoraci\u00f3 del 30\u00e8 aniversari dels Jocs Ol\u00edmpics i Paral\u00edmpics de Barcelona 1992, el Museu Ol\u00edmpic ha volgut recordar com va canviar la ciutat [&hellip;]<\/p>\n      <\/div><!-- \/.cpt-grid-item__description -->\n                  <p class=\"cpt-grid-item__lnk\"><a href=\"https:\/\/www.fundaciobarcelonaolimpica.es\/ca\/feed\/calendar\/?id=25740\" class=\"lnk\">Afegir al calendari<\/a><\/p>\n      <div class=\"cpt-grid-item__fullcontent\" id=\"event-content-25740\" style=\"display: none\">\n        <p>Voleu saber qu\u00e8 va passar aquell estiu del 92?<br \/>\nLes Olimp\u00edades de Barcelona\u201992 van canviar la ciutat i els seus ve\u00efns. Voleu saber com va arribar a aquell estiu del 92?<br \/>\nEn commemoraci\u00f3 del 30\u00e8 aniversari dels Jocs Ol\u00edmpics i Paral\u00edmpics de Barcelona 1992, el Museu Ol\u00edmpic ha volgut recordar com va canviar la ciutat com a conseq\u00fc\u00e8ncia dels preparatius d\u2019aquesta per albergar l\u2019esdeveniment esportiu m\u00e9s important que ha acollit aquest pa\u00eds.<br \/>\nUs convidem a endinsar-vos en aquest taller familiar amb metodologia Hall Escape, adaptat per compartir amb diferents generacions familiars: pares\/mares, avis\/\u00e0vies i fills\/filles la hist\u00f2ria de Barcelona a trav\u00e9s de l\u2019esport.<br \/>\nDescobrirem com va canviar la ciutat, la tecnologia, quins van ser els protagonistes, entre d\u2019altres.<br \/>\nVoleu unir-vos a aquest repte?<\/p>\n<ul>\n<li>Grups a partir de 20 persones (total adults i menors)\n<li>\n<li>Adre\u00e7at a: menors de 8 a 14 anys\n<li>\n<li>Preu per persona: 4,50\u20ac\n<li>\n<li>Durada aproximada: 1 hora 30 minuts\n<li>\n<li>Caps de setmana estipulats de cada mes:\n<li>\n<li>Diumenge a les 11:30h\n<li>\n<li>Idioma: catal\u00e0.\n<li>\n<\/ul>\n<p><img decoding=\"async\" class=\"aligncenter wp-image-25734 size-large\" src=\"https:\/\/www.fundaciobarcelonaolimpica.es\/wp-content\/uploads\/sites\/3\/2022\/06\/FBO_IAN_514-1024x683.jpg\" alt=\"\" width=\"1024\" height=\"683\" srcset=\"https:\/\/www.fundaciobarcelonaolimpica.es\/wp-content\/uploads\/sites\/3\/2022\/06\/FBO_IAN_514-1024x683.jpg 1024w, https:\/\/www.fundaciobarcelonaolimpica.es\/wp-content\/uploads\/sites\/3\/2022\/06\/FBO_IAN_514-300x200.jpg 300w, https:\/\/www.fundaciobarcelonaolimpica.es\/wp-content\/uploads\/sites\/3\/2022\/06\/FBO_IAN_514-768x512.jpg 768w, https:\/\/www.fundaciobarcelonaolimpica.es\/wp-content\/uploads\/sites\/3\/2022\/06\/FBO_IAN_514-1536x1024.jpg 1536w, https:\/\/www.fundaciobarcelonaolimpica.es\/wp-content\/uploads\/sites\/3\/2022\/06\/FBO_IAN_514-2048x1365.jpg 2048w, https:\/\/www.fundaciobarcelonaolimpica.es\/wp-content\/uploads\/sites\/3\/2022\/06\/FBO_IAN_514-1320x880.jpg 1320w\" sizes=\"(max-width: 1024px) 100vw, 1024px\" \/><\/p>\n      <\/div><!-- \/.cpt-grid-item__content -->\n      <a href=\"#event-content-25740\" class=\"toggable\">Veure m\u00e9s<\/a>\n          <\/div><!-- \/.cpt-grid-item__fullcontent -->\n  <\/div><!-- \/.cpt-grid-item__inside -->\n<\/div><!-- \/.cpt-grid-item -->        <div class=\"cpt-grid-item cpt-grid-item--event\">\n  <div class=\"cpt-grid-item__inside\">\n    <div class=\"cpt-grid-item__schedule\">\n            <span class=\"moe-date start\">\n        <span class=\"date\"><span class=\"day\">21<\/span><span class=\"month\">jul.-22<\/span><\/span>        <span class=\"time\">20:15<\/span>      <\/span>\n                  <span class=\"moe-date end\">\n                <span class=\"time\">22:00<\/span>      <\/span>\n          <\/div><!-- \/.cpt-grid-item__schedule -->\n    <div class=\"cpt-grid-item__content\">\n      <ul class=\"cpt-grid-item__tags\"><\/ul>\n            <h3>Commemoraci\u00f3 oficial dels 30 anys dels Jocs de Barcelona 1992<\/h3>\n                  <div class=\"cpt-grid-item__meta\">\n        <span class=\"location\">Ajuntament de Barcelona - Pla\u00e7a Sant Jaume<\/span>        <span class=\"promoter\">Organitza: Ajuntament de Barcelona i Fundaci\u00f3 Barcelona Ol\u00edmpica<\/span>      <\/div><!-- \/.cpt-grid-item__meta -->\n                  <div class=\"cpt-grid-item__description\">\n        <p>20.15h al Sal\u00f3 de Cent de l\u2019Ajuntament de Barcelona, es realitzar\u00e0 l\u2019acte institucional amb convidats ol\u00edmpics, paral\u00edmpics i personalitats diverses. 22h a la pla\u00e7a Sant Jaume es realitzar\u00e0 un acte que consistir\u00e0 amb un mapping a la fa\u00e7ana de l\u2019Ajuntament, actuacions musicals i accions en un escenari ubicat davant de la porta del consistori. L\u2019espectacle [&hellip;]<\/p>\n      <\/div><!-- \/.cpt-grid-item__description -->\n                  <p class=\"cpt-grid-item__lnk\"><a href=\"https:\/\/www.fundaciobarcelonaolimpica.es\/ca\/feed\/calendar\/?id=25849\" class=\"lnk\">Afegir al calendari<\/a><\/p>\n      <div class=\"cpt-grid-item__fullcontent\" id=\"event-content-25849\" style=\"display: none\">\n        <p>20.15h al Sal\u00f3 de Cent de l\u2019Ajuntament de Barcelona, es realitzar\u00e0 l\u2019acte institucional amb convidats ol\u00edmpics, paral\u00edmpics i personalitats diverses.<\/p>\n<p>22h a la pla\u00e7a Sant Jaume es realitzar\u00e0 un acte que consistir\u00e0 amb un mapping a la fa\u00e7ana de l\u2019Ajuntament, actuacions musicals i accions en un escenari ubicat davant de la porta del consistori. L\u2019espectacle ser\u00e0 retransm\u00e8s en directe per TV3 i comen\u00e7ar\u00e0 a l\u2019entorn de les deu del vespre, un cop sigui fosc. S\u2019espera que a la pla\u00e7a, que estar\u00e0 oberta al p\u00fablic, hi assisteixin persones o entitats convidades a la cita per la seva vinculaci\u00f3 amb l\u2019esdeveniment ol\u00edmpic o el m\u00f3n esportiu, aix\u00ed com una \u00e0mplia representaci\u00f3 de membres de l\u2019Associaci\u00f3 Voluntaris 2000.<\/p>\n<p>El contingut narratiu d\u2019aquest espectacle audiovisual girar\u00e0 entorn de la transformaci\u00f3 de la ciutat, des de l\u2019anunci del 1986 passant pel moment hist\u00f2ric de la inauguraci\u00f3 dels Jocs, fent un recorregut que arriba a la Barcelona actual i que acaba projectant la Barcelona del futur. Un aut\u00e8ntic espectacle de llum i imatge que far\u00e0 un rep\u00e0s del canvi substancial que aquest esdeveniment mundial va significar per la ciutat i pels seus habitants.<\/p>\n<p>Durant l\u2019espectacle tamb\u00e9 hi haur\u00e0 diferents actuacions que tindran lloc des d\u2019un escenari que estar\u00e0 compost per les cinc anelles ol\u00edmpiques, s\u00edmbol identitari de la uni\u00f3 entre tots els continents que representen els Jocs Ol\u00edmpics.<\/p>\n<p>Est\u00e0 previst que hi actu\u00efn Los Manolos, el grup de rumba catalana que rememorar\u00e0 la seva m\u00edtica actuaci\u00f3 a la clausura dels Jocs Ol\u00edmpics del 1992; Beth i Jofre Bardag\u00ed que interpretaran l\u2019himne \u201cAmics per sempre\u201d, Manu Guix i Maria Hinojosa i el Cor de Teatre.<\/p>\n      <\/div><!-- \/.cpt-grid-item__content -->\n      <a href=\"#event-content-25849\" class=\"toggable\">Veure m\u00e9s<\/a>\n          <\/div><!-- \/.cpt-grid-item__fullcontent -->\n  <\/div><!-- \/.cpt-grid-item__inside -->\n<\/div><!-- \/.cpt-grid-item -->        <div class=\"cpt-grid-item cpt-grid-item--event\">\n  <div class=\"cpt-grid-item__inside\">\n    <div class=\"cpt-grid-item__schedule\">\n            <span class=\"moe-date start\">\n        <span class=\"date\"><span class=\"day\">12<\/span><span class=\"month\">jul.-22<\/span><\/span>        <span class=\"time\">10:00<\/span>      <\/span>\n                  <span class=\"moe-date end\">\n        <span class=\"date\"><span class=\"day\">15<\/span><span class=\"month\">gen.-23<\/span><\/span>        <span class=\"time\">18:00<\/span>      <\/span>\n          <\/div><!-- \/.cpt-grid-item__schedule -->\n    <div class=\"cpt-grid-item__content\">\n      <ul class=\"cpt-grid-item__tags\"><li  class=\"cpt-grid-item__tag\"><a href=\"https:\/\/www.fundaciobarcelonaolimpica.es\/ca\/tag-evento\/exposicio\/\" rel=\"tag\">Exposici\u00f3<\/a><\/li><\/ul>\n            <h3>Olimp\u00edada Cultural. Un esclat art\u00edstic per a Barcelona.<\/h3>\n                  <div class=\"cpt-grid-item__meta\">\n        <span class=\"location\">Sala d'exposicions temporals del Museu Ol\u00edmpic i de l'Esport JA Samaranch<\/span>        <span class=\"promoter\">Organitza: Fundaci\u00f3 Barcelona Ol\u00edmpica<\/span>      <\/div><!-- \/.cpt-grid-item__meta -->\n                  <div class=\"cpt-grid-item__description\">\n        <p>L\u2019Olimp\u00edada Cultural de Barcelona va consistir en un programa quadriennal d&#8217;iniciatives culturals a la ciutat que va culminar en el Festival Ol\u00edmpic de les Arts el 1992. L\u2019objectiu prioritari de l\u2019Olimp\u00edada Cultural va ser potenciar el patrimoni art\u00edstic de Barcelona i convertir-la, durant quatre anys, en un centre cultural de m\u00e0xima promoci\u00f3 internacional. Els ideals [&hellip;]<\/p>\n      <\/div><!-- \/.cpt-grid-item__description -->\n                  <p class=\"cpt-grid-item__lnk\"><a href=\"https:\/\/www.fundaciobarcelonaolimpica.es\/ca\/feed\/calendar\/?id=25724\" class=\"lnk\">Afegir al calendari<\/a><\/p>\n      <div class=\"cpt-grid-item__fullcontent\" id=\"event-content-25724\" style=\"display: none\">\n        <p>L\u2019Olimp\u00edada Cultural de Barcelona va consistir en un programa quadriennal d&#8217;iniciatives culturals a la ciutat que va culminar en el Festival Ol\u00edmpic de les Arts el 1992. L\u2019objectiu prioritari de l\u2019Olimp\u00edada Cultural va ser potenciar el patrimoni art\u00edstic de Barcelona i convertir-la, durant quatre anys, en un centre cultural de m\u00e0xima promoci\u00f3 internacional. Els ideals ol\u00edmpics de pau, di\u00e0leg, fraternitat i intercanvi cultural van presidir l\u2019esperit de l\u2019Olimp\u00edada Cultural. Aquest programa, a m\u00e9s d&#8217;incloure espectacles culturals, tamb\u00e9 va donar un impuls a la difusi\u00f3 internacional de Barcelona amb l\u2019objectiu de fomentar el di\u00e0leg entre els pobles que van participar en els Jocs Ol\u00edmpics i Paral\u00edmpics de 1992.<\/p>\n<p>Mitjan\u00e7ant aquesta exposici\u00f3, i amb motiu del 30 aniversari dels Jocs Ol\u00edmpics i Paral\u00edmpics de 1992, la Fundaci\u00f3 Barcelona Ol\u00edmpica vol retre homenatge a l\u2019Olimp\u00edada Cultural i a totes les persones que van formar-ne part.<br \/>\n<img loading=\"lazy\" loading=\"lazy\" decoding=\"async\" class=\"aligncenter wp-image-25722 size-full\" src=\"https:\/\/www.fundaciobarcelonaolimpica.es\/wp-content\/uploads\/sites\/3\/2022\/06\/OCSA_ICUB_660x300px_A1.png\" alt=\"\" width=\"660\" height=\"300\" srcset=\"https:\/\/www.fundaciobarcelonaolimpica.es\/wp-content\/uploads\/sites\/3\/2022\/06\/OCSA_ICUB_660x300px_A1.png 660w, https:\/\/www.fundaciobarcelonaolimpica.es\/wp-content\/uploads\/sites\/3\/2022\/06\/OCSA_ICUB_660x300px_A1-300x136.png 300w\" sizes=\"(max-width: 660px) 100vw, 660px\" \/><\/p>\n<p>Vinculat al taller familiar: <a href=\"https:\/\/www.museuolimpicbcn.cat\/ca\/visita-en-familia\/\">DEIXA\u2019T ATRAPAT PELS JOCS DE BARCELONA\u201992<\/a><\/p>\n      <\/div><!-- \/.cpt-grid-item__content -->\n      <a href=\"#event-content-25724\" class=\"toggable\">Veure m\u00e9s<\/a>\n          <\/div><!-- \/.cpt-grid-item__fullcontent -->\n  <\/div><!-- \/.cpt-grid-item__inside -->\n<\/div><!-- \/.cpt-grid-item -->        <div class=\"cpt-grid-item cpt-grid-item--event\">\n  <div class=\"cpt-grid-item__inside\">\n    <div class=\"cpt-grid-item__schedule\">\n            <span class=\"moe-date start\">\n        <span class=\"date\"><span class=\"day\">13<\/span><span class=\"month\">juny-22<\/span><\/span>        <span class=\"time\">12:00<\/span>      <\/span>\n                  <span class=\"moe-date end\">\n                <span class=\"time\">14:00<\/span>      <\/span>\n          <\/div><!-- \/.cpt-grid-item__schedule -->\n    <div class=\"cpt-grid-item__content\">\n      <ul class=\"cpt-grid-item__tags\"><li  class=\"cpt-grid-item__tag\"><a href=\"https:\/\/www.fundaciobarcelonaolimpica.es\/ca\/tag-evento\/esdeveniment\/\" rel=\"tag\">Esdeveniment<\/a><\/li><\/ul>\n            <h3>Edici\u00f3 especial del programa \u201cQu\u00e8 t\u2019hi jugues\u201d de SER Catalunya.<\/h3>\n                  <div class=\"cpt-grid-item__meta\">\n        <span class=\"location\">Auditori Museu Ol\u00edmpic i de l'Esport JA Samaranch<\/span>        <span class=\"promoter\">Organitza: Cadena SER Catalunya<\/span>      <\/div><!-- \/.cpt-grid-item__meta -->\n                  <div class=\"cpt-grid-item__description\">\n        <p>El 13 de juny fa 30 anys de l\u2019arribada de la Flama Ol\u00edmpica a Emp\u00faries. Edici\u00f3 especial del programa \u201cQu\u00e8 t\u2019hi jugues!\u201d de Cadena SER Catalunya. Des de les 12h fins a les 14h s\u2019entrevistar\u00e0, als protagonistes dels Jocs de Barcelona\u201992 a l\u2019Auditori del Museu Ol\u00edmpic i de l\u2019Esport JA Samaranch L\u2019aforament ser\u00e0 limitat i [&hellip;]<\/p>\n      <\/div><!-- \/.cpt-grid-item__description -->\n                  <p class=\"cpt-grid-item__lnk\"><a href=\"https:\/\/www.fundaciobarcelonaolimpica.es\/ca\/feed\/calendar\/?id=25623\" class=\"lnk\">Afegir al calendari<\/a><\/p>\n      <div class=\"cpt-grid-item__fullcontent\" id=\"event-content-25623\" style=\"display: none\">\n        <p>El 13 de juny fa 30 anys de l\u2019arribada de la Flama Ol\u00edmpica a Emp\u00faries.<br \/>\nEdici\u00f3 especial del programa \u201cQu\u00e8 t\u2019hi jugues!\u201d de Cadena SER Catalunya.<\/p>\n<p>Des de les 12h fins a les 14h s\u2019entrevistar\u00e0, als protagonistes dels Jocs de Barcelona\u201992 a l\u2019Auditori del Museu Ol\u00edmpic i de l\u2019Esport JA Samaranch<br \/>\nL\u2019aforament ser\u00e0 limitat i estar\u00e0 obert al p\u00fablic fins a completar-ho.<br \/>\n<img loading=\"lazy\" loading=\"lazy\" decoding=\"async\" class=\"aligncenter wp-image-25729 size-large\" src=\"https:\/\/www.fundaciobarcelonaolimpica.es\/wp-content\/uploads\/sites\/3\/2022\/05\/CADENA-SER-MuseuOlimpicBCN_Los-Manolos-1024x683.jpg\" alt=\"\" width=\"1024\" height=\"683\" srcset=\"https:\/\/www.fundaciobarcelonaolimpica.es\/wp-content\/uploads\/sites\/3\/2022\/05\/CADENA-SER-MuseuOlimpicBCN_Los-Manolos-1024x683.jpg 1024w, https:\/\/www.fundaciobarcelonaolimpica.es\/wp-content\/uploads\/sites\/3\/2022\/05\/CADENA-SER-MuseuOlimpicBCN_Los-Manolos-300x200.jpg 300w, https:\/\/www.fundaciobarcelonaolimpica.es\/wp-content\/uploads\/sites\/3\/2022\/05\/CADENA-SER-MuseuOlimpicBCN_Los-Manolos-768x512.jpg 768w, https:\/\/www.fundaciobarcelonaolimpica.es\/wp-content\/uploads\/sites\/3\/2022\/05\/CADENA-SER-MuseuOlimpicBCN_Los-Manolos-1536x1025.jpg 1536w, https:\/\/www.fundaciobarcelonaolimpica.es\/wp-content\/uploads\/sites\/3\/2022\/05\/CADENA-SER-MuseuOlimpicBCN_Los-Manolos-2048x1366.jpg 2048w, https:\/\/www.fundaciobarcelonaolimpica.es\/wp-content\/uploads\/sites\/3\/2022\/05\/CADENA-SER-MuseuOlimpicBCN_Los-Manolos-1320x880.jpg 1320w\" sizes=\"(max-width: 1024px) 100vw, 1024px\" \/><\/p>\n      <\/div><!-- \/.cpt-grid-item__content -->\n      <a href=\"#event-content-25623\" class=\"toggable\">Veure m\u00e9s<\/a>\n          <\/div><!-- \/.cpt-grid-item__fullcontent -->\n  <\/div><!-- \/.cpt-grid-item__inside -->\n<\/div><!-- \/.cpt-grid-item -->        <div class=\"cpt-grid-item cpt-grid-item--event\">\n  <div class=\"cpt-grid-item__inside\">\n    <div class=\"cpt-grid-item__schedule\">\n            <span class=\"moe-date start\">\n        <span class=\"date\"><span class=\"day\">31<\/span><span class=\"month\">maig-22<\/span><\/span>        <span class=\"time\">9:00 <\/span>      <\/span>\n                  <span class=\"moe-date end\">\n        <span class=\"date\"><span class=\"day\">06<\/span><span class=\"month\">ag.-22<\/span><\/span>        <span class=\"time\">20:00<\/span>      <\/span>\n          <\/div><!-- \/.cpt-grid-item__schedule -->\n    <div class=\"cpt-grid-item__content\">\n      <ul class=\"cpt-grid-item__tags\"><li  class=\"cpt-grid-item__tag\"><a href=\"https:\/\/www.fundaciobarcelonaolimpica.es\/ca\/tag-evento\/exposicio-ca\/\" rel=\"tag\">Exposici\u00f3<\/a><\/li><\/ul>\n            <h3>Barcelona 92: l&#8217;impuls d&#8217;una ciutat<\/h3>\n                  <div class=\"cpt-grid-item__meta\">\n        <span class=\"location\">Casa Seat<\/span>        <span class=\"promoter\">Organitza: Casa Seat<\/span>      <\/div><!-- \/.cpt-grid-item__meta -->\n                  <div class=\"cpt-grid-item__description\">\n        <p>Enguany es compleixen 30 anys de la celebraci\u00f3 dels Jocs Ol\u00edmpics de Barcelona. Aquest esdeveniment es recorda encara avui com un gran \u00e8xit col\u00b7lectiu que va superar el fet merament esportiu i va generar un gran canvi econ\u00f2mic, urban\u00edstic i social. Amb aquesta exposici\u00f3, CASA SEAT vol homenatjar l&#8217;impuls ciutad\u00e0 i l&#8217;esperit d&#8217;uni\u00f3 i col\u00b7laboraci\u00f3 [&hellip;]<\/p>\n      <\/div><!-- \/.cpt-grid-item__description -->\n                  <p class=\"cpt-grid-item__lnk\"><a href=\"https:\/\/www.fundaciobarcelonaolimpica.es\/ca\/feed\/calendar\/?id=25711\" class=\"lnk\">Afegir al calendari<\/a><\/p>\n      <div class=\"cpt-grid-item__fullcontent\" id=\"event-content-25711\" style=\"display: none\">\n        <p>Enguany es compleixen 30 anys de la celebraci\u00f3 dels Jocs Ol\u00edmpics de Barcelona. Aquest esdeveniment es recorda encara avui com un gran \u00e8xit col\u00b7lectiu que va superar el fet merament esportiu i va generar un gran canvi econ\u00f2mic, urban\u00edstic i social. Amb aquesta exposici\u00f3, CASA SEAT vol homenatjar l&#8217;impuls ciutad\u00e0 i l&#8217;esperit d&#8217;uni\u00f3 i col\u00b7laboraci\u00f3 p\u00fablic-privada que va fer que aquesta gran aposta de ciutat fos una opci\u00f3 guanyadora.<\/p>\n<p>En aquesta exhibici\u00f3, comissariada per Claudia Crego, podr\u00e0s gaudir d&#8217;instal\u00b7lacions creades per l&#8217;artista Ram\u00f3n los Heros i peces procedents de les col\u00b7leccions del Museu Ol\u00edmpic i de l&#8217;Esport, la Associaci\u00f3 Voluntaris 2000 i SEAT Coches Hist\u00f3ricos.<\/p>\n<p>Entrada lliure durant l&#8217;horari d&#8217;obertura de l&#8217;espai.<\/p>\n      <\/div><!-- \/.cpt-grid-item__content -->\n      <a href=\"#event-content-25711\" class=\"toggable\">Veure m\u00e9s<\/a>\n          <\/div><!-- \/.cpt-grid-item__fullcontent -->\n  <\/div><!-- \/.cpt-grid-item__inside -->\n<\/div><!-- \/.cpt-grid-item -->        <div class=\"cpt-grid-item cpt-grid-item--event\">\n  <div class=\"cpt-grid-item__inside\">\n    <div class=\"cpt-grid-item__schedule\">\n            <span class=\"moe-date start\">\n        <span class=\"date\"><span class=\"day\">01<\/span><span class=\"month\">maig-22<\/span><\/span>        <span class=\"time\">8:30 <\/span>      <\/span>\n                  <span class=\"moe-date end\">\n                <span class=\"time\">13:00<\/span>      <\/span>\n          <\/div><!-- \/.cpt-grid-item__schedule -->\n    <div class=\"cpt-grid-item__content\">\n      <ul class=\"cpt-grid-item__tags\"><li  class=\"cpt-grid-item__tag\"><a href=\"https:\/\/www.fundaciobarcelonaolimpica.es\/ca\/tag-evento\/esdeveniment\/\" rel=\"tag\">Esdeveniment<\/a><\/li><\/ul>\n            <h3>Caminada Barnatresc &#8211; Olimp\u00edada Cultural (presencial)<\/h3>\n                  <div class=\"cpt-grid-item__meta\">\n        <span class=\"location\">Parc Joan Mir\u00f3, al costat de l\u2019est\u00e0tua \u201cDona i Ocell\u201d <\/span>        <span class=\"promoter\">Organitza: Barnatresc, IBE, FBO<\/span>      <\/div><!-- \/.cpt-grid-item__meta -->\n                  <div class=\"cpt-grid-item__description\">\n        <p>Versi\u00f3 Presencial: 1 de maig Versi\u00f3 Virtual: del 2 al 15 de maig FITXA T\u00c8CNICA Lloc de sortida i arribada: Parc Joan Mir\u00f3, al costat de l\u2019est\u00e0tua \u201cDona i Ocell\u201d (Metro L3 Tarragona). Hora de sortida: Sortida conjunta (no hi ha torns ni inscripcions) de les 8.30 a les 9.30h. Control de pas: Est\u00e0tua del [&hellip;]<\/p>\n      <\/div><!-- \/.cpt-grid-item__description -->\n                  <p class=\"cpt-grid-item__lnk\"><a href=\"https:\/\/www.fundaciobarcelonaolimpica.es\/ca\/feed\/calendar\/?id=24820\" class=\"lnk\">Afegir al calendari<\/a><\/p>\n      <div class=\"cpt-grid-item__fullcontent\" id=\"event-content-24820\" style=\"display: none\">\n        <p><strong>Versi\u00f3 Presencial: 1 de maig<br \/>\nVersi\u00f3 Virtual: del 2 al 15 de maig<\/strong><br \/>\n<strong>FITXA T\u00c8CNICA<\/strong><br \/>\n<strong>Lloc de sortida i arribada:<\/strong> Parc Joan Mir\u00f3, al costat de l\u2019est\u00e0tua \u201cDona i Ocell\u201d (Metro L3 Tarragona).<br \/>\n<strong>Hora de sortida:<\/strong> Sortida conjunta (no hi ha torns ni inscripcions) de les 8.30 a les 9.30h.<br \/>\n<strong>Control de pas:<\/strong> Est\u00e0tua del Cobi: de les 9.30 a les 12.00 h.<br \/>\n(El control de pas es tancar\u00e0 quan hi arribi l\u2019equip escombra, encara que sigui abans de l\u2019hora l\u00edmit establerta.)<br \/>\nHora l\u00edmit d&#8217;arribada: 13:00 hores<br \/>\n(El punt d\u2019arribada es tancar\u00e0 a l\u2019hora establerta o en el moment que hi arribi l\u2019equip escombra, encara que sigui abans de l\u2019hora l\u00edmit establerta.)<br \/>\n<strong>Distancia aproximada: <\/strong>15,8 km.<br \/>\n<strong>Durada aproximada:<\/strong> 4:30 h.<br \/>\n<strong>Desnivells:<\/strong> de pujada: 155 m i 110 m de baixada.<br \/>\n<strong>Itinerari:<\/strong> Parc Joan Mir\u00f3, c. Tarragona, pl. Espanya, av. Reina Cristina, pl. Cascades, Palau Nacional (MNAC), av. Estadi, Museu Ol\u00edmpic, av. Miramar, c. Margarit, pg. de l\u2019Exposici\u00f3, c. Nou de la Rambla, pg. Montju\u00efc, pg. Josep Carner, pl. Drassanes, pl. Portal de la Pau, pg. de Colom, Pla de Palau, pl. Pau Vila, pg. Joan de Borb\u00f3, pl. del Mar, pg. Mar\u00edtim de la Barceloneta, pl. Brugada, c. Conreria, c. Andrea D\u00f2ria, pg. Mar\u00edtim de la Barceloneta, port Ol\u00edmpic, parc del Port Ol\u00edmpic, Cobi (control de pas), pl. Voluntaris Ol\u00edmpics, parc de les Cascades, pg. de Circumval\u00b7laci\u00f3, pg. Picasso, c. Ribera, pl. Comercial, c. Comer\u00e7, c. Princesa, c. Rec, pl. Sant Agust\u00ed Vell, c. Basses de Sant Pere, pl. Sant Pere, c. Sant Pere M\u00e9s Alt, Via Laietana, c. Comtal, Portal de l\u2019\u00c0ngel, pl. Catalunya, pg. de Gr\u00e0cia, c. Proven\u00e7a, c. Comte d\u2019Urgell, av. Roma, c. Val\u00e8ncia, c. Tarragona i parc Joan Mir\u00f3.<br \/>\n<strong>PARTICIPACI\u00d3: <\/strong>No hi ha torns, la sortida \u00e9s conjunta per a tothom, per\u00f2 per poder participar \u00e9s imprescindible estar en possessi\u00f3 del carnet Barnatresc<br \/>\nATENCI\u00d3: EN AQUESTA CAMINADA TAMB\u00c9 HI HAUR\u00c0 CONTROL DE PAS (SENSE AVITUALLAMENT).<\/p>\n<p><strong>OLIMP\u00cdADA CULTURAL<\/strong><br \/>\nEls jocs ol\u00edmpics van ser un esdeveniment esportiu, per\u00f2 tamb\u00e9 una manifestaci\u00f3 cultural que va enriquir la ciutat amb una pluralitat d&#8217;actes.<br \/>\nL\u2019Olimp\u00edada Cultural fou un programa d&#8217;actes de tipus cultural que complementava les activitats de foment i difusi\u00f3 del projecte ol\u00edmpic a la ciutat de Barcelona durant l&#8217;olimp\u00edada, \u00e9s a dir, els quatre anys previs a la celebraci\u00f3 dels Jocs de la XXV Olimp\u00edada a Barcelona, l&#8217;any 1992.<br \/>\nPel fet que aquest any celebrem el 30\u00e8 aniversari dels Jocs Ol\u00edmpics i Paral\u00edmpics de Barcelona\u201992 s\u2019ha pensat que valia la pena dissenyar un itinerari que relligu\u00e9s una bona part dels llocs i dels monuments que van ser testimonis de l\u2019Olimp\u00edada Cultural.<br \/>\nNota: No tots els espais seleccionats per a la caminada de BARNATRESC estan relacionats amb activitats pr\u00f2piament de l\u2019Olimp\u00edada Cultural.<\/p>\n<p><img loading=\"lazy\" loading=\"lazy\" decoding=\"async\" class=\"aligncenter wp-image-25420 size-large\" src=\"https:\/\/www.fundaciobarcelonaolimpica.es\/wp-content\/uploads\/sites\/3\/2022\/05\/IMG-20220501-WA0031-768x1024.jpg\" alt=\"\" width=\"768\" height=\"1024\" srcset=\"https:\/\/www.fundaciobarcelonaolimpica.es\/wp-content\/uploads\/sites\/3\/2022\/05\/IMG-20220501-WA0031-768x1024.jpg 768w, https:\/\/www.fundaciobarcelonaolimpica.es\/wp-content\/uploads\/sites\/3\/2022\/05\/IMG-20220501-WA0031-225x300.jpg 225w, https:\/\/www.fundaciobarcelonaolimpica.es\/wp-content\/uploads\/sites\/3\/2022\/05\/IMG-20220501-WA0031-1152x1536.jpg 1152w, https:\/\/www.fundaciobarcelonaolimpica.es\/wp-content\/uploads\/sites\/3\/2022\/05\/IMG-20220501-WA0031-1320x1760.jpg 1320w, https:\/\/www.fundaciobarcelonaolimpica.es\/wp-content\/uploads\/sites\/3\/2022\/05\/IMG-20220501-WA0031.jpg 1500w\" sizes=\"(max-width: 768px) 100vw, 768px\" \/><\/p>\n      <\/div><!-- \/.cpt-grid-item__content -->\n      <a href=\"#event-content-24820\" class=\"toggable\">Veure m\u00e9s<\/a>\n          <\/div><!-- \/.cpt-grid-item__fullcontent -->\n  <\/div><!-- \/.cpt-grid-item__inside -->\n<\/div><!-- \/.cpt-grid-item -->        <div class=\"cpt-grid-item cpt-grid-item--event\">\n  <div class=\"cpt-grid-item__inside\">\n    <div class=\"cpt-grid-item__schedule\">\n            <span class=\"moe-date start\">\n        <span class=\"date\"><span class=\"day\">15<\/span><span class=\"month\">febr.-22<\/span><\/span>        <span class=\"time\">17:00<\/span>      <\/span>\n                  <span class=\"moe-date end\">\n                <span class=\"time\">18:30<\/span>      <\/span>\n          <\/div><!-- \/.cpt-grid-item__schedule -->\n    <div class=\"cpt-grid-item__content\">\n      <ul class=\"cpt-grid-item__tags\"><li  class=\"cpt-grid-item__tag\"><a href=\"https:\/\/www.fundaciobarcelonaolimpica.es\/ca\/tag-evento\/esdeveniment\/\" rel=\"tag\">Esdeveniment<\/a><\/li><\/ul>\n            <h3>Barcelona &#8217;92, pioneres de l&#8217;or<\/h3>\n                  <div class=\"cpt-grid-item__meta\">\n        <span class=\"location\">Museu Ol\u00edmpic i de l'Esport Joan Antoni Samaranch<\/span>        <span class=\"promoter\">Organitza: BCN Sports Film Festival<\/span>      <\/div><!-- \/.cpt-grid-item__meta -->\n                  <div class=\"cpt-grid-item__description\">\n        <p>Una mirada a la nostra hist\u00f2ria: celebrem el 30\u00e8 aniversari dels Jocs Ol\u00edmpics de Barcelona &#8217;92. Los otros. La verdad sobre Miriam i Hockey &#8217;92, Mujeres de Oro, totes dues pioneres, ens faran reviure dues de les medalles m\u00e9s significatives per a la delegaci\u00f3 espanyola. Aforament limitades reserva la teva entrada AQU\u00cd Les projeccions audiovisuals [&hellip;]<\/p>\n      <\/div><!-- \/.cpt-grid-item__description -->\n                  <p class=\"cpt-grid-item__lnk\"><a href=\"https:\/\/www.fundaciobarcelonaolimpica.es\/ca\/feed\/calendar\/?id=24662\" class=\"lnk\">Afegir al calendari<\/a><\/p>\n      <div class=\"cpt-grid-item__fullcontent\" id=\"event-content-24662\" style=\"display: none\">\n        <p>Una mirada a la nostra hist\u00f2ria: celebrem el 30\u00e8 aniversari dels Jocs Ol\u00edmpics de Barcelona &#8217;92. Los otros. La verdad sobre Miriam i Hockey &#8217;92, Mujeres de Oro, totes dues pioneres, ens faran reviure dues de les medalles m\u00e9s significatives per a la delegaci\u00f3 espanyola.<br \/>\nAforament limitades reserva la teva entrada <a href=\"https:\/\/www.bcnsportsfilm.org\/ca\/evento\/barcelona-92-pioneras-del-oro-2\/\"><strong>AQU\u00cd<\/strong><\/a><br \/>\nLes projeccions audiovisuals estaran actives a trav\u00e9s de la <a href=\"https:\/\/tv.festhome.com\/festivaltv\/bcn-sports-film-festival\/0\/4649\">plataforma Festhome<\/a><\/p>\n<p><img loading=\"lazy\" loading=\"lazy\" decoding=\"async\" class=\"aligncenter wp-image-24810 size-large\" src=\"https:\/\/www.fundaciobarcelonaolimpica.es\/wp-content\/uploads\/sites\/3\/2022\/03\/S2I4325-1024x722.jpg\" alt=\"\" width=\"1024\" height=\"722\" srcset=\"https:\/\/www.fundaciobarcelonaolimpica.es\/wp-content\/uploads\/sites\/3\/2022\/03\/S2I4325-1024x722.jpg 1024w, https:\/\/www.fundaciobarcelonaolimpica.es\/wp-content\/uploads\/sites\/3\/2022\/03\/S2I4325-300x212.jpg 300w, https:\/\/www.fundaciobarcelonaolimpica.es\/wp-content\/uploads\/sites\/3\/2022\/03\/S2I4325-768x542.jpg 768w, https:\/\/www.fundaciobarcelonaolimpica.es\/wp-content\/uploads\/sites\/3\/2022\/03\/S2I4325-1536x1083.jpg 1536w, https:\/\/www.fundaciobarcelonaolimpica.es\/wp-content\/uploads\/sites\/3\/2022\/03\/S2I4325-2048x1445.jpg 2048w, https:\/\/www.fundaciobarcelonaolimpica.es\/wp-content\/uploads\/sites\/3\/2022\/03\/S2I4325-1320x931.jpg 1320w\" sizes=\"(max-width: 1024px) 100vw, 1024px\" \/><\/p>\n      <\/div><!-- \/.cpt-grid-item__content -->\n      <a href=\"#event-content-24662\" class=\"toggable\">Veure m\u00e9s<\/a>\n          <\/div><!-- \/.cpt-grid-item__fullcontent -->\n  <\/div><!-- \/.cpt-grid-item__inside -->\n<\/div><!-- \/.cpt-grid-item -->        <div class=\"cpt-grid-item cpt-grid-item--event\">\n  <div class=\"cpt-grid-item__inside\">\n    <div class=\"cpt-grid-item__schedule\">\n            <span class=\"moe-date start\">\n        <span class=\"date\"><span class=\"day\">14<\/span><span class=\"month\">febr.-22<\/span><\/span>              <\/span>\n                  <span class=\"moe-date end\">\n                <span class=\"time\">20:30<\/span>      <\/span>\n          <\/div><!-- \/.cpt-grid-item__schedule -->\n    <div class=\"cpt-grid-item__content\">\n      <ul class=\"cpt-grid-item__tags\"><li  class=\"cpt-grid-item__tag\"><a href=\"https:\/\/www.fundaciobarcelonaolimpica.es\/ca\/tag-evento\/esdeveniment\/\" rel=\"tag\">Esdeveniment<\/a><\/li><\/ul>\n            <h3>Cerim\u00f2nia d&#8217;inauguraci\u00f3 del BCN Sports Film Festival 2022<\/h3>\n                  <div class=\"cpt-grid-item__meta\">\n        <span class=\"location\">Museu Ol\u00edmpic i de l'Esport Joan Antoni Samaranch<\/span>        <span class=\"promoter\">Organitza: BCN Sports Film Festival<\/span>      <\/div><!-- \/.cpt-grid-item__meta -->\n                  <div class=\"cpt-grid-item__description\">\n        <p>Cerim\u00f2nia d&#8217;inauguraci\u00f3 de la 12th edition del BCN Sports Film Festival 2022. La cerim\u00f2nia es podr\u00e0 veure via Streaming a trav\u00e9s del canal YOUTUBE: Fundaci\u00f3 Barcelona Ol\u00edmpica &#8211; Museu Ol\u00edmpic<\/p>\n      <\/div><!-- \/.cpt-grid-item__description -->\n                  <p class=\"cpt-grid-item__lnk\"><a href=\"https:\/\/www.fundaciobarcelonaolimpica.es\/ca\/feed\/calendar\/?id=24659\" class=\"lnk\">Afegir al calendari<\/a><\/p>\n      <div class=\"cpt-grid-item__fullcontent\" id=\"event-content-24659\" style=\"display: none\">\n        <p>Cerim\u00f2nia d&#8217;inauguraci\u00f3 de la 12th edition del BCN Sports Film Festival 2022.<\/p>\n<p>La cerim\u00f2nia es podr\u00e0 veure via Streaming a trav\u00e9s del canal YOUTUBE: <a href=\"https:\/\/youtu.be\/ubYVt9DUPTY\">Fundaci\u00f3 Barcelona Ol\u00edmpica &#8211; Museu Ol\u00edmpic<\/a><\/p>\n<p><img loading=\"lazy\" loading=\"lazy\" decoding=\"async\" class=\"aligncenter wp-image-24804 size-large\" src=\"https:\/\/www.fundaciobarcelonaolimpica.es\/wp-content\/uploads\/sites\/3\/2022\/03\/BCNSPORTSFILM-MUSEUOLIMPIC-Escude-Rebollo-1024x646.jpg\" alt=\"\" width=\"1024\" height=\"646\" srcset=\"https:\/\/www.fundaciobarcelonaolimpica.es\/wp-content\/uploads\/sites\/3\/2022\/03\/BCNSPORTSFILM-MUSEUOLIMPIC-Escude-Rebollo-1024x646.jpg 1024w, https:\/\/www.fundaciobarcelonaolimpica.es\/wp-content\/uploads\/sites\/3\/2022\/03\/BCNSPORTSFILM-MUSEUOLIMPIC-Escude-Rebollo-300x189.jpg 300w, https:\/\/www.fundaciobarcelonaolimpica.es\/wp-content\/uploads\/sites\/3\/2022\/03\/BCNSPORTSFILM-MUSEUOLIMPIC-Escude-Rebollo-768x484.jpg 768w, https:\/\/www.fundaciobarcelonaolimpica.es\/wp-content\/uploads\/sites\/3\/2022\/03\/BCNSPORTSFILM-MUSEUOLIMPIC-Escude-Rebollo-1536x969.jpg 1536w, https:\/\/www.fundaciobarcelonaolimpica.es\/wp-content\/uploads\/sites\/3\/2022\/03\/BCNSPORTSFILM-MUSEUOLIMPIC-Escude-Rebollo-1320x832.jpg 1320w, https:\/\/www.fundaciobarcelonaolimpica.es\/wp-content\/uploads\/sites\/3\/2022\/03\/BCNSPORTSFILM-MUSEUOLIMPIC-Escude-Rebollo.jpg 1903w\" sizes=\"(max-width: 1024px) 100vw, 1024px\" \/><\/p>\n      <\/div><!-- \/.cpt-grid-item__content -->\n      <a href=\"#event-content-24659\" class=\"toggable\">Veure m\u00e9s<\/a>\n          <\/div><!-- \/.cpt-grid-item__fullcontent -->\n  <\/div><!-- \/.cpt-grid-item__inside -->\n<\/div><!-- \/.cpt-grid-item -->        <div class=\"cpt-grid-item cpt-grid-item--event\">\n  <div class=\"cpt-grid-item__inside\">\n    <div class=\"cpt-grid-item__schedule\">\n            <span class=\"moe-date start\">\n        <span class=\"date\"><span class=\"day\">13<\/span><span class=\"month\">set.-21<\/span><\/span>        <span class=\"time\">10:00<\/span>      <\/span>\n                  <span class=\"moe-date end\">\n        <span class=\"date\"><span class=\"day\">22<\/span><span class=\"month\">juny-22<\/span><\/span>        <span class=\"time\">18:00<\/span>      <\/span>\n          <\/div><!-- \/.cpt-grid-item__schedule -->\n    <div class=\"cpt-grid-item__content\">\n      <ul class=\"cpt-grid-item__tags\"><li  class=\"cpt-grid-item__tag\"><a href=\"https:\/\/www.fundaciobarcelonaolimpica.es\/ca\/tag-evento\/activitat\/\" rel=\"tag\">Activitat<\/a><\/li><\/ul>\n            <h3>Taller per a estudiants &#8220;Descobrint Barcelona\u201992&#8221;<\/h3>\n                  <div class=\"cpt-grid-item__meta\">\n        <span class=\"location\">Museu Ol\u00edmpic i de l'Esport Joan Antoni Samaranch<\/span>              <\/div><!-- \/.cpt-grid-item__meta -->\n                  <div class=\"cpt-grid-item__description\">\n        <p>Taller dividit en dues parts: a la primera, descobriran diferents elements que es van utilitzar per als Jocs de Barcelona (mascota ol\u00edmpica i paral\u00edmpica, emblemes, cerim\u00f2nies, voluntariat, etc.) i coneixeran com va canviar la ciutat per acollir els Jocs. A la segona, en funci\u00f3 del nivell educatiu, hauran de crear un cartell o mascota d\u2019uns [&hellip;]<\/p>\n      <\/div><!-- \/.cpt-grid-item__description -->\n                  <p class=\"cpt-grid-item__lnk\"><a href=\"https:\/\/www.fundaciobarcelonaolimpica.es\/ca\/feed\/calendar\/?id=24665\" class=\"lnk\">Afegir al calendari<\/a><\/p>\n      <div class=\"cpt-grid-item__fullcontent\" id=\"event-content-24665\" style=\"display: none\">\n        <p>Taller dividit en dues parts: a la primera, descobriran diferents elements que es van utilitzar per als Jocs de Barcelona (mascota ol\u00edmpica i paral\u00edmpica, emblemes, cerim\u00f2nies, voluntariat, etc.) i coneixeran com va canviar la ciutat per acollir els Jocs. A la segona, en funci\u00f3 del nivell educatiu, hauran de crear un cartell o mascota d\u2019uns Jocs en base al que han descobert i a uns par\u00e0metres donats.<br \/>\nAquesta activitat es du a terme a trav\u00e9s de la descoberta, cooperaci\u00f3, el joc i el pensament cr\u00edtic.<\/p>\n<p>UUn cop acabat el taller, el grup pot accedir al museu de manera lliure.<\/p>\n<p>Es pot complementar amb l\u2019activitat: \u201cUn estadi per a la hist\u00f2ria\u201d.<\/p>\n<p><strong>Amb reserva pr\u00e8via<\/strong><\/p>\n<ul>\n<li>Grup Classe (25 estudiants aprox)<\/li>\n<li>Precio per grup: 125\u20ac<\/li>\n<li>Duraci\u00f3 aproximada: 3 hores<\/li>\n<li>De dimarts a divendres<\/li>\n<li>Idiomes: catal\u00e0<\/li>\n<\/ul>\n      <\/div><!-- \/.cpt-grid-item__content -->\n      <a href=\"#event-content-24665\" class=\"toggable\">Veure m\u00e9s<\/a>\n          <\/div><!-- \/.cpt-grid-item__fullcontent -->\n  <\/div><!-- \/.cpt-grid-item__inside -->\n<\/div><!-- \/.cpt-grid-item -->    \n  <\/div><!-- .cpt-grid -->\n<\/div>\n\t\t\t\t\t\t<\/div>\n\t\t\t\t<\/div>\n\t\t\t\t\t<\/div>\n\t\t<\/div>\n\t\t\t\t\t<\/div>\n\t\t<\/section>\n\t\t\t\t<\/div>\n\t\t","protected":false},"excerpt":{"rendered":"","protected":false},"author":2,"featured_media":0,"parent":0,"menu_order":0,"comment_status":"closed","ping_status":"closed","template":"","meta":{"_acf_changed":false,"footnotes":""},"class_list":["post-24672","page","type-page","status-publish","hentry"],"acf":[],"yoast_head":"<!-- This site is optimized with the Yoast SEO plugin v23.7 - https:\/\/yoast.com\/wordpress\/plugins\/seo\/ -->\n<title>Agenda Barcelona 92 - Fundaci\u00f3 Barcelona Ol\u00edmpica<\/title>\n<meta name=\"robots\" content=\"index, follow, max-snippet:-1, max-image-preview:large, max-video-preview:-1\" \/>\n<link rel=\"canonical\" href=\"https:\/\/www.fundaciobarcelonaolimpica.es\/ca\/agenda-barcelona-92\/\" \/>\n<meta property=\"og:locale\" content=\"ca_ES\" \/>\n<meta property=\"og:type\" content=\"article\" \/>\n<meta property=\"og:title\" content=\"Agenda Barcelona 92 - Fundaci\u00f3 Barcelona Ol\u00edmpica\" \/>\n<meta property=\"og:url\" content=\"https:\/\/www.fundaciobarcelonaolimpica.es\/ca\/agenda-barcelona-92\/\" \/>\n<meta property=\"og:site_name\" content=\"Fundaci\u00f3 Barcelona Ol\u00edmpica\" \/>\n<meta property=\"article:modified_time\" content=\"2022-03-09T10:56:50+00:00\" \/>\n<meta name=\"twitter:card\" content=\"summary_large_image\" \/>\n<meta name=\"twitter:label1\" content=\"Temps estimat de lectura\" \/>\n\t<meta name=\"twitter:data1\" content=\"2 minuts\" \/>\n<script type=\"application\/ld+json\" class=\"yoast-schema-graph\">{\"@context\":\"https:\/\/schema.org\",\"@graph\":[{\"@type\":\"WebPage\",\"@id\":\"https:\/\/www.fundaciobarcelonaolimpica.es\/ca\/agenda-barcelona-92\/\",\"url\":\"https:\/\/www.fundaciobarcelonaolimpica.es\/ca\/agenda-barcelona-92\/\",\"name\":\"Agenda Barcelona 92 - Fundaci\u00f3 Barcelona Ol\u00edmpica\",\"isPartOf\":{\"@id\":\"https:\/\/www.fundaciobarcelonaolimpica.es\/ca\/#website\"},\"datePublished\":\"2022-03-09T07:37:46+00:00\",\"dateModified\":\"2022-03-09T10:56:50+00:00\",\"breadcrumb\":{\"@id\":\"https:\/\/www.fundaciobarcelonaolimpica.es\/ca\/agenda-barcelona-92\/#breadcrumb\"},\"inLanguage\":\"ca\",\"potentialAction\":[{\"@type\":\"ReadAction\",\"target\":[\"https:\/\/www.fundaciobarcelonaolimpica.es\/ca\/agenda-barcelona-92\/\"]}]},{\"@type\":\"BreadcrumbList\",\"@id\":\"https:\/\/www.fundaciobarcelonaolimpica.es\/ca\/agenda-barcelona-92\/#breadcrumb\",\"itemListElement\":[{\"@type\":\"ListItem\",\"position\":1,\"name\":\"FBO\",\"item\":\"https:\/\/www.fundaciobarcelonaolimpica.es\/es\/\"},{\"@type\":\"ListItem\",\"position\":2,\"name\":\"Agenda Barcelona 92\"}]},{\"@type\":\"WebSite\",\"@id\":\"https:\/\/www.fundaciobarcelonaolimpica.es\/ca\/#website\",\"url\":\"https:\/\/www.fundaciobarcelonaolimpica.es\/ca\/\",\"name\":\"Fundaci\u00f3 Barcelona Ol\u00edmpica\",\"description\":\"Web del Museu Ol\u00edmpic i de l&#039;Esport\",\"publisher\":{\"@id\":\"https:\/\/www.fundaciobarcelonaolimpica.es\/ca\/#organization\"},\"potentialAction\":[{\"@type\":\"SearchAction\",\"target\":{\"@type\":\"EntryPoint\",\"urlTemplate\":\"https:\/\/www.fundaciobarcelonaolimpica.es\/ca\/?s={search_term_string}\"},\"query-input\":{\"@type\":\"PropertyValueSpecification\",\"valueRequired\":true,\"valueName\":\"search_term_string\"}}],\"inLanguage\":\"ca\"},{\"@type\":\"Organization\",\"@id\":\"https:\/\/www.fundaciobarcelonaolimpica.es\/ca\/#organization\",\"name\":\"Fundaci\u00f3 Barcelona Ol\u00edmpica\",\"url\":\"https:\/\/www.fundaciobarcelonaolimpica.es\/ca\/\",\"logo\":{\"@type\":\"ImageObject\",\"inLanguage\":\"ca\",\"@id\":\"https:\/\/www.fundaciobarcelonaolimpica.es\/ca\/#\/schema\/logo\/image\/\",\"url\":\"https:\/\/www.fundaciobarcelonaolimpica.es\/wp-content\/uploads\/sites\/3\/2019\/02\/logo-fundacio.svg\",\"contentUrl\":\"https:\/\/www.fundaciobarcelonaolimpica.es\/wp-content\/uploads\/sites\/3\/2019\/02\/logo-fundacio.svg\",\"caption\":\"Fundaci\u00f3 Barcelona Ol\u00edmpica\"},\"image\":{\"@id\":\"https:\/\/www.fundaciobarcelonaolimpica.es\/ca\/#\/schema\/logo\/image\/\"}}]}<\/script>\n<!-- \/ Yoast SEO plugin. -->","yoast_head_json":{"title":"Agenda Barcelona 92 - Fundaci\u00f3 Barcelona Ol\u00edmpica","robots":{"index":"index","follow":"follow","max-snippet":"max-snippet:-1","max-image-preview":"max-image-preview:large","max-video-preview":"max-video-preview:-1"},"canonical":"https:\/\/www.fundaciobarcelonaolimpica.es\/ca\/agenda-barcelona-92\/","og_locale":"ca_ES","og_type":"article","og_title":"Agenda Barcelona 92 - Fundaci\u00f3 Barcelona Ol\u00edmpica","og_url":"https:\/\/www.fundaciobarcelonaolimpica.es\/ca\/agenda-barcelona-92\/","og_site_name":"Fundaci\u00f3 Barcelona Ol\u00edmpica","article_modified_time":"2022-03-09T10:56:50+00:00","twitter_card":"summary_large_image","twitter_misc":{"Temps estimat de lectura":"2 minuts"},"schema":{"@context":"https:\/\/schema.org","@graph":[{"@type":"WebPage","@id":"https:\/\/www.fundaciobarcelonaolimpica.es\/ca\/agenda-barcelona-92\/","url":"https:\/\/www.fundaciobarcelonaolimpica.es\/ca\/agenda-barcelona-92\/","name":"Agenda Barcelona 92 - Fundaci\u00f3 Barcelona Ol\u00edmpica","isPartOf":{"@id":"https:\/\/www.fundaciobarcelonaolimpica.es\/ca\/#website"},"datePublished":"2022-03-09T07:37:46+00:00","dateModified":"2022-03-09T10:56:50+00:00","breadcrumb":{"@id":"https:\/\/www.fundaciobarcelonaolimpica.es\/ca\/agenda-barcelona-92\/#breadcrumb"},"inLanguage":"ca","potentialAction":[{"@type":"ReadAction","target":["https:\/\/www.fundaciobarcelonaolimpica.es\/ca\/agenda-barcelona-92\/"]}]},{"@type":"BreadcrumbList","@id":"https:\/\/www.fundaciobarcelonaolimpica.es\/ca\/agenda-barcelona-92\/#breadcrumb","itemListElement":[{"@type":"ListItem","position":1,"name":"FBO","item":"https:\/\/www.fundaciobarcelonaolimpica.es\/es\/"},{"@type":"ListItem","position":2,"name":"Agenda Barcelona 92"}]},{"@type":"WebSite","@id":"https:\/\/www.fundaciobarcelonaolimpica.es\/ca\/#website","url":"https:\/\/www.fundaciobarcelonaolimpica.es\/ca\/","name":"Fundaci\u00f3 Barcelona Ol\u00edmpica","description":"Web del Museu Ol\u00edmpic i de l&#039;Esport","publisher":{"@id":"https:\/\/www.fundaciobarcelonaolimpica.es\/ca\/#organization"},"potentialAction":[{"@type":"SearchAction","target":{"@type":"EntryPoint","urlTemplate":"https:\/\/www.fundaciobarcelonaolimpica.es\/ca\/?s={search_term_string}"},"query-input":{"@type":"PropertyValueSpecification","valueRequired":true,"valueName":"search_term_string"}}],"inLanguage":"ca"},{"@type":"Organization","@id":"https:\/\/www.fundaciobarcelonaolimpica.es\/ca\/#organization","name":"Fundaci\u00f3 Barcelona Ol\u00edmpica","url":"https:\/\/www.fundaciobarcelonaolimpica.es\/ca\/","logo":{"@type":"ImageObject","inLanguage":"ca","@id":"https:\/\/www.fundaciobarcelonaolimpica.es\/ca\/#\/schema\/logo\/image\/","url":"https:\/\/www.fundaciobarcelonaolimpica.es\/wp-content\/uploads\/sites\/3\/2019\/02\/logo-fundacio.svg","contentUrl":"https:\/\/www.fundaciobarcelonaolimpica.es\/wp-content\/uploads\/sites\/3\/2019\/02\/logo-fundacio.svg","caption":"Fundaci\u00f3 Barcelona Ol\u00edmpica"},"image":{"@id":"https:\/\/www.fundaciobarcelonaolimpica.es\/ca\/#\/schema\/logo\/image\/"}}]}},"_links":{"self":[{"href":"https:\/\/www.fundaciobarcelonaolimpica.es\/ca\/wp-json\/wp\/v2\/pages\/24672"}],"collection":[{"href":"https:\/\/www.fundaciobarcelonaolimpica.es\/ca\/wp-json\/wp\/v2\/pages"}],"about":[{"href":"https:\/\/www.fundaciobarcelonaolimpica.es\/ca\/wp-json\/wp\/v2\/types\/page"}],"author":[{"embeddable":true,"href":"https:\/\/www.fundaciobarcelonaolimpica.es\/ca\/wp-json\/wp\/v2\/users\/2"}],"replies":[{"embeddable":true,"href":"https:\/\/www.fundaciobarcelonaolimpica.es\/ca\/wp-json\/wp\/v2\/comments?post=24672"}],"version-history":[{"count":5,"href":"https:\/\/www.fundaciobarcelonaolimpica.es\/ca\/wp-json\/wp\/v2\/pages\/24672\/revisions"}],"predecessor-version":[{"id":24698,"href":"https:\/\/www.fundaciobarcelonaolimpica.es\/ca\/wp-json\/wp\/v2\/pages\/24672\/revisions\/24698"}],"wp:attachment":[{"href":"https:\/\/www.fundaciobarcelonaolimpica.es\/ca\/wp-json\/wp\/v2\/media?parent=24672"}],"curies":[{"name":"wp","href":"https:\/\/api.w.org\/{rel}","templated":true}]}}