{"id":28240,"date":"2023-09-27T11:48:20","date_gmt":"2023-09-27T09:48:20","guid":{"rendered":"https:\/\/www.fundaciobarcelonaolimpica.es\/?page_id=28240"},"modified":"2023-11-23T13:47:09","modified_gmt":"2023-11-23T12:47:09","slug":"forum-olimpic-2023-esport-i-salut-mental","status":"publish","type":"page","link":"https:\/\/www.fundaciobarcelonaolimpica.es\/ca\/forum-olimpic-2023-esport-i-salut-mental\/","title":{"rendered":"F\u00f2rum Ol\u00edmpic 2023 &#8211; Esport i Salut Mental"},"content":{"rendered":"\t\t<div data-elementor-type=\"wp-post\" data-elementor-id=\"28240\" class=\"elementor elementor-28240 elementor-28239\" data-elementor-post-type=\"page\">\n\t\t\t\t\t\t<section class=\"elementor-section elementor-top-section elementor-element elementor-element-61b557aa fbo-activi--interna elementor-section-boxed elementor-section-height-default elementor-section-height-default\" data-id=\"61b557aa\" data-element_type=\"section\">\n\t\t\t\t\t\t<div class=\"elementor-container elementor-column-gap-default\">\n\t\t\t\t\t<div class=\"elementor-column elementor-col-100 elementor-top-column elementor-element elementor-element-3ec86953\" data-id=\"3ec86953\" data-element_type=\"column\">\n\t\t\t<div class=\"elementor-widget-wrap elementor-element-populated\">\n\t\t\t\t\t\t<section class=\"elementor-section elementor-inner-section elementor-element elementor-element-25fa6222 fbo-content--intro elementor-section-boxed elementor-section-height-default elementor-section-height-default\" data-id=\"25fa6222\" data-element_type=\"section\">\n\t\t\t\t\t\t<div class=\"elementor-container elementor-column-gap-no\">\n\t\t\t\t\t<div class=\"elementor-column elementor-col-33 elementor-inner-column elementor-element elementor-element-2f84d9d3\" data-id=\"2f84d9d3\" data-element_type=\"column\">\n\t\t\t<div class=\"elementor-widget-wrap elementor-element-populated\">\n\t\t\t\t\t\t<div class=\"elementor-element elementor-element-430b5a2 elementor-widget elementor-widget-image\" data-id=\"430b5a2\" data-element_type=\"widget\" data-widget_type=\"image.default\">\n\t\t\t\t<div class=\"elementor-widget-container\">\n\t\t\t\t\t\t\t\t\t\t\t\t\t\t\t<img fetchpriority=\"high\" decoding=\"async\" width=\"519\" height=\"337\" src=\"https:\/\/www.fundaciobarcelonaolimpica.es\/wp-content\/uploads\/sites\/3\/2019\/03\/LOGO-FORUM-COLOR-copia.png\" class=\"attachment-large size-large wp-image-28226\" alt=\"\" srcset=\"https:\/\/www.fundaciobarcelonaolimpica.es\/wp-content\/uploads\/sites\/3\/2019\/03\/LOGO-FORUM-COLOR-copia.png 519w, https:\/\/www.fundaciobarcelonaolimpica.es\/wp-content\/uploads\/sites\/3\/2019\/03\/LOGO-FORUM-COLOR-copia-300x195.png 300w\" sizes=\"(max-width: 519px) 100vw, 519px\" \/>\t\t\t\t\t\t\t\t\t\t\t\t\t\t\t<\/div>\n\t\t\t\t<\/div>\n\t\t\t\t\t<\/div>\n\t\t<\/div>\n\t\t\t\t<div class=\"elementor-column elementor-col-66 elementor-inner-column elementor-element elementor-element-11e8eea\" data-id=\"11e8eea\" data-element_type=\"column\">\n\t\t\t<div class=\"elementor-widget-wrap elementor-element-populated\">\n\t\t\t\t\t\t<div class=\"elementor-element elementor-element-ab49a1f elementor-widget elementor-widget-heading\" data-id=\"ab49a1f\" data-element_type=\"widget\" data-widget_type=\"heading.default\">\n\t\t\t\t<div class=\"elementor-widget-container\">\n\t\t\t\t\t<h2 class=\"elementor-heading-title elementor-size-default\">Esport i Salut Mental<\/h2>\t\t\t\t<\/div>\n\t\t\t\t<\/div>\n\t\t\t\t<div class=\"elementor-element elementor-element-6e69381 elementor-widget elementor-widget-text-editor\" data-id=\"6e69381\" data-element_type=\"widget\" data-widget_type=\"text-editor.default\">\n\t\t\t\t<div class=\"elementor-widget-container\">\n\t\t\t\t\t\t\t\t\t<h3>XV F\u00d2RUM OL\u00cdMPIC &#8211; 21 i 22 de novembre<\/h3>\n<h3>La quinzena edici\u00f3 del F\u00f2rum Ol\u00edmpic &#8211; Memorial Rom\u00e0 Cuy\u00e0s vol centrar-se en els beneficis que aporta l&#8217;esport en la salut mental per\u00f2 tamb\u00e9 en les problem\u00e0tiques que comporta la competici\u00f3 i l&#8217;esport d&#8217;elit.<\/h3>\n\t\t\t\t\t\t\t\t<\/div>\n\t\t\t\t<\/div>\n\t\t\t\t\t<\/div>\n\t\t<\/div>\n\t\t\t\t\t<\/div>\n\t\t<\/section>\n\t\t\t\t\t<\/div>\n\t\t<\/div>\n\t\t\t\t\t<\/div>\n\t\t<\/section>\n\t\t\t\t<section class=\"elementor-section elementor-top-section elementor-element elementor-element-7059ecd fbo-schedule elementor-section-boxed elementor-section-height-default elementor-section-height-default\" data-id=\"7059ecd\" data-element_type=\"section\">\n\t\t\t\t\t\t<div class=\"elementor-container elementor-column-gap-default\">\n\t\t\t\t\t<div class=\"elementor-column elementor-col-100 elementor-top-column elementor-element elementor-element-a4eda07\" data-id=\"a4eda07\" data-element_type=\"column\">\n\t\t\t<div class=\"elementor-widget-wrap elementor-element-populated\">\n\t\t\t\t\t\t<div class=\"elementor-element elementor-element-0bd8b9a elementor-widget elementor-widget-heading\" data-id=\"0bd8b9a\" data-element_type=\"widget\" data-widget_type=\"heading.default\">\n\t\t\t\t<div class=\"elementor-widget-container\">\n\t\t\t\t\t<h3 class=\"elementor-heading-title elementor-size-default\">AGENDA<\/h3>\t\t\t\t<\/div>\n\t\t\t\t<\/div>\n\t\t\t\t<div class=\"elementor-element elementor-element-d70d849 elementor-widget elementor-widget-image\" data-id=\"d70d849\" data-element_type=\"widget\" data-widget_type=\"image.default\">\n\t\t\t\t<div class=\"elementor-widget-container\">\n\t\t\t\t\t\t\t\t\t\t\t\t\t\t\t<img decoding=\"async\" width=\"1500\" height=\"500\" src=\"https:\/\/www.fundaciobarcelonaolimpica.es\/wp-content\/uploads\/sites\/3\/2023\/08\/CAt-banner-WEB-FORUM-1500x500.-1.png\" class=\"attachment-full size-full wp-image-28277\" alt=\"\" srcset=\"https:\/\/www.fundaciobarcelonaolimpica.es\/wp-content\/uploads\/sites\/3\/2023\/08\/CAt-banner-WEB-FORUM-1500x500.-1.png 1500w, https:\/\/www.fundaciobarcelonaolimpica.es\/wp-content\/uploads\/sites\/3\/2023\/08\/CAt-banner-WEB-FORUM-1500x500.-1-300x100.png 300w, https:\/\/www.fundaciobarcelonaolimpica.es\/wp-content\/uploads\/sites\/3\/2023\/08\/CAt-banner-WEB-FORUM-1500x500.-1-1024x341.png 1024w, https:\/\/www.fundaciobarcelonaolimpica.es\/wp-content\/uploads\/sites\/3\/2023\/08\/CAt-banner-WEB-FORUM-1500x500.-1-768x256.png 768w, https:\/\/www.fundaciobarcelonaolimpica.es\/wp-content\/uploads\/sites\/3\/2023\/08\/CAt-banner-WEB-FORUM-1500x500.-1-1320x440.png 1320w\" sizes=\"(max-width: 1500px) 100vw, 1500px\" \/>\t\t\t\t\t\t\t\t\t\t\t\t\t\t\t<\/div>\n\t\t\t\t<\/div>\n\t\t\t\t<div class=\"elementor-element elementor-element-86b2fca elementor-widget elementor-widget-heading\" data-id=\"86b2fca\" data-element_type=\"widget\" data-widget_type=\"heading.default\">\n\t\t\t\t<div class=\"elementor-widget-container\">\n\t\t\t\t\t<h3 class=\"elementor-heading-title elementor-size-default\">AGENDA<\/h3>\t\t\t\t<\/div>\n\t\t\t\t<\/div>\n\t\t\t\t<section class=\"elementor-section elementor-inner-section elementor-element elementor-element-8760fb2 fbo-schedule--content elementor-section-boxed elementor-section-height-default elementor-section-height-default\" data-id=\"8760fb2\" data-element_type=\"section\">\n\t\t\t\t\t\t<div class=\"elementor-container elementor-column-gap-no\">\n\t\t\t\t\t<div class=\"elementor-column elementor-col-50 elementor-inner-column elementor-element elementor-element-9d8597d\" data-id=\"9d8597d\" data-element_type=\"column\">\n\t\t\t<div class=\"elementor-widget-wrap elementor-element-populated\">\n\t\t\t\t\t\t<div class=\"elementor-element elementor-element-60e9160 elementor-widget elementor-widget-heading\" data-id=\"60e9160\" data-element_type=\"widget\" data-widget_type=\"heading.default\">\n\t\t\t\t<div class=\"elementor-widget-container\">\n\t\t\t\t\t<h4 class=\"elementor-heading-title elementor-size-default\"><b>Dimarts 21 de novembre <\/b><\/h4>\t\t\t\t<\/div>\n\t\t\t\t<\/div>\n\t\t\t\t<div class=\"elementor-element elementor-element-05c99f1 elementor-widget elementor-widget-heading\" data-id=\"05c99f1\" data-element_type=\"widget\" data-widget_type=\"heading.default\">\n\t\t\t\t<div class=\"elementor-widget-container\">\n\t\t\t\t\t<h4 class=\"elementor-heading-title elementor-size-default\">Museu Ol\u00edmpic i de l'Esport JA Samaranch<\/h4>\t\t\t\t<\/div>\n\t\t\t\t<\/div>\n\t\t\t\t<div class=\"elementor-element elementor-element-58d5c3f elementor-align-center elementor-widget elementor-widget-button\" data-id=\"58d5c3f\" data-element_type=\"widget\" data-widget_type=\"button.default\">\n\t\t\t\t<div class=\"elementor-widget-container\">\n\t\t\t\t\t\t\t\t\t<div class=\"elementor-button-wrapper\">\n\t\t\t\t\t<a class=\"elementor-button elementor-button-link elementor-size-md\" href=\"https:\/\/youtube.com\/live\/Z5-6kG0llV0\">\n\t\t\t\t\t\t<span class=\"elementor-button-content-wrapper\">\n\t\t\t\t\t\t<span class=\"elementor-button-icon\">\n\t\t\t\t<i aria-hidden=\"true\" class=\"fas fa-video\"><\/i>\t\t\t<\/span>\n\t\t\t\t\t\t\t\t\t<span class=\"elementor-button-text\">V\u00cdDEO SESSI\u00d3 COMPLETA<\/span>\n\t\t\t\t\t<\/span>\n\t\t\t\t\t<\/a>\n\t\t\t\t<\/div>\n\t\t\t\t\t\t\t\t<\/div>\n\t\t\t\t<\/div>\n\t\t\t\t<div class=\"elementor-element elementor-element-66ed677 elementor-widget elementor-widget-html\" data-id=\"66ed677\" data-element_type=\"widget\" data-widget_type=\"html.default\">\n\t\t\t\t<div class=\"elementor-widget-container\">\n\t\t\t\t\t<!-- DIMARTS -->\r\n\r\n<table>\r\n    <tbody>\r\n        <tr>\r\n            <th>17:00<\/th>\r\n            <td>                \r\n                <p class=\"fbo-schedule--act\">Benvinguda<\/p>\r\n                \r\n                <p class=\"fbo-schedule--detail\">David Escud\u00e9, president de la Fundaci\u00f3 Barcelona Ol\u00edmpica<\/p>\r\n                 <p class=\"fbo-schedule--detail\">Alejandro Blanco, president del Comit\u00e9 Ol\u00edmpico Espa\u00f1ol<\/p>\r\n                \r\n        <\/tr>\r\n        <tr>\r\n            <th>17:40<\/th>\r\n            <td>                \r\n                <p class=\"fbo-schedule--act\">Pon\u00e8ncia<\/p>\r\n                <p class=\"fbo-schedule--detail\">Sergio Garrote, campi\u00f3 paral\u00edmpic T\u00f2quio 2020<\/p>\r\n                <p class=\"fbo-schedule--speaker\"> Ciclista Paral\u00edmpic<\/p>\r\n            <\/td>\r\n        <\/tr>\r\n        <tr>\r\n            <th>18:15<\/th>\r\n            <td>                \r\n                <p class=\"fbo-schedule--act\">Coffee break<\/p>\r\n            <\/td>\r\n        <\/tr>\r\n        <tr>\r\n            <th>18:35<\/th>\r\n            <td>                \r\n                <p class=\"fbo-schedule--act\">Taula rodona<\/p>\r\n                <p class=\"fbo-schedule--detail\">Esportistes d'elit i salut mental<\/p>\r\n                <p class=\"fbo-schedule--speaker\">Jordi Sans, 5 vegades ol\u00edmpic en waterpolo, campi\u00f3 a Atlanta 96 i subcampi\u00f3 a Barcelona 92.\r\n                <p class=\"fbo-schedule--speaker\">Iris Ti\u00f3, membre de l'equip t\u00e8cnic de Nataci\u00f3 Art\u00edstica campi\u00f3 del m\u00f3n 2023. Medalla de bronze en Solo t\u00e8cnic. \r\n                <p class=\"fbo-schedule--speaker\">Almudena Cid, exgimnasta i actriu. \r\n     <p class=\"fbo-schedule--speaker\">Gervasio Deferr, exgimnasta, bicampi\u00f3 ol\u00edmpic en salt  i plata ol\u00edmpica en terra.\r\n                <\/p> Paloma del R\u00edo (Moderadora)<\/p>\r\n            <\/td>\r\n        <\/tr>\r\n        <tr>\r\n            <th>19:40<\/th>\r\n            <td>                \r\n                <p class=\"fbo-schedule--act\">Cloenda<\/p>\r\n                <p class=\"fbo-schedule--detail\"><\/p>\r\n                <p class=\"fbo-schedule--speaker\"><\/p> <\/p>Francesc Terr\u00f3n, director de la Fundaci\u00f3 Barcelona Ol\u00edmpica<\/p>\r\n            <\/td>\r\n        <\/tr>\r\n       \r\n    <\/tbody>\r\n<\/table>\r\n<!-- Fin table Martes -->\t\t\t\t<\/div>\n\t\t\t\t<\/div>\n\t\t\t\t\t<\/div>\n\t\t<\/div>\n\t\t\t\t<div class=\"elementor-column elementor-col-50 elementor-inner-column elementor-element elementor-element-c10f712\" data-id=\"c10f712\" data-element_type=\"column\">\n\t\t\t<div class=\"elementor-widget-wrap elementor-element-populated\">\n\t\t\t\t\t\t<div class=\"elementor-element elementor-element-2bc2c4c elementor-widget elementor-widget-heading\" data-id=\"2bc2c4c\" data-element_type=\"widget\" data-widget_type=\"heading.default\">\n\t\t\t\t<div class=\"elementor-widget-container\">\n\t\t\t\t\t<h4 class=\"elementor-heading-title elementor-size-default\"><b>Dimecres 22 de novembre<\/b><\/h4>\t\t\t\t<\/div>\n\t\t\t\t<\/div>\n\t\t\t\t<div class=\"elementor-element elementor-element-f9a18aa elementor-widget elementor-widget-heading\" data-id=\"f9a18aa\" data-element_type=\"widget\" data-widget_type=\"heading.default\">\n\t\t\t\t<div class=\"elementor-widget-container\">\n\t\t\t\t\t<h4 class=\"elementor-heading-title elementor-size-default\">INEFC Barcelona<\/h4>\t\t\t\t<\/div>\n\t\t\t\t<\/div>\n\t\t\t\t<div class=\"elementor-element elementor-element-98b664e elementor-align-center elementor-widget elementor-widget-button\" data-id=\"98b664e\" data-element_type=\"widget\" data-widget_type=\"button.default\">\n\t\t\t\t<div class=\"elementor-widget-container\">\n\t\t\t\t\t\t\t\t\t<div class=\"elementor-button-wrapper\">\n\t\t\t\t\t<a class=\"elementor-button elementor-button-link elementor-size-md\" href=\"https:\/\/www.youtube.com\/live\/yAnCEuNqFzY\">\n\t\t\t\t\t\t<span class=\"elementor-button-content-wrapper\">\n\t\t\t\t\t\t<span class=\"elementor-button-icon\">\n\t\t\t\t<i aria-hidden=\"true\" class=\"fas fa-video\"><\/i>\t\t\t<\/span>\n\t\t\t\t\t\t\t\t\t<span class=\"elementor-button-text\">VIDEO SESI\u00d3N COMPLETA<\/span>\n\t\t\t\t\t<\/span>\n\t\t\t\t\t<\/a>\n\t\t\t\t<\/div>\n\t\t\t\t\t\t\t\t<\/div>\n\t\t\t\t<\/div>\n\t\t\t\t<div class=\"elementor-element elementor-element-df98edf elementor-widget elementor-widget-html\" data-id=\"df98edf\" data-element_type=\"widget\" data-widget_type=\"html.default\">\n\t\t\t\t<div class=\"elementor-widget-container\">\n\t\t\t\t\t<!-- Dimecres -->\r\n\r\n<table>\r\n    <tbody>\r\n        <tr>\r\n            <th>10:00<\/th>\r\n            <td>                \r\n                <p class=\"fbo-schedule--act\">Documental: El viaje. La medalla de la salud mental<\/p>\r\n                 <p class=\"fbo-schedule--speaker\"> Gr\u00e0cies a la col\u00b7laboraci\u00f3 de la Fundaci\u00f3n Blanca<\/p>\r\n            <\/td>\r\n        <\/tr>\r\n        <tr>\r\n            <th>11:20<\/th>\r\n            <td>                \r\n                <p class=\"fbo-schedule--act\">Pon\u00e8ncia<\/p>\r\n                <p class=\"fbo-schedule--detail\">Paula Fern\u00e1ndez Ochoa, consultora & speaker en entorns d'alta competici\u00f3<\/p>\r\n         \r\n            <\/td>\r\n        <\/tr>\r\n        <tr>\r\n            <th>11:55<\/th>\r\n            <td>                \r\n                <p class=\"fbo-schedule--act\">Coffee break<\/p>\r\n            <\/td>\r\n        <\/tr>\r\n        <tr>\r\n            <th>12:15<\/th>\r\n            <td>                \r\n                <p class=\"fbo-schedule--act\">Taula rodona<\/p>\r\n                <p class=\"fbo-schedule--detail\">Entitat<\/p>\r\n                <p class=\"fbo-schedule--speaker\">Ra\u00fal Chapado, president de la Real Federaci\u00f3n Espa\u00f1ola de Atletismo.<\/p>\r\n<p class=\"fbo-schedule--speaker\">May Peus, president de la Real Federaci\u00f3n Espa\u00f1ola de Deportes de Invierno.<\/p>\r\n                <p class=\"fbo-schedule--speaker\">Isabel P\u00e9rez, secret\u00e0ria general de la Uni\u00f3 de Federacions Esportives de Catalunya (UFEC).<\/p>\r\n   <p class=\"fbo-schedule--speaker\">Luc\u00eda Jim\u00e9nez, coordinadora de l'atenci\u00f3 a l'esportista a Fundaci\u00f3n Bepro<\/p>\r\n                <\/p> Mireia Vicente (Moderadora)<\/p>\r\n            <\/td>\r\n        <\/tr>\r\n        <tr>\r\n            <th>13:15<\/th>\r\n            <td>                \r\n                <p class=\"fbo-schedule--act\">Pon\u00e8ncia<\/p>\r\n                <p class=\"fbo-schedule--detail\">Susana Reg\u00fcela, cap de la Unitat d\u2019Acompanyament a la Carrera Esportiva del CAR Josep Llu\u00eds Vilaseca de Sant Cugat<\/p>\r\n             \r\n            <\/td>\r\n        <\/tr>\r\n        <tr>\r\n            <th>13:50<\/th>\r\n            <td>                \r\n                <p class=\"fbo-schedule--act\">Pausa<\/p>\r\n            <\/td>\r\n        <\/tr>\r\n        <tr>\r\n            \r\n<\/table>\r\n<!-- Fin table dimecres-->\t\t\t\t<\/div>\n\t\t\t\t<\/div>\n\t\t\t\t<div class=\"elementor-element elementor-element-47d56b7 elementor-widget elementor-widget-heading\" data-id=\"47d56b7\" data-element_type=\"widget\" data-widget_type=\"heading.default\">\n\t\t\t\t<div class=\"elementor-widget-container\">\n\t\t\t\t\t<h4 class=\"elementor-heading-title elementor-size-default\">Museu Ol\u00edmpic i de l'Esport JA Samaranch<\/h4>\t\t\t\t<\/div>\n\t\t\t\t<\/div>\n\t\t\t\t<div class=\"elementor-element elementor-element-09164d8 elementor-align-center elementor-widget elementor-widget-button\" data-id=\"09164d8\" data-element_type=\"widget\" data-widget_type=\"button.default\">\n\t\t\t\t<div class=\"elementor-widget-container\">\n\t\t\t\t\t\t\t\t\t<div class=\"elementor-button-wrapper\">\n\t\t\t\t\t<a class=\"elementor-button elementor-button-link elementor-size-md\" href=\"https:\/\/www.youtube.com\/live\/Ih2iwlIHOwk\">\n\t\t\t\t\t\t<span class=\"elementor-button-content-wrapper\">\n\t\t\t\t\t\t<span class=\"elementor-button-icon\">\n\t\t\t\t<i aria-hidden=\"true\" class=\"fas fa-video\"><\/i>\t\t\t<\/span>\n\t\t\t\t\t\t\t\t\t<span class=\"elementor-button-text\">VIDEO SESI\u00d3N <\/span>\n\t\t\t\t\t<\/span>\n\t\t\t\t\t<\/a>\n\t\t\t\t<\/div>\n\t\t\t\t\t\t\t\t<\/div>\n\t\t\t\t<\/div>\n\t\t\t\t<div class=\"elementor-element elementor-element-d81b12f elementor-widget elementor-widget-html\" data-id=\"d81b12f\" data-element_type=\"widget\" data-widget_type=\"html.default\">\n\t\t\t\t<div class=\"elementor-widget-container\">\n\t\t\t\t\t<!-- DIMECRES -->\r\n\r\n<table>\r\n    <tbody>\r\n        <tr>\r\n            <th>17:00<\/th>\r\n            <td>                \r\n                <p class=\"fbo-schedule--act\">Taula rodona<\/p>\r\n                <p class=\"fbo-schedule--detail\">Gesti\u00f3 d'Equips<\/p>\r\n                \r\n                <p class=\"fbo-schedule--speaker\">Eusebio Unzu\u00e9, manager general de Movistar Team. <\/p>     \r\n                <p class=\"fbo-schedule--speaker\">Alex Roca, atleta. Ambaixador de la Fundaci\u00f3 FC Barcelona.<\/p>\r\n <p class=\"fbo-schedule--speaker\">Mar Rovira, cap del Departament de Rendiment Mental del RCD Espanyol de Barcelona.<\/p>\r\n                      <p class=\"fbo-schedule--speaker\">Gerard Ravent\u00f3s, representant de jugadors de b\u00e0squet a YourFirst. <\/p>\r\n                <p class=\"fbo-schedule--detail\">Jordi Fandi\u00f1o (moderador)<\/p>\r\n            <\/td>\r\n        <\/tr>\r\n        <tr>\r\n            <th>18:10<\/th>\r\n            <td>                \r\n                <p class=\"fbo-schedule--act\">Coffee break<\/p>\r\n            <\/td>\r\n        <\/tr>\r\n        <tr>\r\n            <th>18:30<\/th>\r\n            <td>                \r\n                <p class=\"fbo-schedule--act\">Pon\u00e8ncia<\/p>\r\n                <p class=\"fbo-schedule--detail\"> Jordi Soler Cantalosella, director general de la LVP (Lliga Professional de Videojocs)<\/p>\r\n                <p class=\"fbo-schedule--speaker\">Gesti\u00f3 d'equips<\/p>\r\n            <\/td>\r\n        <\/tr>\r\n        <tr>\r\n           \r\n            <\/td>\r\n        <\/tr>\r\n        <tr>\r\n            <th>19:10<\/th>\r\n            <td>                \r\n                <p class=\"fbo-schedule--act\">Pon\u00e8ncia<\/p>\r\n                <p class=\"fbo-schedule--detail\"> Xesco Espar, expert en alt rendiment<\/p>\r\n                <p class=\"fbo-schedule--speaker\">Gesti\u00f3 d\u00b4equips<\/p>\r\n            <\/td>\r\n        <\/tr>\r\n        <tr>\r\n             \r\n        <tr>\r\n            <th>19:45<\/th>\r\n            <td>                \r\n                <p class=\"fbo-schedule--act\">Cloenda<\/p>\r\n              <p class=\"fbo-schedule--speaker\"><\/p> <\/p>David Escud\u00e9, presidente de la Fundaci\u00f3 Barcelona Ol\u00edmpica <\/p>\r\n            <\/td>                \r\n                \r\n        <\/tr>\r\n    <\/tbody>\r\n<\/table>\r\n<!-- Fin table dimecres -->\t\t\t\t<\/div>\n\t\t\t\t<\/div>\n\t\t\t\t\t<\/div>\n\t\t<\/div>\n\t\t\t\t\t<\/div>\n\t\t<\/section>\n\t\t\t\t\t<\/div>\n\t\t<\/div>\n\t\t\t\t\t<\/div>\n\t\t<\/section>\n\t\t\t\t<section class=\"elementor-section elementor-top-section elementor-element elementor-element-685589c elementor-section-full_width elementor-section-height-default elementor-section-height-default\" data-id=\"685589c\" data-element_type=\"section\">\n\t\t\t\t\t\t<div class=\"elementor-container elementor-column-gap-no\">\n\t\t\t\t\t<div class=\"elementor-column elementor-col-100 elementor-top-column elementor-element elementor-element-58aefaa\" data-id=\"58aefaa\" data-element_type=\"column\">\n\t\t\t<div class=\"elementor-widget-wrap elementor-element-populated\">\n\t\t\t\t\t\t<div class=\"elementor-element elementor-element-e32fb0d elementor-widget elementor-widget-template\" data-id=\"e32fb0d\" data-element_type=\"widget\" data-widget_type=\"template.default\">\n\t\t\t\t<div class=\"elementor-widget-container\">\n\t\t\t\t\t\t\t<div class=\"elementor-template\">\n\t\t\t\t\t<div data-elementor-type=\"section\" data-elementor-id=\"28457\" class=\"elementor elementor-28457 elementor-28410\" data-elementor-post-type=\"elementor_library\">\n\t\t\t\t\t<section class=\"elementor-section elementor-top-section elementor-element elementor-element-2d0f355 elementor-section-boxed elementor-section-height-default elementor-section-height-default\" data-id=\"2d0f355\" data-element_type=\"section\">\n\t\t\t\t\t\t<div class=\"elementor-container elementor-column-gap-default\">\n\t\t\t\t\t<div class=\"elementor-column elementor-col-100 elementor-top-column elementor-element elementor-element-6068b3b\" data-id=\"6068b3b\" data-element_type=\"column\">\n\t\t\t<div class=\"elementor-widget-wrap elementor-element-populated\">\n\t\t\t\t\t\t<section class=\"elementor-section elementor-inner-section elementor-element elementor-element-58959bf elementor-section-full_width elementor-section-height-default elementor-section-height-default\" data-id=\"58959bf\" data-element_type=\"section\">\n\t\t\t\t\t\t<div class=\"elementor-container elementor-column-gap-default\">\n\t\t\t\t\t<div class=\"elementor-column elementor-col-100 elementor-inner-column elementor-element elementor-element-4955963\" data-id=\"4955963\" data-element_type=\"column\">\n\t\t\t<div class=\"elementor-widget-wrap elementor-element-populated\">\n\t\t\t\t\t\t<div class=\"elementor-element elementor-element-febbfe1 elementor-widget elementor-widget-heading\" data-id=\"febbfe1\" data-element_type=\"widget\" data-widget_type=\"heading.default\">\n\t\t\t\t<div class=\"elementor-widget-container\">\n\t\t\t\t\t<h5 class=\"elementor-heading-title elementor-size-default\">Comit\u00e8 Organitzador<\/h5>\t\t\t\t<\/div>\n\t\t\t\t<\/div>\n\t\t\t\t\t<\/div>\n\t\t<\/div>\n\t\t\t\t\t<\/div>\n\t\t<\/section>\n\t\t\t\t<section class=\"elementor-section elementor-inner-section elementor-element elementor-element-3700c51 elementor-section-full_width elementor-section-content-middle elementor-section-height-default elementor-section-height-default\" data-id=\"3700c51\" data-element_type=\"section\">\n\t\t\t\t\t\t<div class=\"elementor-container elementor-column-gap-default\">\n\t\t\t\t\t<div class=\"elementor-column elementor-col-33 elementor-inner-column elementor-element elementor-element-7f396ed\" data-id=\"7f396ed\" data-element_type=\"column\">\n\t\t\t<div class=\"elementor-widget-wrap elementor-element-populated\">\n\t\t\t\t\t\t<div class=\"elementor-element elementor-element-1138844 elementor-widget__width-auto elementor-widget elementor-widget-image\" data-id=\"1138844\" data-element_type=\"widget\" data-widget_type=\"image.default\">\n\t\t\t\t<div class=\"elementor-widget-container\">\n\t\t\t\t\t\t\t\t\t\t\t\t\t\t\t<img decoding=\"async\" width=\"175\" height=\"93\" src=\"https:\/\/www.fundaciobarcelonaolimpica.es\/wp-content\/uploads\/sites\/3\/2023\/09\/logo-fundacioolimpica.png\" class=\"attachment-large size-large wp-image-28451\" alt=\"\" \/>\t\t\t\t\t\t\t\t\t\t\t\t\t\t\t<\/div>\n\t\t\t\t<\/div>\n\t\t\t\t\t<\/div>\n\t\t<\/div>\n\t\t\t\t<div class=\"elementor-column elementor-col-66 elementor-inner-column elementor-element elementor-element-dc26be5\" data-id=\"dc26be5\" data-element_type=\"column\">\n\t\t\t<div class=\"elementor-widget-wrap elementor-element-populated\">\n\t\t\t\t\t\t<div class=\"elementor-element elementor-element-2881701 elementor-widget__width-auto elementor-widget elementor-widget-image\" data-id=\"2881701\" data-element_type=\"widget\" data-widget_type=\"image.default\">\n\t\t\t\t<div class=\"elementor-widget-container\">\n\t\t\t\t\t\t\t\t\t\t\t\t\t\t\t<img loading=\"lazy\" decoding=\"async\" width=\"142\" height=\"52\" src=\"https:\/\/www.fundaciobarcelonaolimpica.es\/wp-content\/uploads\/sites\/3\/2023\/09\/logo-ajuntamentbcn.png\" class=\"attachment-large size-large wp-image-28448\" alt=\"\" \/>\t\t\t\t\t\t\t\t\t\t\t\t\t\t\t<\/div>\n\t\t\t\t<\/div>\n\t\t\t\t<div class=\"elementor-element elementor-element-2c676c0 elementor-widget__width-auto elementor-widget elementor-widget-image\" data-id=\"2c676c0\" data-element_type=\"widget\" data-widget_type=\"image.default\">\n\t\t\t\t<div class=\"elementor-widget-container\">\n\t\t\t\t\t\t\t\t\t\t\t\t\t\t\t<img loading=\"lazy\" decoding=\"async\" width=\"91\" height=\"89\" src=\"https:\/\/www.fundaciobarcelonaolimpica.es\/wp-content\/uploads\/sites\/3\/2023\/09\/logo-comiteolimpico.png\" class=\"attachment-large size-large wp-image-28445\" alt=\"\" \/>\t\t\t\t\t\t\t\t\t\t\t\t\t\t\t<\/div>\n\t\t\t\t<\/div>\n\t\t\t\t<div class=\"elementor-element elementor-element-215e586 elementor-widget__width-auto elementor-widget elementor-widget-image\" data-id=\"215e586\" data-element_type=\"widget\" data-widget_type=\"image.default\">\n\t\t\t\t<div class=\"elementor-widget-container\">\n\t\t\t\t\t\t\t\t\t\t\t\t\t\t\t<img loading=\"lazy\" decoding=\"async\" width=\"247\" height=\"71\" src=\"https:\/\/www.fundaciobarcelonaolimpica.es\/wp-content\/uploads\/sites\/3\/2023\/09\/logo-ministdeporte.png\" class=\"attachment-large size-large wp-image-28442\" alt=\"\" \/>\t\t\t\t\t\t\t\t\t\t\t\t\t\t\t<\/div>\n\t\t\t\t<\/div>\n\t\t\t\t<div class=\"elementor-element elementor-element-c0bce5c elementor-widget__width-auto elementor-widget elementor-widget-image\" data-id=\"c0bce5c\" data-element_type=\"widget\" data-widget_type=\"image.default\">\n\t\t\t\t<div class=\"elementor-widget-container\">\n\t\t\t\t\t\t\t\t\t\t\t\t\t\t\t<img loading=\"lazy\" decoding=\"async\" width=\"164\" height=\"47\" src=\"https:\/\/www.fundaciobarcelonaolimpica.es\/wp-content\/uploads\/sites\/3\/2023\/09\/logo-generalitatcat.png\" class=\"attachment-large size-large wp-image-28439\" alt=\"\" \/>\t\t\t\t\t\t\t\t\t\t\t\t\t\t\t<\/div>\n\t\t\t\t<\/div>\n\t\t\t\t<div class=\"elementor-element elementor-element-527e01b elementor-widget__width-auto elementor-widget elementor-widget-image\" data-id=\"527e01b\" data-element_type=\"widget\" data-widget_type=\"image.default\">\n\t\t\t\t<div class=\"elementor-widget-container\">\n\t\t\t\t\t\t\t\t\t\t\t\t\t\t\t<img loading=\"lazy\" decoding=\"async\" width=\"151\" height=\"44\" src=\"https:\/\/www.fundaciobarcelonaolimpica.es\/wp-content\/uploads\/sites\/3\/2023\/09\/logo-adesp.png\" class=\"attachment-large size-large wp-image-28436\" alt=\"\" \/>\t\t\t\t\t\t\t\t\t\t\t\t\t\t\t<\/div>\n\t\t\t\t<\/div>\n\t\t\t\t\t<\/div>\n\t\t<\/div>\n\t\t\t\t\t<\/div>\n\t\t<\/section>\n\t\t\t\t<section class=\"elementor-section elementor-inner-section elementor-element elementor-element-3799874 elementor-section-boxed elementor-section-height-default elementor-section-height-default\" data-id=\"3799874\" data-element_type=\"section\">\n\t\t\t\t\t\t<div class=\"elementor-container elementor-column-gap-default\">\n\t\t\t\t\t<div class=\"elementor-column elementor-col-50 elementor-inner-column elementor-element elementor-element-76d61ed\" data-id=\"76d61ed\" data-element_type=\"column\">\n\t\t\t<div class=\"elementor-widget-wrap elementor-element-populated\">\n\t\t\t\t\t\t<div class=\"elementor-element elementor-element-dc2a794 elementor-widget elementor-widget-heading\" data-id=\"dc2a794\" data-element_type=\"widget\" data-widget_type=\"heading.default\">\n\t\t\t\t<div class=\"elementor-widget-container\">\n\t\t\t\t\t<h5 class=\"elementor-heading-title elementor-size-default\">Partner<\/h5>\t\t\t\t<\/div>\n\t\t\t\t<\/div>\n\t\t\t\t<div class=\"elementor-element elementor-element-6bf69f2 elementor-widget__width-auto elementor-widget elementor-widget-image\" data-id=\"6bf69f2\" data-element_type=\"widget\" data-widget_type=\"image.default\">\n\t\t\t\t<div class=\"elementor-widget-container\">\n\t\t\t\t\t\t\t\t\t\t\t\t\t\t\t<img loading=\"lazy\" decoding=\"async\" width=\"157\" height=\"56\" src=\"https:\/\/www.fundaciobarcelonaolimpica.es\/wp-content\/uploads\/sites\/3\/2023\/09\/logo-ioc.png\" class=\"attachment-large size-large wp-image-28433\" alt=\"\" \/>\t\t\t\t\t\t\t\t\t\t\t\t\t\t\t<\/div>\n\t\t\t\t<\/div>\n\t\t\t\t\t<\/div>\n\t\t<\/div>\n\t\t\t\t<div class=\"elementor-column elementor-col-50 elementor-inner-column elementor-element elementor-element-83e4306\" data-id=\"83e4306\" data-element_type=\"column\">\n\t\t\t<div class=\"elementor-widget-wrap elementor-element-populated\">\n\t\t\t\t\t\t<div class=\"elementor-element elementor-element-5785c7e elementor-widget elementor-widget-heading\" data-id=\"5785c7e\" data-element_type=\"widget\" data-widget_type=\"heading.default\">\n\t\t\t\t<div class=\"elementor-widget-container\">\n\t\t\t\t\t<h5 class=\"elementor-heading-title elementor-size-default\">Col\u00b7laboradors<\/h5>\t\t\t\t<\/div>\n\t\t\t\t<\/div>\n\t\t\t\t<div class=\"elementor-element elementor-element-c024a55 elementor-widget__width-auto elementor-widget elementor-widget-image\" data-id=\"c024a55\" data-element_type=\"widget\" data-widget_type=\"image.default\">\n\t\t\t\t<div class=\"elementor-widget-container\">\n\t\t\t\t\t\t\t\t\t\t\t\t\t\t\t<img loading=\"lazy\" decoding=\"async\" width=\"173\" height=\"34\" src=\"https:\/\/www.fundaciobarcelonaolimpica.es\/wp-content\/uploads\/sites\/3\/2023\/09\/logo-uniofederacions.png\" class=\"attachment-large size-large wp-image-28427\" alt=\"\" \/>\t\t\t\t\t\t\t\t\t\t\t\t\t\t\t<\/div>\n\t\t\t\t<\/div>\n\t\t\t\t<div class=\"elementor-element elementor-element-8b96767 elementor-widget__width-auto elementor-widget elementor-widget-image\" data-id=\"8b96767\" data-element_type=\"widget\" data-widget_type=\"image.default\">\n\t\t\t\t<div class=\"elementor-widget-container\">\n\t\t\t\t\t\t\t\t\t\t\t\t\t\t\t<img loading=\"lazy\" decoding=\"async\" width=\"101\" height=\"35\" src=\"https:\/\/www.fundaciobarcelonaolimpica.es\/wp-content\/uploads\/sites\/3\/2023\/09\/logo-fundaciobarca.png\" class=\"attachment-large size-large wp-image-28424\" alt=\"\" \/>\t\t\t\t\t\t\t\t\t\t\t\t\t\t\t<\/div>\n\t\t\t\t<\/div>\n\t\t\t\t<div class=\"elementor-element elementor-element-9b630f6 elementor-widget__width-auto elementor-widget elementor-widget-image\" data-id=\"9b630f6\" data-element_type=\"widget\" data-widget_type=\"image.default\">\n\t\t\t\t<div class=\"elementor-widget-container\">\n\t\t\t\t\t\t\t\t\t\t\t\t\t\t\t<img loading=\"lazy\" decoding=\"async\" width=\"771\" height=\"243\" src=\"https:\/\/www.fundaciobarcelonaolimpica.es\/wp-content\/uploads\/sites\/3\/2023\/09\/logo-gf.png\" class=\"attachment-large size-large wp-image-29048\" alt=\"\" srcset=\"https:\/\/www.fundaciobarcelonaolimpica.es\/wp-content\/uploads\/sites\/3\/2023\/09\/logo-gf.png 771w, https:\/\/www.fundaciobarcelonaolimpica.es\/wp-content\/uploads\/sites\/3\/2023\/09\/logo-gf-300x95.png 300w, https:\/\/www.fundaciobarcelonaolimpica.es\/wp-content\/uploads\/sites\/3\/2023\/09\/logo-gf-768x242.png 768w\" sizes=\"(max-width: 771px) 100vw, 771px\" \/>\t\t\t\t\t\t\t\t\t\t\t\t\t\t\t<\/div>\n\t\t\t\t<\/div>\n\t\t\t\t<div class=\"elementor-element elementor-element-a74c021 elementor-widget__width-auto elementor-widget elementor-widget-image\" data-id=\"a74c021\" data-element_type=\"widget\" data-widget_type=\"image.default\">\n\t\t\t\t<div class=\"elementor-widget-container\">\n\t\t\t\t\t\t\t\t\t\t\t\t\t\t\t<img loading=\"lazy\" decoding=\"async\" width=\"155\" height=\"50\" src=\"https:\/\/www.fundaciobarcelonaolimpica.es\/wp-content\/uploads\/sites\/3\/2023\/09\/logo-fundacionblanca.png\" class=\"attachment-large size-large wp-image-28421\" alt=\"\" \/>\t\t\t\t\t\t\t\t\t\t\t\t\t\t\t<\/div>\n\t\t\t\t<\/div>\n\t\t\t\t<div class=\"elementor-element elementor-element-7b4d923 elementor-widget__width-auto elementor-widget elementor-widget-image\" data-id=\"7b4d923\" data-element_type=\"widget\" data-widget_type=\"image.default\">\n\t\t\t\t<div class=\"elementor-widget-container\">\n\t\t\t\t\t\t\t\t\t\t\t\t\t\t\t<img loading=\"lazy\" decoding=\"async\" width=\"109\" height=\"35\" src=\"https:\/\/www.fundaciobarcelonaolimpica.es\/wp-content\/uploads\/sites\/3\/2023\/09\/logo-voluntaris.png\" class=\"attachment-large size-large wp-image-28415\" alt=\"\" \/>\t\t\t\t\t\t\t\t\t\t\t\t\t\t\t<\/div>\n\t\t\t\t<\/div>\n\t\t\t\t<div class=\"elementor-element elementor-element-93ffab7 elementor-widget__width-auto elementor-widget elementor-widget-image\" data-id=\"93ffab7\" data-element_type=\"widget\" data-widget_type=\"image.default\">\n\t\t\t\t<div class=\"elementor-widget-container\">\n\t\t\t\t\t\t\t\t\t\t\t\t\t\t\t<img loading=\"lazy\" decoding=\"async\" width=\"1024\" height=\"254\" src=\"https:\/\/www.fundaciobarcelonaolimpica.es\/wp-content\/uploads\/sites\/3\/2023\/09\/logo-sport-dpi-1024x254.png\" class=\"attachment-large size-large wp-image-28718\" alt=\"\" srcset=\"https:\/\/www.fundaciobarcelonaolimpica.es\/wp-content\/uploads\/sites\/3\/2023\/09\/logo-sport-dpi-1024x254.png 1024w, https:\/\/www.fundaciobarcelonaolimpica.es\/wp-content\/uploads\/sites\/3\/2023\/09\/logo-sport-dpi-300x74.png 300w, https:\/\/www.fundaciobarcelonaolimpica.es\/wp-content\/uploads\/sites\/3\/2023\/09\/logo-sport-dpi-768x191.png 768w, https:\/\/www.fundaciobarcelonaolimpica.es\/wp-content\/uploads\/sites\/3\/2023\/09\/logo-sport-dpi-1536x381.png 1536w, https:\/\/www.fundaciobarcelonaolimpica.es\/wp-content\/uploads\/sites\/3\/2023\/09\/logo-sport-dpi-1320x328.png 1320w, https:\/\/www.fundaciobarcelonaolimpica.es\/wp-content\/uploads\/sites\/3\/2023\/09\/logo-sport-dpi.png 1841w\" sizes=\"(max-width: 1024px) 100vw, 1024px\" \/>\t\t\t\t\t\t\t\t\t\t\t\t\t\t\t<\/div>\n\t\t\t\t<\/div>\n\t\t\t\t<div class=\"elementor-element elementor-element-559a917 elementor-widget__width-auto elementor-widget elementor-widget-image\" data-id=\"559a917\" data-element_type=\"widget\" data-widget_type=\"image.default\">\n\t\t\t\t<div class=\"elementor-widget-container\">\n\t\t\t\t\t\t\t\t\t\t\t\t\t\t\t<img loading=\"lazy\" decoding=\"async\" width=\"57\" height=\"70\" src=\"https:\/\/www.fundaciobarcelonaolimpica.es\/wp-content\/uploads\/sites\/3\/2023\/09\/logo-coplefc.png\" class=\"attachment-large size-large wp-image-28412\" alt=\"\" \/>\t\t\t\t\t\t\t\t\t\t\t\t\t\t\t<\/div>\n\t\t\t\t<\/div>\n\t\t\t\t\t<\/div>\n\t\t<\/div>\n\t\t\t\t\t<\/div>\n\t\t<\/section>\n\t\t\t\t\t<\/div>\n\t\t<\/div>\n\t\t\t\t\t<\/div>\n\t\t<\/section>\n\t\t\t\t<\/div>\n\t\t\t\t<\/div>\n\t\t\t\t\t\t<\/div>\n\t\t\t\t<\/div>\n\t\t\t\t\t<\/div>\n\t\t<\/div>\n\t\t\t\t\t<\/div>\n\t\t<\/section>\n\t\t\t\t<section class=\"elementor-section elementor-top-section elementor-element elementor-element-9364357 fbo-list--descarga l-padding--bottom elementor-section-boxed elementor-section-height-default elementor-section-height-default\" data-id=\"9364357\" data-element_type=\"section\">\n\t\t\t\t\t\t<div class=\"elementor-container elementor-column-gap-default\">\n\t\t\t\t\t<div class=\"elementor-column elementor-col-100 elementor-top-column elementor-element elementor-element-b2ef5ed\" data-id=\"b2ef5ed\" data-element_type=\"column\">\n\t\t\t<div class=\"elementor-widget-wrap elementor-element-populated\">\n\t\t\t\t\t\t<section class=\"elementor-section elementor-inner-section elementor-element elementor-element-de06062 elementor-section-boxed elementor-section-height-default elementor-section-height-default\" data-id=\"de06062\" data-element_type=\"section\">\n\t\t\t\t\t\t<div class=\"elementor-container elementor-column-gap-default\">\n\t\t\t\t\t<div class=\"elementor-column elementor-col-100 elementor-inner-column elementor-element elementor-element-fdaffae\" data-id=\"fdaffae\" data-element_type=\"column\">\n\t\t\t<div class=\"elementor-widget-wrap elementor-element-populated\">\n\t\t\t\t\t\t<div class=\"elementor-element elementor-element-1762a71e elementor-widget elementor-widget-heading\" data-id=\"1762a71e\" data-element_type=\"widget\" data-widget_type=\"heading.default\">\n\t\t\t\t<div class=\"elementor-widget-container\">\n\t\t\t\t\t<h3 class=\"elementor-heading-title elementor-size-default\">Hist\u00f2ric de F\u00f2rums<\/h3>\t\t\t\t<\/div>\n\t\t\t\t<\/div>\n\t\t\t\t<div class=\"elementor-element elementor-element-0982956 elementor-widget elementor-widget-text-editor\" data-id=\"0982956\" data-element_type=\"widget\" data-widget_type=\"text-editor.default\">\n\t\t\t\t<div class=\"elementor-widget-container\">\n\t\t\t\t\t\t\t\t\t<p>El F\u00f2rum Ol\u00edmpic s\u00f3n unes jornades que s\u2019organitzen bianualment des de 1995. Consisteixen en una s\u00e8rie de sessions amb l\u2019objectiu de reflexionar sobre una tem\u00e0tica actual en relaci\u00f3 a l\u2019esport, amb la finalitat de trobar vies de soluci\u00f3.<\/p>\n<p>Dirigit a entitats esportives, federacions i clubs esportius, diputacions, consells comarcals, ajuntaments, investigadors, empreses privades i p\u00fabliques esportives, emprenedors, esportistes, representants, entre altres.<\/p>\n\t\t\t\t\t\t\t\t<\/div>\n\t\t\t\t<\/div>\n\t\t\t\t\t<\/div>\n\t\t<\/div>\n\t\t\t\t\t<\/div>\n\t\t<\/section>\n\t\t\t\t<section class=\"elementor-section elementor-inner-section elementor-element elementor-element-5be9c7c elementor-section-boxed elementor-section-height-default elementor-section-height-default\" data-id=\"5be9c7c\" data-element_type=\"section\">\n\t\t\t\t\t\t<div class=\"elementor-container elementor-column-gap-default\">\n\t\t\t\t\t<div class=\"elementor-column elementor-col-100 elementor-inner-column elementor-element elementor-element-d4725e5\" data-id=\"d4725e5\" data-element_type=\"column\">\n\t\t\t<div class=\"elementor-widget-wrap elementor-element-populated\">\n\t\t\t\t\t\t<div class=\"elementor-element elementor-element-aeca87d elementor-align-left elementor-icon-list--layout-traditional elementor-list-item-link-full_width elementor-widget elementor-widget-icon-list\" data-id=\"aeca87d\" data-element_type=\"widget\" data-widget_type=\"icon-list.default\">\n\t\t\t\t<div class=\"elementor-widget-container\">\n\t\t\t\t\t\t\t<ul class=\"elementor-icon-list-items\">\n\t\t\t\t\t\t\t<li class=\"elementor-icon-list-item\">\n\t\t\t\t\t\t\t\t\t\t\t<a href=\"http:\/\/www.museuolimpicbcn.cat\/upload\/forum-01_1995_ponenc-concl_ca-es.pdf\" target=\"_blank\" rel=\"nofollow\">\n\n\t\t\t\t\t\t\t\t\t\t\t<span class=\"elementor-icon-list-text\">I F\u00f2rum Ol\u00edmpic (novembre 1995) \"F`rum Ol\u00edmpic\"<\/span>\n\t\t\t\t\t\t\t\t\t\t\t<\/a>\n\t\t\t\t\t\t\t\t\t<\/li>\n\t\t\t\t\t\t\t\t<li class=\"elementor-icon-list-item\">\n\t\t\t\t\t\t\t\t\t\t\t<a href=\"http:\/\/www.museuolimpicbcn.cat\/upload\/forum-02_1997_concl_es.pdf\" target=\"_blank\" rel=\"nofollow\">\n\n\t\t\t\t\t\t\t\t\t\t\t<span class=\"elementor-icon-list-text\">II F\u00f2rum Ol\u00edmpic (novembre 1997) \"Esport Ol\u00edmpic\"<\/span>\n\t\t\t\t\t\t\t\t\t\t\t<\/a>\n\t\t\t\t\t\t\t\t\t<\/li>\n\t\t\t\t\t\t\t\t<li class=\"elementor-icon-list-item\">\n\t\t\t\t\t\t\t\t\t\t\t<a href=\"http:\/\/www.museuolimpicbcn.cat\/upload\/forum-03_1999_concl_ca.pdf\" target=\"_blank\" rel=\"nofollow\">\n\n\t\t\t\t\t\t\t\t\t\t\t<span class=\"elementor-icon-list-text\">III F\u00f2rum Ol\u00edmpic (novembre 1999) \"Esport i Dones\"<\/span>\n\t\t\t\t\t\t\t\t\t\t\t<\/a>\n\t\t\t\t\t\t\t\t\t<\/li>\n\t\t\t\t\t\t\t\t<li class=\"elementor-icon-list-item\">\n\t\t\t\t\t\t\t\t\t\t\t<a href=\"http:\/\/www.museuolimpicbcn.cat\/upload\/forum-04_2001_ponenc-concl_ca-es.pdf\" target=\"_blank\" rel=\"nofollow\">\n\n\t\t\t\t\t\t\t\t\t\t\t<span class=\"elementor-icon-list-text\">IV F\u00f2rum Ol\u00edmpic (novembre 2001) \"Esport Adaptat\"<\/span>\n\t\t\t\t\t\t\t\t\t\t\t<\/a>\n\t\t\t\t\t\t\t\t\t<\/li>\n\t\t\t\t\t\t\t\t<li class=\"elementor-icon-list-item\">\n\t\t\t\t\t\t\t\t\t\t\t<a href=\"http:\/\/www.museuolimpicbcn.cat\/upload\/forum-05_2003_ponenc-concl_ca-es.pdf\" target=\"_blank\" rel=\"nofollow\">\n\n\t\t\t\t\t\t\t\t\t\t\t<span class=\"elementor-icon-list-text\">V F\u00f2rum Ol\u00edmpic (novembre 2003) \"Dopatge en l'Esport\"<\/span>\n\t\t\t\t\t\t\t\t\t\t\t<\/a>\n\t\t\t\t\t\t\t\t\t<\/li>\n\t\t\t\t\t\t\t\t<li class=\"elementor-icon-list-item\">\n\t\t\t\t\t\t\t\t\t\t\t<a href=\"http:\/\/www.museuolimpicbcn.cat\/upload\/forum-06_2005_progr-concl_ca-es.pdf\" target=\"_blank\" rel=\"nofollow\">\n\n\t\t\t\t\t\t\t\t\t\t\t<span class=\"elementor-icon-list-text\">VI F\u00f2rum Ol\u00edmpic (novembre 2005) \"Esport Escolar\"<\/span>\n\t\t\t\t\t\t\t\t\t\t\t<\/a>\n\t\t\t\t\t\t\t\t\t<\/li>\n\t\t\t\t\t\t\t\t<li class=\"elementor-icon-list-item\">\n\t\t\t\t\t\t\t\t\t\t\t<a href=\"http:\/\/www.museuolimpicbcn.cat\/upload\/forum-07_2007_progr-concl_ca-es.pdf\" target=\"_blank\" rel=\"nofollow\">\n\n\t\t\t\t\t\t\t\t\t\t\t<span class=\"elementor-icon-list-text\">VII F\u00f2rum Ol\u00edmpic (novembre 2007) \"Esport i Medi Ambient\"<\/span>\n\t\t\t\t\t\t\t\t\t\t\t<\/a>\n\t\t\t\t\t\t\t\t\t<\/li>\n\t\t\t\t\t\t\t\t<li class=\"elementor-icon-list-item\">\n\t\t\t\t\t\t\t\t\t\t\t<a href=\"http:\/\/www.museuolimpicbcn.cat\/upload\/forum-08_2009_progr-concl_ca-es.pdf\" target=\"_blank\" rel=\"nofollow\">\n\n\t\t\t\t\t\t\t\t\t\t\t<span class=\"elementor-icon-list-text\">VIII F\u00f2rum Ol\u00edmpic (novembre 2009) \"Esport i immigraci\u00f3\"<\/span>\n\t\t\t\t\t\t\t\t\t\t\t<\/a>\n\t\t\t\t\t\t\t\t\t<\/li>\n\t\t\t\t\t\t\t\t<li class=\"elementor-icon-list-item\">\n\t\t\t\t\t\t\t\t\t\t\t<a href=\"http:\/\/www.museuolimpicbcn.cat\/upload\/forum-09_2011_progr_ca-es.pdf\" target=\"_blank\" rel=\"nofollow\">\n\n\t\t\t\t\t\t\t\t\t\t\t<span class=\"elementor-icon-list-text\">IX F\u00f2rum Ol\u00edmpic (octubre 2011) \"Esport i Salut\"<\/span>\n\t\t\t\t\t\t\t\t\t\t\t<\/a>\n\t\t\t\t\t\t\t\t\t<\/li>\n\t\t\t\t\t\t\t\t<li class=\"elementor-icon-list-item\">\n\t\t\t\t\t\t\t\t\t\t\t<a href=\"http:\/\/www.museuolimpicbcn.cat\/upload\/forum-10_2013_progr-concl_ca-es.pdf\" target=\"_blank\" rel=\"nofollow\">\n\n\t\t\t\t\t\t\t\t\t\t\t<span class=\"elementor-icon-list-text\">X F\u00f2rum Ol\u00edmpic (17 i 18 d'octubre 2013) \"Esport i Economia: Models de Futur\"<\/span>\n\t\t\t\t\t\t\t\t\t\t\t<\/a>\n\t\t\t\t\t\t\t\t\t<\/li>\n\t\t\t\t\t\t\t\t<li class=\"elementor-icon-list-item\">\n\t\t\t\t\t\t\t\t\t\t\t<a href=\"http:\/\/www.museuolimpicbcn.cat\/upload\/forum11_DOSSIER-baixa.pdf\" target=\"_blank\" rel=\"nofollow\">\n\n\t\t\t\t\t\t\t\t\t\t\t<span class=\"elementor-icon-list-text\">XI F\u00f2rum Ol\u00edmpic (15 i 16 d'octubre 2015) \"Noves Tecnologies i l'Esport\"<\/span>\n\t\t\t\t\t\t\t\t\t\t\t<\/a>\n\t\t\t\t\t\t\t\t\t<\/li>\n\t\t\t\t\t\t\t\t<li class=\"elementor-icon-list-item\">\n\t\t\t\t\t\t\t\t\t\t\t<a href=\"http:\/\/www.fundaciobarcelonaolimpica.es\/contenido.asp?id=21&#038;url=contenido_amplia.asp?id_seccion=113\" target=\"_blank\" rel=\"nofollow\">\n\n\t\t\t\t\t\t\t\t\t\t\t<span class=\"elementor-icon-list-text\">XII F\u00f2rum Ol\u00edmpic (26 i 27 d'octubre 2017) \"25 Aniversari Barcelona 92\"<\/span>\n\t\t\t\t\t\t\t\t\t\t\t<\/a>\n\t\t\t\t\t\t\t\t\t<\/li>\n\t\t\t\t\t\t\t\t<li class=\"elementor-icon-list-item\">\n\t\t\t\t\t\t\t\t\t\t\t<a href=\"https:\/\/www.fundaciobarcelonaolimpica.es\/ca\/forum-olimpic-2019\/\" target=\"_blank\" rel=\"nofollow\">\n\n\t\t\t\t\t\t\t\t\t\t\t<span class=\"elementor-icon-list-text\">XIII F\u00f2rum Ol\u00edmpic (15 i 16 d'octubre 2019) \"L\u2019impacte dels esports i les disciplines emergents en un m\u00f3n global\"<\/span>\n\t\t\t\t\t\t\t\t\t\t\t<\/a>\n\t\t\t\t\t\t\t\t\t<\/li>\n\t\t\t\t\t\t<\/ul>\n\t\t\t\t\t\t<\/div>\n\t\t\t\t<\/div>\n\t\t\t\t\t<\/div>\n\t\t<\/div>\n\t\t\t\t\t<\/div>\n\t\t<\/section>\n\t\t\t\t\t<\/div>\n\t\t<\/div>\n\t\t\t\t\t<\/div>\n\t\t<\/section>\n\t\t\t\t<section class=\"elementor-section elementor-top-section elementor-element elementor-element-b004e66 fbo-destacados elementor-section-boxed elementor-section-height-default elementor-section-height-default\" data-id=\"b004e66\" data-element_type=\"section\">\n\t\t\t\t\t\t<div class=\"elementor-container elementor-column-gap-no\">\n\t\t\t\t\t<div class=\"elementor-column elementor-col-100 elementor-top-column elementor-element elementor-element-da9f57e\" data-id=\"da9f57e\" data-element_type=\"column\">\n\t\t\t<div class=\"elementor-widget-wrap elementor-element-populated\">\n\t\t\t\t\t\t<div class=\"elementor-element elementor-element-3fd17ee elementor-widget elementor-widget-template\" data-id=\"3fd17ee\" data-element_type=\"widget\" data-widget_type=\"template.default\">\n\t\t\t\t<div class=\"elementor-widget-container\">\n\t\t\t\t\t\t\t<div class=\"elementor-template\">\n\t\t\t\t\t<div data-elementor-type=\"section\" data-elementor-id=\"7663\" class=\"elementor elementor-7663 elementor-646\" data-elementor-post-type=\"elementor_library\">\n\t\t\t\t\t<section class=\"elementor-section elementor-top-section elementor-element elementor-element-f3576d6 fbo-bloc--otras elementor-section-boxed elementor-section-height-default elementor-section-height-default\" data-id=\"f3576d6\" data-element_type=\"section\">\n\t\t\t\t\t\t<div class=\"elementor-container elementor-column-gap-no\">\n\t\t\t\t\t<div class=\"elementor-column elementor-col-100 elementor-top-column elementor-element elementor-element-3e8ab52\" data-id=\"3e8ab52\" data-element_type=\"column\">\n\t\t\t<div class=\"elementor-widget-wrap elementor-element-populated\">\n\t\t\t\t\t\t<section class=\"elementor-section elementor-inner-section elementor-element elementor-element-18ce25b elementor-section-boxed elementor-section-height-default elementor-section-height-default\" data-id=\"18ce25b\" data-element_type=\"section\">\n\t\t\t\t\t\t<div class=\"elementor-container elementor-column-gap-default\">\n\t\t\t\t\t<div class=\"elementor-column elementor-col-100 elementor-inner-column elementor-element elementor-element-08ef537\" data-id=\"08ef537\" data-element_type=\"column\">\n\t\t\t<div class=\"elementor-widget-wrap elementor-element-populated\">\n\t\t\t\t\t\t<div class=\"elementor-element elementor-element-415ecb0 elementor-widget elementor-widget-heading\" data-id=\"415ecb0\" data-element_type=\"widget\" data-widget_type=\"heading.default\">\n\t\t\t\t<div class=\"elementor-widget-container\">\n\t\t\t\t\t<h2 class=\"elementor-heading-title elementor-size-default\">Activitats que organitzem<\/h2>\t\t\t\t<\/div>\n\t\t\t\t<\/div>\n\t\t\t\t\t<\/div>\n\t\t<\/div>\n\t\t\t\t\t<\/div>\n\t\t<\/section>\n\t\t\t\t<div class=\"elementor-element elementor-element-af44fab elementor-widget elementor-widget-text-editor\" data-id=\"af44fab\" data-element_type=\"widget\" data-widget_type=\"text-editor.default\">\n\t\t\t\t<div class=\"elementor-widget-container\">\n\t\t\t\t\t\t\t\t\t<ul>\n<li><a href=\"https:\/\/www.fundaciobarcelonaolimpica.es\/ca\/premi-internacional-fbo-art-sobre-paper\/\">Art sobre Paper<\/a><\/li>\n<li><a href=\"https:\/\/www.fundaciobarcelonaolimpica.es\/ca\/bcn-sports-film\/\">BCN Sports Film Festival<\/a><\/li>\n<li><a href=\"https:\/\/www.fundaciobarcelonaolimpica.es\/ca\/aula-historia\/\">Aula d&#8217;Hist\u00f2ria<\/a><\/li>\n<li><a href=\"https:\/\/www.fundaciobarcelonaolimpica.es\/ca\/forum-olimpic\/\">F\u00f2rum Ol\u00edmpic<\/a><\/li>\n<li><a href=\"https:\/\/www.fundaciobarcelonaolimpica.es\/ca\/clubs-centenaris\/\">Clubs Centenaris<\/a><\/li>\n<li><a href=\"https:\/\/www.fundaciobarcelonaolimpica.es\/ca\/barcelona-olimpica\/\">Barcelona Ol\u00edmpica<\/a><\/li>\n<\/ul>\n\t\t\t\t\t\t\t\t<\/div>\n\t\t\t\t<\/div>\n\t\t\t\t\t<\/div>\n\t\t<\/div>\n\t\t\t\t\t<\/div>\n\t\t<\/section>\n\t\t\t\t<\/div>\n\t\t\t\t<\/div>\n\t\t\t\t\t\t<\/div>\n\t\t\t\t<\/div>\n\t\t\t\t\t<\/div>\n\t\t<\/div>\n\t\t\t\t\t<\/div>\n\t\t<\/section>\n\t\t\t\t<\/div>\n\t\t","protected":false},"excerpt":{"rendered":"<p>Esport i Salut Mental XV F\u00d2RUM OL\u00cdMPIC &#8211; 21 i 22 de novembre La quinzena edici\u00f3 del F\u00f2rum Ol\u00edmpic &#8211; Memorial Rom\u00e0 Cuy\u00e0s vol centrar-se en els beneficis que aporta l&#8217;esport en la salut mental per\u00f2 tamb\u00e9 en les problem\u00e0tiques que comporta la competici\u00f3 i l&#8217;esport d&#8217;elit. AGENDA AGENDA Dimarts 21 de novembre Museu Ol\u00edmpic [&hellip;]<\/p>\n","protected":false},"author":11,"featured_media":0,"parent":0,"menu_order":0,"comment_status":"closed","ping_status":"closed","template":"","meta":{"_acf_changed":false,"footnotes":""},"class_list":["post-28240","page","type-page","status-publish","hentry"],"acf":[],"yoast_head":"<!-- This site is optimized with the Yoast SEO plugin v23.7 - https:\/\/yoast.com\/wordpress\/plugins\/seo\/ -->\n<title>F\u00f2rum Ol\u00edmpic 2023 - Esport i Salut Mental - Fundaci\u00f3 Barcelona Ol\u00edmpica<\/title>\n<meta name=\"robots\" content=\"index, follow, max-snippet:-1, max-image-preview:large, max-video-preview:-1\" \/>\n<link rel=\"canonical\" href=\"https:\/\/www.fundaciobarcelonaolimpica.es\/es\/forum-olimpico-2023-deporte-y-salud-mental\/\" \/>\n<meta property=\"og:locale\" content=\"ca_ES\" \/>\n<meta property=\"og:type\" content=\"article\" \/>\n<meta property=\"og:title\" content=\"F\u00f2rum Ol\u00edmpic 2023 - Esport i Salut Mental - Fundaci\u00f3 Barcelona Ol\u00edmpica\" \/>\n<meta property=\"og:description\" content=\"Esport i Salut Mental XV F\u00d2RUM OL\u00cdMPIC &#8211; 21 i 22 de novembre La quinzena edici\u00f3 del F\u00f2rum Ol\u00edmpic &#8211; Memorial Rom\u00e0 Cuy\u00e0s vol centrar-se en els beneficis que aporta l&#8217;esport en la salut mental per\u00f2 tamb\u00e9 en les problem\u00e0tiques que comporta la competici\u00f3 i l&#8217;esport d&#8217;elit. AGENDA AGENDA Dimarts 21 de novembre Museu Ol\u00edmpic [&hellip;]\" \/>\n<meta property=\"og:url\" content=\"https:\/\/www.fundaciobarcelonaolimpica.es\/es\/forum-olimpico-2023-deporte-y-salud-mental\/\" \/>\n<meta property=\"og:site_name\" content=\"Fundaci\u00f3 Barcelona Ol\u00edmpica\" \/>\n<meta property=\"article:modified_time\" content=\"2023-11-23T12:47:09+00:00\" \/>\n<meta property=\"og:image\" content=\"https:\/\/www.fundaciobarcelonaolimpica.es\/wp-content\/uploads\/sites\/3\/2019\/03\/LOGO-FORUM-COLOR-copia.png\" \/>\n<meta name=\"twitter:card\" content=\"summary_large_image\" \/>\n<meta name=\"twitter:label1\" content=\"Temps estimat de lectura\" \/>\n\t<meta name=\"twitter:data1\" content=\"15 minuts\" \/>\n<script type=\"application\/ld+json\" class=\"yoast-schema-graph\">{\"@context\":\"https:\/\/schema.org\",\"@graph\":[{\"@type\":\"WebPage\",\"@id\":\"https:\/\/www.fundaciobarcelonaolimpica.es\/es\/forum-olimpico-2023-deporte-y-salud-mental\/\",\"url\":\"https:\/\/www.fundaciobarcelonaolimpica.es\/es\/forum-olimpico-2023-deporte-y-salud-mental\/\",\"name\":\"F\u00f2rum Ol\u00edmpic 2023 - Esport i Salut Mental - Fundaci\u00f3 Barcelona Ol\u00edmpica\",\"isPartOf\":{\"@id\":\"https:\/\/www.fundaciobarcelonaolimpica.es\/ca\/#website\"},\"primaryImageOfPage\":{\"@id\":\"https:\/\/www.fundaciobarcelonaolimpica.es\/es\/forum-olimpico-2023-deporte-y-salud-mental\/#primaryimage\"},\"image\":{\"@id\":\"https:\/\/www.fundaciobarcelonaolimpica.es\/es\/forum-olimpico-2023-deporte-y-salud-mental\/#primaryimage\"},\"thumbnailUrl\":\"https:\/\/www.fundaciobarcelonaolimpica.es\/wp-content\/uploads\/sites\/3\/2019\/03\/LOGO-FORUM-COLOR-copia.png\",\"datePublished\":\"2023-09-27T09:48:20+00:00\",\"dateModified\":\"2023-11-23T12:47:09+00:00\",\"breadcrumb\":{\"@id\":\"https:\/\/www.fundaciobarcelonaolimpica.es\/es\/forum-olimpico-2023-deporte-y-salud-mental\/#breadcrumb\"},\"inLanguage\":\"ca\",\"potentialAction\":[{\"@type\":\"ReadAction\",\"target\":[\"https:\/\/www.fundaciobarcelonaolimpica.es\/es\/forum-olimpico-2023-deporte-y-salud-mental\/\"]}]},{\"@type\":\"ImageObject\",\"inLanguage\":\"ca\",\"@id\":\"https:\/\/www.fundaciobarcelonaolimpica.es\/es\/forum-olimpico-2023-deporte-y-salud-mental\/#primaryimage\",\"url\":\"https:\/\/www.fundaciobarcelonaolimpica.es\/wp-content\/uploads\/sites\/3\/2019\/03\/LOGO-FORUM-COLOR-copia.png\",\"contentUrl\":\"https:\/\/www.fundaciobarcelonaolimpica.es\/wp-content\/uploads\/sites\/3\/2019\/03\/LOGO-FORUM-COLOR-copia.png\"},{\"@type\":\"BreadcrumbList\",\"@id\":\"https:\/\/www.fundaciobarcelonaolimpica.es\/es\/forum-olimpico-2023-deporte-y-salud-mental\/#breadcrumb\",\"itemListElement\":[{\"@type\":\"ListItem\",\"position\":1,\"name\":\"FBO\",\"item\":\"https:\/\/www.fundaciobarcelonaolimpica.es\/es\/\"},{\"@type\":\"ListItem\",\"position\":2,\"name\":\"F\u00f2rum Ol\u00edmpic 2023 &#8211; Esport i Salut Mental\"}]},{\"@type\":\"WebSite\",\"@id\":\"https:\/\/www.fundaciobarcelonaolimpica.es\/ca\/#website\",\"url\":\"https:\/\/www.fundaciobarcelonaolimpica.es\/ca\/\",\"name\":\"Fundaci\u00f3 Barcelona Ol\u00edmpica\",\"description\":\"Web del Museu Ol\u00edmpic i de l&#039;Esport\",\"publisher\":{\"@id\":\"https:\/\/www.fundaciobarcelonaolimpica.es\/ca\/#organization\"},\"potentialAction\":[{\"@type\":\"SearchAction\",\"target\":{\"@type\":\"EntryPoint\",\"urlTemplate\":\"https:\/\/www.fundaciobarcelonaolimpica.es\/ca\/?s={search_term_string}\"},\"query-input\":{\"@type\":\"PropertyValueSpecification\",\"valueRequired\":true,\"valueName\":\"search_term_string\"}}],\"inLanguage\":\"ca\"},{\"@type\":\"Organization\",\"@id\":\"https:\/\/www.fundaciobarcelonaolimpica.es\/ca\/#organization\",\"name\":\"Fundaci\u00f3 Barcelona Ol\u00edmpica\",\"url\":\"https:\/\/www.fundaciobarcelonaolimpica.es\/ca\/\",\"logo\":{\"@type\":\"ImageObject\",\"inLanguage\":\"ca\",\"@id\":\"https:\/\/www.fundaciobarcelonaolimpica.es\/ca\/#\/schema\/logo\/image\/\",\"url\":\"https:\/\/www.fundaciobarcelonaolimpica.es\/wp-content\/uploads\/sites\/3\/2019\/02\/logo-fundacio.svg\",\"contentUrl\":\"https:\/\/www.fundaciobarcelonaolimpica.es\/wp-content\/uploads\/sites\/3\/2019\/02\/logo-fundacio.svg\",\"caption\":\"Fundaci\u00f3 Barcelona Ol\u00edmpica\"},\"image\":{\"@id\":\"https:\/\/www.fundaciobarcelonaolimpica.es\/ca\/#\/schema\/logo\/image\/\"}}]}<\/script>\n<!-- \/ Yoast SEO plugin. -->","yoast_head_json":{"title":"F\u00f2rum Ol\u00edmpic 2023 - Esport i Salut Mental - Fundaci\u00f3 Barcelona Ol\u00edmpica","robots":{"index":"index","follow":"follow","max-snippet":"max-snippet:-1","max-image-preview":"max-image-preview:large","max-video-preview":"max-video-preview:-1"},"canonical":"https:\/\/www.fundaciobarcelonaolimpica.es\/es\/forum-olimpico-2023-deporte-y-salud-mental\/","og_locale":"ca_ES","og_type":"article","og_title":"F\u00f2rum Ol\u00edmpic 2023 - Esport i Salut Mental - Fundaci\u00f3 Barcelona Ol\u00edmpica","og_description":"Esport i Salut Mental XV F\u00d2RUM OL\u00cdMPIC &#8211; 21 i 22 de novembre La quinzena edici\u00f3 del F\u00f2rum Ol\u00edmpic &#8211; Memorial Rom\u00e0 Cuy\u00e0s vol centrar-se en els beneficis que aporta l&#8217;esport en la salut mental per\u00f2 tamb\u00e9 en les problem\u00e0tiques que comporta la competici\u00f3 i l&#8217;esport d&#8217;elit. AGENDA AGENDA Dimarts 21 de novembre Museu Ol\u00edmpic [&hellip;]","og_url":"https:\/\/www.fundaciobarcelonaolimpica.es\/es\/forum-olimpico-2023-deporte-y-salud-mental\/","og_site_name":"Fundaci\u00f3 Barcelona Ol\u00edmpica","article_modified_time":"2023-11-23T12:47:09+00:00","og_image":[{"url":"https:\/\/www.fundaciobarcelonaolimpica.es\/wp-content\/uploads\/sites\/3\/2019\/03\/LOGO-FORUM-COLOR-copia.png"}],"twitter_card":"summary_large_image","twitter_misc":{"Temps estimat de lectura":"15 minuts"},"schema":{"@context":"https:\/\/schema.org","@graph":[{"@type":"WebPage","@id":"https:\/\/www.fundaciobarcelonaolimpica.es\/es\/forum-olimpico-2023-deporte-y-salud-mental\/","url":"https:\/\/www.fundaciobarcelonaolimpica.es\/es\/forum-olimpico-2023-deporte-y-salud-mental\/","name":"F\u00f2rum Ol\u00edmpic 2023 - Esport i Salut Mental - Fundaci\u00f3 Barcelona Ol\u00edmpica","isPartOf":{"@id":"https:\/\/www.fundaciobarcelonaolimpica.es\/ca\/#website"},"primaryImageOfPage":{"@id":"https:\/\/www.fundaciobarcelonaolimpica.es\/es\/forum-olimpico-2023-deporte-y-salud-mental\/#primaryimage"},"image":{"@id":"https:\/\/www.fundaciobarcelonaolimpica.es\/es\/forum-olimpico-2023-deporte-y-salud-mental\/#primaryimage"},"thumbnailUrl":"https:\/\/www.fundaciobarcelonaolimpica.es\/wp-content\/uploads\/sites\/3\/2019\/03\/LOGO-FORUM-COLOR-copia.png","datePublished":"2023-09-27T09:48:20+00:00","dateModified":"2023-11-23T12:47:09+00:00","breadcrumb":{"@id":"https:\/\/www.fundaciobarcelonaolimpica.es\/es\/forum-olimpico-2023-deporte-y-salud-mental\/#breadcrumb"},"inLanguage":"ca","potentialAction":[{"@type":"ReadAction","target":["https:\/\/www.fundaciobarcelonaolimpica.es\/es\/forum-olimpico-2023-deporte-y-salud-mental\/"]}]},{"@type":"ImageObject","inLanguage":"ca","@id":"https:\/\/www.fundaciobarcelonaolimpica.es\/es\/forum-olimpico-2023-deporte-y-salud-mental\/#primaryimage","url":"https:\/\/www.fundaciobarcelonaolimpica.es\/wp-content\/uploads\/sites\/3\/2019\/03\/LOGO-FORUM-COLOR-copia.png","contentUrl":"https:\/\/www.fundaciobarcelonaolimpica.es\/wp-content\/uploads\/sites\/3\/2019\/03\/LOGO-FORUM-COLOR-copia.png"},{"@type":"BreadcrumbList","@id":"https:\/\/www.fundaciobarcelonaolimpica.es\/es\/forum-olimpico-2023-deporte-y-salud-mental\/#breadcrumb","itemListElement":[{"@type":"ListItem","position":1,"name":"FBO","item":"https:\/\/www.fundaciobarcelonaolimpica.es\/es\/"},{"@type":"ListItem","position":2,"name":"F\u00f2rum Ol\u00edmpic 2023 &#8211; Esport i Salut Mental"}]},{"@type":"WebSite","@id":"https:\/\/www.fundaciobarcelonaolimpica.es\/ca\/#website","url":"https:\/\/www.fundaciobarcelonaolimpica.es\/ca\/","name":"Fundaci\u00f3 Barcelona Ol\u00edmpica","description":"Web del Museu Ol\u00edmpic i de l&#039;Esport","publisher":{"@id":"https:\/\/www.fundaciobarcelonaolimpica.es\/ca\/#organization"},"potentialAction":[{"@type":"SearchAction","target":{"@type":"EntryPoint","urlTemplate":"https:\/\/www.fundaciobarcelonaolimpica.es\/ca\/?s={search_term_string}"},"query-input":{"@type":"PropertyValueSpecification","valueRequired":true,"valueName":"search_term_string"}}],"inLanguage":"ca"},{"@type":"Organization","@id":"https:\/\/www.fundaciobarcelonaolimpica.es\/ca\/#organization","name":"Fundaci\u00f3 Barcelona Ol\u00edmpica","url":"https:\/\/www.fundaciobarcelonaolimpica.es\/ca\/","logo":{"@type":"ImageObject","inLanguage":"ca","@id":"https:\/\/www.fundaciobarcelonaolimpica.es\/ca\/#\/schema\/logo\/image\/","url":"https:\/\/www.fundaciobarcelonaolimpica.es\/wp-content\/uploads\/sites\/3\/2019\/02\/logo-fundacio.svg","contentUrl":"https:\/\/www.fundaciobarcelonaolimpica.es\/wp-content\/uploads\/sites\/3\/2019\/02\/logo-fundacio.svg","caption":"Fundaci\u00f3 Barcelona Ol\u00edmpica"},"image":{"@id":"https:\/\/www.fundaciobarcelonaolimpica.es\/ca\/#\/schema\/logo\/image\/"}}]}},"_links":{"self":[{"href":"https:\/\/www.fundaciobarcelonaolimpica.es\/ca\/wp-json\/wp\/v2\/pages\/28240"}],"collection":[{"href":"https:\/\/www.fundaciobarcelonaolimpica.es\/ca\/wp-json\/wp\/v2\/pages"}],"about":[{"href":"https:\/\/www.fundaciobarcelonaolimpica.es\/ca\/wp-json\/wp\/v2\/types\/page"}],"author":[{"embeddable":true,"href":"https:\/\/www.fundaciobarcelonaolimpica.es\/ca\/wp-json\/wp\/v2\/users\/11"}],"replies":[{"embeddable":true,"href":"https:\/\/www.fundaciobarcelonaolimpica.es\/ca\/wp-json\/wp\/v2\/comments?post=28240"}],"version-history":[{"count":142,"href":"https:\/\/www.fundaciobarcelonaolimpica.es\/ca\/wp-json\/wp\/v2\/pages\/28240\/revisions"}],"predecessor-version":[{"id":29628,"href":"https:\/\/www.fundaciobarcelonaolimpica.es\/ca\/wp-json\/wp\/v2\/pages\/28240\/revisions\/29628"}],"wp:attachment":[{"href":"https:\/\/www.fundaciobarcelonaolimpica.es\/ca\/wp-json\/wp\/v2\/media?parent=28240"}],"curies":[{"name":"wp","href":"https:\/\/api.w.org\/{rel}","templated":true}]}}