{"id":7466,"date":"2019-06-26T16:49:44","date_gmt":"2019-06-26T14:49:44","guid":{"rendered":"https:\/\/dev.fundaciobarcelonaolimpica.es\/forum-olimpico\/"},"modified":"2021-03-01T14:34:13","modified_gmt":"2021-03-01T13:34:13","slug":"forum-olimpic-2019","status":"publish","type":"page","link":"https:\/\/www.fundaciobarcelonaolimpica.es\/ca\/forum-olimpic-2019\/","title":{"rendered":"F\u00f2rum Ol\u00edmpic 2019"},"content":{"rendered":"\t\t<div data-elementor-type=\"wp-post\" data-elementor-id=\"7466\" class=\"elementor elementor-7466 elementor-7385\" data-elementor-post-type=\"page\">\n\t\t\t\t\t\t<section class=\"elementor-section elementor-top-section elementor-element elementor-element-5a921bd6 fbo-activi--interna elementor-section-boxed elementor-section-height-default elementor-section-height-default\" data-id=\"5a921bd6\" data-element_type=\"section\">\n\t\t\t\t\t\t<div class=\"elementor-container elementor-column-gap-default\">\n\t\t\t\t\t<div class=\"elementor-column elementor-col-100 elementor-top-column elementor-element elementor-element-732152e8\" data-id=\"732152e8\" data-element_type=\"column\">\n\t\t\t<div class=\"elementor-widget-wrap elementor-element-populated\">\n\t\t\t\t\t\t<section class=\"elementor-section elementor-inner-section elementor-element elementor-element-7d742dde fbo-content--intro elementor-section-boxed elementor-section-height-default elementor-section-height-default\" data-id=\"7d742dde\" data-element_type=\"section\">\n\t\t\t\t\t\t<div class=\"elementor-container elementor-column-gap-default\">\n\t\t\t\t\t<div class=\"elementor-column elementor-col-33 elementor-inner-column elementor-element elementor-element-24c6cbed\" data-id=\"24c6cbed\" data-element_type=\"column\">\n\t\t\t<div class=\"elementor-widget-wrap elementor-element-populated\">\n\t\t\t\t\t\t<div class=\"elementor-element elementor-element-4a88907 elementor-widget elementor-widget-image\" data-id=\"4a88907\" data-element_type=\"widget\" data-widget_type=\"image.default\">\n\t\t\t\t<div class=\"elementor-widget-container\">\n\t\t\t\t\t\t\t\t\t\t\t\t\t\t\t<img fetchpriority=\"high\" decoding=\"async\" width=\"1024\" height=\"294\" src=\"https:\/\/www.fundaciobarcelonaolimpica.es\/wp-content\/uploads\/sites\/3\/2019\/06\/img_hero-1024x294.jpg\" class=\"attachment-large size-large wp-image-7165\" alt=\"\" srcset=\"https:\/\/www.fundaciobarcelonaolimpica.es\/wp-content\/uploads\/sites\/3\/2019\/06\/img_hero-1024x294.jpg 1024w, https:\/\/www.fundaciobarcelonaolimpica.es\/wp-content\/uploads\/sites\/3\/2019\/06\/img_hero-300x86.jpg 300w, https:\/\/www.fundaciobarcelonaolimpica.es\/wp-content\/uploads\/sites\/3\/2019\/06\/img_hero-768x221.jpg 768w, https:\/\/www.fundaciobarcelonaolimpica.es\/wp-content\/uploads\/sites\/3\/2019\/06\/img_hero.jpg 1200w\" sizes=\"(max-width: 1024px) 100vw, 1024px\" \/>\t\t\t\t\t\t\t\t\t\t\t\t\t\t\t<\/div>\n\t\t\t\t<\/div>\n\t\t\t\t\t<\/div>\n\t\t<\/div>\n\t\t\t\t<div class=\"elementor-column elementor-col-66 elementor-inner-column elementor-element elementor-element-68d89ea8\" data-id=\"68d89ea8\" data-element_type=\"column\">\n\t\t\t<div class=\"elementor-widget-wrap elementor-element-populated\">\n\t\t\t\t\t\t<div class=\"elementor-element elementor-element-1faad160 elementor-widget elementor-widget-heading\" data-id=\"1faad160\" data-element_type=\"widget\" data-widget_type=\"heading.default\">\n\t\t\t\t<div class=\"elementor-widget-container\">\n\t\t\t\t\t<h2 class=\"elementor-heading-title elementor-size-default\">L\u2019impacte dels esports i les disciplines emergents en un m\u00f3n global<\/h2>\t\t\t\t<\/div>\n\t\t\t\t<\/div>\n\t\t\t\t<div class=\"elementor-element elementor-element-5afc62c1 elementor-widget elementor-widget-text-editor\" data-id=\"5afc62c1\" data-element_type=\"widget\" data-widget_type=\"text-editor.default\">\n\t\t\t\t<div class=\"elementor-widget-container\">\n\t\t\t\t\t\t\t\t\t<h3>XIII F\u00d2RUM OL\u00cdMPIC &#8211; 15 16 OCT.<\/h3>\n<p>En aquesta tretzena edici\u00f3, el F\u00f2rum Ol\u00edmpic abordar\u00e0 els temes dels esports emergents i del seu impacte sobre la celebraci\u00f3 de grans esdeveniments, la modificaci\u00f3 d\u2019esports i disciplines o la concepci\u00f3 de qu\u00e8 podem considerar un esport.<\/p>\n<p><a class=\"btn btn--border\" href=\"#form\" target=\"_blank\" rel=\"noopener\">Reserva la teva pla\u00e7a<\/a><\/p>\n\t\t\t\t\t\t\t\t<\/div>\n\t\t\t\t<\/div>\n\t\t\t\t\t<\/div>\n\t\t<\/div>\n\t\t\t\t\t<\/div>\n\t\t<\/section>\n\t\t\t\t\t<\/div>\n\t\t<\/div>\n\t\t\t\t\t<\/div>\n\t\t<\/section>\n\t\t\t\t<section class=\"elementor-section elementor-top-section elementor-element elementor-element-39b8ff64 fbo-schedule elementor-section-boxed elementor-section-height-default elementor-section-height-default\" data-id=\"39b8ff64\" data-element_type=\"section\">\n\t\t\t\t\t\t<div class=\"elementor-container elementor-column-gap-default\">\n\t\t\t\t\t<div class=\"elementor-column elementor-col-100 elementor-top-column elementor-element elementor-element-4cbd8769\" data-id=\"4cbd8769\" data-element_type=\"column\">\n\t\t\t<div class=\"elementor-widget-wrap elementor-element-populated\">\n\t\t\t\t\t\t<div class=\"elementor-element elementor-element-4196af3e elementor-widget elementor-widget-heading\" data-id=\"4196af3e\" data-element_type=\"widget\" data-widget_type=\"heading.default\">\n\t\t\t\t<div class=\"elementor-widget-container\">\n\t\t\t\t\t<h3 class=\"elementor-heading-title elementor-size-default\">AGENDA<\/h3>\t\t\t\t<\/div>\n\t\t\t\t<\/div>\n\t\t\t\t<section class=\"elementor-section elementor-inner-section elementor-element elementor-element-7eef5b6 fbo-schedule--content elementor-section-boxed elementor-section-height-default elementor-section-height-default\" data-id=\"7eef5b6\" data-element_type=\"section\">\n\t\t\t\t\t\t<div class=\"elementor-container elementor-column-gap-no\">\n\t\t\t\t\t<div class=\"elementor-column elementor-col-50 elementor-inner-column elementor-element elementor-element-30953074\" data-id=\"30953074\" data-element_type=\"column\">\n\t\t\t<div class=\"elementor-widget-wrap elementor-element-populated\">\n\t\t\t\t\t\t<div class=\"elementor-element elementor-element-79944606 elementor-widget elementor-widget-heading\" data-id=\"79944606\" data-element_type=\"widget\" data-widget_type=\"heading.default\">\n\t\t\t\t<div class=\"elementor-widget-container\">\n\t\t\t\t\t<h4 class=\"elementor-heading-title elementor-size-default\">Dimarts 15 d\u2019octubre<\/h4>\t\t\t\t<\/div>\n\t\t\t\t<\/div>\n\t\t\t\t<div class=\"elementor-element elementor-element-453cda7b elementor-widget elementor-widget-html\" data-id=\"453cda7b\" data-element_type=\"widget\" data-widget_type=\"html.default\">\n\t\t\t\t<div class=\"elementor-widget-container\">\n\t\t\t\t\t<!-- MARTES -->\r\n\r\n<table>\r\n    <tbody>\r\n        <tr>\r\n            <th>10:00<\/th>\r\n            <td>                \r\n                <p class=\"fbo-schedule--act\">Benvinguda<\/p>\r\n            <\/td>\r\n        <\/tr>\r\n        <tr>\r\n            <th>10:15<\/th>\r\n            <td>                \r\n                <p class=\"fbo-schedule--act\">Pon\u00e8ncia<\/p>\r\n                <p class=\"fbo-schedule--detail\"><a href=\"https:\/\/youtu.be\/jsoBi4445WE\">Reptes ol\u00edmpics de futur, la renovaci\u00f3 del programa esportiu<\/a><\/p>\r\n                <p class=\"fbo-schedule--speaker\">Kit McConnell (IOC)<\/p>\r\n            <\/td>\r\n        <\/tr>\r\n        <tr>\r\n            <th>11:00<\/th>\r\n            <td>                \r\n                <p class=\"fbo-schedule--act\">Coffee break<\/p>\r\n            <\/td>\r\n        <\/tr>\r\n        <tr>\r\n            <th>11:15<\/th>\r\n            <td>                \r\n                <p class=\"fbo-schedule--act\">Pon\u00e8ncia<\/p>\r\n                <p class=\"fbo-schedule--detail\"><a href=\"https:\/\/youtu.be\/RGd7YTFHEMM\">La igualtat de g\u00e8nere en els esports emergents\r\n<\/a><\/p>\r\n                <p class=\"fbo-schedule--speaker\">Blanca Nualart (GENCAT)<\/p>\r\n            <\/td>\r\n        <\/tr>\r\n        <tr>\r\n            <th>12:00<\/th>\r\n            <td>                \r\n                <p class=\"fbo-schedule--act\">Taula rodona<\/p>\r\n                <p class=\"fbo-schedule--detail\"><a href=\"https:\/\/youtu.be\/RGd7YTFHEMM\">La igualtat de g\u00e8nere en els esports emergents<\/a><\/p>\r\n                <p class=\"fbo-schedule--speaker\">Susanna Soler (INEFC) \/ Kira Men\u00e9n (FCK) \/ Maria Guix\u00e0, periodista<\/p>\r\n            <\/td>\r\n        <\/tr>\r\n        <tr>\r\n            <th>13:00<\/th>\r\n            <td>                \r\n                <p class=\"fbo-schedule--act\">Pausa<\/p>\r\n            <\/td>\r\n        <\/tr>\r\n        <tr>\r\n            <th>15:00<\/th>\r\n            <td>                \r\n                <p class=\"fbo-schedule--act\">Pon\u00e8ncia<\/p>\r\n                <p class=\"fbo-schedule--detail\"><a href=\"https:\/\/youtu.be\/RQLoGd-A3vI\">Els nous esdeveniments esportius: l\u2019exemple dels\r\nWorld Beach Games i els esports de platja<\/a><\/p>\r\n                <p class=\"fbo-schedule--speaker\">Maribel Zamora (FCVb)<\/p>\r\n            <\/td>\r\n        <\/tr>\r\n        <tr>\r\n            <th>15:30<\/th>\r\n            <td>                \r\n                <p class=\"fbo-schedule--act\">Taula rodona<\/p>\r\n                <p class=\"fbo-schedule--detail\"><a href=\"https:\/\/youtu.be\/fY4XBkLkwck\">Noves disciplines esportives en els esports d\u2019equip<\/a><\/p>\r\n                <p class=\"fbo-schedule--speaker\">Ra\u00fal Chapado (RFEA) \/ Andrea d\u2019Auria \/ Judith Vizuete (BMG)<\/p>\r\n            <\/td>\r\n        <\/tr>\r\n        <tr>\r\n            <th>16:45<\/th>\r\n            <td>                \r\n                <p class=\"fbo-schedule--act\">Coffee break<\/p>\r\n            <\/td>\r\n        <\/tr>\r\n        <tr>\r\n            <th>17:00<\/th>\r\n            <td>                \r\n                <p class=\"fbo-schedule--act\">Pon\u00e8ncia<\/p>\r\n                <p class=\"fbo-schedule--detail\"><a href=\"https:\/\/youtu.be\/mg9aJw4YDAI\">Els nous esdeveniments esportius: l\u2019exemple dels\r\nWorld Roller Games i els esports de roda petita<\/a><\/p>\r\n                <p class=\"fbo-schedule--speaker\">Ramon Basiana (FCP) \/ Quim Pastor (FCP)<\/p>\r\n            <\/td>\r\n        <\/tr>\r\n        <tr>\r\n            <th>17:00<\/th>\r\n            <td>                \r\n                <p class=\"fbo-schedule--act\">Taula rodona<\/p>\r\n                <p class=\"fbo-schedule--detail\"><a href=\"https:\/\/youtu.be\/qYRFgB0G8DM\">Noves disciplines esportives en els esports\r\nindividuals<\/a><\/p>\r\n                <p class=\"fbo-schedule--speaker\"> Alba Gamell (FCT) \/ May Peus (RFEDI) \/ David Maci\u00e0, Equip d\u2019escalada<\/p>\r\n            <\/td>\r\n        <\/tr>\r\n    <\/tbody>\r\n<\/table>\r\n<!-- Fin table Martes -->\t\t\t\t<\/div>\n\t\t\t\t<\/div>\n\t\t\t\t\t<\/div>\n\t\t<\/div>\n\t\t\t\t<div class=\"elementor-column elementor-col-50 elementor-inner-column elementor-element elementor-element-4ade8c6c\" data-id=\"4ade8c6c\" data-element_type=\"column\">\n\t\t\t<div class=\"elementor-widget-wrap elementor-element-populated\">\n\t\t\t\t\t\t<div class=\"elementor-element elementor-element-69118d1 elementor-widget elementor-widget-heading\" data-id=\"69118d1\" data-element_type=\"widget\" data-widget_type=\"heading.default\">\n\t\t\t\t<div class=\"elementor-widget-container\">\n\t\t\t\t\t<h4 class=\"elementor-heading-title elementor-size-default\">Dimecres 16 d\u2019octubre<\/h4>\t\t\t\t<\/div>\n\t\t\t\t<\/div>\n\t\t\t\t<div class=\"elementor-element elementor-element-71168658 elementor-widget elementor-widget-html\" data-id=\"71168658\" data-element_type=\"widget\" data-widget_type=\"html.default\">\n\t\t\t\t<div class=\"elementor-widget-container\">\n\t\t\t\t\t<!-- MI\u00c9RCOLES -->\r\n\r\n<table>\r\n    <tbody>\r\n        <tr>\r\n            <th>10:00<\/th>\r\n            <td>                \r\n                <p class=\"fbo-schedule--act\"><a href=\"https:\/\/youtu.be\/_GCGAtnWQ34\">eSports<\/a><\/p>\r\n                <p class=\"fbo-schedule--speaker\">Esteban Serrano - AKAWonder (SK Gaming)<\/p>\r\n            <\/td>\r\n        <\/tr>\r\n        <tr>\r\n            <th>11:00<\/th>\r\n            <td>                \r\n                <p class=\"fbo-schedule--act\">Coffee break<\/p>\r\n            <\/td>\r\n        <\/tr>\r\n        <tr>\r\n            <th>11:30<\/th>\r\n            <td>                \r\n                <p class=\"fbo-schedule--act\">Taula rodona<\/p>\r\n                <p class=\"fbo-schedule--detail\"><a href=\"https:\/\/youtu.be\/Dx_vBcfa8AY\">Veus a favor i veus en contra dels eSports com a\r\nesport ol\u00edmpic<\/a><\/p>\r\n                <p class=\"fbo-schedule--speaker\">Pilar Calvo, periodista \/ V\u00edctor Casanovas (Seven Mila) \/ Pere Manel (COPLEFC)<\/p>\r\n            <\/td>\r\n        <\/tr>\r\n        <tr>\r\n            <th>12:30<\/th>\r\n            <td>                \r\n                <p class=\"fbo-schedule--act\">Exhibici\u00f3<\/p>\r\n                <p class=\"fbo-schedule--detail\">Basquet 3x3<\/p>\r\n            <\/td>\r\n        <\/tr>\r\n        <tr>\r\n            <th>13:00<\/th>\r\n            <td>                \r\n                <p class=\"fbo-schedule--act\"><a href=\"https:\/\/youtu.be\/qNPYuyuXCU0\">Conclusions<\/a><\/p>\r\n                <p class=\"fbo-schedule--speaker\">Joan Manuel Surroca, periodista<\/p>\r\n            <\/td>\r\n        <\/tr>\r\n        <tr>\r\n            <th>13:15<\/th>\r\n            <td>                \r\n                <p class=\"fbo-schedule--act\">Cloenda<\/p>\r\n            <\/td>\r\n        <\/tr>\r\n    <\/tbody>\r\n<\/table>\r\n<!-- Fin table Mi\u00e9rcoles -->\t\t\t\t<\/div>\n\t\t\t\t<\/div>\n\t\t\t\t\t<\/div>\n\t\t<\/div>\n\t\t\t\t\t<\/div>\n\t\t<\/section>\n\t\t\t\t\t<\/div>\n\t\t<\/div>\n\t\t\t\t\t<\/div>\n\t\t<\/section>\n\t\t\t\t<section class=\"elementor-section elementor-top-section elementor-element elementor-element-686dd8fd fbo-list--descarga l-padding--bottom elementor-hidden-desktop elementor-hidden-tablet elementor-hidden-phone elementor-section-boxed elementor-section-height-default elementor-section-height-default\" data-id=\"686dd8fd\" data-element_type=\"section\">\n\t\t\t\t\t\t<div class=\"elementor-container elementor-column-gap-default\">\n\t\t\t\t\t<div class=\"elementor-column elementor-col-100 elementor-top-column elementor-element elementor-element-7d62382b\" data-id=\"7d62382b\" data-element_type=\"column\">\n\t\t\t<div class=\"elementor-widget-wrap elementor-element-populated\">\n\t\t\t\t\t\t<section class=\"elementor-section elementor-inner-section elementor-element elementor-element-16a51313 elementor-section-boxed elementor-section-height-default elementor-section-height-default\" data-id=\"16a51313\" data-element_type=\"section\">\n\t\t\t\t\t\t<div class=\"elementor-container elementor-column-gap-default\">\n\t\t\t\t\t<div class=\"elementor-column elementor-col-100 elementor-inner-column elementor-element elementor-element-7f7465cd\" data-id=\"7f7465cd\" data-element_type=\"column\">\n\t\t\t<div class=\"elementor-widget-wrap elementor-element-populated\">\n\t\t\t\t\t\t<div class=\"elementor-element elementor-element-5cff51e5 elementor-widget elementor-widget-heading\" data-id=\"5cff51e5\" data-element_type=\"widget\" data-widget_type=\"heading.default\">\n\t\t\t\t<div class=\"elementor-widget-container\">\n\t\t\t\t\t<h3 class=\"elementor-heading-title elementor-size-default\">Hist\u00f3ric de f\u00f2rums<\/h3>\t\t\t\t<\/div>\n\t\t\t\t<\/div>\n\t\t\t\t<div class=\"elementor-element elementor-element-9347c27 elementor-widget elementor-widget-text-editor\" data-id=\"9347c27\" data-element_type=\"widget\" data-widget_type=\"text-editor.default\">\n\t\t\t\t<div class=\"elementor-widget-container\">\n\t\t\t\t\t\t\t\t\t<p>El F\u00f2rum Ol\u00edmpic s\u00f3n jornades que s&#8217;organitzen bianualment des de 1995. Es tracta d&#8217;una s\u00e8rie de sessions que tenen l&#8217;objectiu de reflexionar sobre una tem\u00e0tica actual en relaci\u00f3 a l&#8217;esport i trobar vies de soluci\u00f3.<\/p>\n<p>Dirigit a: entitats esportives, federacions i clubs esportius, diputacions, consells comarcals, ajuntaments, investigadors, empreses privades i p\u00fabliques esportives, emprenedors, esportistes, representants, entre d&#8217;altres.<\/p>\n\t\t\t\t\t\t\t\t<\/div>\n\t\t\t\t<\/div>\n\t\t\t\t\t<\/div>\n\t\t<\/div>\n\t\t\t\t\t<\/div>\n\t\t<\/section>\n\t\t\t\t<section class=\"elementor-section elementor-inner-section elementor-element elementor-element-28474016 elementor-section-boxed elementor-section-height-default elementor-section-height-default\" data-id=\"28474016\" data-element_type=\"section\">\n\t\t\t\t\t\t<div class=\"elementor-container elementor-column-gap-default\">\n\t\t\t\t\t<div class=\"elementor-column elementor-col-100 elementor-inner-column elementor-element elementor-element-61ef7c47\" data-id=\"61ef7c47\" data-element_type=\"column\">\n\t\t\t<div class=\"elementor-widget-wrap elementor-element-populated\">\n\t\t\t\t\t\t<div class=\"elementor-element elementor-element-56aab6b1 elementor-align-left elementor-icon-list--layout-traditional elementor-list-item-link-full_width elementor-widget elementor-widget-icon-list\" data-id=\"56aab6b1\" data-element_type=\"widget\" data-widget_type=\"icon-list.default\">\n\t\t\t\t<div class=\"elementor-widget-container\">\n\t\t\t\t\t\t\t<ul class=\"elementor-icon-list-items\">\n\t\t\t\t\t\t\t<li class=\"elementor-icon-list-item\">\n\t\t\t\t\t\t\t\t\t\t\t<a href=\"http:\/\/www.museuolimpicbcn.cat\/upload\/forum-01_1995_ponenc-concl_ca-es.pdf\" target=\"_blank\" rel=\"nofollow\">\n\n\t\t\t\t\t\t\t\t\t\t\t<span class=\"elementor-icon-list-text\">I F\u00f2rum Ol\u00edmpic (novembre 1995) \"F\u00f2rum Ol\u00edmpic\"<\/span>\n\t\t\t\t\t\t\t\t\t\t\t<\/a>\n\t\t\t\t\t\t\t\t\t<\/li>\n\t\t\t\t\t\t\t\t<li class=\"elementor-icon-list-item\">\n\t\t\t\t\t\t\t\t\t\t\t<a href=\"http:\/\/www.museuolimpicbcn.cat\/upload\/forum-02_1997_concl_es.pdf\" target=\"_blank\" rel=\"nofollow\">\n\n\t\t\t\t\t\t\t\t\t\t\t<span class=\"elementor-icon-list-text\">II F\u00f2rum Ol\u00edmpic (novembre 1997) \"Esport Ol\u00edmpic\"<\/span>\n\t\t\t\t\t\t\t\t\t\t\t<\/a>\n\t\t\t\t\t\t\t\t\t<\/li>\n\t\t\t\t\t\t\t\t<li class=\"elementor-icon-list-item\">\n\t\t\t\t\t\t\t\t\t\t\t<a href=\"http:\/\/www.museuolimpicbcn.cat\/upload\/forum-03_1999_concl_ca.pdf\" target=\"_blank\" rel=\"nofollow\">\n\n\t\t\t\t\t\t\t\t\t\t\t<span class=\"elementor-icon-list-text\">III F\u00f2rum Ol\u00edmpic (novembre 1999) \"Esport i Dones\"<\/span>\n\t\t\t\t\t\t\t\t\t\t\t<\/a>\n\t\t\t\t\t\t\t\t\t<\/li>\n\t\t\t\t\t\t\t\t<li class=\"elementor-icon-list-item\">\n\t\t\t\t\t\t\t\t\t\t\t<a href=\"http:\/\/www.museuolimpicbcn.cat\/upload\/forum-04_2001_ponenc-concl_ca-es.pdf\" target=\"_blank\" rel=\"nofollow\">\n\n\t\t\t\t\t\t\t\t\t\t\t<span class=\"elementor-icon-list-text\">IV F\u00f2rum Ol\u00edmpic (novembre 2001) \"Esport Adaptat\"<\/span>\n\t\t\t\t\t\t\t\t\t\t\t<\/a>\n\t\t\t\t\t\t\t\t\t<\/li>\n\t\t\t\t\t\t\t\t<li class=\"elementor-icon-list-item\">\n\t\t\t\t\t\t\t\t\t\t\t<a href=\"http:\/\/www.museuolimpicbcn.cat\/upload\/forum-05_2003_ponenc-concl_ca-es.pdf\" target=\"_blank\" rel=\"nofollow\">\n\n\t\t\t\t\t\t\t\t\t\t\t<span class=\"elementor-icon-list-text\">V F\u00f2rum Ol\u00edmpic (novembre 2003) \"Dopatge en l'Esport\"<\/span>\n\t\t\t\t\t\t\t\t\t\t\t<\/a>\n\t\t\t\t\t\t\t\t\t<\/li>\n\t\t\t\t\t\t\t\t<li class=\"elementor-icon-list-item\">\n\t\t\t\t\t\t\t\t\t\t\t<a href=\"http:\/\/www.museuolimpicbcn.cat\/upload\/forum-06_2005_progr-concl_ca-es.pdf\" target=\"_blank\" rel=\"nofollow\">\n\n\t\t\t\t\t\t\t\t\t\t\t<span class=\"elementor-icon-list-text\">VI F\u00f2rum Ol\u00edmpic (novembre 2005) \"Esport Escolar\"<\/span>\n\t\t\t\t\t\t\t\t\t\t\t<\/a>\n\t\t\t\t\t\t\t\t\t<\/li>\n\t\t\t\t\t\t\t\t<li class=\"elementor-icon-list-item\">\n\t\t\t\t\t\t\t\t\t\t\t<a href=\"http:\/\/www.museuolimpicbcn.cat\/upload\/forum-07_2007_progr-concl_ca-es.pdf\" target=\"_blank\" rel=\"nofollow\">\n\n\t\t\t\t\t\t\t\t\t\t\t<span class=\"elementor-icon-list-text\">VII F\u00f2rum Ol\u00edmpic (novembre 2007) \"Esport i Medi Ambient\"<\/span>\n\t\t\t\t\t\t\t\t\t\t\t<\/a>\n\t\t\t\t\t\t\t\t\t<\/li>\n\t\t\t\t\t\t\t\t<li class=\"elementor-icon-list-item\">\n\t\t\t\t\t\t\t\t\t\t\t<a href=\"http:\/\/www.museuolimpicbcn.cat\/upload\/forum-08_2009_progr-concl_ca-es.pdf\" target=\"_blank\" rel=\"nofollow\">\n\n\t\t\t\t\t\t\t\t\t\t\t<span class=\"elementor-icon-list-text\">VIII F\u00f2rum Ol\u00edmpic (novembre 2009) \"Esport i immigraci\u00f3\"<\/span>\n\t\t\t\t\t\t\t\t\t\t\t<\/a>\n\t\t\t\t\t\t\t\t\t<\/li>\n\t\t\t\t\t\t\t\t<li class=\"elementor-icon-list-item\">\n\t\t\t\t\t\t\t\t\t\t\t<a href=\"http:\/\/www.museuolimpicbcn.cat\/upload\/forum-09_2011_progr_ca-es.pdf\" target=\"_blank\" rel=\"nofollow\">\n\n\t\t\t\t\t\t\t\t\t\t\t<span class=\"elementor-icon-list-text\">IX F\u00f2rum Ol\u00edmpic (octubre 2011) \"Esport i Salut\"<\/span>\n\t\t\t\t\t\t\t\t\t\t\t<\/a>\n\t\t\t\t\t\t\t\t\t<\/li>\n\t\t\t\t\t\t\t\t<li class=\"elementor-icon-list-item\">\n\t\t\t\t\t\t\t\t\t\t\t<a href=\"http:\/\/www.museuolimpicbcn.cat\/upload\/forum-10_2013_progr-concl_ca-es.pdf\" target=\"_blank\" rel=\"nofollow\">\n\n\t\t\t\t\t\t\t\t\t\t\t<span class=\"elementor-icon-list-text\">X F\u00f2rum Ol\u00edmpic (17 i 18 d'octubre 2013) \"Esport i Economia: Models de Futur\"<\/span>\n\t\t\t\t\t\t\t\t\t\t\t<\/a>\n\t\t\t\t\t\t\t\t\t<\/li>\n\t\t\t\t\t\t\t\t<li class=\"elementor-icon-list-item\">\n\t\t\t\t\t\t\t\t\t\t\t<a href=\"http:\/\/www.museuolimpicbcn.cat\/upload\/forum11_DOSSIER-baixa.pdf\" target=\"_blank\" rel=\"nofollow\">\n\n\t\t\t\t\t\t\t\t\t\t\t<span class=\"elementor-icon-list-text\">XI F\u00f2rum Ol\u00edmpic (15 i 16 d'octubre 2015) \"Noves Tecnologies i l'Esport\"<\/span>\n\t\t\t\t\t\t\t\t\t\t\t<\/a>\n\t\t\t\t\t\t\t\t\t<\/li>\n\t\t\t\t\t\t\t\t<li class=\"elementor-icon-list-item\">\n\t\t\t\t\t\t\t\t\t\t\t<a href=\"http:\/\/www.fundaciobarcelonaolimpica.es\/contenido.asp?id=21&#038;url=contenido_amplia.asp?id_seccion=113\" target=\"_blank\" rel=\"nofollow\">\n\n\t\t\t\t\t\t\t\t\t\t\t<span class=\"elementor-icon-list-text\">XII F\u00f2rum Ol\u00edmpic (26 i 27 d'octubre 2017) \"25 Aniversari Barcelona 92\"<\/span>\n\t\t\t\t\t\t\t\t\t\t\t<\/a>\n\t\t\t\t\t\t\t\t\t<\/li>\n\t\t\t\t\t\t<\/ul>\n\t\t\t\t\t\t<\/div>\n\t\t\t\t<\/div>\n\t\t\t\t\t<\/div>\n\t\t<\/div>\n\t\t\t\t\t<\/div>\n\t\t<\/section>\n\t\t\t\t\t<\/div>\n\t\t<\/div>\n\t\t\t\t\t<\/div>\n\t\t<\/section>\n\t\t\t\t<\/div>\n\t\t","protected":false},"excerpt":{"rendered":"<p>L\u2019impacte dels esports i les disciplines emergents en un m\u00f3n global XIII F\u00d2RUM OL\u00cdMPIC &#8211; 15 16 OCT. En aquesta tretzena edici\u00f3, el F\u00f2rum Ol\u00edmpic abordar\u00e0 els temes dels esports emergents i del seu impacte sobre la celebraci\u00f3 de grans esdeveniments, la modificaci\u00f3 d\u2019esports i disciplines o la concepci\u00f3 de qu\u00e8 podem considerar un esport. [&hellip;]<\/p>\n","protected":false},"author":6,"featured_media":0,"parent":0,"menu_order":0,"comment_status":"closed","ping_status":"closed","template":"","meta":{"_acf_changed":false,"footnotes":""},"class_list":["post-7466","page","type-page","status-publish","hentry"],"acf":[],"yoast_head":"<!-- This site is optimized with the Yoast SEO plugin v23.7 - https:\/\/yoast.com\/wordpress\/plugins\/seo\/ -->\n<title>F\u00f2rum Ol\u00edmpic 2019 - Fundaci\u00f3 Barcelona Ol\u00edmpica<\/title>\n<meta name=\"robots\" content=\"index, follow, max-snippet:-1, max-image-preview:large, max-video-preview:-1\" \/>\n<link rel=\"canonical\" href=\"https:\/\/www.fundaciobarcelonaolimpica.es\/ca\/forum-olimpic-2019\/\" \/>\n<meta property=\"og:locale\" content=\"ca_ES\" \/>\n<meta property=\"og:type\" content=\"article\" \/>\n<meta property=\"og:title\" content=\"F\u00f2rum Ol\u00edmpic 2019 - Fundaci\u00f3 Barcelona Ol\u00edmpica\" \/>\n<meta property=\"og:description\" content=\"L\u2019impacte dels esports i les disciplines emergents en un m\u00f3n global XIII F\u00d2RUM OL\u00cdMPIC &#8211; 15 16 OCT. En aquesta tretzena edici\u00f3, el F\u00f2rum Ol\u00edmpic abordar\u00e0 els temes dels esports emergents i del seu impacte sobre la celebraci\u00f3 de grans esdeveniments, la modificaci\u00f3 d\u2019esports i disciplines o la concepci\u00f3 de qu\u00e8 podem considerar un esport. [&hellip;]\" \/>\n<meta property=\"og:url\" content=\"https:\/\/www.fundaciobarcelonaolimpica.es\/ca\/forum-olimpic-2019\/\" \/>\n<meta property=\"og:site_name\" content=\"Fundaci\u00f3 Barcelona Ol\u00edmpica\" \/>\n<meta property=\"article:modified_time\" content=\"2021-03-01T13:34:13+00:00\" \/>\n<meta property=\"og:image\" content=\"https:\/\/www.fundaciobarcelonaolimpica.es\/wp-content\/uploads\/sites\/3\/2019\/06\/img_hero.jpg\" \/>\n\t<meta property=\"og:image:width\" content=\"1200\" \/>\n\t<meta property=\"og:image:height\" content=\"345\" \/>\n\t<meta property=\"og:image:type\" content=\"image\/jpeg\" \/>\n<meta name=\"twitter:card\" content=\"summary_large_image\" \/>\n<meta name=\"twitter:label1\" content=\"Temps estimat de lectura\" \/>\n\t<meta name=\"twitter:data1\" content=\"2 minuts\" \/>\n<script type=\"application\/ld+json\" class=\"yoast-schema-graph\">{\"@context\":\"https:\/\/schema.org\",\"@graph\":[{\"@type\":\"WebPage\",\"@id\":\"https:\/\/www.fundaciobarcelonaolimpica.es\/ca\/forum-olimpic-2019\/\",\"url\":\"https:\/\/www.fundaciobarcelonaolimpica.es\/ca\/forum-olimpic-2019\/\",\"name\":\"F\u00f2rum Ol\u00edmpic 2019 - Fundaci\u00f3 Barcelona Ol\u00edmpica\",\"isPartOf\":{\"@id\":\"https:\/\/www.fundaciobarcelonaolimpica.es\/ca\/#website\"},\"primaryImageOfPage\":{\"@id\":\"https:\/\/www.fundaciobarcelonaolimpica.es\/ca\/forum-olimpic-2019\/#primaryimage\"},\"image\":{\"@id\":\"https:\/\/www.fundaciobarcelonaolimpica.es\/ca\/forum-olimpic-2019\/#primaryimage\"},\"thumbnailUrl\":\"https:\/\/www.fundaciobarcelonaolimpica.es\/wp-content\/uploads\/sites\/3\/2019\/06\/img_hero-1024x294.jpg\",\"datePublished\":\"2019-06-26T14:49:44+00:00\",\"dateModified\":\"2021-03-01T13:34:13+00:00\",\"breadcrumb\":{\"@id\":\"https:\/\/www.fundaciobarcelonaolimpica.es\/ca\/forum-olimpic-2019\/#breadcrumb\"},\"inLanguage\":\"ca\",\"potentialAction\":[{\"@type\":\"ReadAction\",\"target\":[\"https:\/\/www.fundaciobarcelonaolimpica.es\/ca\/forum-olimpic-2019\/\"]}]},{\"@type\":\"ImageObject\",\"inLanguage\":\"ca\",\"@id\":\"https:\/\/www.fundaciobarcelonaolimpica.es\/ca\/forum-olimpic-2019\/#primaryimage\",\"url\":\"https:\/\/www.fundaciobarcelonaolimpica.es\/wp-content\/uploads\/sites\/3\/2019\/06\/img_hero-1024x294.jpg\",\"contentUrl\":\"https:\/\/www.fundaciobarcelonaolimpica.es\/wp-content\/uploads\/sites\/3\/2019\/06\/img_hero-1024x294.jpg\"},{\"@type\":\"BreadcrumbList\",\"@id\":\"https:\/\/www.fundaciobarcelonaolimpica.es\/ca\/forum-olimpic-2019\/#breadcrumb\",\"itemListElement\":[{\"@type\":\"ListItem\",\"position\":1,\"name\":\"FBO\",\"item\":\"https:\/\/www.fundaciobarcelonaolimpica.es\/es\/\"},{\"@type\":\"ListItem\",\"position\":2,\"name\":\"F\u00f2rum Ol\u00edmpic 2019\"}]},{\"@type\":\"WebSite\",\"@id\":\"https:\/\/www.fundaciobarcelonaolimpica.es\/ca\/#website\",\"url\":\"https:\/\/www.fundaciobarcelonaolimpica.es\/ca\/\",\"name\":\"Fundaci\u00f3 Barcelona Ol\u00edmpica\",\"description\":\"Web del Museu Ol\u00edmpic i de l&#039;Esport\",\"publisher\":{\"@id\":\"https:\/\/www.fundaciobarcelonaolimpica.es\/ca\/#organization\"},\"potentialAction\":[{\"@type\":\"SearchAction\",\"target\":{\"@type\":\"EntryPoint\",\"urlTemplate\":\"https:\/\/www.fundaciobarcelonaolimpica.es\/ca\/?s={search_term_string}\"},\"query-input\":{\"@type\":\"PropertyValueSpecification\",\"valueRequired\":true,\"valueName\":\"search_term_string\"}}],\"inLanguage\":\"ca\"},{\"@type\":\"Organization\",\"@id\":\"https:\/\/www.fundaciobarcelonaolimpica.es\/ca\/#organization\",\"name\":\"Fundaci\u00f3 Barcelona Ol\u00edmpica\",\"url\":\"https:\/\/www.fundaciobarcelonaolimpica.es\/ca\/\",\"logo\":{\"@type\":\"ImageObject\",\"inLanguage\":\"ca\",\"@id\":\"https:\/\/www.fundaciobarcelonaolimpica.es\/ca\/#\/schema\/logo\/image\/\",\"url\":\"https:\/\/www.fundaciobarcelonaolimpica.es\/wp-content\/uploads\/sites\/3\/2019\/02\/logo-fundacio.svg\",\"contentUrl\":\"https:\/\/www.fundaciobarcelonaolimpica.es\/wp-content\/uploads\/sites\/3\/2019\/02\/logo-fundacio.svg\",\"caption\":\"Fundaci\u00f3 Barcelona Ol\u00edmpica\"},\"image\":{\"@id\":\"https:\/\/www.fundaciobarcelonaolimpica.es\/ca\/#\/schema\/logo\/image\/\"}}]}<\/script>\n<!-- \/ Yoast SEO plugin. -->","yoast_head_json":{"title":"F\u00f2rum Ol\u00edmpic 2019 - Fundaci\u00f3 Barcelona Ol\u00edmpica","robots":{"index":"index","follow":"follow","max-snippet":"max-snippet:-1","max-image-preview":"max-image-preview:large","max-video-preview":"max-video-preview:-1"},"canonical":"https:\/\/www.fundaciobarcelonaolimpica.es\/ca\/forum-olimpic-2019\/","og_locale":"ca_ES","og_type":"article","og_title":"F\u00f2rum Ol\u00edmpic 2019 - Fundaci\u00f3 Barcelona Ol\u00edmpica","og_description":"L\u2019impacte dels esports i les disciplines emergents en un m\u00f3n global XIII F\u00d2RUM OL\u00cdMPIC &#8211; 15 16 OCT. En aquesta tretzena edici\u00f3, el F\u00f2rum Ol\u00edmpic abordar\u00e0 els temes dels esports emergents i del seu impacte sobre la celebraci\u00f3 de grans esdeveniments, la modificaci\u00f3 d\u2019esports i disciplines o la concepci\u00f3 de qu\u00e8 podem considerar un esport. [&hellip;]","og_url":"https:\/\/www.fundaciobarcelonaolimpica.es\/ca\/forum-olimpic-2019\/","og_site_name":"Fundaci\u00f3 Barcelona Ol\u00edmpica","article_modified_time":"2021-03-01T13:34:13+00:00","og_image":[{"width":1200,"height":345,"url":"https:\/\/www.fundaciobarcelonaolimpica.es\/wp-content\/uploads\/sites\/3\/2019\/06\/img_hero.jpg","type":"image\/jpeg"}],"twitter_card":"summary_large_image","twitter_misc":{"Temps estimat de lectura":"2 minuts"},"schema":{"@context":"https:\/\/schema.org","@graph":[{"@type":"WebPage","@id":"https:\/\/www.fundaciobarcelonaolimpica.es\/ca\/forum-olimpic-2019\/","url":"https:\/\/www.fundaciobarcelonaolimpica.es\/ca\/forum-olimpic-2019\/","name":"F\u00f2rum Ol\u00edmpic 2019 - Fundaci\u00f3 Barcelona Ol\u00edmpica","isPartOf":{"@id":"https:\/\/www.fundaciobarcelonaolimpica.es\/ca\/#website"},"primaryImageOfPage":{"@id":"https:\/\/www.fundaciobarcelonaolimpica.es\/ca\/forum-olimpic-2019\/#primaryimage"},"image":{"@id":"https:\/\/www.fundaciobarcelonaolimpica.es\/ca\/forum-olimpic-2019\/#primaryimage"},"thumbnailUrl":"https:\/\/www.fundaciobarcelonaolimpica.es\/wp-content\/uploads\/sites\/3\/2019\/06\/img_hero-1024x294.jpg","datePublished":"2019-06-26T14:49:44+00:00","dateModified":"2021-03-01T13:34:13+00:00","breadcrumb":{"@id":"https:\/\/www.fundaciobarcelonaolimpica.es\/ca\/forum-olimpic-2019\/#breadcrumb"},"inLanguage":"ca","potentialAction":[{"@type":"ReadAction","target":["https:\/\/www.fundaciobarcelonaolimpica.es\/ca\/forum-olimpic-2019\/"]}]},{"@type":"ImageObject","inLanguage":"ca","@id":"https:\/\/www.fundaciobarcelonaolimpica.es\/ca\/forum-olimpic-2019\/#primaryimage","url":"https:\/\/www.fundaciobarcelonaolimpica.es\/wp-content\/uploads\/sites\/3\/2019\/06\/img_hero-1024x294.jpg","contentUrl":"https:\/\/www.fundaciobarcelonaolimpica.es\/wp-content\/uploads\/sites\/3\/2019\/06\/img_hero-1024x294.jpg"},{"@type":"BreadcrumbList","@id":"https:\/\/www.fundaciobarcelonaolimpica.es\/ca\/forum-olimpic-2019\/#breadcrumb","itemListElement":[{"@type":"ListItem","position":1,"name":"FBO","item":"https:\/\/www.fundaciobarcelonaolimpica.es\/es\/"},{"@type":"ListItem","position":2,"name":"F\u00f2rum Ol\u00edmpic 2019"}]},{"@type":"WebSite","@id":"https:\/\/www.fundaciobarcelonaolimpica.es\/ca\/#website","url":"https:\/\/www.fundaciobarcelonaolimpica.es\/ca\/","name":"Fundaci\u00f3 Barcelona Ol\u00edmpica","description":"Web del Museu Ol\u00edmpic i de l&#039;Esport","publisher":{"@id":"https:\/\/www.fundaciobarcelonaolimpica.es\/ca\/#organization"},"potentialAction":[{"@type":"SearchAction","target":{"@type":"EntryPoint","urlTemplate":"https:\/\/www.fundaciobarcelonaolimpica.es\/ca\/?s={search_term_string}"},"query-input":{"@type":"PropertyValueSpecification","valueRequired":true,"valueName":"search_term_string"}}],"inLanguage":"ca"},{"@type":"Organization","@id":"https:\/\/www.fundaciobarcelonaolimpica.es\/ca\/#organization","name":"Fundaci\u00f3 Barcelona Ol\u00edmpica","url":"https:\/\/www.fundaciobarcelonaolimpica.es\/ca\/","logo":{"@type":"ImageObject","inLanguage":"ca","@id":"https:\/\/www.fundaciobarcelonaolimpica.es\/ca\/#\/schema\/logo\/image\/","url":"https:\/\/www.fundaciobarcelonaolimpica.es\/wp-content\/uploads\/sites\/3\/2019\/02\/logo-fundacio.svg","contentUrl":"https:\/\/www.fundaciobarcelonaolimpica.es\/wp-content\/uploads\/sites\/3\/2019\/02\/logo-fundacio.svg","caption":"Fundaci\u00f3 Barcelona Ol\u00edmpica"},"image":{"@id":"https:\/\/www.fundaciobarcelonaolimpica.es\/ca\/#\/schema\/logo\/image\/"}}]}},"_links":{"self":[{"href":"https:\/\/www.fundaciobarcelonaolimpica.es\/ca\/wp-json\/wp\/v2\/pages\/7466"}],"collection":[{"href":"https:\/\/www.fundaciobarcelonaolimpica.es\/ca\/wp-json\/wp\/v2\/pages"}],"about":[{"href":"https:\/\/www.fundaciobarcelonaolimpica.es\/ca\/wp-json\/wp\/v2\/types\/page"}],"author":[{"embeddable":true,"href":"https:\/\/www.fundaciobarcelonaolimpica.es\/ca\/wp-json\/wp\/v2\/users\/6"}],"replies":[{"embeddable":true,"href":"https:\/\/www.fundaciobarcelonaolimpica.es\/ca\/wp-json\/wp\/v2\/comments?post=7466"}],"version-history":[{"count":16,"href":"https:\/\/www.fundaciobarcelonaolimpica.es\/ca\/wp-json\/wp\/v2\/pages\/7466\/revisions"}],"predecessor-version":[{"id":21779,"href":"https:\/\/www.fundaciobarcelonaolimpica.es\/ca\/wp-json\/wp\/v2\/pages\/7466\/revisions\/21779"}],"wp:attachment":[{"href":"https:\/\/www.fundaciobarcelonaolimpica.es\/ca\/wp-json\/wp\/v2\/media?parent=7466"}],"curies":[{"name":"wp","href":"https:\/\/api.w.org\/{rel}","templated":true}]}}