{"id":7649,"date":"2019-06-27T16:04:40","date_gmt":"2019-06-27T14:04:40","guid":{"rendered":"https:\/\/dev.fbolimpica.es\/forum-olimpic\/"},"modified":"2026-01-16T12:32:02","modified_gmt":"2026-01-16T11:32:02","slug":"forum-olimpic","status":"publish","type":"page","link":"https:\/\/www.fundaciobarcelonaolimpica.es\/ca\/forum-olimpic\/","title":{"rendered":"F\u00f2rum Ol\u00edmpic"},"content":{"rendered":"\t\t<div data-elementor-type=\"wp-post\" data-elementor-id=\"7649\" class=\"elementor elementor-7649 elementor-737\" data-elementor-post-type=\"page\">\n\t\t\t\t\t\t<section class=\"elementor-section elementor-top-section elementor-element elementor-element-61b557aa fbo-activi--interna elementor-section-boxed elementor-section-height-default elementor-section-height-default\" data-id=\"61b557aa\" data-element_type=\"section\">\n\t\t\t\t\t\t<div class=\"elementor-container elementor-column-gap-default\">\n\t\t\t\t\t<div class=\"elementor-column elementor-col-100 elementor-top-column elementor-element elementor-element-3ec86953\" data-id=\"3ec86953\" data-element_type=\"column\">\n\t\t\t<div class=\"elementor-widget-wrap elementor-element-populated\">\n\t\t\t\t\t\t<section class=\"elementor-section elementor-inner-section elementor-element elementor-element-25fa6222 fbo-content--intro elementor-section-boxed elementor-section-height-default elementor-section-height-default\" data-id=\"25fa6222\" data-element_type=\"section\">\n\t\t\t\t\t\t<div class=\"elementor-container elementor-column-gap-no\">\n\t\t\t\t\t<div class=\"elementor-column elementor-col-33 elementor-inner-column elementor-element elementor-element-2f84d9d3\" data-id=\"2f84d9d3\" data-element_type=\"column\">\n\t\t\t<div class=\"elementor-widget-wrap elementor-element-populated\">\n\t\t\t\t\t\t<div class=\"elementor-element elementor-element-430b5a2 elementor-invisible elementor-widget elementor-widget-image\" data-id=\"430b5a2\" data-element_type=\"widget\" data-settings=\"{&quot;_animation&quot;:&quot;bounceIn&quot;}\" data-widget_type=\"image.default\">\n\t\t\t\t<div class=\"elementor-widget-container\">\n\t\t\t\t\t\t\t\t\t\t\t\t\t\t\t<img fetchpriority=\"high\" decoding=\"async\" width=\"519\" height=\"337\" src=\"https:\/\/www.fundaciobarcelonaolimpica.es\/wp-content\/uploads\/sites\/3\/2019\/03\/LOGO-FORUM-COLOR-copia.png\" class=\"attachment-large size-large wp-image-28226\" alt=\"\" srcset=\"https:\/\/www.fundaciobarcelonaolimpica.es\/wp-content\/uploads\/sites\/3\/2019\/03\/LOGO-FORUM-COLOR-copia.png 519w, https:\/\/www.fundaciobarcelonaolimpica.es\/wp-content\/uploads\/sites\/3\/2019\/03\/LOGO-FORUM-COLOR-copia-300x195.png 300w\" sizes=\"(max-width: 519px) 100vw, 519px\" \/>\t\t\t\t\t\t\t\t\t\t\t\t\t\t\t<\/div>\n\t\t\t\t<\/div>\n\t\t\t\t<div class=\"elementor-element elementor-element-ab992b2 elementor-invisible elementor-widget elementor-widget-image\" data-id=\"ab992b2\" data-element_type=\"widget\" data-settings=\"{&quot;_animation&quot;:&quot;bounceIn&quot;}\" data-widget_type=\"image.default\">\n\t\t\t\t<div class=\"elementor-widget-container\">\n\t\t\t\t\t\t\t\t\t\t\t\t\t\t\t<img decoding=\"async\" width=\"1216\" height=\"1002\" src=\"https:\/\/www.fundaciobarcelonaolimpica.es\/wp-content\/uploads\/sites\/3\/2025\/08\/CAT-Forum-olimpic-16.png\" class=\"attachment-full size-full wp-image-31088\" alt=\"\" srcset=\"https:\/\/www.fundaciobarcelonaolimpica.es\/wp-content\/uploads\/sites\/3\/2025\/08\/CAT-Forum-olimpic-16.png 1216w, https:\/\/www.fundaciobarcelonaolimpica.es\/wp-content\/uploads\/sites\/3\/2025\/08\/CAT-Forum-olimpic-16-300x247.png 300w, https:\/\/www.fundaciobarcelonaolimpica.es\/wp-content\/uploads\/sites\/3\/2025\/08\/CAT-Forum-olimpic-16-1024x844.png 1024w, https:\/\/www.fundaciobarcelonaolimpica.es\/wp-content\/uploads\/sites\/3\/2025\/08\/CAT-Forum-olimpic-16-768x633.png 768w\" sizes=\"(max-width: 1216px) 100vw, 1216px\" \/>\t\t\t\t\t\t\t\t\t\t\t\t\t\t\t<\/div>\n\t\t\t\t<\/div>\n\t\t\t\t\t<\/div>\n\t\t<\/div>\n\t\t\t\t<div class=\"elementor-column elementor-col-66 elementor-inner-column elementor-element elementor-element-11e8eea\" data-id=\"11e8eea\" data-element_type=\"column\">\n\t\t\t<div class=\"elementor-widget-wrap elementor-element-populated\">\n\t\t\t\t\t\t<div class=\"elementor-element elementor-element-6e69381 elementor-widget elementor-widget-text-editor\" data-id=\"6e69381\" data-element_type=\"widget\" data-widget_type=\"text-editor.default\">\n\t\t\t\t<div class=\"elementor-widget-container\">\n\t\t\t\t\t\t\t\t\t<div class=\"elementor-element elementor-element-0982956 elementor-widget elementor-widget-text-editor\" data-id=\"0982956\" data-element_type=\"widget\" data-widget_type=\"text-editor.default\">\n<div class=\"elementor-widget-container\">\n<div class=\"elementor-text-editor elementor-clearfix\">\n<p>El F\u00f2rum Ol\u00edmpic s\u00f3n unes jornades que s\u2019organitzen bianualment des de 1995. Consisteixen en una s\u00e8rie de sessions amb l\u2019objectiu de reflexionar sobre una tem\u00e0tica actual en relaci\u00f3 a l\u2019esport, amb la finalitat de trobar vies de soluci\u00f3.<\/p>\n<p>Dirigit a entitats esportives, federacions i clubs esportius, diputacions, consells comarcals, ajuntaments, investigadors, empreses privades i p\u00fabliques esportives, emprenedors, esportistes, representants, entre altres.&nbsp;<\/p><p><br><\/p>\n<\/div>\n<\/div>\n<\/div>\t\t\t\t\t\t\t\t<\/div>\n\t\t\t\t<\/div>\n\t\t\t\t<div class=\"elementor-element elementor-element-a1e9fcb elementor-widget elementor-widget-text-editor\" data-id=\"a1e9fcb\" data-element_type=\"widget\" data-widget_type=\"text-editor.default\">\n\t\t\t\t<div class=\"elementor-widget-container\">\n\t\t\t\t\t\t\t\t\t<div class=\"elementor-element elementor-element-0982956 elementor-widget elementor-widget-text-editor\"><div class=\"elementor-widget-container\"><div class=\"elementor-text-editor elementor-clearfix\"><h2 class=\"elementor-heading-title elementor-size-default\">El futur dels grans esdeveniments esportius<\/h2><div class=\"elementor-element elementor-element-6e69381 elementor-widget elementor-widget-text-editor\" data-id=\"6e69381\" data-element_type=\"widget\" data-widget_type=\"text-editor.default\"><div class=\"elementor-widget-container\"><div class=\"elementor-text-editor elementor-clearfix\"><h3>14 i 15 gener<\/h3><h3>El XVI F\u00f2rum Ol\u00edmpic \u2013 Memorial Rom\u00e0 Cuy\u00e0s reunir\u00e0 figures de l\u2019esport per debatre els reptes dels grans esdeveniments esportius, la psicologia en l\u2019alt rendiment, la comunicaci\u00f3 esportiva i el futur de l\u2019olimpisme. Un espai de refer\u00e8ncia per reflexionar sobre l\u2019esport i l\u2019olimpisme.\u00a0<\/h3><\/div><\/div><\/div><\/div><\/div><\/div>\t\t\t\t\t\t\t\t<\/div>\n\t\t\t\t<\/div>\n\t\t\t\t<div class=\"elementor-element elementor-element-2aa874e btn btn--border elementor-align-center elementor-widget elementor-widget-button\" data-id=\"2aa874e\" data-element_type=\"widget\" data-widget_type=\"button.default\">\n\t\t\t\t<div class=\"elementor-widget-container\">\n\t\t\t\t\t\t\t\t\t<div class=\"elementor-button-wrapper\">\n\t\t\t\t\t<a class=\"elementor-button elementor-button-link elementor-size-sm\" href=\"https:\/\/www.fundaciobarcelonaolimpica.es\/ca\/forum-olimpic-2026-el-futur-dels-grands-esdevenimets-esportius\/\">\n\t\t\t\t\t\t<span class=\"elementor-button-content-wrapper\">\n\t\t\t\t\t\t\t\t\t<span class=\"elementor-button-text\">Programa 2026<\/span>\n\t\t\t\t\t<\/span>\n\t\t\t\t\t<\/a>\n\t\t\t\t<\/div>\n\t\t\t\t\t\t\t\t<\/div>\n\t\t\t\t<\/div>\n\t\t\t\t\t<\/div>\n\t\t<\/div>\n\t\t\t\t\t<\/div>\n\t\t<\/section>\n\t\t\t\t\t<\/div>\n\t\t<\/div>\n\t\t\t\t\t<\/div>\n\t\t<\/section>\n\t\t\t\t<section class=\"elementor-section elementor-top-section elementor-element elementor-element-9364357 fbo-list--descarga l-padding--bottom elementor-section-boxed elementor-section-height-default elementor-section-height-default\" data-id=\"9364357\" data-element_type=\"section\">\n\t\t\t\t\t\t<div class=\"elementor-container elementor-column-gap-default\">\n\t\t\t\t\t<div class=\"elementor-column elementor-col-100 elementor-top-column elementor-element elementor-element-b2ef5ed\" data-id=\"b2ef5ed\" data-element_type=\"column\">\n\t\t\t<div class=\"elementor-widget-wrap elementor-element-populated\">\n\t\t\t\t\t\t<section class=\"elementor-section elementor-inner-section elementor-element elementor-element-de06062 elementor-section-boxed elementor-section-height-default elementor-section-height-default\" data-id=\"de06062\" data-element_type=\"section\">\n\t\t\t\t\t\t<div class=\"elementor-container elementor-column-gap-default\">\n\t\t\t\t\t<div class=\"elementor-column elementor-col-100 elementor-inner-column elementor-element elementor-element-fdaffae\" data-id=\"fdaffae\" data-element_type=\"column\">\n\t\t\t<div class=\"elementor-widget-wrap elementor-element-populated\">\n\t\t\t\t\t\t<div class=\"elementor-element elementor-element-1762a71e elementor-widget elementor-widget-heading\" data-id=\"1762a71e\" data-element_type=\"widget\" data-widget_type=\"heading.default\">\n\t\t\t\t<div class=\"elementor-widget-container\">\n\t\t\t\t\t<h3 class=\"elementor-heading-title elementor-size-default\">Hist\u00f2ric de F\u00f2rums<\/h3>\t\t\t\t<\/div>\n\t\t\t\t<\/div>\n\t\t\t\t\t<\/div>\n\t\t<\/div>\n\t\t\t\t\t<\/div>\n\t\t<\/section>\n\t\t\t\t<section class=\"elementor-section elementor-inner-section elementor-element elementor-element-5be9c7c elementor-section-boxed elementor-section-height-default elementor-section-height-default\" data-id=\"5be9c7c\" data-element_type=\"section\">\n\t\t\t\t\t\t<div class=\"elementor-container elementor-column-gap-default\">\n\t\t\t\t\t<div class=\"elementor-column elementor-col-100 elementor-inner-column elementor-element elementor-element-d4725e5\" data-id=\"d4725e5\" data-element_type=\"column\">\n\t\t\t<div class=\"elementor-widget-wrap elementor-element-populated\">\n\t\t\t\t\t\t<div class=\"elementor-element elementor-element-aeca87d elementor-align-left elementor-icon-list--layout-traditional elementor-list-item-link-full_width elementor-widget elementor-widget-icon-list\" data-id=\"aeca87d\" data-element_type=\"widget\" data-widget_type=\"icon-list.default\">\n\t\t\t\t<div class=\"elementor-widget-container\">\n\t\t\t\t\t\t\t<ul class=\"elementor-icon-list-items\">\n\t\t\t\t\t\t\t<li class=\"elementor-icon-list-item\">\n\t\t\t\t\t\t\t\t\t\t\t<a href=\"http:\/\/www.museuolimpicbcn.cat\/wp-content\/uploads\/sites\/3\/2019\/10\/forum-01_1995_ponenc-concl_ca-es.pdf\" target=\"_blank\" rel=\"nofollow\">\n\n\t\t\t\t\t\t\t\t\t\t\t<span class=\"elementor-icon-list-text\">I F\u00f2rum Ol\u00edmpic (novembre 1995) \"Forum Ol\u00edmpic\"<\/span>\n\t\t\t\t\t\t\t\t\t\t\t<\/a>\n\t\t\t\t\t\t\t\t\t<\/li>\n\t\t\t\t\t\t\t\t<li class=\"elementor-icon-list-item\">\n\t\t\t\t\t\t\t\t\t\t\t<a href=\"http:\/\/www.museuolimpicbcn.cat\/wp-content\/uploads\/sites\/3\/2019\/10\/forum-02_1997_concl_es.pdf\" target=\"_blank\" rel=\"nofollow\">\n\n\t\t\t\t\t\t\t\t\t\t\t<span class=\"elementor-icon-list-text\">II F\u00f2rum Ol\u00edmpic (novembre 1997) \"Esport Ol\u00edmpic\"<\/span>\n\t\t\t\t\t\t\t\t\t\t\t<\/a>\n\t\t\t\t\t\t\t\t\t<\/li>\n\t\t\t\t\t\t\t\t<li class=\"elementor-icon-list-item\">\n\t\t\t\t\t\t\t\t\t\t\t<a href=\"http:\/\/www.museuolimpicbcn.cat\/wp-content\/uploads\/sites\/3\/2019\/10\/forum-03_1999_concl_ca.pdf\" target=\"_blank\" rel=\"nofollow\">\n\n\t\t\t\t\t\t\t\t\t\t\t<span class=\"elementor-icon-list-text\">III F\u00f2rum Ol\u00edmpic (novembre 1999) \"Esport i Dones\"<\/span>\n\t\t\t\t\t\t\t\t\t\t\t<\/a>\n\t\t\t\t\t\t\t\t\t<\/li>\n\t\t\t\t\t\t\t\t<li class=\"elementor-icon-list-item\">\n\t\t\t\t\t\t\t\t\t\t\t<a href=\"http:\/\/www.museuolimpicbcn.cat\/wp-content\/uploads\/sites\/3\/2019\/10\/forum-04_2001_ponenc-concl_ca-es.pdf\" target=\"_blank\" rel=\"nofollow\">\n\n\t\t\t\t\t\t\t\t\t\t\t<span class=\"elementor-icon-list-text\">IV F\u00f2rum Ol\u00edmpic (novembre 2001) \"Esport Adaptat\"<\/span>\n\t\t\t\t\t\t\t\t\t\t\t<\/a>\n\t\t\t\t\t\t\t\t\t<\/li>\n\t\t\t\t\t\t\t\t<li class=\"elementor-icon-list-item\">\n\t\t\t\t\t\t\t\t\t\t\t<a href=\"http:\/\/www.museuolimpicbcn.cat\/wp-content\/uploads\/sites\/3\/2019\/10\/forum-05_2003_ponenc-concl_ca-es.pdf\" target=\"_blank\" rel=\"nofollow\">\n\n\t\t\t\t\t\t\t\t\t\t\t<span class=\"elementor-icon-list-text\">V F\u00f2rum Ol\u00edmpic (novembre 2003) \"Dopatge en l'Esport\"<\/span>\n\t\t\t\t\t\t\t\t\t\t\t<\/a>\n\t\t\t\t\t\t\t\t\t<\/li>\n\t\t\t\t\t\t\t\t<li class=\"elementor-icon-list-item\">\n\t\t\t\t\t\t\t\t\t\t\t<a href=\"http:\/\/www.museuolimpicbcn.cat\/wp-content\/uploads\/sites\/3\/2019\/10\/forum-06_2005_progr-concl_ca-es.pdf\" target=\"_blank\" rel=\"nofollow\">\n\n\t\t\t\t\t\t\t\t\t\t\t<span class=\"elementor-icon-list-text\">VI F\u00f2rum Ol\u00edmpic (novembre 2005) \"Esport Escolar\"<\/span>\n\t\t\t\t\t\t\t\t\t\t\t<\/a>\n\t\t\t\t\t\t\t\t\t<\/li>\n\t\t\t\t\t\t\t\t<li class=\"elementor-icon-list-item\">\n\t\t\t\t\t\t\t\t\t\t\t<a href=\"http:\/\/www.museuolimpicbcn.cat\/wp-content\/uploads\/sites\/3\/2019\/10\/forum-07_2007_progr-concl_ca-es.pdf\" target=\"_blank\" rel=\"nofollow\">\n\n\t\t\t\t\t\t\t\t\t\t\t<span class=\"elementor-icon-list-text\">VII F\u00f2rum Ol\u00edmpic (novembre 2007) \"Esport i Medi Ambient\"<\/span>\n\t\t\t\t\t\t\t\t\t\t\t<\/a>\n\t\t\t\t\t\t\t\t\t<\/li>\n\t\t\t\t\t\t\t\t<li class=\"elementor-icon-list-item\">\n\t\t\t\t\t\t\t\t\t\t\t<a href=\"http:\/\/www.museuolimpicbcn.cat\/wp-content\/uploads\/sites\/3\/2019\/10\/forum-08_2009_progr-concl_ca-es.pdf\" target=\"_blank\" rel=\"nofollow\">\n\n\t\t\t\t\t\t\t\t\t\t\t<span class=\"elementor-icon-list-text\">VIII F\u00f2rum Ol\u00edmpic (novembre 2009) \"Esport i immigraci\u00f3\"<\/span>\n\t\t\t\t\t\t\t\t\t\t\t<\/a>\n\t\t\t\t\t\t\t\t\t<\/li>\n\t\t\t\t\t\t\t\t<li class=\"elementor-icon-list-item\">\n\t\t\t\t\t\t\t\t\t\t\t<a href=\"http:\/\/www.museuolimpicbcn.cat\/wp-content\/uploads\/sites\/3\/2019\/10\/forum-09_2011_progr_ca-es.pdf\" target=\"_blank\" rel=\"nofollow\">\n\n\t\t\t\t\t\t\t\t\t\t\t<span class=\"elementor-icon-list-text\">IX F\u00f2rum Ol\u00edmpic (octubre 2011) \"Esport i Salut\"<\/span>\n\t\t\t\t\t\t\t\t\t\t\t<\/a>\n\t\t\t\t\t\t\t\t\t<\/li>\n\t\t\t\t\t\t\t\t<li class=\"elementor-icon-list-item\">\n\t\t\t\t\t\t\t\t\t\t\t<a href=\"http:\/\/www.museuolimpicbcn.cat\/wp-content\/uploads\/sites\/3\/2019\/10\/forum-10_2013_progr-concl_ca-es.pdf\" target=\"_blank\" rel=\"nofollow\">\n\n\t\t\t\t\t\t\t\t\t\t\t<span class=\"elementor-icon-list-text\">X F\u00f2rum Ol\u00edmpic (17 i 18 d'octubre 2013) \"Esport i Economia: Models de Futur\"<\/span>\n\t\t\t\t\t\t\t\t\t\t\t<\/a>\n\t\t\t\t\t\t\t\t\t<\/li>\n\t\t\t\t\t\t\t\t<li class=\"elementor-icon-list-item\">\n\t\t\t\t\t\t\t\t\t\t\t<a href=\"http:\/\/www.museuolimpicbcn.cat\/wp-content\/uploads\/sites\/3\/2019\/10\/forum11_DOSSIER-baixa.pdf\" target=\"_blank\" rel=\"nofollow\">\n\n\t\t\t\t\t\t\t\t\t\t\t<span class=\"elementor-icon-list-text\">XI F\u00f2rum Ol\u00edmpic (15 i 16 d'octubre 2015) \"Noves Tecnologies i l'Esport\"<\/span>\n\t\t\t\t\t\t\t\t\t\t\t<\/a>\n\t\t\t\t\t\t\t\t\t<\/li>\n\t\t\t\t\t\t\t\t<li class=\"elementor-icon-list-item\">\n\t\t\t\t\t\t\t\t\t\t\t<a href=\"http:\/\/www.fundaciobarcelonaolimpica.es\/wp-content\/uploads\/sites\/3\/2019\/10\/DOSSIER-FINAL.pdf\" target=\"_blank\" rel=\"nofollow\">\n\n\t\t\t\t\t\t\t\t\t\t\t<span class=\"elementor-icon-list-text\">XII F\u00f2rum Ol\u00edmpic (26 i 27 d'octubre 2017) \"25 Aniversari Barcelona 92\"<\/span>\n\t\t\t\t\t\t\t\t\t\t\t<\/a>\n\t\t\t\t\t\t\t\t\t<\/li>\n\t\t\t\t\t\t\t\t<li class=\"elementor-icon-list-item\">\n\t\t\t\t\t\t\t\t\t\t\t<a href=\"https:\/\/www.fundaciobarcelonaolimpica.es\/ca\/forum-olimpic-2019\/\" target=\"_blank\" rel=\"nofollow\">\n\n\t\t\t\t\t\t\t\t\t\t\t<span class=\"elementor-icon-list-text\">XIII F\u00f2rum Ol\u00edmpic (15 i 16 d'octubre 2019) \"L\u2019impacte dels esports i les disciplines emergents en un m\u00f3n global\"<\/span>\n\t\t\t\t\t\t\t\t\t\t\t<\/a>\n\t\t\t\t\t\t\t\t\t<\/li>\n\t\t\t\t\t\t\t\t<li class=\"elementor-icon-list-item\">\n\t\t\t\t\t\t\t\t\t\t\t<a href=\"https:\/\/www.fundaciobarcelonaolimpica.es\/ca\/forum-olimpic-2021\/\">\n\n\t\t\t\t\t\t\t\t\t\t\t\t<span class=\"elementor-icon-list-icon\">\n\t\t\t\t\t\t\t<i aria-hidden=\"true\" class=\"fas fa-check\"><\/i>\t\t\t\t\t\t<\/span>\n\t\t\t\t\t\t\t\t\t\t<span class=\"elementor-icon-list-text\">XIV F\u00f2rum Ol\u00edmpic (del 5 al 7 d'octubre 2021) \"L'afectaci\u00f3 de la COVID en l'\u00e0mbit esportiu\"<\/span>\n\t\t\t\t\t\t\t\t\t\t\t<\/a>\n\t\t\t\t\t\t\t\t\t<\/li>\n\t\t\t\t\t\t\t\t<li class=\"elementor-icon-list-item\">\n\t\t\t\t\t\t\t\t\t\t\t<a href=\"https:\/\/www.fundaciobarcelonaolimpica.es\/ca\/forum-olimpic-2023-esport-i-salut-mental\/\">\n\n\t\t\t\t\t\t\t\t\t\t\t\t<span class=\"elementor-icon-list-icon\">\n\t\t\t\t\t\t\t<i aria-hidden=\"true\" class=\"fas fa-check\"><\/i>\t\t\t\t\t\t<\/span>\n\t\t\t\t\t\t\t\t\t\t<span class=\"elementor-icon-list-text\">XV F\u00f2rum Ol\u00edmpic ( 21 i 22 de novembre de 2023) \"Esport i salut mental\"<\/span>\n\t\t\t\t\t\t\t\t\t\t\t<\/a>\n\t\t\t\t\t\t\t\t\t<\/li>\n\t\t\t\t\t\t\t\t<li class=\"elementor-icon-list-item\">\n\t\t\t\t\t\t\t\t\t\t\t<a href=\"https:\/\/www.fundaciobarcelonaolimpica.es\/ca\/forum-olimpic-2026-el-futur-dels-grands-esdevenimets-esportius\/\">\n\n\t\t\t\t\t\t\t\t\t\t\t\t<span class=\"elementor-icon-list-icon\">\n\t\t\t\t\t\t\t<i aria-hidden=\"true\" class=\"fas fa-check\"><\/i>\t\t\t\t\t\t<\/span>\n\t\t\t\t\t\t\t\t\t\t<span class=\"elementor-icon-list-text\">XVI F\u00f2rum Ol\u00edmpic ( 114 i 15 de gener 2026) \"El futur dels grans esdeveniments esportius\"<\/span>\n\t\t\t\t\t\t\t\t\t\t\t<\/a>\n\t\t\t\t\t\t\t\t\t<\/li>\n\t\t\t\t\t\t<\/ul>\n\t\t\t\t\t\t<\/div>\n\t\t\t\t<\/div>\n\t\t\t\t\t<\/div>\n\t\t<\/div>\n\t\t\t\t\t<\/div>\n\t\t<\/section>\n\t\t\t\t\t<\/div>\n\t\t<\/div>\n\t\t\t\t\t<\/div>\n\t\t<\/section>\n\t\t\t\t<section class=\"elementor-section elementor-top-section elementor-element elementor-element-b004e66 fbo-destacados elementor-section-boxed elementor-section-height-default elementor-section-height-default\" data-id=\"b004e66\" data-element_type=\"section\">\n\t\t\t\t\t\t<div class=\"elementor-container elementor-column-gap-no\">\n\t\t\t\t\t<div class=\"elementor-column elementor-col-100 elementor-top-column elementor-element elementor-element-da9f57e\" data-id=\"da9f57e\" data-element_type=\"column\">\n\t\t\t<div class=\"elementor-widget-wrap elementor-element-populated\">\n\t\t\t\t\t\t<div class=\"elementor-element elementor-element-3fd17ee elementor-widget elementor-widget-template\" data-id=\"3fd17ee\" data-element_type=\"widget\" data-widget_type=\"template.default\">\n\t\t\t\t<div class=\"elementor-widget-container\">\n\t\t\t\t\t\t\t<div class=\"elementor-template\">\n\t\t\t\t\t<div data-elementor-type=\"section\" data-elementor-id=\"7663\" class=\"elementor elementor-7663 elementor-646\" data-elementor-post-type=\"elementor_library\">\n\t\t\t\t\t<section class=\"elementor-section elementor-top-section elementor-element elementor-element-f3576d6 fbo-bloc--otras elementor-section-boxed elementor-section-height-default elementor-section-height-default\" data-id=\"f3576d6\" data-element_type=\"section\">\n\t\t\t\t\t\t<div class=\"elementor-container elementor-column-gap-no\">\n\t\t\t\t\t<div class=\"elementor-column elementor-col-100 elementor-top-column elementor-element elementor-element-3e8ab52\" data-id=\"3e8ab52\" data-element_type=\"column\">\n\t\t\t<div class=\"elementor-widget-wrap elementor-element-populated\">\n\t\t\t\t\t\t<section class=\"elementor-section elementor-inner-section elementor-element elementor-element-18ce25b elementor-section-boxed elementor-section-height-default elementor-section-height-default\" data-id=\"18ce25b\" data-element_type=\"section\">\n\t\t\t\t\t\t<div class=\"elementor-container elementor-column-gap-default\">\n\t\t\t\t\t<div class=\"elementor-column elementor-col-100 elementor-inner-column elementor-element elementor-element-08ef537\" data-id=\"08ef537\" data-element_type=\"column\">\n\t\t\t<div class=\"elementor-widget-wrap elementor-element-populated\">\n\t\t\t\t\t\t<div class=\"elementor-element elementor-element-415ecb0 elementor-widget elementor-widget-heading\" data-id=\"415ecb0\" data-element_type=\"widget\" data-widget_type=\"heading.default\">\n\t\t\t\t<div class=\"elementor-widget-container\">\n\t\t\t\t\t<h2 class=\"elementor-heading-title elementor-size-default\">Activitats que organitzem<\/h2>\t\t\t\t<\/div>\n\t\t\t\t<\/div>\n\t\t\t\t\t<\/div>\n\t\t<\/div>\n\t\t\t\t\t<\/div>\n\t\t<\/section>\n\t\t\t\t<div class=\"elementor-element elementor-element-af44fab elementor-widget elementor-widget-text-editor\" data-id=\"af44fab\" data-element_type=\"widget\" data-widget_type=\"text-editor.default\">\n\t\t\t\t<div class=\"elementor-widget-container\">\n\t\t\t\t\t\t\t\t\t<ul>\n<li><a href=\"https:\/\/www.fundaciobarcelonaolimpica.es\/ca\/premi-internacional-fbo-art-sobre-paper\/\">Art sobre Paper<\/a><\/li>\n<li><a href=\"https:\/\/www.fundaciobarcelonaolimpica.es\/ca\/bcn-sports-film\/\">BCN Sports Film Festival<\/a><\/li>\n<li><a href=\"https:\/\/www.fundaciobarcelonaolimpica.es\/ca\/aula-historia\/\">Aula d&#8217;Hist\u00f2ria<\/a><\/li>\n<li><a href=\"https:\/\/www.fundaciobarcelonaolimpica.es\/ca\/forum-olimpic\/\">F\u00f2rum Ol\u00edmpic<\/a><\/li>\n<li><a href=\"https:\/\/www.fundaciobarcelonaolimpica.es\/ca\/clubs-centenaris\/\">Clubs Centenaris<\/a><\/li>\n<li><a href=\"https:\/\/www.fundaciobarcelonaolimpica.es\/ca\/barcelona-olimpica\/\">Barcelona Ol\u00edmpica<\/a><\/li>\n<\/ul>\n\t\t\t\t\t\t\t\t<\/div>\n\t\t\t\t<\/div>\n\t\t\t\t\t<\/div>\n\t\t<\/div>\n\t\t\t\t\t<\/div>\n\t\t<\/section>\n\t\t\t\t<\/div>\n\t\t\t\t<\/div>\n\t\t\t\t\t\t<\/div>\n\t\t\t\t<\/div>\n\t\t\t\t\t<\/div>\n\t\t<\/div>\n\t\t\t\t\t<\/div>\n\t\t<\/section>\n\t\t\t\t<\/div>\n\t\t","protected":false},"excerpt":{"rendered":"<p>El F\u00f2rum Ol\u00edmpic s\u00f3n unes jornades que s\u2019organitzen bianualment des de 1995. Consisteixen en una s\u00e8rie de sessions amb l\u2019objectiu de reflexionar sobre una tem\u00e0tica actual en relaci\u00f3 a l\u2019esport, amb la finalitat de trobar vies de soluci\u00f3. Dirigit a entitats esportives, federacions i clubs esportius, diputacions, consells comarcals, ajuntaments, investigadors, empreses privades i p\u00fabliques [&hellip;]<\/p>\n","protected":false},"author":6,"featured_media":0,"parent":0,"menu_order":0,"comment_status":"closed","ping_status":"closed","template":"","meta":{"_acf_changed":false,"footnotes":""},"class_list":["post-7649","page","type-page","status-publish","hentry"],"acf":[],"yoast_head":"<!-- This site is optimized with the Yoast SEO plugin v23.7 - https:\/\/yoast.com\/wordpress\/plugins\/seo\/ -->\n<title>F\u00f2rum Ol\u00edmpic - Fundaci\u00f3 Barcelona Ol\u00edmpica<\/title>\n<meta name=\"description\" content=\"La XVI edici\u00f3 del F\u00f2rum Ol\u00edmpic - Memorial Rom\u00e0 Cuy\u00e0s aborda el futur dels grans esdeveniments esportius, centrant-se en la gesti\u00f3 de ciutat, la preparaci\u00f3 esportiva i el paper dels mitjans i l\u2019economia. Una trobada clau per analitzar els reptes i oportunitats de l\u2019esport global.\" \/>\n<meta name=\"robots\" content=\"index, follow, max-snippet:-1, max-image-preview:large, max-video-preview:-1\" \/>\n<link rel=\"canonical\" href=\"https:\/\/www.fundaciobarcelonaolimpica.es\/ca\/forum-olimpic\/\" \/>\n<meta property=\"og:locale\" content=\"ca_ES\" \/>\n<meta property=\"og:type\" content=\"article\" \/>\n<meta property=\"og:title\" content=\"F\u00f2rum Ol\u00edmpic - Fundaci\u00f3 Barcelona Ol\u00edmpica\" \/>\n<meta property=\"og:description\" content=\"La XVI edici\u00f3 del F\u00f2rum Ol\u00edmpic - Memorial Rom\u00e0 Cuy\u00e0s aborda el futur dels grans esdeveniments esportius, centrant-se en la gesti\u00f3 de ciutat, la preparaci\u00f3 esportiva i el paper dels mitjans i l\u2019economia. Una trobada clau per analitzar els reptes i oportunitats de l\u2019esport global.\" \/>\n<meta property=\"og:url\" content=\"https:\/\/www.fundaciobarcelonaolimpica.es\/ca\/forum-olimpic\/\" \/>\n<meta property=\"og:site_name\" content=\"Fundaci\u00f3 Barcelona Ol\u00edmpica\" \/>\n<meta property=\"article:modified_time\" content=\"2026-01-16T11:32:02+00:00\" \/>\n<meta property=\"og:image\" content=\"https:\/\/www.fundaciobarcelonaolimpica.es\/wp-content\/uploads\/sites\/3\/2019\/03\/LOGO-FORUM-COLOR-copia.png\" \/>\n\t<meta property=\"og:image:width\" content=\"519\" \/>\n\t<meta property=\"og:image:height\" content=\"337\" \/>\n\t<meta property=\"og:image:type\" content=\"image\/png\" \/>\n<meta name=\"twitter:card\" content=\"summary_large_image\" \/>\n<meta name=\"twitter:label1\" content=\"Temps estimat de lectura\" \/>\n\t<meta name=\"twitter:data1\" content=\"4 minuts\" \/>\n<script type=\"application\/ld+json\" class=\"yoast-schema-graph\">{\"@context\":\"https:\/\/schema.org\",\"@graph\":[{\"@type\":\"WebPage\",\"@id\":\"https:\/\/www.fundaciobarcelonaolimpica.es\/ca\/forum-olimpic\/\",\"url\":\"https:\/\/www.fundaciobarcelonaolimpica.es\/ca\/forum-olimpic\/\",\"name\":\"F\u00f2rum Ol\u00edmpic - Fundaci\u00f3 Barcelona Ol\u00edmpica\",\"isPartOf\":{\"@id\":\"https:\/\/www.fundaciobarcelonaolimpica.es\/ca\/#website\"},\"primaryImageOfPage\":{\"@id\":\"https:\/\/www.fundaciobarcelonaolimpica.es\/ca\/forum-olimpic\/#primaryimage\"},\"image\":{\"@id\":\"https:\/\/www.fundaciobarcelonaolimpica.es\/ca\/forum-olimpic\/#primaryimage\"},\"thumbnailUrl\":\"https:\/\/www.fundaciobarcelonaolimpica.es\/wp-content\/uploads\/sites\/3\/2019\/03\/LOGO-FORUM-COLOR-copia.png\",\"datePublished\":\"2019-06-27T14:04:40+00:00\",\"dateModified\":\"2026-01-16T11:32:02+00:00\",\"description\":\"La XVI edici\u00f3 del F\u00f2rum Ol\u00edmpic - Memorial Rom\u00e0 Cuy\u00e0s aborda el futur dels grans esdeveniments esportius, centrant-se en la gesti\u00f3 de ciutat, la preparaci\u00f3 esportiva i el paper dels mitjans i l\u2019economia. Una trobada clau per analitzar els reptes i oportunitats de l\u2019esport global.\",\"breadcrumb\":{\"@id\":\"https:\/\/www.fundaciobarcelonaolimpica.es\/ca\/forum-olimpic\/#breadcrumb\"},\"inLanguage\":\"ca\",\"potentialAction\":[{\"@type\":\"ReadAction\",\"target\":[\"https:\/\/www.fundaciobarcelonaolimpica.es\/ca\/forum-olimpic\/\"]}]},{\"@type\":\"ImageObject\",\"inLanguage\":\"ca\",\"@id\":\"https:\/\/www.fundaciobarcelonaolimpica.es\/ca\/forum-olimpic\/#primaryimage\",\"url\":\"https:\/\/www.fundaciobarcelonaolimpica.es\/wp-content\/uploads\/sites\/3\/2019\/03\/LOGO-FORUM-COLOR-copia.png\",\"contentUrl\":\"https:\/\/www.fundaciobarcelonaolimpica.es\/wp-content\/uploads\/sites\/3\/2019\/03\/LOGO-FORUM-COLOR-copia.png\"},{\"@type\":\"BreadcrumbList\",\"@id\":\"https:\/\/www.fundaciobarcelonaolimpica.es\/ca\/forum-olimpic\/#breadcrumb\",\"itemListElement\":[{\"@type\":\"ListItem\",\"position\":1,\"name\":\"FBO\",\"item\":\"https:\/\/www.fundaciobarcelonaolimpica.es\/es\/\"},{\"@type\":\"ListItem\",\"position\":2,\"name\":\"F\u00f2rum Ol\u00edmpic\"}]},{\"@type\":\"WebSite\",\"@id\":\"https:\/\/www.fundaciobarcelonaolimpica.es\/ca\/#website\",\"url\":\"https:\/\/www.fundaciobarcelonaolimpica.es\/ca\/\",\"name\":\"Fundaci\u00f3 Barcelona Ol\u00edmpica\",\"description\":\"Web del Museu Ol\u00edmpic i de l&#039;Esport\",\"publisher\":{\"@id\":\"https:\/\/www.fundaciobarcelonaolimpica.es\/ca\/#organization\"},\"potentialAction\":[{\"@type\":\"SearchAction\",\"target\":{\"@type\":\"EntryPoint\",\"urlTemplate\":\"https:\/\/www.fundaciobarcelonaolimpica.es\/ca\/?s={search_term_string}\"},\"query-input\":{\"@type\":\"PropertyValueSpecification\",\"valueRequired\":true,\"valueName\":\"search_term_string\"}}],\"inLanguage\":\"ca\"},{\"@type\":\"Organization\",\"@id\":\"https:\/\/www.fundaciobarcelonaolimpica.es\/ca\/#organization\",\"name\":\"Fundaci\u00f3 Barcelona Ol\u00edmpica\",\"url\":\"https:\/\/www.fundaciobarcelonaolimpica.es\/ca\/\",\"logo\":{\"@type\":\"ImageObject\",\"inLanguage\":\"ca\",\"@id\":\"https:\/\/www.fundaciobarcelonaolimpica.es\/ca\/#\/schema\/logo\/image\/\",\"url\":\"https:\/\/www.fundaciobarcelonaolimpica.es\/wp-content\/uploads\/sites\/3\/2019\/02\/logo-fundacio.svg\",\"contentUrl\":\"https:\/\/www.fundaciobarcelonaolimpica.es\/wp-content\/uploads\/sites\/3\/2019\/02\/logo-fundacio.svg\",\"caption\":\"Fundaci\u00f3 Barcelona Ol\u00edmpica\"},\"image\":{\"@id\":\"https:\/\/www.fundaciobarcelonaolimpica.es\/ca\/#\/schema\/logo\/image\/\"}}]}<\/script>\n<!-- \/ Yoast SEO plugin. -->","yoast_head_json":{"title":"F\u00f2rum Ol\u00edmpic - Fundaci\u00f3 Barcelona Ol\u00edmpica","description":"La XVI edici\u00f3 del F\u00f2rum Ol\u00edmpic - Memorial Rom\u00e0 Cuy\u00e0s aborda el futur dels grans esdeveniments esportius, centrant-se en la gesti\u00f3 de ciutat, la preparaci\u00f3 esportiva i el paper dels mitjans i l\u2019economia. Una trobada clau per analitzar els reptes i oportunitats de l\u2019esport global.","robots":{"index":"index","follow":"follow","max-snippet":"max-snippet:-1","max-image-preview":"max-image-preview:large","max-video-preview":"max-video-preview:-1"},"canonical":"https:\/\/www.fundaciobarcelonaolimpica.es\/ca\/forum-olimpic\/","og_locale":"ca_ES","og_type":"article","og_title":"F\u00f2rum Ol\u00edmpic - Fundaci\u00f3 Barcelona Ol\u00edmpica","og_description":"La XVI edici\u00f3 del F\u00f2rum Ol\u00edmpic - Memorial Rom\u00e0 Cuy\u00e0s aborda el futur dels grans esdeveniments esportius, centrant-se en la gesti\u00f3 de ciutat, la preparaci\u00f3 esportiva i el paper dels mitjans i l\u2019economia. Una trobada clau per analitzar els reptes i oportunitats de l\u2019esport global.","og_url":"https:\/\/www.fundaciobarcelonaolimpica.es\/ca\/forum-olimpic\/","og_site_name":"Fundaci\u00f3 Barcelona Ol\u00edmpica","article_modified_time":"2026-01-16T11:32:02+00:00","og_image":[{"width":519,"height":337,"url":"https:\/\/www.fundaciobarcelonaolimpica.es\/wp-content\/uploads\/sites\/3\/2019\/03\/LOGO-FORUM-COLOR-copia.png","type":"image\/png"}],"twitter_card":"summary_large_image","twitter_misc":{"Temps estimat de lectura":"4 minuts"},"schema":{"@context":"https:\/\/schema.org","@graph":[{"@type":"WebPage","@id":"https:\/\/www.fundaciobarcelonaolimpica.es\/ca\/forum-olimpic\/","url":"https:\/\/www.fundaciobarcelonaolimpica.es\/ca\/forum-olimpic\/","name":"F\u00f2rum Ol\u00edmpic - Fundaci\u00f3 Barcelona Ol\u00edmpica","isPartOf":{"@id":"https:\/\/www.fundaciobarcelonaolimpica.es\/ca\/#website"},"primaryImageOfPage":{"@id":"https:\/\/www.fundaciobarcelonaolimpica.es\/ca\/forum-olimpic\/#primaryimage"},"image":{"@id":"https:\/\/www.fundaciobarcelonaolimpica.es\/ca\/forum-olimpic\/#primaryimage"},"thumbnailUrl":"https:\/\/www.fundaciobarcelonaolimpica.es\/wp-content\/uploads\/sites\/3\/2019\/03\/LOGO-FORUM-COLOR-copia.png","datePublished":"2019-06-27T14:04:40+00:00","dateModified":"2026-01-16T11:32:02+00:00","description":"La XVI edici\u00f3 del F\u00f2rum Ol\u00edmpic - Memorial Rom\u00e0 Cuy\u00e0s aborda el futur dels grans esdeveniments esportius, centrant-se en la gesti\u00f3 de ciutat, la preparaci\u00f3 esportiva i el paper dels mitjans i l\u2019economia. Una trobada clau per analitzar els reptes i oportunitats de l\u2019esport global.","breadcrumb":{"@id":"https:\/\/www.fundaciobarcelonaolimpica.es\/ca\/forum-olimpic\/#breadcrumb"},"inLanguage":"ca","potentialAction":[{"@type":"ReadAction","target":["https:\/\/www.fundaciobarcelonaolimpica.es\/ca\/forum-olimpic\/"]}]},{"@type":"ImageObject","inLanguage":"ca","@id":"https:\/\/www.fundaciobarcelonaolimpica.es\/ca\/forum-olimpic\/#primaryimage","url":"https:\/\/www.fundaciobarcelonaolimpica.es\/wp-content\/uploads\/sites\/3\/2019\/03\/LOGO-FORUM-COLOR-copia.png","contentUrl":"https:\/\/www.fundaciobarcelonaolimpica.es\/wp-content\/uploads\/sites\/3\/2019\/03\/LOGO-FORUM-COLOR-copia.png"},{"@type":"BreadcrumbList","@id":"https:\/\/www.fundaciobarcelonaolimpica.es\/ca\/forum-olimpic\/#breadcrumb","itemListElement":[{"@type":"ListItem","position":1,"name":"FBO","item":"https:\/\/www.fundaciobarcelonaolimpica.es\/es\/"},{"@type":"ListItem","position":2,"name":"F\u00f2rum Ol\u00edmpic"}]},{"@type":"WebSite","@id":"https:\/\/www.fundaciobarcelonaolimpica.es\/ca\/#website","url":"https:\/\/www.fundaciobarcelonaolimpica.es\/ca\/","name":"Fundaci\u00f3 Barcelona Ol\u00edmpica","description":"Web del Museu Ol\u00edmpic i de l&#039;Esport","publisher":{"@id":"https:\/\/www.fundaciobarcelonaolimpica.es\/ca\/#organization"},"potentialAction":[{"@type":"SearchAction","target":{"@type":"EntryPoint","urlTemplate":"https:\/\/www.fundaciobarcelonaolimpica.es\/ca\/?s={search_term_string}"},"query-input":{"@type":"PropertyValueSpecification","valueRequired":true,"valueName":"search_term_string"}}],"inLanguage":"ca"},{"@type":"Organization","@id":"https:\/\/www.fundaciobarcelonaolimpica.es\/ca\/#organization","name":"Fundaci\u00f3 Barcelona Ol\u00edmpica","url":"https:\/\/www.fundaciobarcelonaolimpica.es\/ca\/","logo":{"@type":"ImageObject","inLanguage":"ca","@id":"https:\/\/www.fundaciobarcelonaolimpica.es\/ca\/#\/schema\/logo\/image\/","url":"https:\/\/www.fundaciobarcelonaolimpica.es\/wp-content\/uploads\/sites\/3\/2019\/02\/logo-fundacio.svg","contentUrl":"https:\/\/www.fundaciobarcelonaolimpica.es\/wp-content\/uploads\/sites\/3\/2019\/02\/logo-fundacio.svg","caption":"Fundaci\u00f3 Barcelona Ol\u00edmpica"},"image":{"@id":"https:\/\/www.fundaciobarcelonaolimpica.es\/ca\/#\/schema\/logo\/image\/"}}]}},"_links":{"self":[{"href":"https:\/\/www.fundaciobarcelonaolimpica.es\/ca\/wp-json\/wp\/v2\/pages\/7649"}],"collection":[{"href":"https:\/\/www.fundaciobarcelonaolimpica.es\/ca\/wp-json\/wp\/v2\/pages"}],"about":[{"href":"https:\/\/www.fundaciobarcelonaolimpica.es\/ca\/wp-json\/wp\/v2\/types\/page"}],"author":[{"embeddable":true,"href":"https:\/\/www.fundaciobarcelonaolimpica.es\/ca\/wp-json\/wp\/v2\/users\/6"}],"replies":[{"embeddable":true,"href":"https:\/\/www.fundaciobarcelonaolimpica.es\/ca\/wp-json\/wp\/v2\/comments?post=7649"}],"version-history":[{"count":115,"href":"https:\/\/www.fundaciobarcelonaolimpica.es\/ca\/wp-json\/wp\/v2\/pages\/7649\/revisions"}],"predecessor-version":[{"id":32725,"href":"https:\/\/www.fundaciobarcelonaolimpica.es\/ca\/wp-json\/wp\/v2\/pages\/7649\/revisions\/32725"}],"wp:attachment":[{"href":"https:\/\/www.fundaciobarcelonaolimpica.es\/ca\/wp-json\/wp\/v2\/media?parent=7649"}],"curies":[{"name":"wp","href":"https:\/\/api.w.org\/{rel}","templated":true}]}}