{"id":8061,"date":"2019-07-11T18:17:17","date_gmt":"2019-07-11T16:17:17","guid":{"rendered":"https:\/\/dev.fbolimpica.es\/news\/"},"modified":"2020-01-09T12:27:49","modified_gmt":"2020-01-09T11:27:49","slug":"news","status":"publish","type":"page","link":"https:\/\/www.fundaciobarcelonaolimpica.es\/en\/news\/","title":{"rendered":"News"},"content":{"rendered":"\t\t<div data-elementor-type=\"wp-post\" data-elementor-id=\"8061\" class=\"elementor elementor-8061 elementor-8054\" data-elementor-post-type=\"page\">\n\t\t\t\t\t\t<section class=\"elementor-section elementor-top-section elementor-element elementor-element-a1452a8 fbo-actualidad elementor-section-boxed elementor-section-height-default elementor-section-height-default\" data-id=\"a1452a8\" data-element_type=\"section\">\n\t\t\t\t\t\t<div class=\"elementor-container elementor-column-gap-default\">\n\t\t\t\t\t<div class=\"elementor-column elementor-col-100 elementor-top-column elementor-element elementor-element-9cb64ac\" data-id=\"9cb64ac\" data-element_type=\"column\">\n\t\t\t<div class=\"elementor-widget-wrap elementor-element-populated\">\n\t\t\t\t\t\t<div class=\"elementor-element elementor-element-ec56bda elementor-widget elementor-widget-shortcode\" data-id=\"ec56bda\" data-element_type=\"widget\" data-widget_type=\"shortcode.default\">\n\t\t\t\t<div class=\"elementor-widget-container\">\n\t\t\t\t\t\t\t<div class=\"elementor-shortcode\">\n<div id=\"ajax-filters-search\" class=\"ajax-filter-search\" data-target=\".fbo-actualidad .elementor-grid\" data-posts-per-page=\"15\">\n  <form method=\"get\" autocomplete=\"off\">\n    <input type=\"hidden\" id=\"search-post-type\" value=\"post\" \/>\n    <input type=\"hidden\" id=\"wpml_lang\" value=\"en\" \/>\n    <div class=\"form-group form-group--select\">\n      <label for=\"search-year\" class=\"sr-only\">Year<\/label>\n      <select class=\"form-control\" name=\"search-year\" id=\"search-year\">\n        <option placeholder>All years<\/option>\n        <option value=\"2026\">Year 2026<\/option><option value=\"2025\">Year 2025<\/option><option value=\"2024\">Year 2024<\/option><option value=\"2023\">Year 2023<\/option><option value=\"2022\">Year 2022<\/option><option value=\"2021\">Year 2021<\/option><option value=\"2020\">Year 2020<\/option><option value=\"2019\">Year 2019<\/option><option value=\"2018\">Year 2018<\/option><option value=\"2017\">Year 2017<\/option><option value=\"2016\">Year 2016<\/option><option value=\"2015\">Year 2015<\/option><option value=\"2014\">Year 2014<\/option><option value=\"2013\">Year 2013<\/option><option value=\"2012\">Year 2012<\/option><option value=\"2011\">Year 2011<\/option><option value=\"2010\">Year 2010<\/option><option value=\"2009\">Year 2009<\/option>      <\/select>\n    <\/div>\n    <div class=\"form-group form-group--text\">\n      <label for=\"search-text\" class=\"sr-only\"><\/label>\n      <input class=\"form-control\" name=\"search-text\" id=\"search-text\" type=\"text\" \/>\n    <\/div>\n    <button type=\"reset\">\n      <svg class=\"icon icon-cancel\"><use xlink:href=\"#icon-cancel\"><\/use><\/svg>\n      <span class=\"sr-only\">Reiniciar<\/span>\n    <\/button>\n    <button type=\"submit\">\n      <svg class=\"icon icon-search\"><use xlink:href=\"#icon-search\"><\/use><\/svg>\n      <span class=\"sr-only\">Search<\/span>\n    <\/button>\n  <\/form>\n<\/div><!-- .ajax-filter-search -->\n\n<script type=\"text\/javascript\">\n    var ajax_url = \"https:\/\/www.fundaciobarcelonaolimpica.es\/wp-admin\/admin-ajax.php\";\n<\/script>\n\n<\/div>\n\t\t\t\t\t\t<\/div>\n\t\t\t\t<\/div>\n\t\t\t\t<div class=\"elementor-element elementor-element-99a36bd elementor-grid-3 elementor-grid-tablet-2 elementor-grid-mobile-1 elementor-posts--thumbnail-top elementor-card-shadow-yes elementor-posts__hover-gradient elementor-widget elementor-widget-posts\" data-id=\"99a36bd\" data-element_type=\"widget\" data-settings=\"{&quot;cards_columns&quot;:&quot;3&quot;,&quot;cards_columns_tablet&quot;:&quot;2&quot;,&quot;cards_columns_mobile&quot;:&quot;1&quot;,&quot;cards_row_gap&quot;:{&quot;unit&quot;:&quot;px&quot;,&quot;size&quot;:35,&quot;sizes&quot;:[]},&quot;cards_row_gap_tablet&quot;:{&quot;unit&quot;:&quot;px&quot;,&quot;size&quot;:&quot;&quot;,&quot;sizes&quot;:[]},&quot;cards_row_gap_mobile&quot;:{&quot;unit&quot;:&quot;px&quot;,&quot;size&quot;:&quot;&quot;,&quot;sizes&quot;:[]}}\" data-widget_type=\"posts.cards\">\n\t\t\t\t<div class=\"elementor-widget-container\">\n\t\t\t\t\t\t\t<div class=\"elementor-posts-container elementor-posts elementor-posts--skin-cards elementor-grid\">\n\t\t\t\t<article class=\"elementor-post elementor-grid-item post-32859 post type-post status-publish format-standard has-post-thumbnail hentry category-uncategorized\">\n\t\t\t<div class=\"elementor-post__card\">\n\t\t\t\t<a class=\"elementor-post__thumbnail__link\" href=\"https:\/\/www.fundaciobarcelonaolimpica.es\/en\/the-fundacio-barcelona-olimpica-presents-the-book-recovering-the-memory-of-the-citys-historic-sports-venues\/\" tabindex=\"-1\" ><div class=\"elementor-post__thumbnail\"><img fetchpriority=\"high\" decoding=\"async\" width=\"1024\" height=\"729\" src=\"https:\/\/www.fundaciobarcelonaolimpica.es\/wp-content\/uploads\/sites\/3\/2026\/04\/Libro-Instalaciones_18-1024x729.jpg\" class=\"attachment-large size-large wp-image-32868\" alt=\"\" srcset=\"https:\/\/www.fundaciobarcelonaolimpica.es\/wp-content\/uploads\/sites\/3\/2026\/04\/Libro-Instalaciones_18-1024x729.jpg 1024w, https:\/\/www.fundaciobarcelonaolimpica.es\/wp-content\/uploads\/sites\/3\/2026\/04\/Libro-Instalaciones_18-300x213.jpg 300w, https:\/\/www.fundaciobarcelonaolimpica.es\/wp-content\/uploads\/sites\/3\/2026\/04\/Libro-Instalaciones_18-768x546.jpg 768w, https:\/\/www.fundaciobarcelonaolimpica.es\/wp-content\/uploads\/sites\/3\/2026\/04\/Libro-Instalaciones_18-1536x1093.jpg 1536w, https:\/\/www.fundaciobarcelonaolimpica.es\/wp-content\/uploads\/sites\/3\/2026\/04\/Libro-Instalaciones_18-2048x1457.jpg 2048w, https:\/\/www.fundaciobarcelonaolimpica.es\/wp-content\/uploads\/sites\/3\/2026\/04\/Libro-Instalaciones_18-1320x939.jpg 1320w\" sizes=\"(max-width: 1024px) 100vw, 1024px\" \/><\/div><\/a>\n\t\t\t\t<div class=\"elementor-post__text\">\n\t\t\t\t<h3 class=\"elementor-post__title\">\n\t\t\t<a href=\"https:\/\/www.fundaciobarcelonaolimpica.es\/en\/the-fundacio-barcelona-olimpica-presents-the-book-recovering-the-memory-of-the-citys-historic-sports-venues\/\" >\n\t\t\t\tThe Fundaci\u00f3 Barcelona Ol\u00edmpica presents the book recovering the memory of the city&#8217;s historic sports venues\t\t\t<\/a>\n\t\t<\/h3>\n\t\t\t\t<\/div>\n\t\t\t\t<div class=\"elementor-post__meta-data\">\n\t\t\t\t\t<span class=\"elementor-post-date\">\n\t\t\t13 April 2026\t\t<\/span>\n\t\t\t\t<\/div>\n\t\t\t\t\t<\/div>\n\t\t<\/article>\n\t\t\t\t<article class=\"elementor-post elementor-grid-item post-32753 post type-post status-publish format-standard has-post-thumbnail hentry category-uncategorized\">\n\t\t\t<div class=\"elementor-post__card\">\n\t\t\t\t<a class=\"elementor-post__thumbnail__link\" href=\"https:\/\/www.fundaciobarcelonaolimpica.es\/en\/the-bedmar-family-donates-its-barcelona92-olympic-games-collection-to-the-fundacio-barcelona-olimpica\/\" tabindex=\"-1\" ><div class=\"elementor-post__thumbnail\"><img decoding=\"async\" width=\"1024\" height=\"683\" src=\"https:\/\/www.fundaciobarcelonaolimpica.es\/wp-content\/uploads\/sites\/3\/2026\/02\/Bedman_14-1024x683.jpg\" class=\"attachment-large size-large wp-image-32745\" alt=\"\" srcset=\"https:\/\/www.fundaciobarcelonaolimpica.es\/wp-content\/uploads\/sites\/3\/2026\/02\/Bedman_14-1024x683.jpg 1024w, https:\/\/www.fundaciobarcelonaolimpica.es\/wp-content\/uploads\/sites\/3\/2026\/02\/Bedman_14-300x200.jpg 300w, https:\/\/www.fundaciobarcelonaolimpica.es\/wp-content\/uploads\/sites\/3\/2026\/02\/Bedman_14-768x512.jpg 768w, https:\/\/www.fundaciobarcelonaolimpica.es\/wp-content\/uploads\/sites\/3\/2026\/02\/Bedman_14-1536x1024.jpg 1536w, https:\/\/www.fundaciobarcelonaolimpica.es\/wp-content\/uploads\/sites\/3\/2026\/02\/Bedman_14-2048x1365.jpg 2048w, https:\/\/www.fundaciobarcelonaolimpica.es\/wp-content\/uploads\/sites\/3\/2026\/02\/Bedman_14-1320x880.jpg 1320w\" sizes=\"(max-width: 1024px) 100vw, 1024px\" \/><\/div><\/a>\n\t\t\t\t<div class=\"elementor-post__text\">\n\t\t\t\t<h3 class=\"elementor-post__title\">\n\t\t\t<a href=\"https:\/\/www.fundaciobarcelonaolimpica.es\/en\/the-bedmar-family-donates-its-barcelona92-olympic-games-collection-to-the-fundacio-barcelona-olimpica\/\" >\n\t\t\t\tThe Bedmar family donates its Barcelona\u201992 Olympic Games collection to the Fundaci\u00f3 Barcelona Ol\u00edmpica\t\t\t<\/a>\n\t\t<\/h3>\n\t\t\t\t<\/div>\n\t\t\t\t<div class=\"elementor-post__meta-data\">\n\t\t\t\t\t<span class=\"elementor-post-date\">\n\t\t\t2 February 2026\t\t<\/span>\n\t\t\t\t<\/div>\n\t\t\t\t\t<\/div>\n\t\t<\/article>\n\t\t\t\t<article class=\"elementor-post elementor-grid-item post-32670 post type-post status-publish format-standard has-post-thumbnail hentry category-uncategorized\">\n\t\t\t<div class=\"elementor-post__card\">\n\t\t\t\t<a class=\"elementor-post__thumbnail__link\" href=\"https:\/\/www.fundaciobarcelonaolimpica.es\/en\/the-mind-a-key-factor-in-elite-sports-performance-at-the-second-day-of-the-xvi-olympic-forum\/\" tabindex=\"-1\" ><div class=\"elementor-post__thumbnail\"><img decoding=\"async\" width=\"1024\" height=\"683\" src=\"https:\/\/www.fundaciobarcelonaolimpica.es\/wp-content\/uploads\/sites\/3\/2026\/01\/FORUM-OLIMPIC-2026-H-2Jornada-1024x683.jpg\" class=\"attachment-large size-large wp-image-32609\" alt=\"\" srcset=\"https:\/\/www.fundaciobarcelonaolimpica.es\/wp-content\/uploads\/sites\/3\/2026\/01\/FORUM-OLIMPIC-2026-H-2Jornada-1024x683.jpg 1024w, https:\/\/www.fundaciobarcelonaolimpica.es\/wp-content\/uploads\/sites\/3\/2026\/01\/FORUM-OLIMPIC-2026-H-2Jornada-300x200.jpg 300w, https:\/\/www.fundaciobarcelonaolimpica.es\/wp-content\/uploads\/sites\/3\/2026\/01\/FORUM-OLIMPIC-2026-H-2Jornada-768x512.jpg 768w, https:\/\/www.fundaciobarcelonaolimpica.es\/wp-content\/uploads\/sites\/3\/2026\/01\/FORUM-OLIMPIC-2026-H-2Jornada-1536x1024.jpg 1536w, https:\/\/www.fundaciobarcelonaolimpica.es\/wp-content\/uploads\/sites\/3\/2026\/01\/FORUM-OLIMPIC-2026-H-2Jornada-2048x1365.jpg 2048w, https:\/\/www.fundaciobarcelonaolimpica.es\/wp-content\/uploads\/sites\/3\/2026\/01\/FORUM-OLIMPIC-2026-H-2Jornada-1320x880.jpg 1320w\" sizes=\"(max-width: 1024px) 100vw, 1024px\" \/><\/div><\/a>\n\t\t\t\t<div class=\"elementor-post__text\">\n\t\t\t\t<h3 class=\"elementor-post__title\">\n\t\t\t<a href=\"https:\/\/www.fundaciobarcelonaolimpica.es\/en\/the-mind-a-key-factor-in-elite-sports-performance-at-the-second-day-of-the-xvi-olympic-forum\/\" >\n\t\t\t\tThe mind, a key factor in elite sports performance at the second day of the XVI Olympic Forum\t\t\t<\/a>\n\t\t<\/h3>\n\t\t\t\t<\/div>\n\t\t\t\t<div class=\"elementor-post__meta-data\">\n\t\t\t\t\t<span class=\"elementor-post-date\">\n\t\t\t15 January 2026\t\t<\/span>\n\t\t\t\t<\/div>\n\t\t\t\t\t<\/div>\n\t\t<\/article>\n\t\t\t\t<article class=\"elementor-post elementor-grid-item post-32406 post type-post status-publish format-standard has-post-thumbnail hentry category-uncategorized\">\n\t\t\t<div class=\"elementor-post__card\">\n\t\t\t\t<a class=\"elementor-post__thumbnail__link\" href=\"https:\/\/www.fundaciobarcelonaolimpica.es\/en\/the-16th-olympic-forum-roma-cuyas-memorial-opens-its-first-day-focused-on-the-future-of-olympism-and-major-sporting-events\/\" tabindex=\"-1\" ><div class=\"elementor-post__thumbnail\"><img loading=\"lazy\" decoding=\"async\" width=\"1024\" height=\"683\" src=\"https:\/\/www.fundaciobarcelonaolimpica.es\/wp-content\/uploads\/sites\/3\/2026\/01\/FORUM-OLIMPIC-2026-H-Agenjo-Damm4-1024x683.jpg\" class=\"attachment-large size-large wp-image-32530\" alt=\"\" srcset=\"https:\/\/www.fundaciobarcelonaolimpica.es\/wp-content\/uploads\/sites\/3\/2026\/01\/FORUM-OLIMPIC-2026-H-Agenjo-Damm4-1024x683.jpg 1024w, https:\/\/www.fundaciobarcelonaolimpica.es\/wp-content\/uploads\/sites\/3\/2026\/01\/FORUM-OLIMPIC-2026-H-Agenjo-Damm4-300x200.jpg 300w, https:\/\/www.fundaciobarcelonaolimpica.es\/wp-content\/uploads\/sites\/3\/2026\/01\/FORUM-OLIMPIC-2026-H-Agenjo-Damm4-768x512.jpg 768w, https:\/\/www.fundaciobarcelonaolimpica.es\/wp-content\/uploads\/sites\/3\/2026\/01\/FORUM-OLIMPIC-2026-H-Agenjo-Damm4-1536x1024.jpg 1536w, https:\/\/www.fundaciobarcelonaolimpica.es\/wp-content\/uploads\/sites\/3\/2026\/01\/FORUM-OLIMPIC-2026-H-Agenjo-Damm4-2048x1365.jpg 2048w, https:\/\/www.fundaciobarcelonaolimpica.es\/wp-content\/uploads\/sites\/3\/2026\/01\/FORUM-OLIMPIC-2026-H-Agenjo-Damm4-1320x880.jpg 1320w\" sizes=\"(max-width: 1024px) 100vw, 1024px\" \/><\/div><\/a>\n\t\t\t\t<div class=\"elementor-post__text\">\n\t\t\t\t<h3 class=\"elementor-post__title\">\n\t\t\t<a href=\"https:\/\/www.fundaciobarcelonaolimpica.es\/en\/the-16th-olympic-forum-roma-cuyas-memorial-opens-its-first-day-focused-on-the-future-of-olympism-and-major-sporting-events\/\" >\n\t\t\t\tThe 16th Olympic Forum \u2013 Rom\u00e0 Cuy\u00e0s Memorial opens its first day focused on the future of Olympism and major sporting events\t\t\t<\/a>\n\t\t<\/h3>\n\t\t\t\t<\/div>\n\t\t\t\t<div class=\"elementor-post__meta-data\">\n\t\t\t\t\t<span class=\"elementor-post-date\">\n\t\t\t14 January 2026\t\t<\/span>\n\t\t\t\t<\/div>\n\t\t\t\t\t<\/div>\n\t\t<\/article>\n\t\t\t\t<article class=\"elementor-post elementor-grid-item post-31428 post type-post status-publish format-standard has-post-thumbnail hentry category-uncategorized\">\n\t\t\t<div class=\"elementor-post__card\">\n\t\t\t\t<a class=\"elementor-post__thumbnail__link\" href=\"https:\/\/www.fundaciobarcelonaolimpica.es\/en\/farewell-to-lluis-permanyer\/\" tabindex=\"-1\" ><div class=\"elementor-post__thumbnail\"><img loading=\"lazy\" decoding=\"async\" width=\"880\" height=\"495\" src=\"https:\/\/www.fundaciobarcelonaolimpica.es\/wp-content\/uploads\/sites\/3\/2025\/10\/lluis-peranyer.jpg\" class=\"attachment-large size-large wp-image-31425\" alt=\"\" srcset=\"https:\/\/www.fundaciobarcelonaolimpica.es\/wp-content\/uploads\/sites\/3\/2025\/10\/lluis-peranyer.jpg 880w, https:\/\/www.fundaciobarcelonaolimpica.es\/wp-content\/uploads\/sites\/3\/2025\/10\/lluis-peranyer-300x169.jpg 300w, https:\/\/www.fundaciobarcelonaolimpica.es\/wp-content\/uploads\/sites\/3\/2025\/10\/lluis-peranyer-768x432.jpg 768w\" sizes=\"(max-width: 880px) 100vw, 880px\" \/><\/div><\/a>\n\t\t\t\t<div class=\"elementor-post__text\">\n\t\t\t\t<h3 class=\"elementor-post__title\">\n\t\t\t<a href=\"https:\/\/www.fundaciobarcelonaolimpica.es\/en\/farewell-to-lluis-permanyer\/\" >\n\t\t\t\tFarewell to Llu\u00eds Permanyer\t\t\t<\/a>\n\t\t<\/h3>\n\t\t\t\t<\/div>\n\t\t\t\t<div class=\"elementor-post__meta-data\">\n\t\t\t\t\t<span class=\"elementor-post-date\">\n\t\t\t28 October 2025\t\t<\/span>\n\t\t\t\t<\/div>\n\t\t\t\t\t<\/div>\n\t\t<\/article>\n\t\t\t\t<article class=\"elementor-post elementor-grid-item post-30785 post type-post status-publish format-standard has-post-thumbnail hentry category-uncategorized\">\n\t\t\t<div class=\"elementor-post__card\">\n\t\t\t\t<a class=\"elementor-post__thumbnail__link\" href=\"https:\/\/www.fundaciobarcelonaolimpica.es\/en\/book-your-free-ticket-now-15th-edition-bcn-sports-film-festival\/\" tabindex=\"-1\" ><div class=\"elementor-post__thumbnail\"><img loading=\"lazy\" decoding=\"async\" width=\"1024\" height=\"476\" src=\"https:\/\/www.fundaciobarcelonaolimpica.es\/wp-content\/uploads\/sites\/3\/2024\/12\/banner-web-imagen-generica-15-ed-1440x670-1-1024x476.png\" class=\"attachment-large size-large wp-image-30780\" alt=\"\" srcset=\"https:\/\/www.fundaciobarcelonaolimpica.es\/wp-content\/uploads\/sites\/3\/2024\/12\/banner-web-imagen-generica-15-ed-1440x670-1-1024x476.png 1024w, https:\/\/www.fundaciobarcelonaolimpica.es\/wp-content\/uploads\/sites\/3\/2024\/12\/banner-web-imagen-generica-15-ed-1440x670-1-300x140.png 300w, https:\/\/www.fundaciobarcelonaolimpica.es\/wp-content\/uploads\/sites\/3\/2024\/12\/banner-web-imagen-generica-15-ed-1440x670-1-768x357.png 768w, https:\/\/www.fundaciobarcelonaolimpica.es\/wp-content\/uploads\/sites\/3\/2024\/12\/banner-web-imagen-generica-15-ed-1440x670-1-1320x614.png 1320w, https:\/\/www.fundaciobarcelonaolimpica.es\/wp-content\/uploads\/sites\/3\/2024\/12\/banner-web-imagen-generica-15-ed-1440x670-1.png 1440w\" sizes=\"(max-width: 1024px) 100vw, 1024px\" \/><\/div><\/a>\n\t\t\t\t<div class=\"elementor-post__text\">\n\t\t\t\t<h3 class=\"elementor-post__title\">\n\t\t\t<a href=\"https:\/\/www.fundaciobarcelonaolimpica.es\/en\/book-your-free-ticket-now-15th-edition-bcn-sports-film-festival\/\" >\n\t\t\t\tBook your free ticket now: 15th edition BCN Sports Film Festival\t\t\t<\/a>\n\t\t<\/h3>\n\t\t\t\t<\/div>\n\t\t\t\t<div class=\"elementor-post__meta-data\">\n\t\t\t\t\t<span class=\"elementor-post-date\">\n\t\t\t19 December 2024\t\t<\/span>\n\t\t\t\t<\/div>\n\t\t\t\t\t<\/div>\n\t\t<\/article>\n\t\t\t\t<article class=\"elementor-post elementor-grid-item post-30761 post type-post status-publish format-standard has-post-thumbnail hentry category-uncategorized\">\n\t\t\t<div class=\"elementor-post__card\">\n\t\t\t\t<a class=\"elementor-post__thumbnail__link\" href=\"https:\/\/www.fundaciobarcelonaolimpica.es\/en\/results-of-the-international-fundacio-barcelona-olimpica-art-on-paper-competition\/\" tabindex=\"-1\" ><div class=\"elementor-post__thumbnail\"><img loading=\"lazy\" decoding=\"async\" width=\"1024\" height=\"638\" src=\"https:\/\/www.fundaciobarcelonaolimpica.es\/wp-content\/uploads\/sites\/3\/2024\/12\/Art-sobre-papel_4-1024x638.jpg\" class=\"attachment-large size-large wp-image-30753\" alt=\"\" srcset=\"https:\/\/www.fundaciobarcelonaolimpica.es\/wp-content\/uploads\/sites\/3\/2024\/12\/Art-sobre-papel_4-1024x638.jpg 1024w, https:\/\/www.fundaciobarcelonaolimpica.es\/wp-content\/uploads\/sites\/3\/2024\/12\/Art-sobre-papel_4-300x187.jpg 300w, https:\/\/www.fundaciobarcelonaolimpica.es\/wp-content\/uploads\/sites\/3\/2024\/12\/Art-sobre-papel_4-768x478.jpg 768w, https:\/\/www.fundaciobarcelonaolimpica.es\/wp-content\/uploads\/sites\/3\/2024\/12\/Art-sobre-papel_4-1536x957.jpg 1536w, https:\/\/www.fundaciobarcelonaolimpica.es\/wp-content\/uploads\/sites\/3\/2024\/12\/Art-sobre-papel_4-2048x1275.jpg 2048w, https:\/\/www.fundaciobarcelonaolimpica.es\/wp-content\/uploads\/sites\/3\/2024\/12\/Art-sobre-papel_4-1320x822.jpg 1320w\" sizes=\"(max-width: 1024px) 100vw, 1024px\" \/><\/div><\/a>\n\t\t\t\t<div class=\"elementor-post__text\">\n\t\t\t\t<h3 class=\"elementor-post__title\">\n\t\t\t<a href=\"https:\/\/www.fundaciobarcelonaolimpica.es\/en\/results-of-the-international-fundacio-barcelona-olimpica-art-on-paper-competition\/\" >\n\t\t\t\tResults of the International Fundaci\u00f3 Barcelona Ol\u00edmpica Art on Paper Competition\t\t\t<\/a>\n\t\t<\/h3>\n\t\t\t\t<\/div>\n\t\t\t\t<div class=\"elementor-post__meta-data\">\n\t\t\t\t\t<span class=\"elementor-post-date\">\n\t\t\t19 December 2024\t\t<\/span>\n\t\t\t\t<\/div>\n\t\t\t\t\t<\/div>\n\t\t<\/article>\n\t\t\t\t<article class=\"elementor-post elementor-grid-item post-30719 post type-post status-publish format-standard has-post-thumbnail hentry category-uncategorized\">\n\t\t\t<div class=\"elementor-post__card\">\n\t\t\t\t<a class=\"elementor-post__thumbnail__link\" href=\"https:\/\/www.fundaciobarcelonaolimpica.es\/en\/the-olympic-and-sports-museum-ja-samaranch-hosts-the-launch-of-the-book-barcelona-paco-godia-and-motor\/\" tabindex=\"-1\" ><div class=\"elementor-post__thumbnail\"><img loading=\"lazy\" decoding=\"async\" width=\"1024\" height=\"683\" src=\"https:\/\/www.fundaciobarcelonaolimpica.es\/wp-content\/uploads\/sites\/3\/2024\/12\/Godia-Exposicion_101-1024x683.jpg\" class=\"attachment-large size-large wp-image-30714\" alt=\"\" srcset=\"https:\/\/www.fundaciobarcelonaolimpica.es\/wp-content\/uploads\/sites\/3\/2024\/12\/Godia-Exposicion_101-1024x683.jpg 1024w, https:\/\/www.fundaciobarcelonaolimpica.es\/wp-content\/uploads\/sites\/3\/2024\/12\/Godia-Exposicion_101-300x200.jpg 300w, https:\/\/www.fundaciobarcelonaolimpica.es\/wp-content\/uploads\/sites\/3\/2024\/12\/Godia-Exposicion_101-768x512.jpg 768w, https:\/\/www.fundaciobarcelonaolimpica.es\/wp-content\/uploads\/sites\/3\/2024\/12\/Godia-Exposicion_101-1536x1024.jpg 1536w, https:\/\/www.fundaciobarcelonaolimpica.es\/wp-content\/uploads\/sites\/3\/2024\/12\/Godia-Exposicion_101-2048x1365.jpg 2048w, https:\/\/www.fundaciobarcelonaolimpica.es\/wp-content\/uploads\/sites\/3\/2024\/12\/Godia-Exposicion_101-1320x880.jpg 1320w\" sizes=\"(max-width: 1024px) 100vw, 1024px\" \/><\/div><\/a>\n\t\t\t\t<div class=\"elementor-post__text\">\n\t\t\t\t<h3 class=\"elementor-post__title\">\n\t\t\t<a href=\"https:\/\/www.fundaciobarcelonaolimpica.es\/en\/the-olympic-and-sports-museum-ja-samaranch-hosts-the-launch-of-the-book-barcelona-paco-godia-and-motor\/\" >\n\t\t\t\tThe Olympic and Sports Museum JA Samaranch hosts the launch of the book: &#8220;Barcelona, Paco Godia and Motor\u201d\t\t\t<\/a>\n\t\t<\/h3>\n\t\t\t\t<\/div>\n\t\t\t\t<div class=\"elementor-post__meta-data\">\n\t\t\t\t\t<span class=\"elementor-post-date\">\n\t\t\t2 December 2024\t\t<\/span>\n\t\t\t\t<\/div>\n\t\t\t\t\t<\/div>\n\t\t<\/article>\n\t\t\t\t<article class=\"elementor-post elementor-grid-item post-30638 post type-post status-publish format-standard has-post-thumbnail hentry category-uncategorized\">\n\t\t\t<div class=\"elementor-post__card\">\n\t\t\t\t<a class=\"elementor-post__thumbnail__link\" href=\"https:\/\/www.fundaciobarcelonaolimpica.es\/en\/luis-sanchez-lopez-earns-doctorate-in-history-from-the-autonomous-university-of-barcelona\/\" tabindex=\"-1\" ><div class=\"elementor-post__thumbnail\"><img loading=\"lazy\" decoding=\"async\" width=\"1024\" height=\"576\" src=\"https:\/\/www.fundaciobarcelonaolimpica.es\/wp-content\/uploads\/sites\/3\/2024\/11\/IMG_3093-1024x576.jpg\" class=\"attachment-large size-large wp-image-30635\" alt=\"\" srcset=\"https:\/\/www.fundaciobarcelonaolimpica.es\/wp-content\/uploads\/sites\/3\/2024\/11\/IMG_3093-1024x576.jpg 1024w, https:\/\/www.fundaciobarcelonaolimpica.es\/wp-content\/uploads\/sites\/3\/2024\/11\/IMG_3093-300x169.jpg 300w, https:\/\/www.fundaciobarcelonaolimpica.es\/wp-content\/uploads\/sites\/3\/2024\/11\/IMG_3093-768x432.jpg 768w, https:\/\/www.fundaciobarcelonaolimpica.es\/wp-content\/uploads\/sites\/3\/2024\/11\/IMG_3093-1536x864.jpg 1536w, https:\/\/www.fundaciobarcelonaolimpica.es\/wp-content\/uploads\/sites\/3\/2024\/11\/IMG_3093-2048x1152.jpg 2048w, https:\/\/www.fundaciobarcelonaolimpica.es\/wp-content\/uploads\/sites\/3\/2024\/11\/IMG_3093-1320x743.jpg 1320w\" sizes=\"(max-width: 1024px) 100vw, 1024px\" \/><\/div><\/a>\n\t\t\t\t<div class=\"elementor-post__text\">\n\t\t\t\t<h3 class=\"elementor-post__title\">\n\t\t\t<a href=\"https:\/\/www.fundaciobarcelonaolimpica.es\/en\/luis-sanchez-lopez-earns-doctorate-in-history-from-the-autonomous-university-of-barcelona\/\" >\n\t\t\t\tLu\u00eds S\u00e1nchez L\u00f3pez Earns Doctorate in History from the Autonomous University of Barcelona\t\t\t<\/a>\n\t\t<\/h3>\n\t\t\t\t<\/div>\n\t\t\t\t<div class=\"elementor-post__meta-data\">\n\t\t\t\t\t<span class=\"elementor-post-date\">\n\t\t\t6 November 2024\t\t<\/span>\n\t\t\t\t<\/div>\n\t\t\t\t\t<\/div>\n\t\t<\/article>\n\t\t\t\t<article class=\"elementor-post elementor-grid-item post-30408 post type-post status-publish format-standard has-post-thumbnail hentry category-uncategorized\">\n\t\t\t<div class=\"elementor-post__card\">\n\t\t\t\t<a class=\"elementor-post__thumbnail__link\" href=\"https:\/\/www.fundaciobarcelonaolimpica.es\/en\/the-1924-olympic-games-in-paris\/\" tabindex=\"-1\" ><div class=\"elementor-post__thumbnail\"><img loading=\"lazy\" decoding=\"async\" width=\"1024\" height=\"669\" src=\"https:\/\/www.fundaciobarcelonaolimpica.es\/wp-content\/uploads\/sites\/3\/2024\/07\/Museu-Olimpic-Paris1924-AdH15-1024x669.jpg\" class=\"attachment-large size-large wp-image-30390\" alt=\"\" srcset=\"https:\/\/www.fundaciobarcelonaolimpica.es\/wp-content\/uploads\/sites\/3\/2024\/07\/Museu-Olimpic-Paris1924-AdH15-1024x669.jpg 1024w, https:\/\/www.fundaciobarcelonaolimpica.es\/wp-content\/uploads\/sites\/3\/2024\/07\/Museu-Olimpic-Paris1924-AdH15-300x196.jpg 300w, https:\/\/www.fundaciobarcelonaolimpica.es\/wp-content\/uploads\/sites\/3\/2024\/07\/Museu-Olimpic-Paris1924-AdH15-768x502.jpg 768w, https:\/\/www.fundaciobarcelonaolimpica.es\/wp-content\/uploads\/sites\/3\/2024\/07\/Museu-Olimpic-Paris1924-AdH15-1536x1003.jpg 1536w, https:\/\/www.fundaciobarcelonaolimpica.es\/wp-content\/uploads\/sites\/3\/2024\/07\/Museu-Olimpic-Paris1924-AdH15-2048x1338.jpg 2048w, https:\/\/www.fundaciobarcelonaolimpica.es\/wp-content\/uploads\/sites\/3\/2024\/07\/Museu-Olimpic-Paris1924-AdH15-1320x862.jpg 1320w\" sizes=\"(max-width: 1024px) 100vw, 1024px\" \/><\/div><\/a>\n\t\t\t\t<div class=\"elementor-post__text\">\n\t\t\t\t<h3 class=\"elementor-post__title\">\n\t\t\t<a href=\"https:\/\/www.fundaciobarcelonaolimpica.es\/en\/the-1924-olympic-games-in-paris\/\" >\n\t\t\t\tThe 1924 Olympic Games in Paris\u2028\t\t\t<\/a>\n\t\t<\/h3>\n\t\t\t\t<\/div>\n\t\t\t\t<div class=\"elementor-post__meta-data\">\n\t\t\t\t\t<span class=\"elementor-post-date\">\n\t\t\t16 July 2024\t\t<\/span>\n\t\t\t\t<\/div>\n\t\t\t\t\t<\/div>\n\t\t<\/article>\n\t\t\t\t<article class=\"elementor-post elementor-grid-item post-30339 post type-post status-publish format-standard has-post-thumbnail hentry category-uncategorized\">\n\t\t\t<div class=\"elementor-post__card\">\n\t\t\t\t<a class=\"elementor-post__thumbnail__link\" href=\"https:\/\/www.fundaciobarcelonaolimpica.es\/en\/the-admission-of-the-fbo-international-art-on-paper-award-is-opened-2\/\" tabindex=\"-1\" ><div class=\"elementor-post__thumbnail\"><img loading=\"lazy\" decoding=\"async\" width=\"1024\" height=\"290\" src=\"https:\/\/www.fundaciobarcelonaolimpica.es\/wp-content\/uploads\/sites\/3\/2024\/07\/gallery-01-2-1024x290-1.jpg\" class=\"attachment-large size-large wp-image-30335\" alt=\"\" srcset=\"https:\/\/www.fundaciobarcelonaolimpica.es\/wp-content\/uploads\/sites\/3\/2024\/07\/gallery-01-2-1024x290-1.jpg 1024w, https:\/\/www.fundaciobarcelonaolimpica.es\/wp-content\/uploads\/sites\/3\/2024\/07\/gallery-01-2-1024x290-1-300x85.jpg 300w, https:\/\/www.fundaciobarcelonaolimpica.es\/wp-content\/uploads\/sites\/3\/2024\/07\/gallery-01-2-1024x290-1-768x218.jpg 768w\" sizes=\"(max-width: 1024px) 100vw, 1024px\" \/><\/div><\/a>\n\t\t\t\t<div class=\"elementor-post__text\">\n\t\t\t\t<h3 class=\"elementor-post__title\">\n\t\t\t<a href=\"https:\/\/www.fundaciobarcelonaolimpica.es\/en\/the-admission-of-the-fbo-international-art-on-paper-award-is-opened-2\/\" >\n\t\t\t\tThe admission of the FBO International Art on Paper Award is opened\t\t\t<\/a>\n\t\t<\/h3>\n\t\t\t\t<\/div>\n\t\t\t\t<div class=\"elementor-post__meta-data\">\n\t\t\t\t\t<span class=\"elementor-post-date\">\n\t\t\t16 July 2024\t\t<\/span>\n\t\t\t\t<\/div>\n\t\t\t\t\t<\/div>\n\t\t<\/article>\n\t\t\t\t<article class=\"elementor-post elementor-grid-item post-30114 post type-post status-publish format-standard has-post-thumbnail hentry category-uncategorized\">\n\t\t\t<div class=\"elementor-post__card\">\n\t\t\t\t<a class=\"elementor-post__thumbnail__link\" href=\"https:\/\/www.fundaciobarcelonaolimpica.es\/en\/puig-womens-americas-cup-2024-great-events-in-the-city-of-barcelona\/\" tabindex=\"-1\" ><div class=\"elementor-post__thumbnail\"><img loading=\"lazy\" decoding=\"async\" width=\"1024\" height=\"739\" src=\"https:\/\/www.fundaciobarcelonaolimpica.es\/wp-content\/uploads\/sites\/3\/2024\/05\/puig-womens-americas-cup-_24-1024x739.jpg\" class=\"attachment-large size-large wp-image-30108\" alt=\"\" srcset=\"https:\/\/www.fundaciobarcelonaolimpica.es\/wp-content\/uploads\/sites\/3\/2024\/05\/puig-womens-americas-cup-_24-1024x739.jpg 1024w, https:\/\/www.fundaciobarcelonaolimpica.es\/wp-content\/uploads\/sites\/3\/2024\/05\/puig-womens-americas-cup-_24-300x217.jpg 300w, https:\/\/www.fundaciobarcelonaolimpica.es\/wp-content\/uploads\/sites\/3\/2024\/05\/puig-womens-americas-cup-_24-768x555.jpg 768w, https:\/\/www.fundaciobarcelonaolimpica.es\/wp-content\/uploads\/sites\/3\/2024\/05\/puig-womens-americas-cup-_24-1536x1109.jpg 1536w, https:\/\/www.fundaciobarcelonaolimpica.es\/wp-content\/uploads\/sites\/3\/2024\/05\/puig-womens-americas-cup-_24-2048x1479.jpg 2048w, https:\/\/www.fundaciobarcelonaolimpica.es\/wp-content\/uploads\/sites\/3\/2024\/05\/puig-womens-americas-cup-_24-1320x953.jpg 1320w\" sizes=\"(max-width: 1024px) 100vw, 1024px\" \/><\/div><\/a>\n\t\t\t\t<div class=\"elementor-post__text\">\n\t\t\t\t<h3 class=\"elementor-post__title\">\n\t\t\t<a href=\"https:\/\/www.fundaciobarcelonaolimpica.es\/en\/puig-womens-americas-cup-2024-great-events-in-the-city-of-barcelona\/\" >\n\t\t\t\tPuig Women&#8217;s America&#8217;s Cup 2024. Great events in the city of Barcelona\t\t\t<\/a>\n\t\t<\/h3>\n\t\t\t\t<\/div>\n\t\t\t\t<div class=\"elementor-post__meta-data\">\n\t\t\t\t\t<span class=\"elementor-post-date\">\n\t\t\t23 May 2024\t\t<\/span>\n\t\t\t\t<\/div>\n\t\t\t\t\t<\/div>\n\t\t<\/article>\n\t\t\t\t<article class=\"elementor-post elementor-grid-item post-29635 post type-post status-publish format-standard has-post-thumbnail hentry category-uncategorized\">\n\t\t\t<div class=\"elementor-post__card\">\n\t\t\t\t<a class=\"elementor-post__thumbnail__link\" href=\"https:\/\/www.fundaciobarcelonaolimpica.es\/en\/management-of-mental-health-in-entities-and-teams-in-the-field-of-sports\/\" tabindex=\"-1\" ><div class=\"elementor-post__thumbnail\"><img loading=\"lazy\" decoding=\"async\" width=\"1024\" height=\"679\" src=\"https:\/\/www.fundaciobarcelonaolimpica.es\/wp-content\/uploads\/sites\/3\/2023\/11\/forum-Olimpic-entidades-1024x679.jpg\" class=\"attachment-large size-large wp-image-29504\" alt=\"\" srcset=\"https:\/\/www.fundaciobarcelonaolimpica.es\/wp-content\/uploads\/sites\/3\/2023\/11\/forum-Olimpic-entidades-1024x679.jpg 1024w, https:\/\/www.fundaciobarcelonaolimpica.es\/wp-content\/uploads\/sites\/3\/2023\/11\/forum-Olimpic-entidades-300x199.jpg 300w, https:\/\/www.fundaciobarcelonaolimpica.es\/wp-content\/uploads\/sites\/3\/2023\/11\/forum-Olimpic-entidades-768x509.jpg 768w, https:\/\/www.fundaciobarcelonaolimpica.es\/wp-content\/uploads\/sites\/3\/2023\/11\/forum-Olimpic-entidades-1536x1018.jpg 1536w, https:\/\/www.fundaciobarcelonaolimpica.es\/wp-content\/uploads\/sites\/3\/2023\/11\/forum-Olimpic-entidades-2048x1357.jpg 2048w, https:\/\/www.fundaciobarcelonaolimpica.es\/wp-content\/uploads\/sites\/3\/2023\/11\/forum-Olimpic-entidades-1320x875.jpg 1320w\" sizes=\"(max-width: 1024px) 100vw, 1024px\" \/><\/div><\/a>\n\t\t\t\t<div class=\"elementor-post__text\">\n\t\t\t\t<h3 class=\"elementor-post__title\">\n\t\t\t<a href=\"https:\/\/www.fundaciobarcelonaolimpica.es\/en\/management-of-mental-health-in-entities-and-teams-in-the-field-of-sports\/\" >\n\t\t\t\tManagement of mental health in entities and teams in the field of sports\t\t\t<\/a>\n\t\t<\/h3>\n\t\t\t\t<\/div>\n\t\t\t\t<div class=\"elementor-post__meta-data\">\n\t\t\t\t\t<span class=\"elementor-post-date\">\n\t\t\t29 November 2023\t\t<\/span>\n\t\t\t\t<\/div>\n\t\t\t\t\t<\/div>\n\t\t<\/article>\n\t\t\t\t<article class=\"elementor-post elementor-grid-item post-29634 post type-post status-publish format-standard has-post-thumbnail hentry category-uncategorized\">\n\t\t\t<div class=\"elementor-post__card\">\n\t\t\t\t<a class=\"elementor-post__thumbnail__link\" href=\"https:\/\/www.fundaciobarcelonaolimpica.es\/en\/sportspeople-and-mental-health-first-session-of-the-15th-edition-of-the-olympic-forum-roma-cuyas-memorial\/\" tabindex=\"-1\" ><div class=\"elementor-post__thumbnail\"><img loading=\"lazy\" decoding=\"async\" width=\"1024\" height=\"683\" src=\"https:\/\/www.fundaciobarcelonaolimpica.es\/wp-content\/uploads\/sites\/3\/2023\/11\/Forum-olimpic-deporte-y-salud-mental-23-1024x683.jpg\" class=\"attachment-large size-large wp-image-29436\" alt=\"\" srcset=\"https:\/\/www.fundaciobarcelonaolimpica.es\/wp-content\/uploads\/sites\/3\/2023\/11\/Forum-olimpic-deporte-y-salud-mental-23-1024x683.jpg 1024w, https:\/\/www.fundaciobarcelonaolimpica.es\/wp-content\/uploads\/sites\/3\/2023\/11\/Forum-olimpic-deporte-y-salud-mental-23-300x200.jpg 300w, https:\/\/www.fundaciobarcelonaolimpica.es\/wp-content\/uploads\/sites\/3\/2023\/11\/Forum-olimpic-deporte-y-salud-mental-23-768x512.jpg 768w, https:\/\/www.fundaciobarcelonaolimpica.es\/wp-content\/uploads\/sites\/3\/2023\/11\/Forum-olimpic-deporte-y-salud-mental-23-1536x1024.jpg 1536w, https:\/\/www.fundaciobarcelonaolimpica.es\/wp-content\/uploads\/sites\/3\/2023\/11\/Forum-olimpic-deporte-y-salud-mental-23-2048x1365.jpg 2048w, https:\/\/www.fundaciobarcelonaolimpica.es\/wp-content\/uploads\/sites\/3\/2023\/11\/Forum-olimpic-deporte-y-salud-mental-23-1320x880.jpg 1320w\" sizes=\"(max-width: 1024px) 100vw, 1024px\" \/><\/div><\/a>\n\t\t\t\t<div class=\"elementor-post__text\">\n\t\t\t\t<h3 class=\"elementor-post__title\">\n\t\t\t<a href=\"https:\/\/www.fundaciobarcelonaolimpica.es\/en\/sportspeople-and-mental-health-first-session-of-the-15th-edition-of-the-olympic-forum-roma-cuyas-memorial\/\" >\n\t\t\t\tSportspeople and Mental Health, first session of the 15th edition of the Olympic Forum &#8211; Rom\u00e0 Cuy\u00e0s Memorial.\t\t\t<\/a>\n\t\t<\/h3>\n\t\t\t\t<\/div>\n\t\t\t\t<div class=\"elementor-post__meta-data\">\n\t\t\t\t\t<span class=\"elementor-post-date\">\n\t\t\t29 November 2023\t\t<\/span>\n\t\t\t\t<\/div>\n\t\t\t\t\t<\/div>\n\t\t<\/article>\n\t\t\t\t<article class=\"elementor-post elementor-grid-item post-28160 post type-post status-publish format-standard has-post-thumbnail hentry category-uncategorized\">\n\t\t\t<div class=\"elementor-post__card\">\n\t\t\t\t<a class=\"elementor-post__thumbnail__link\" href=\"https:\/\/www.fundaciobarcelonaolimpica.es\/en\/barcelona-lets-move\/\" tabindex=\"-1\" ><div class=\"elementor-post__thumbnail\"><img loading=\"lazy\" decoding=\"async\" width=\"1024\" height=\"577\" src=\"https:\/\/www.fundaciobarcelonaolimpica.es\/wp-content\/uploads\/sites\/3\/2023\/06\/OLympicDay-Lets_move-BCN-olympic-Museum-1024x577.png\" class=\"attachment-large size-large wp-image-28147\" alt=\"\" srcset=\"https:\/\/www.fundaciobarcelonaolimpica.es\/wp-content\/uploads\/sites\/3\/2023\/06\/OLympicDay-Lets_move-BCN-olympic-Museum-1024x577.png 1024w, https:\/\/www.fundaciobarcelonaolimpica.es\/wp-content\/uploads\/sites\/3\/2023\/06\/OLympicDay-Lets_move-BCN-olympic-Museum-300x169.png 300w, https:\/\/www.fundaciobarcelonaolimpica.es\/wp-content\/uploads\/sites\/3\/2023\/06\/OLympicDay-Lets_move-BCN-olympic-Museum-768x432.png 768w, https:\/\/www.fundaciobarcelonaolimpica.es\/wp-content\/uploads\/sites\/3\/2023\/06\/OLympicDay-Lets_move-BCN-olympic-Museum-1536x865.png 1536w, https:\/\/www.fundaciobarcelonaolimpica.es\/wp-content\/uploads\/sites\/3\/2023\/06\/OLympicDay-Lets_move-BCN-olympic-Museum-1320x743.png 1320w, https:\/\/www.fundaciobarcelonaolimpica.es\/wp-content\/uploads\/sites\/3\/2023\/06\/OLympicDay-Lets_move-BCN-olympic-Museum.png 1920w\" sizes=\"(max-width: 1024px) 100vw, 1024px\" \/><\/div><\/a>\n\t\t\t\t<div class=\"elementor-post__text\">\n\t\t\t\t<h3 class=\"elementor-post__title\">\n\t\t\t<a href=\"https:\/\/www.fundaciobarcelonaolimpica.es\/en\/barcelona-lets-move\/\" >\n\t\t\t\tBarcelona, Let\u2019s Move!\t\t\t<\/a>\n\t\t<\/h3>\n\t\t\t\t<\/div>\n\t\t\t\t<div class=\"elementor-post__meta-data\">\n\t\t\t\t\t<span class=\"elementor-post-date\">\n\t\t\t23 June 2023\t\t<\/span>\n\t\t\t\t<\/div>\n\t\t\t\t\t<\/div>\n\t\t<\/article>\n\t\t\t\t<\/div>\n\t\t\n\t\t\t\t\t\t<\/div>\n\t\t\t\t<\/div>\n\t\t\t\t\t<\/div>\n\t\t<\/div>\n\t\t\t\t\t<\/div>\n\t\t<\/section>\n\t\t\t\t<\/div>\n\t\t","protected":false},"excerpt":{"rendered":"","protected":false},"author":2,"featured_media":0,"parent":0,"menu_order":0,"comment_status":"closed","ping_status":"closed","template":"","meta":{"_acf_changed":false,"footnotes":""},"class_list":["post-8061","page","type-page","status-publish","hentry"],"acf":[],"yoast_head":"<!-- This site is optimized with the Yoast SEO plugin v23.7 - https:\/\/yoast.com\/wordpress\/plugins\/seo\/ -->\n<title>News - Fundaci\u00f3 Barcelona Ol\u00edmpica<\/title>\n<meta name=\"robots\" content=\"index, follow, max-snippet:-1, max-image-preview:large, max-video-preview:-1\" \/>\n<link rel=\"canonical\" href=\"https:\/\/www.fundaciobarcelonaolimpica.es\/en\/news\/\" \/>\n<meta property=\"og:locale\" content=\"en_US\" \/>\n<meta property=\"og:type\" content=\"article\" \/>\n<meta property=\"og:title\" content=\"News - Fundaci\u00f3 Barcelona Ol\u00edmpica\" \/>\n<meta property=\"og:url\" content=\"https:\/\/www.fundaciobarcelonaolimpica.es\/en\/news\/\" \/>\n<meta property=\"og:site_name\" content=\"Fundaci\u00f3 Barcelona Ol\u00edmpica\" \/>\n<meta property=\"article:modified_time\" content=\"2020-01-09T11:27:49+00:00\" \/>\n<meta name=\"twitter:card\" content=\"summary_large_image\" \/>\n<script type=\"application\/ld+json\" class=\"yoast-schema-graph\">{\"@context\":\"https:\/\/schema.org\",\"@graph\":[{\"@type\":\"WebPage\",\"@id\":\"https:\/\/www.fundaciobarcelonaolimpica.es\/en\/news\/\",\"url\":\"https:\/\/www.fundaciobarcelonaolimpica.es\/en\/news\/\",\"name\":\"News - Fundaci\u00f3 Barcelona Ol\u00edmpica\",\"isPartOf\":{\"@id\":\"https:\/\/www.fundaciobarcelonaolimpica.es\/ca\/#website\"},\"datePublished\":\"2019-07-11T16:17:17+00:00\",\"dateModified\":\"2020-01-09T11:27:49+00:00\",\"breadcrumb\":{\"@id\":\"https:\/\/www.fundaciobarcelonaolimpica.es\/en\/news\/#breadcrumb\"},\"inLanguage\":\"en-US\",\"potentialAction\":[{\"@type\":\"ReadAction\",\"target\":[\"https:\/\/www.fundaciobarcelonaolimpica.es\/en\/news\/\"]}]},{\"@type\":\"BreadcrumbList\",\"@id\":\"https:\/\/www.fundaciobarcelonaolimpica.es\/en\/news\/#breadcrumb\",\"itemListElement\":[{\"@type\":\"ListItem\",\"position\":1,\"name\":\"FBO\",\"item\":\"https:\/\/www.fundaciobarcelonaolimpica.es\/es\/\"},{\"@type\":\"ListItem\",\"position\":2,\"name\":\"News\"}]},{\"@type\":\"WebSite\",\"@id\":\"https:\/\/www.fundaciobarcelonaolimpica.es\/ca\/#website\",\"url\":\"https:\/\/www.fundaciobarcelonaolimpica.es\/ca\/\",\"name\":\"Fundaci\u00f3 Barcelona Ol\u00edmpica\",\"description\":\"Web del Museu Ol\u00edmpic i de l&#039;Esport\",\"publisher\":{\"@id\":\"https:\/\/www.fundaciobarcelonaolimpica.es\/ca\/#organization\"},\"potentialAction\":[{\"@type\":\"SearchAction\",\"target\":{\"@type\":\"EntryPoint\",\"urlTemplate\":\"https:\/\/www.fundaciobarcelonaolimpica.es\/ca\/?s={search_term_string}\"},\"query-input\":{\"@type\":\"PropertyValueSpecification\",\"valueRequired\":true,\"valueName\":\"search_term_string\"}}],\"inLanguage\":\"en-US\"},{\"@type\":\"Organization\",\"@id\":\"https:\/\/www.fundaciobarcelonaolimpica.es\/ca\/#organization\",\"name\":\"Fundaci\u00f3 Barcelona Ol\u00edmpica\",\"url\":\"https:\/\/www.fundaciobarcelonaolimpica.es\/ca\/\",\"logo\":{\"@type\":\"ImageObject\",\"inLanguage\":\"en-US\",\"@id\":\"https:\/\/www.fundaciobarcelonaolimpica.es\/ca\/#\/schema\/logo\/image\/\",\"url\":\"https:\/\/www.fundaciobarcelonaolimpica.es\/wp-content\/uploads\/sites\/3\/2019\/02\/logo-fundacio.svg\",\"contentUrl\":\"https:\/\/www.fundaciobarcelonaolimpica.es\/wp-content\/uploads\/sites\/3\/2019\/02\/logo-fundacio.svg\",\"caption\":\"Fundaci\u00f3 Barcelona Ol\u00edmpica\"},\"image\":{\"@id\":\"https:\/\/www.fundaciobarcelonaolimpica.es\/ca\/#\/schema\/logo\/image\/\"}}]}<\/script>\n<!-- \/ Yoast SEO plugin. -->","yoast_head_json":{"title":"News - Fundaci\u00f3 Barcelona Ol\u00edmpica","robots":{"index":"index","follow":"follow","max-snippet":"max-snippet:-1","max-image-preview":"max-image-preview:large","max-video-preview":"max-video-preview:-1"},"canonical":"https:\/\/www.fundaciobarcelonaolimpica.es\/en\/news\/","og_locale":"en_US","og_type":"article","og_title":"News - Fundaci\u00f3 Barcelona Ol\u00edmpica","og_url":"https:\/\/www.fundaciobarcelonaolimpica.es\/en\/news\/","og_site_name":"Fundaci\u00f3 Barcelona Ol\u00edmpica","article_modified_time":"2020-01-09T11:27:49+00:00","twitter_card":"summary_large_image","schema":{"@context":"https:\/\/schema.org","@graph":[{"@type":"WebPage","@id":"https:\/\/www.fundaciobarcelonaolimpica.es\/en\/news\/","url":"https:\/\/www.fundaciobarcelonaolimpica.es\/en\/news\/","name":"News - Fundaci\u00f3 Barcelona Ol\u00edmpica","isPartOf":{"@id":"https:\/\/www.fundaciobarcelonaolimpica.es\/ca\/#website"},"datePublished":"2019-07-11T16:17:17+00:00","dateModified":"2020-01-09T11:27:49+00:00","breadcrumb":{"@id":"https:\/\/www.fundaciobarcelonaolimpica.es\/en\/news\/#breadcrumb"},"inLanguage":"en-US","potentialAction":[{"@type":"ReadAction","target":["https:\/\/www.fundaciobarcelonaolimpica.es\/en\/news\/"]}]},{"@type":"BreadcrumbList","@id":"https:\/\/www.fundaciobarcelonaolimpica.es\/en\/news\/#breadcrumb","itemListElement":[{"@type":"ListItem","position":1,"name":"FBO","item":"https:\/\/www.fundaciobarcelonaolimpica.es\/es\/"},{"@type":"ListItem","position":2,"name":"News"}]},{"@type":"WebSite","@id":"https:\/\/www.fundaciobarcelonaolimpica.es\/ca\/#website","url":"https:\/\/www.fundaciobarcelonaolimpica.es\/ca\/","name":"Fundaci\u00f3 Barcelona Ol\u00edmpica","description":"Web del Museu Ol\u00edmpic i de l&#039;Esport","publisher":{"@id":"https:\/\/www.fundaciobarcelonaolimpica.es\/ca\/#organization"},"potentialAction":[{"@type":"SearchAction","target":{"@type":"EntryPoint","urlTemplate":"https:\/\/www.fundaciobarcelonaolimpica.es\/ca\/?s={search_term_string}"},"query-input":{"@type":"PropertyValueSpecification","valueRequired":true,"valueName":"search_term_string"}}],"inLanguage":"en-US"},{"@type":"Organization","@id":"https:\/\/www.fundaciobarcelonaolimpica.es\/ca\/#organization","name":"Fundaci\u00f3 Barcelona Ol\u00edmpica","url":"https:\/\/www.fundaciobarcelonaolimpica.es\/ca\/","logo":{"@type":"ImageObject","inLanguage":"en-US","@id":"https:\/\/www.fundaciobarcelonaolimpica.es\/ca\/#\/schema\/logo\/image\/","url":"https:\/\/www.fundaciobarcelonaolimpica.es\/wp-content\/uploads\/sites\/3\/2019\/02\/logo-fundacio.svg","contentUrl":"https:\/\/www.fundaciobarcelonaolimpica.es\/wp-content\/uploads\/sites\/3\/2019\/02\/logo-fundacio.svg","caption":"Fundaci\u00f3 Barcelona Ol\u00edmpica"},"image":{"@id":"https:\/\/www.fundaciobarcelonaolimpica.es\/ca\/#\/schema\/logo\/image\/"}}]}},"_links":{"self":[{"href":"https:\/\/www.fundaciobarcelonaolimpica.es\/en\/wp-json\/wp\/v2\/pages\/8061"}],"collection":[{"href":"https:\/\/www.fundaciobarcelonaolimpica.es\/en\/wp-json\/wp\/v2\/pages"}],"about":[{"href":"https:\/\/www.fundaciobarcelonaolimpica.es\/en\/wp-json\/wp\/v2\/types\/page"}],"author":[{"embeddable":true,"href":"https:\/\/www.fundaciobarcelonaolimpica.es\/en\/wp-json\/wp\/v2\/users\/2"}],"replies":[{"embeddable":true,"href":"https:\/\/www.fundaciobarcelonaolimpica.es\/en\/wp-json\/wp\/v2\/comments?post=8061"}],"version-history":[{"count":2,"href":"https:\/\/www.fundaciobarcelonaolimpica.es\/en\/wp-json\/wp\/v2\/pages\/8061\/revisions"}],"predecessor-version":[{"id":20913,"href":"https:\/\/www.fundaciobarcelonaolimpica.es\/en\/wp-json\/wp\/v2\/pages\/8061\/revisions\/20913"}],"wp:attachment":[{"href":"https:\/\/www.fundaciobarcelonaolimpica.es\/en\/wp-json\/wp\/v2\/media?parent=8061"}],"curies":[{"name":"wp","href":"https:\/\/api.w.org\/{rel}","templated":true}]}}