{"version":"1.0","provider_name":"Fundaci\u00f3 Barcelona Ol\u00edmpica","provider_url":"https:\/\/www.fundaciobarcelonaolimpica.es\/es\/","author_name":"luisfer","author_url":"https:\/\/www.fundaciobarcelonaolimpica.es\/es\/author\/luisfer\/","title":"Barcelona '92 y el pensamiento ecologista - Fundaci\u00f3 Barcelona Ol\u00edmpica","type":"rich","width":600,"height":338,"html":"<blockquote class=\"wp-embedded-content\" data-secret=\"QzzsBWrY3B\"><a href=\"https:\/\/www.fundaciobarcelonaolimpica.es\/es\/publications\/barcelona-92-y-el-pensamiento-ecologista\/\">Barcelona &#8217;92 y el pensamiento ecologista<\/a><\/blockquote><iframe sandbox=\"allow-scripts\" security=\"restricted\" src=\"https:\/\/www.fundaciobarcelonaolimpica.es\/es\/publications\/barcelona-92-y-el-pensamiento-ecologista\/embed\/#?secret=QzzsBWrY3B\" width=\"600\" height=\"338\" title=\"\u00abBarcelona &#8217;92 y el pensamiento ecologista\u00bb \u2014 Fundaci\u00f3 Barcelona Ol\u00edmpica\" data-secret=\"QzzsBWrY3B\" frameborder=\"0\" marginwidth=\"0\" marginheight=\"0\" scrolling=\"no\" class=\"wp-embedded-content\"><\/iframe><script type=\"text\/javascript\">\n\/* <![CDATA[ *\/\n\/*! This file is auto-generated *\/\n!function(d,l){\"use strict\";l.querySelector&&d.addEventListener&&\"undefined\"!=typeof URL&&(d.wp=d.wp||{},d.wp.receiveEmbedMessage||(d.wp.receiveEmbedMessage=function(e){var t=e.data;if((t||t.secret||t.message||t.value)&&!\/[^a-zA-Z0-9]\/.test(t.secret)){for(var s,r,n,a=l.querySelectorAll('iframe[data-secret=\"'+t.secret+'\"]'),o=l.querySelectorAll('blockquote[data-secret=\"'+t.secret+'\"]'),c=new RegExp(\"^https?:$\",\"i\"),i=0;i<o.length;i++)o[i].style.display=\"none\";for(i=0;i<a.length;i++)s=a[i],e.source===s.contentWindow&&(s.removeAttribute(\"style\"),\"height\"===t.message?(1e3<(r=parseInt(t.value,10))?r=1e3:~~r<200&&(r=200),s.height=r):\"link\"===t.message&&(r=new URL(s.getAttribute(\"src\")),n=new URL(t.value),c.test(n.protocol))&&n.host===r.host&&l.activeElement===s&&(d.top.location.href=t.value))}},d.addEventListener(\"message\",d.wp.receiveEmbedMessage,!1),l.addEventListener(\"DOMContentLoaded\",function(){for(var e,t,s=l.querySelectorAll(\"iframe.wp-embedded-content\"),r=0;r<s.length;r++)(t=(e=s[r]).getAttribute(\"data-secret\"))||(t=Math.random().toString(36).substring(2,12),e.src+=\"#?secret=\"+t,e.setAttribute(\"data-secret\",t)),e.contentWindow.postMessage({message:\"ready\",secret:t},\"*\")},!1)))}(window,document);\n\/* ]]> *\/\n<\/script>\n","thumbnail_url":"https:\/\/www.fundaciobarcelonaolimpica.es\/wp-content\/uploads\/sites\/3\/2019\/07\/fbo-publicacions-aula-historia-barcelona-92-pensament-ecologista.jpg","thumbnail_width":850,"thumbnail_height":1204,"description":"Barcelona\u201992 desarroll\u00f3 una regeneraci\u00f3n urbana de \u00e1reas abandonadas introduciendo unas cuantas medidas medioambientales. Al mismo tiempo, los asuntos ecol\u00f3gicos adquirieron relevancia social y pol\u00edtica. Un mes antes de los Juegos de 1992, la \u201cCumbre de la Tierra\u201d en R\u00edo gener\u00f3 conclusiones que fueron adoptadas por el CIO en los siguientes a\u00f1os. Sin embargo, la gesti\u00f3n [&hellip;]"}