{"version":"1.0","provider_name":"Fundaci\u00f3 Barcelona Ol\u00edmpica","provider_url":"https:\/\/www.fundaciobarcelonaolimpica.es\/es\/","author_name":"Ibone","author_url":"https:\/\/www.fundaciobarcelonaolimpica.es\/es\/author\/fbolimpica\/","title":"Barcelona, m\u00e1s de un siglo de ciclismo - Fundaci\u00f3 Barcelona Ol\u00edmpica","type":"rich","width":600,"height":338,"html":"<blockquote class=\"wp-embedded-content\" data-secret=\"2riEPPYHmp\"><a href=\"https:\/\/www.fundaciobarcelonaolimpica.es\/es\/publications\/barcelona-mas-de-un-siglo-de-ciclismo\/\">Barcelona, m\u00e1s de un siglo de ciclismo<\/a><\/blockquote><iframe sandbox=\"allow-scripts\" security=\"restricted\" src=\"https:\/\/www.fundaciobarcelonaolimpica.es\/es\/publications\/barcelona-mas-de-un-siglo-de-ciclismo\/embed\/#?secret=2riEPPYHmp\" width=\"600\" height=\"338\" title=\"\u00abBarcelona, m\u00e1s de un siglo de ciclismo\u00bb \u2014 Fundaci\u00f3 Barcelona Ol\u00edmpica\" data-secret=\"2riEPPYHmp\" frameborder=\"0\" marginwidth=\"0\" marginheight=\"0\" scrolling=\"no\" class=\"wp-embedded-content\"><\/iframe><script type=\"text\/javascript\">\n\/* <![CDATA[ *\/\n\/*! This file is auto-generated *\/\n!function(d,l){\"use strict\";l.querySelector&&d.addEventListener&&\"undefined\"!=typeof URL&&(d.wp=d.wp||{},d.wp.receiveEmbedMessage||(d.wp.receiveEmbedMessage=function(e){var t=e.data;if((t||t.secret||t.message||t.value)&&!\/[^a-zA-Z0-9]\/.test(t.secret)){for(var s,r,n,a=l.querySelectorAll('iframe[data-secret=\"'+t.secret+'\"]'),o=l.querySelectorAll('blockquote[data-secret=\"'+t.secret+'\"]'),c=new RegExp(\"^https?:$\",\"i\"),i=0;i<o.length;i++)o[i].style.display=\"none\";for(i=0;i<a.length;i++)s=a[i],e.source===s.contentWindow&&(s.removeAttribute(\"style\"),\"height\"===t.message?(1e3<(r=parseInt(t.value,10))?r=1e3:~~r<200&&(r=200),s.height=r):\"link\"===t.message&&(r=new URL(s.getAttribute(\"src\")),n=new URL(t.value),c.test(n.protocol))&&n.host===r.host&&l.activeElement===s&&(d.top.location.href=t.value))}},d.addEventListener(\"message\",d.wp.receiveEmbedMessage,!1),l.addEventListener(\"DOMContentLoaded\",function(){for(var e,t,s=l.querySelectorAll(\"iframe.wp-embedded-content\"),r=0;r<s.length;r++)(t=(e=s[r]).getAttribute(\"data-secret\"))||(t=Math.random().toString(36).substring(2,12),e.src+=\"#?secret=\"+t,e.setAttribute(\"data-secret\",t)),e.contentWindow.postMessage({message:\"ready\",secret:t},\"*\")},!1)))}(window,document);\n\/* ]]> *\/\n<\/script>\n","thumbnail_url":"https:\/\/www.fundaciobarcelonaolimpica.es\/wp-content\/uploads\/sites\/3\/2023\/06\/PORT_AH14_web15-3x21-1.jpg","thumbnail_width":1740,"thumbnail_height":2470,"description":"Por segunda vez en la historia, la Vuelta Ciclista a Espa\u00f1a ha escogido Barcelona como ciudad anfitriona para organizar el inicio de la carrera en su 78\u00aa edici\u00f3n. Coincidiendo con esta efem\u00e9ride, la Fundaci\u00f3 Barcelona Ol\u00edmpica, desde el Centre d\u2019Estudis Ol\u00edmpics i de l\u2019Esport Joan Antoni Samaranch, ha querido dedicar este libreto a la historia [&hellip;]"}