{"id":1065,"date":"2019-02-06T13:25:55","date_gmt":"2019-02-06T12:25:55","guid":{"rendered":"https:\/\/dev.fundaciobarcelonaolimpica.es\/?page_id=1065"},"modified":"2024-11-20T11:33:14","modified_gmt":"2024-11-20T10:33:14","slug":"publicaciones","status":"publish","type":"page","link":"https:\/\/www.fundaciobarcelonaolimpica.es\/es\/publicaciones\/","title":{"rendered":"Publicaciones"},"content":{"rendered":"\t\t<div data-elementor-type=\"wp-post\" data-elementor-id=\"1065\" class=\"elementor elementor-1065\" data-elementor-post-type=\"page\">\n\t\t\t\t\t\t<section class=\"elementor-section elementor-top-section elementor-element elementor-element-715840ff fbo-publicaciones elementor-section-boxed elementor-section-height-default elementor-section-height-default\" data-id=\"715840ff\" data-element_type=\"section\">\n\t\t\t\t\t\t<div class=\"elementor-container elementor-column-gap-default\">\n\t\t\t\t\t<div class=\"elementor-column elementor-col-100 elementor-top-column elementor-element elementor-element-53343de5\" data-id=\"53343de5\" data-element_type=\"column\">\n\t\t\t<div class=\"elementor-widget-wrap elementor-element-populated\">\n\t\t\t\t\t\t<div class=\"elementor-element elementor-element-e11aa75 elementor-widget elementor-widget-text-editor\" data-id=\"e11aa75\" data-element_type=\"widget\" data-widget_type=\"text-editor.default\">\n\t\t\t\t<div class=\"elementor-widget-container\">\n\t\t\t\t\t\t\t\t\t<p><strong>Limitaci\u00f3n de Responsabilidad<\/strong><\/p><p>La utilizaci\u00f3n de estos contenidos\/im\u00e1genes puede estar limitada por los derechos de autor. La FBO no asume ninguna responsabilidad sobre los usos que se haga de los contenidos publicados en el portal (texto e im\u00e1genes). El usuario ser\u00e1 el \u00fanico responsable de cualquier infracci\u00f3n de los derechos de autor o de la legislaci\u00f3n aplicable derivada de su uso.<\/p><p>Para cualquier duda o solicitud de autorizaci\u00f3n para usos espec\u00edficos, pod\u00e9is contactar con la FBO a trav\u00e9s de nuestro correo electr\u00f3nico oficial <a href=\"mailto:ceosamaranch@fbolimpica.es\">ceosamaranch@fbolimpica.es<\/a>.<\/p>\t\t\t\t\t\t\t\t<\/div>\n\t\t\t\t<\/div>\n\t\t\t\t<div class=\"elementor-element elementor-element-9fb5fa2 elementor-widget elementor-widget-shortcode\" data-id=\"9fb5fa2\" data-element_type=\"widget\" data-widget_type=\"shortcode.default\">\n\t\t\t\t<div class=\"elementor-widget-container\">\n\t\t\t\t\t\t\t<div class=\"elementor-shortcode\"><div class=\"cpt-grid cpt-grid--publication\">\n  \n        <div class=\"publication-item cpt-grid-item cpt-grid-item--publication\">\n  <div class=\"cpt-grid-item__inside\">\n          <a href=\"https:\/\/www.fundaciobarcelonaolimpica.es\/es\/publications\/espacios-deportivos-que-han-hecho-historia-en-barcelona\/\" class=\"publication-item__img\"><img fetchpriority=\"high\" decoding=\"async\" width=\"682\" height=\"624\" src=\"https:\/\/www.fundaciobarcelonaolimpica.es\/wp-content\/uploads\/sites\/3\/2026\/04\/espaisesport_llibre_72ppi_portada.png\" class=\"attachment-full size-full wp-post-image\" alt=\"\" srcset=\"https:\/\/www.fundaciobarcelonaolimpica.es\/wp-content\/uploads\/sites\/3\/2026\/04\/espaisesport_llibre_72ppi_portada.png 682w, https:\/\/www.fundaciobarcelonaolimpica.es\/wp-content\/uploads\/sites\/3\/2026\/04\/espaisesport_llibre_72ppi_portada-300x274.png 300w\" sizes=\"(max-width: 682px) 100vw, 682px\" \/><\/a>\n        <h3 class=\"publication-item__title\"><a href=\"https:\/\/www.fundaciobarcelonaolimpica.es\/es\/publications\/espacios-deportivos-que-han-hecho-historia-en-barcelona\/\">Espacios deportivos que han hecho historia en Barcelona (CAT)<\/a><\/h3>\n    <p class=\"publication-item__info\"><\/p>\n  <\/div><!-- \/.cpt-grid-item__inside -->\n<\/div><!-- \/.cpt-grid-item -->        <div class=\"publication-item cpt-grid-item cpt-grid-item--publication\">\n  <div class=\"cpt-grid-item__inside\">\n          <a href=\"https:\/\/www.fundaciobarcelonaolimpica.es\/es\/publications\/barcelona-paco-godia-y-el-motor-una-ciudad-y-un-piloto-hermanados-por-una-pasion-comun\/\" class=\"publication-item__img\"><img decoding=\"async\" width=\"1984\" height=\"1819\" src=\"https:\/\/www.fundaciobarcelonaolimpica.es\/wp-content\/uploads\/sites\/3\/2024\/12\/portada_Barcelona_Paco-Godiaielmotor.jpg\" class=\"attachment-full size-full wp-post-image\" alt=\"\" srcset=\"https:\/\/www.fundaciobarcelonaolimpica.es\/wp-content\/uploads\/sites\/3\/2024\/12\/portada_Barcelona_Paco-Godiaielmotor.jpg 1984w, https:\/\/www.fundaciobarcelonaolimpica.es\/wp-content\/uploads\/sites\/3\/2024\/12\/portada_Barcelona_Paco-Godiaielmotor-300x275.jpg 300w, https:\/\/www.fundaciobarcelonaolimpica.es\/wp-content\/uploads\/sites\/3\/2024\/12\/portada_Barcelona_Paco-Godiaielmotor-1024x939.jpg 1024w, https:\/\/www.fundaciobarcelonaolimpica.es\/wp-content\/uploads\/sites\/3\/2024\/12\/portada_Barcelona_Paco-Godiaielmotor-768x704.jpg 768w, https:\/\/www.fundaciobarcelonaolimpica.es\/wp-content\/uploads\/sites\/3\/2024\/12\/portada_Barcelona_Paco-Godiaielmotor-1536x1408.jpg 1536w, https:\/\/www.fundaciobarcelonaolimpica.es\/wp-content\/uploads\/sites\/3\/2024\/12\/portada_Barcelona_Paco-Godiaielmotor-1320x1210.jpg 1320w\" sizes=\"(max-width: 1984px) 100vw, 1984px\" \/><\/a>\n        <h3 class=\"publication-item__title\"><a href=\"https:\/\/www.fundaciobarcelonaolimpica.es\/es\/publications\/barcelona-paco-godia-y-el-motor-una-ciudad-y-un-piloto-hermanados-por-una-pasion-comun\/\">Barcelona, Paco Godia y el motor. Una ciudad y un piloto, hermanados por una pasi\u00f3n com\u00fan<\/a><\/h3>\n    <p class=\"publication-item__info\"><\/p>\n  <\/div><!-- \/.cpt-grid-item__inside -->\n<\/div><!-- \/.cpt-grid-item -->        <div class=\"publication-item cpt-grid-item cpt-grid-item--publication\">\n  <div class=\"cpt-grid-item__inside\">\n          <a href=\"https:\/\/www.fundaciobarcelonaolimpica.es\/es\/publications\/barcelona-una-ciudad-deportiva\/\" class=\"publication-item__img\"><img decoding=\"async\" width=\"2560\" height=\"1797\" src=\"https:\/\/www.fundaciobarcelonaolimpica.es\/wp-content\/uploads\/sites\/3\/2021\/04\/Portada-BCN-ciutat-esportiva-Fundacio-Barcelona-Olimpica-scaled.jpg\" class=\"attachment-full size-full wp-post-image\" alt=\"Barcelona, una ciutat superbament esportiva\" srcset=\"https:\/\/www.fundaciobarcelonaolimpica.es\/wp-content\/uploads\/sites\/3\/2021\/04\/Portada-BCN-ciutat-esportiva-Fundacio-Barcelona-Olimpica-scaled.jpg 2560w, https:\/\/www.fundaciobarcelonaolimpica.es\/wp-content\/uploads\/sites\/3\/2021\/04\/Portada-BCN-ciutat-esportiva-Fundacio-Barcelona-Olimpica-300x211.jpg 300w, https:\/\/www.fundaciobarcelonaolimpica.es\/wp-content\/uploads\/sites\/3\/2021\/04\/Portada-BCN-ciutat-esportiva-Fundacio-Barcelona-Olimpica-1024x719.jpg 1024w, https:\/\/www.fundaciobarcelonaolimpica.es\/wp-content\/uploads\/sites\/3\/2021\/04\/Portada-BCN-ciutat-esportiva-Fundacio-Barcelona-Olimpica-768x539.jpg 768w, https:\/\/www.fundaciobarcelonaolimpica.es\/wp-content\/uploads\/sites\/3\/2021\/04\/Portada-BCN-ciutat-esportiva-Fundacio-Barcelona-Olimpica-1536x1078.jpg 1536w, https:\/\/www.fundaciobarcelonaolimpica.es\/wp-content\/uploads\/sites\/3\/2021\/04\/Portada-BCN-ciutat-esportiva-Fundacio-Barcelona-Olimpica-2048x1437.jpg 2048w, https:\/\/www.fundaciobarcelonaolimpica.es\/wp-content\/uploads\/sites\/3\/2021\/04\/Portada-BCN-ciutat-esportiva-Fundacio-Barcelona-Olimpica-1320x926.jpg 1320w\" sizes=\"(max-width: 2560px) 100vw, 2560px\" \/><\/a>\n        <h3 class=\"publication-item__title\"><a href=\"https:\/\/www.fundaciobarcelonaolimpica.es\/es\/publications\/barcelona-una-ciudad-deportiva\/\">Barcelona: una ciudad soberbiamente deportiva. Campeonatos del Mundo (1923 &#8211; 2019)<\/a><\/h3>\n    <p class=\"publication-item__info\"><\/p>\n  <\/div><!-- \/.cpt-grid-item__inside -->\n<\/div><!-- \/.cpt-grid-item -->        <div class=\"publication-item cpt-grid-item cpt-grid-item--publication\">\n  <div class=\"cpt-grid-item__inside\">\n          <a href=\"https:\/\/www.fundaciobarcelonaolimpica.es\/es\/publications\/el-olimpismo-en-espana-una-mirada-historica-de-los-origenes-a-la-actulidad\/\" class=\"publication-item__img\"><img loading=\"lazy\" decoding=\"async\" width=\"2014\" height=\"2422\" src=\"https:\/\/www.fundaciobarcelonaolimpica.es\/wp-content\/uploads\/sites\/3\/2019\/10\/Olimpismo-portada-web.jpg\" class=\"attachment-full size-full wp-post-image\" alt=\"\" srcset=\"https:\/\/www.fundaciobarcelonaolimpica.es\/wp-content\/uploads\/sites\/3\/2019\/10\/Olimpismo-portada-web.jpg 2014w, https:\/\/www.fundaciobarcelonaolimpica.es\/wp-content\/uploads\/sites\/3\/2019\/10\/Olimpismo-portada-web-249x300.jpg 249w, https:\/\/www.fundaciobarcelonaolimpica.es\/wp-content\/uploads\/sites\/3\/2019\/10\/Olimpismo-portada-web-768x924.jpg 768w, https:\/\/www.fundaciobarcelonaolimpica.es\/wp-content\/uploads\/sites\/3\/2019\/10\/Olimpismo-portada-web-852x1024.jpg 852w, https:\/\/www.fundaciobarcelonaolimpica.es\/wp-content\/uploads\/sites\/3\/2019\/10\/Olimpismo-portada-web-1320x1587.jpg 1320w\" sizes=\"(max-width: 2014px) 100vw, 2014px\" \/><\/a>\n        <h3 class=\"publication-item__title\"><a href=\"https:\/\/www.fundaciobarcelonaolimpica.es\/es\/publications\/el-olimpismo-en-espana-una-mirada-historica-de-los-origenes-a-la-actulidad\/\">El Olimpismo en Espa\u00f1a: Una mirada hist\u00f3rica de los or\u00edgenes a la actulidad<\/a><\/h3>\n    <p class=\"publication-item__info\"><\/p>\n  <\/div><!-- \/.cpt-grid-item__inside -->\n<\/div><!-- \/.cpt-grid-item -->        <div class=\"publication-item cpt-grid-item cpt-grid-item--publication\">\n  <div class=\"cpt-grid-item__inside\">\n          <a href=\"https:\/\/www.fundaciobarcelonaolimpica.es\/es\/publications\/juan-antonio-samaranch-concejal-de-deportes-del-ayuntamiento-de-barcelona-1955-1961\/\" class=\"publication-item__img\"><img loading=\"lazy\" decoding=\"async\" width=\"600\" height=\"754\" src=\"https:\/\/www.fundaciobarcelonaolimpica.es\/wp-content\/uploads\/sites\/3\/2019\/07\/PORTADA-LlibreSama-WEB-22.jpg\" class=\"attachment-full size-full wp-post-image\" alt=\"\" srcset=\"https:\/\/www.fundaciobarcelonaolimpica.es\/wp-content\/uploads\/sites\/3\/2019\/07\/PORTADA-LlibreSama-WEB-22.jpg 600w, https:\/\/www.fundaciobarcelonaolimpica.es\/wp-content\/uploads\/sites\/3\/2019\/07\/PORTADA-LlibreSama-WEB-22-239x300.jpg 239w\" sizes=\"(max-width: 600px) 100vw, 600px\" \/><\/a>\n        <h3 class=\"publication-item__title\"><a href=\"https:\/\/www.fundaciobarcelonaolimpica.es\/es\/publications\/juan-antonio-samaranch-concejal-de-deportes-del-ayuntamiento-de-barcelona-1955-1961\/\">Juan Antonio Samaranch. Concejal de Deportes del Ayuntamiento de Barcelona (1955-1961)<\/a><\/h3>\n    <p class=\"publication-item__info\"><\/p>\n  <\/div><!-- \/.cpt-grid-item__inside -->\n<\/div><!-- \/.cpt-grid-item -->        <div class=\"publication-item cpt-grid-item cpt-grid-item--publication\">\n  <div class=\"cpt-grid-item__inside\">\n          <a href=\"https:\/\/www.fundaciobarcelonaolimpica.es\/es\/publications\/sociedad-y-deporte\/\" class=\"publication-item__img\"><img loading=\"lazy\" decoding=\"async\" width=\"645\" height=\"826\" src=\"https:\/\/www.fundaciobarcelonaolimpica.es\/wp-content\/uploads\/sites\/3\/2019\/07\/SocietatiEsport-web-PORTADA-B_1.jpg\" class=\"attachment-full size-full wp-post-image\" alt=\"\" srcset=\"https:\/\/www.fundaciobarcelonaolimpica.es\/wp-content\/uploads\/sites\/3\/2019\/07\/SocietatiEsport-web-PORTADA-B_1.jpg 645w, https:\/\/www.fundaciobarcelonaolimpica.es\/wp-content\/uploads\/sites\/3\/2019\/07\/SocietatiEsport-web-PORTADA-B_1-234x300.jpg 234w\" sizes=\"(max-width: 645px) 100vw, 645px\" \/><\/a>\n        <h3 class=\"publication-item__title\"><a href=\"https:\/\/www.fundaciobarcelonaolimpica.es\/es\/publications\/sociedad-y-deporte\/\">Sociedad y deporte. Las pol\u00edticas Deportivas del Ayuntamiento de Barcelona y las llamadas escuelas de iniciaci\u00f3n Deportiva (1979-1987)<\/a><\/h3>\n    <p class=\"publication-item__info\"><\/p>\n  <\/div><!-- \/.cpt-grid-item__inside -->\n<\/div><!-- \/.cpt-grid-item -->        <div class=\"publication-item cpt-grid-item cpt-grid-item--publication\">\n  <div class=\"cpt-grid-item__inside\">\n          <a href=\"https:\/\/www.fundaciobarcelonaolimpica.es\/es\/publications\/del-siglo-xix-al-siglo-xxi-el-deporte-en-barcelona\/\" class=\"publication-item__img\"><img loading=\"lazy\" decoding=\"async\" width=\"600\" height=\"792\" src=\"https:\/\/www.fundaciobarcelonaolimpica.es\/wp-content\/uploads\/sites\/3\/2019\/07\/Portada_Esport_barcelona.jpg\" class=\"attachment-full size-full wp-post-image\" alt=\"\" srcset=\"https:\/\/www.fundaciobarcelonaolimpica.es\/wp-content\/uploads\/sites\/3\/2019\/07\/Portada_Esport_barcelona.jpg 600w, https:\/\/www.fundaciobarcelonaolimpica.es\/wp-content\/uploads\/sites\/3\/2019\/07\/Portada_Esport_barcelona-227x300.jpg 227w\" sizes=\"(max-width: 600px) 100vw, 600px\" \/><\/a>\n        <h3 class=\"publication-item__title\"><a href=\"https:\/\/www.fundaciobarcelonaolimpica.es\/es\/publications\/del-siglo-xix-al-siglo-xxi-el-deporte-en-barcelona\/\">Del siglo XIX al siglo XXI el deporte en Barcelona<\/a><\/h3>\n    <p class=\"publication-item__info\"> <\/p>\n  <\/div><!-- \/.cpt-grid-item__inside -->\n<\/div><!-- \/.cpt-grid-item -->        <div class=\"publication-item cpt-grid-item cpt-grid-item--publication\">\n  <div class=\"cpt-grid-item__inside\">\n          <a href=\"https:\/\/www.fundaciobarcelonaolimpica.es\/es\/publications\/periodisme-amb-empremta-olimpica\/\" class=\"publication-item__img\"><img loading=\"lazy\" decoding=\"async\" width=\"991\" height=\"1403\" src=\"https:\/\/www.fundaciobarcelonaolimpica.es\/wp-content\/uploads\/sites\/3\/2019\/07\/Periodisme_portada.jpg\" class=\"attachment-full size-full wp-post-image\" alt=\"\" srcset=\"https:\/\/www.fundaciobarcelonaolimpica.es\/wp-content\/uploads\/sites\/3\/2019\/07\/Periodisme_portada.jpg 991w, https:\/\/www.fundaciobarcelonaolimpica.es\/wp-content\/uploads\/sites\/3\/2019\/07\/Periodisme_portada-212x300.jpg 212w, https:\/\/www.fundaciobarcelonaolimpica.es\/wp-content\/uploads\/sites\/3\/2019\/07\/Periodisme_portada-768x1087.jpg 768w, https:\/\/www.fundaciobarcelonaolimpica.es\/wp-content\/uploads\/sites\/3\/2019\/07\/Periodisme_portada-723x1024.jpg 723w\" sizes=\"(max-width: 991px) 100vw, 991px\" \/><\/a>\n        <h3 class=\"publication-item__title\"><a href=\"https:\/\/www.fundaciobarcelonaolimpica.es\/es\/publications\/periodisme-amb-empremta-olimpica\/\">Periodismo con impronta ol\u00edmpica<\/a><\/h3>\n    <p class=\"publication-item__info\">Periodismo con impronta ol\u00edmpica (CAT)<\/p>\n  <\/div><!-- \/.cpt-grid-item__inside -->\n<\/div><!-- \/.cpt-grid-item -->        <div class=\"publication-item cpt-grid-item cpt-grid-item--publication\">\n  <div class=\"cpt-grid-item__inside\">\n          <a href=\"https:\/\/www.fundaciobarcelonaolimpica.es\/es\/publications\/el-estadio-de-montjuic-1929-1992\/\" class=\"publication-item__img\"><img loading=\"lazy\" decoding=\"async\" width=\"990\" height=\"1299\" src=\"https:\/\/www.fundaciobarcelonaolimpica.es\/wp-content\/uploads\/sites\/3\/2019\/07\/portada_Estadi_web.jpg\" class=\"attachment-full size-full wp-post-image\" alt=\"\" srcset=\"https:\/\/www.fundaciobarcelonaolimpica.es\/wp-content\/uploads\/sites\/3\/2019\/07\/portada_Estadi_web.jpg 990w, https:\/\/www.fundaciobarcelonaolimpica.es\/wp-content\/uploads\/sites\/3\/2019\/07\/portada_Estadi_web-229x300.jpg 229w, https:\/\/www.fundaciobarcelonaolimpica.es\/wp-content\/uploads\/sites\/3\/2019\/07\/portada_Estadi_web-768x1008.jpg 768w, https:\/\/www.fundaciobarcelonaolimpica.es\/wp-content\/uploads\/sites\/3\/2019\/07\/portada_Estadi_web-780x1024.jpg 780w\" sizes=\"(max-width: 990px) 100vw, 990px\" \/><\/a>\n        <h3 class=\"publication-item__title\"><a href=\"https:\/\/www.fundaciobarcelonaolimpica.es\/es\/publications\/el-estadio-de-montjuic-1929-1992\/\">El Estadio de Montju\u00efc (1929-1992)<\/a><\/h3>\n    <p class=\"publication-item__info\">El Estadio de Montjuic (1929-1992) (CAT)<\/p>\n  <\/div><!-- \/.cpt-grid-item__inside -->\n<\/div><!-- \/.cpt-grid-item -->        <div class=\"publication-item cpt-grid-item cpt-grid-item--publication\">\n  <div class=\"cpt-grid-item__inside\">\n          <a href=\"https:\/\/www.fundaciobarcelonaolimpica.es\/es\/publications\/diario-olimpico-de-un-blogger\/\" class=\"publication-item__img\"><img loading=\"lazy\" decoding=\"async\" width=\"956\" height=\"1358\" src=\"https:\/\/www.fundaciobarcelonaolimpica.es\/wp-content\/uploads\/sites\/3\/2019\/07\/diari_olimpic_portada.jpg\" class=\"attachment-full size-full wp-post-image\" alt=\"\" srcset=\"https:\/\/www.fundaciobarcelonaolimpica.es\/wp-content\/uploads\/sites\/3\/2019\/07\/diari_olimpic_portada.jpg 956w, https:\/\/www.fundaciobarcelonaolimpica.es\/wp-content\/uploads\/sites\/3\/2019\/07\/diari_olimpic_portada-211x300.jpg 211w, https:\/\/www.fundaciobarcelonaolimpica.es\/wp-content\/uploads\/sites\/3\/2019\/07\/diari_olimpic_portada-768x1091.jpg 768w, https:\/\/www.fundaciobarcelonaolimpica.es\/wp-content\/uploads\/sites\/3\/2019\/07\/diari_olimpic_portada-721x1024.jpg 721w\" sizes=\"(max-width: 956px) 100vw, 956px\" \/><\/a>\n        <h3 class=\"publication-item__title\"><a href=\"https:\/\/www.fundaciobarcelonaolimpica.es\/es\/publications\/diario-olimpico-de-un-blogger\/\">Diario Ol\u00edmpico de un Blogger<\/a><\/h3>\n    <p class=\"publication-item__info\">Diario Ol\u00edmpico de un Blogger (CAT)<\/p>\n  <\/div><!-- \/.cpt-grid-item__inside -->\n<\/div><!-- \/.cpt-grid-item -->        <div class=\"publication-item cpt-grid-item cpt-grid-item--publication\">\n  <div class=\"cpt-grid-item__inside\">\n          <a href=\"https:\/\/www.fundaciobarcelonaolimpica.es\/es\/publications\/barcelona-los-juegos-mediterraneos-1955\/\" class=\"publication-item__img\"><img loading=\"lazy\" decoding=\"async\" width=\"970\" height=\"1299\" src=\"https:\/\/www.fundaciobarcelonaolimpica.es\/wp-content\/uploads\/sites\/3\/2019\/07\/JocsMediterranis_portada_.jpg\" class=\"attachment-full size-full wp-post-image\" alt=\"\" srcset=\"https:\/\/www.fundaciobarcelonaolimpica.es\/wp-content\/uploads\/sites\/3\/2019\/07\/JocsMediterranis_portada_.jpg 970w, https:\/\/www.fundaciobarcelonaolimpica.es\/wp-content\/uploads\/sites\/3\/2019\/07\/JocsMediterranis_portada_-224x300.jpg 224w, https:\/\/www.fundaciobarcelonaolimpica.es\/wp-content\/uploads\/sites\/3\/2019\/07\/JocsMediterranis_portada_-768x1028.jpg 768w, https:\/\/www.fundaciobarcelonaolimpica.es\/wp-content\/uploads\/sites\/3\/2019\/07\/JocsMediterranis_portada_-765x1024.jpg 765w\" sizes=\"(max-width: 970px) 100vw, 970px\" \/><\/a>\n        <h3 class=\"publication-item__title\"><a href=\"https:\/\/www.fundaciobarcelonaolimpica.es\/es\/publications\/barcelona-los-juegos-mediterraneos-1955\/\">Barcelona, los Juegos Mediterraneos 1955<\/a><\/h3>\n    <p class=\"publication-item__info\">Barcelona, los Juegos Mediterraneos 1955  (CAT)<\/p>\n  <\/div><!-- \/.cpt-grid-item__inside -->\n<\/div><!-- \/.cpt-grid-item -->        <div class=\"publication-item cpt-grid-item cpt-grid-item--publication\">\n  <div class=\"cpt-grid-item__inside\">\n          <a href=\"https:\/\/www.fundaciobarcelonaolimpica.es\/es\/publications\/catalogo-aula-de-historia\/\" class=\"publication-item__img\"><img loading=\"lazy\" decoding=\"async\" width=\"670\" height=\"926\" src=\"https:\/\/www.fundaciobarcelonaolimpica.es\/wp-content\/uploads\/sites\/3\/2019\/07\/aula.jpg\" class=\"attachment-full size-full wp-post-image\" alt=\"\" srcset=\"https:\/\/www.fundaciobarcelonaolimpica.es\/wp-content\/uploads\/sites\/3\/2019\/07\/aula.jpg 670w, https:\/\/www.fundaciobarcelonaolimpica.es\/wp-content\/uploads\/sites\/3\/2019\/07\/aula-217x300.jpg 217w\" sizes=\"(max-width: 670px) 100vw, 670px\" \/><\/a>\n        <h3 class=\"publication-item__title\"><a href=\"https:\/\/www.fundaciobarcelonaolimpica.es\/es\/publications\/catalogo-aula-de-historia\/\">Publicaciones Aula de Historia<\/a><\/h3>\n    <p class=\"publication-item__info\"><\/p>\n  <\/div><!-- \/.cpt-grid-item__inside -->\n<\/div><!-- \/.cpt-grid-item -->    \n  <\/div><!-- .cpt-grid -->\n<\/div>\n\t\t\t\t\t\t<\/div>\n\t\t\t\t<\/div>\n\t\t\t\t\t<\/div>\n\t\t<\/div>\n\t\t\t\t\t<\/div>\n\t\t<\/section>\n\t\t\t\t<\/div>\n\t\t","protected":false},"excerpt":{"rendered":"<p>Limitaci\u00f3n de Responsabilidad La utilizaci\u00f3n de estos contenidos\/im\u00e1genes puede estar limitada por los derechos de autor. La FBO no asume ninguna responsabilidad sobre los usos que se haga de los contenidos publicados en el portal (texto e im\u00e1genes). El usuario ser\u00e1 el \u00fanico responsable de cualquier infracci\u00f3n de los derechos de autor o de la [&hellip;]<\/p>\n","protected":false},"author":6,"featured_media":0,"parent":0,"menu_order":0,"comment_status":"closed","ping_status":"closed","template":"","meta":{"_acf_changed":false,"footnotes":""},"class_list":["post-1065","page","type-page","status-publish","hentry"],"acf":[],"yoast_head":"<!-- This site is optimized with the Yoast SEO plugin v23.7 - https:\/\/yoast.com\/wordpress\/plugins\/seo\/ -->\n<title>Publicaciones - Fundaci\u00f3 Barcelona Ol\u00edmpica<\/title>\n<meta name=\"robots\" content=\"index, follow, max-snippet:-1, max-image-preview:large, max-video-preview:-1\" \/>\n<link rel=\"canonical\" href=\"https:\/\/www.fundaciobarcelonaolimpica.es\/es\/publicaciones\/\" \/>\n<meta property=\"og:locale\" content=\"es_ES\" \/>\n<meta property=\"og:type\" content=\"article\" \/>\n<meta property=\"og:title\" content=\"Publicaciones - Fundaci\u00f3 Barcelona Ol\u00edmpica\" \/>\n<meta property=\"og:description\" content=\"Limitaci\u00f3n de Responsabilidad La utilizaci\u00f3n de estos contenidos\/im\u00e1genes puede estar limitada por los derechos de autor. La FBO no asume ninguna responsabilidad sobre los usos que se haga de los contenidos publicados en el portal (texto e im\u00e1genes). El usuario ser\u00e1 el \u00fanico responsable de cualquier infracci\u00f3n de los derechos de autor o de la [&hellip;]\" \/>\n<meta property=\"og:url\" content=\"https:\/\/www.fundaciobarcelonaolimpica.es\/es\/publicaciones\/\" \/>\n<meta property=\"og:site_name\" content=\"Fundaci\u00f3 Barcelona Ol\u00edmpica\" \/>\n<meta property=\"article:modified_time\" content=\"2024-11-20T10:33:14+00:00\" \/>\n<meta name=\"twitter:card\" content=\"summary_large_image\" \/>\n<meta name=\"twitter:label1\" content=\"Tiempo de lectura\" \/>\n\t<meta name=\"twitter:data1\" content=\"1 minuto\" \/>\n<script type=\"application\/ld+json\" class=\"yoast-schema-graph\">{\"@context\":\"https:\/\/schema.org\",\"@graph\":[{\"@type\":\"WebPage\",\"@id\":\"https:\/\/www.fundaciobarcelonaolimpica.es\/es\/publicaciones\/\",\"url\":\"https:\/\/www.fundaciobarcelonaolimpica.es\/es\/publicaciones\/\",\"name\":\"Publicaciones - Fundaci\u00f3 Barcelona Ol\u00edmpica\",\"isPartOf\":{\"@id\":\"https:\/\/www.fundaciobarcelonaolimpica.es\/ca\/#website\"},\"datePublished\":\"2019-02-06T12:25:55+00:00\",\"dateModified\":\"2024-11-20T10:33:14+00:00\",\"breadcrumb\":{\"@id\":\"https:\/\/www.fundaciobarcelonaolimpica.es\/es\/publicaciones\/#breadcrumb\"},\"inLanguage\":\"es\",\"potentialAction\":[{\"@type\":\"ReadAction\",\"target\":[\"https:\/\/www.fundaciobarcelonaolimpica.es\/es\/publicaciones\/\"]}]},{\"@type\":\"BreadcrumbList\",\"@id\":\"https:\/\/www.fundaciobarcelonaolimpica.es\/es\/publicaciones\/#breadcrumb\",\"itemListElement\":[{\"@type\":\"ListItem\",\"position\":1,\"name\":\"FBO\",\"item\":\"https:\/\/www.fundaciobarcelonaolimpica.es\/es\/\"},{\"@type\":\"ListItem\",\"position\":2,\"name\":\"Publicaciones\"}]},{\"@type\":\"WebSite\",\"@id\":\"https:\/\/www.fundaciobarcelonaolimpica.es\/ca\/#website\",\"url\":\"https:\/\/www.fundaciobarcelonaolimpica.es\/ca\/\",\"name\":\"Fundaci\u00f3 Barcelona Ol\u00edmpica\",\"description\":\"Web del Museu Ol\u00edmpic i de l&#039;Esport\",\"publisher\":{\"@id\":\"https:\/\/www.fundaciobarcelonaolimpica.es\/ca\/#organization\"},\"potentialAction\":[{\"@type\":\"SearchAction\",\"target\":{\"@type\":\"EntryPoint\",\"urlTemplate\":\"https:\/\/www.fundaciobarcelonaolimpica.es\/ca\/?s={search_term_string}\"},\"query-input\":{\"@type\":\"PropertyValueSpecification\",\"valueRequired\":true,\"valueName\":\"search_term_string\"}}],\"inLanguage\":\"es\"},{\"@type\":\"Organization\",\"@id\":\"https:\/\/www.fundaciobarcelonaolimpica.es\/ca\/#organization\",\"name\":\"Fundaci\u00f3 Barcelona Ol\u00edmpica\",\"url\":\"https:\/\/www.fundaciobarcelonaolimpica.es\/ca\/\",\"logo\":{\"@type\":\"ImageObject\",\"inLanguage\":\"es\",\"@id\":\"https:\/\/www.fundaciobarcelonaolimpica.es\/ca\/#\/schema\/logo\/image\/\",\"url\":\"https:\/\/www.fundaciobarcelonaolimpica.es\/wp-content\/uploads\/sites\/3\/2019\/02\/logo-fundacio.svg\",\"contentUrl\":\"https:\/\/www.fundaciobarcelonaolimpica.es\/wp-content\/uploads\/sites\/3\/2019\/02\/logo-fundacio.svg\",\"caption\":\"Fundaci\u00f3 Barcelona Ol\u00edmpica\"},\"image\":{\"@id\":\"https:\/\/www.fundaciobarcelonaolimpica.es\/ca\/#\/schema\/logo\/image\/\"}}]}<\/script>\n<!-- \/ Yoast SEO plugin. -->","yoast_head_json":{"title":"Publicaciones - Fundaci\u00f3 Barcelona Ol\u00edmpica","robots":{"index":"index","follow":"follow","max-snippet":"max-snippet:-1","max-image-preview":"max-image-preview:large","max-video-preview":"max-video-preview:-1"},"canonical":"https:\/\/www.fundaciobarcelonaolimpica.es\/es\/publicaciones\/","og_locale":"es_ES","og_type":"article","og_title":"Publicaciones - Fundaci\u00f3 Barcelona Ol\u00edmpica","og_description":"Limitaci\u00f3n de Responsabilidad La utilizaci\u00f3n de estos contenidos\/im\u00e1genes puede estar limitada por los derechos de autor. La FBO no asume ninguna responsabilidad sobre los usos que se haga de los contenidos publicados en el portal (texto e im\u00e1genes). El usuario ser\u00e1 el \u00fanico responsable de cualquier infracci\u00f3n de los derechos de autor o de la [&hellip;]","og_url":"https:\/\/www.fundaciobarcelonaolimpica.es\/es\/publicaciones\/","og_site_name":"Fundaci\u00f3 Barcelona Ol\u00edmpica","article_modified_time":"2024-11-20T10:33:14+00:00","twitter_card":"summary_large_image","twitter_misc":{"Tiempo de lectura":"1 minuto"},"schema":{"@context":"https:\/\/schema.org","@graph":[{"@type":"WebPage","@id":"https:\/\/www.fundaciobarcelonaolimpica.es\/es\/publicaciones\/","url":"https:\/\/www.fundaciobarcelonaolimpica.es\/es\/publicaciones\/","name":"Publicaciones - Fundaci\u00f3 Barcelona Ol\u00edmpica","isPartOf":{"@id":"https:\/\/www.fundaciobarcelonaolimpica.es\/ca\/#website"},"datePublished":"2019-02-06T12:25:55+00:00","dateModified":"2024-11-20T10:33:14+00:00","breadcrumb":{"@id":"https:\/\/www.fundaciobarcelonaolimpica.es\/es\/publicaciones\/#breadcrumb"},"inLanguage":"es","potentialAction":[{"@type":"ReadAction","target":["https:\/\/www.fundaciobarcelonaolimpica.es\/es\/publicaciones\/"]}]},{"@type":"BreadcrumbList","@id":"https:\/\/www.fundaciobarcelonaolimpica.es\/es\/publicaciones\/#breadcrumb","itemListElement":[{"@type":"ListItem","position":1,"name":"FBO","item":"https:\/\/www.fundaciobarcelonaolimpica.es\/es\/"},{"@type":"ListItem","position":2,"name":"Publicaciones"}]},{"@type":"WebSite","@id":"https:\/\/www.fundaciobarcelonaolimpica.es\/ca\/#website","url":"https:\/\/www.fundaciobarcelonaolimpica.es\/ca\/","name":"Fundaci\u00f3 Barcelona Ol\u00edmpica","description":"Web del Museu Ol\u00edmpic i de l&#039;Esport","publisher":{"@id":"https:\/\/www.fundaciobarcelonaolimpica.es\/ca\/#organization"},"potentialAction":[{"@type":"SearchAction","target":{"@type":"EntryPoint","urlTemplate":"https:\/\/www.fundaciobarcelonaolimpica.es\/ca\/?s={search_term_string}"},"query-input":{"@type":"PropertyValueSpecification","valueRequired":true,"valueName":"search_term_string"}}],"inLanguage":"es"},{"@type":"Organization","@id":"https:\/\/www.fundaciobarcelonaolimpica.es\/ca\/#organization","name":"Fundaci\u00f3 Barcelona Ol\u00edmpica","url":"https:\/\/www.fundaciobarcelonaolimpica.es\/ca\/","logo":{"@type":"ImageObject","inLanguage":"es","@id":"https:\/\/www.fundaciobarcelonaolimpica.es\/ca\/#\/schema\/logo\/image\/","url":"https:\/\/www.fundaciobarcelonaolimpica.es\/wp-content\/uploads\/sites\/3\/2019\/02\/logo-fundacio.svg","contentUrl":"https:\/\/www.fundaciobarcelonaolimpica.es\/wp-content\/uploads\/sites\/3\/2019\/02\/logo-fundacio.svg","caption":"Fundaci\u00f3 Barcelona Ol\u00edmpica"},"image":{"@id":"https:\/\/www.fundaciobarcelonaolimpica.es\/ca\/#\/schema\/logo\/image\/"}}]}},"_links":{"self":[{"href":"https:\/\/www.fundaciobarcelonaolimpica.es\/es\/wp-json\/wp\/v2\/pages\/1065"}],"collection":[{"href":"https:\/\/www.fundaciobarcelonaolimpica.es\/es\/wp-json\/wp\/v2\/pages"}],"about":[{"href":"https:\/\/www.fundaciobarcelonaolimpica.es\/es\/wp-json\/wp\/v2\/types\/page"}],"author":[{"embeddable":true,"href":"https:\/\/www.fundaciobarcelonaolimpica.es\/es\/wp-json\/wp\/v2\/users\/6"}],"replies":[{"embeddable":true,"href":"https:\/\/www.fundaciobarcelonaolimpica.es\/es\/wp-json\/wp\/v2\/comments?post=1065"}],"version-history":[{"count":44,"href":"https:\/\/www.fundaciobarcelonaolimpica.es\/es\/wp-json\/wp\/v2\/pages\/1065\/revisions"}],"predecessor-version":[{"id":30682,"href":"https:\/\/www.fundaciobarcelonaolimpica.es\/es\/wp-json\/wp\/v2\/pages\/1065\/revisions\/30682"}],"wp:attachment":[{"href":"https:\/\/www.fundaciobarcelonaolimpica.es\/es\/wp-json\/wp\/v2\/media?parent=1065"}],"curies":[{"name":"wp","href":"https:\/\/api.w.org\/{rel}","templated":true}]}}