{"id":1548,"date":"2019-02-26T16:32:09","date_gmt":"2019-02-26T15:32:09","guid":{"rendered":"https:\/\/dev.fundaciobarcelonaolimpica.es\/?page_id=1548"},"modified":"2019-06-27T08:28:15","modified_gmt":"2019-06-27T06:28:15","slug":"politica-privacidad-proteccion-datos","status":"publish","type":"page","link":"https:\/\/www.fundaciobarcelonaolimpica.es\/es\/politica-privacidad-proteccion-datos\/","title":{"rendered":"Pol\u00edtica de privacidad"},"content":{"rendered":"\t\t<div data-elementor-type=\"wp-post\" data-elementor-id=\"1548\" class=\"elementor elementor-1548 elementor-bc-flex-widget\" data-elementor-post-type=\"page\">\n\t\t\t\t\t\t<section class=\"elementor-section elementor-top-section elementor-element elementor-element-79b84364 fbo-rgpd elementor-section-boxed elementor-section-height-default elementor-section-height-default\" data-id=\"79b84364\" data-element_type=\"section\">\n\t\t\t\t\t\t<div class=\"elementor-container elementor-column-gap-no\">\n\t\t\t\t\t<div class=\"elementor-column elementor-col-100 elementor-top-column elementor-element elementor-element-57400f86\" data-id=\"57400f86\" data-element_type=\"column\">\n\t\t\t<div class=\"elementor-widget-wrap elementor-element-populated\">\n\t\t\t\t\t\t<section class=\"elementor-section elementor-inner-section elementor-element elementor-element-2fc25f48 elementor-section-boxed elementor-section-height-default elementor-section-height-default\" data-id=\"2fc25f48\" data-element_type=\"section\">\n\t\t\t\t\t\t<div class=\"elementor-container elementor-column-gap-default\">\n\t\t\t\t\t<div class=\"elementor-column elementor-col-100 elementor-inner-column elementor-element elementor-element-632a5d05\" data-id=\"632a5d05\" data-element_type=\"column\">\n\t\t\t<div class=\"elementor-widget-wrap elementor-element-populated\">\n\t\t\t\t\t\t<div class=\"elementor-element elementor-element-6376822 elementor-widget elementor-widget-text-editor\" data-id=\"6376822\" data-element_type=\"widget\" data-widget_type=\"text-editor.default\">\n\t\t\t\t<div class=\"elementor-widget-container\">\n\t\t\t\t\t\t\t\t\t<h2>Pol\u00edtica de privacidad y protecci\u00f3n de datos<\/h2><h3>Responsable del tratamiento:<\/h3><p>Raz\u00f3n Social: Fundaci\u00f3n Barcelona Ol\u00edmpica<br \/>Domicilio Social: Avenida del Estadio, 60 &#8211; 08038 Barcelona<br \/>Correo electr\u00f3nico: <a href=\"mailto:protecciodades@fbolimpica.es\" target=\"_blank\" rel=\"noopener\">protecciodades@fbolimpica.es<\/a><br \/>NIF: G-60309655<\/p><p>A trav\u00e9s del presente aviso, la Fundaci\u00f3n informa a los usuarios del sitio web que, en cumplimiento del Reglamento (UE) 2016\/679 del Parlamento Europeo y del Consejo de 27 de abril de 2016, relativo a la Protecci\u00f3n de las Personas F\u00edsicas respecto al tratamiento de datos personales y a la libre circulaci\u00f3n de datos (en adelante RGPD), los datos personales facilitados ser\u00e1n incorporados en nuestro fichero titularidad de la Fundaci\u00f3n Barcelona Ol\u00edmpica con domicilio en la Avenida del Estadio, 60 &#8211; 08038 Barcelona.<\/p><p>El acceso a nuestro espacio Web no exige que el usuario realice un registro previo. Asimismo, el acceso y navegaci\u00f3n a trav\u00e9s de este espacio Web supone que el usuario acepta en su totalidad la presente pol\u00edtica de privacidad y la de cookies.<\/p><h4>I. Legitimaci\u00f3n del tratamiento<\/h4><p>La legitimaci\u00f3n para llevar a cabo el tratamiento de los datos de los usuarios se encuentra en el consentimiento del interesado, solicitado para el caso concreto.<\/p><p>Por su parte, la gesti\u00f3n de la contrataci\u00f3n de servicios, pago, facturaci\u00f3n y env\u00edos correspondientes, est\u00e1 legitimada por la propia ejecuci\u00f3n del contrato.<\/p><p>El tratamiento de los datos con la finalidad de remitir boletines electr\u00f3nicos sobre servicios, acontecimientos y noticias relacionadas con nuestra actividad profesional, se basa en el inter\u00e9s leg\u00edtimo de la Fundaci\u00f3n para llevar a cabo estos tratamientos de acuerdo con la normativa vigente y el consentimiento prestado por los interesados.<\/p><p>En relaci\u00f3n con la remisi\u00f3n de su Curr\u00edculum Vitae e inscripciones a ofertas profesionales que podamos publicar, la legitimaci\u00f3n de su tratamiento se basa en el consentimiento del usuario que remite sus datos, quien puede retirarlo en cualquier momento, aunque esto har\u00eda que su candidatura no pudiera tenerse en cuenta en nuestros procesos de selecci\u00f3n de personal. No obstante, la retirada de su consentimiento no afectar\u00e1 la licitud de los tratamientos efectuados con anterioridad.<\/p><p>Igualmente, se podr\u00e1 utilizar la informaci\u00f3n del usuario para el cumplimiento de las diferentes obligaciones legales de la Fundaci\u00f3n.<\/p><h4>II. Finalidad del tratamiento<\/h4><p>Le informamos que se recogen exclusivamente aquellos datos necesarios para el correcto desarrollo de la relaci\u00f3n existente entre las partes, y en concreto, para alguna\/as de las siguientes finalidades:<\/p><ul><li>\u2212 Gestionar la contrataci\u00f3n de servicios y aquellas gestiones administrativas propias de la relaci\u00f3n comercial existente.<\/li><li>\u2212 Gestionar el uso de cualquiera de aquellas funcionalidades que se pone a su disposici\u00f3n en este espacio web, incluyendo, de forma enunciativa y, por lo tanto, no limitativa, la subscripci\u00f3n a los boletines informativos, las consultas o solicitudes de informaci\u00f3n y la subscripci\u00f3n a concursos y acontecimientos.<\/li><li>\u2212 Gestionar el env\u00edo de su Curr\u00edculum Vitae a trav\u00e9s del formulario habilitado o a trav\u00e9s de otros medios.<\/li><\/ul><p>El usuario garantiza la autenticidad de los datos comunicados y ser\u00e1 el \u00fanico responsable de las manifestaciones falsas o inexactas. Los datos de car\u00e1cter personal que nos facilite ser\u00e1n siempre tratados de conformidad con el RGPD.<\/p><p>Le comunicamos que la Fundaci\u00f3n es el destinatario final de estos datos y es quien decide sobre la finalidad, el contenido y el uso del tratamiento de los datos de car\u00e1cter personal que nos faciliten los usuarios.<\/p><h4>III. Comunicaci\u00f3n de datos<\/h4><p>Le recordamos que no se realizar\u00e1n cesiones a terceros, excepto en caso de necesidad para el cumplimiento de un contrato o prestaci\u00f3n o de obligaci\u00f3n legal.<\/p><h4>IV. Medidas de seguridad<\/h4><p>De acuerdo con la normativa vigente, la Fundaci\u00f3n garantiza que ha adoptado todas las medidas t\u00e9cnicas y organizativas necesarias para mantener el nivel de seguridad requerido en atenci\u00f3n a la naturaleza de los datos personales tratados.<\/p><p>La Fundaci\u00f3n hace patente su compromiso con la protecci\u00f3n de los datos personales y la privacidad de los usuarios, y lleva a cabo las medidas de seguridad t\u00e9cnicas necesarias para evitar su p\u00e9rdida, manipulaci\u00f3n, difusi\u00f3n o alteraci\u00f3n.<\/p><h4>V. Per\u00edodo de conservaci\u00f3n de los datos<\/h4><p>Le informamos que sus datos ser\u00e1n suprimidos en el momento que revoque su consentimiento, procediendo a su destrucci\u00f3n, excepto en el caso que exista una norma legal que requiera su conservaci\u00f3n, procediendo, en este caso, al bloqueo de los datos hasta que transcurra el plazo de conservaci\u00f3n.<\/p><h4>VI. Derechos de los usuarios<\/h4><p>Por \u00faltimo, tambi\u00e9n le informamos que en cualquier momento puede ejercer los derechos de acceso, rectificaci\u00f3n, supresi\u00f3n, limitaci\u00f3n, portabilidad y oposici\u00f3n respecto a sus datos de car\u00e1cter personal previstos en la normativa en materia de protecci\u00f3n de datos, enviando un escrito acompa\u00f1ado de una fotocopia del documento de identidad al correo electr\u00f3nico: <a href=\"mailto:protecciodades@fbolimpica.es\" target=\"_blank\" rel=\"noopener\">protecciodades@fbolimpica.es<\/a><\/p><p>En concreto puede ejercer los derechos que se relacionan a continuaci\u00f3n:<\/p><ul><li>\u2212 Revocar los consentimientos otorgados.<\/li><li>\u2212 Obtener confirmaci\u00f3n sobre si la Fundaci\u00f3n est\u00e1 tratando datos personales que le conciernen o no.<\/li><li>\u2212 Acceder a sus datos personales.<\/li><li>\u2212 Rectificar los datos inexactos o incompletos.<\/li><li>\u2212 Solicitar la supresi\u00f3n de sus datos cuando, entre otros motivos, los datos ya no sean necesarios para las finalidades por las que fueron recogidos.<\/li><li>\u2212 Ejercer la limitaci\u00f3n del tratamiento de los datos cuando se cumpla alguna de las condiciones previstas en la normativa de protecci\u00f3n de datos.<\/li><li>\u2212 En determinadas circunstancias y por motivos relacionados con su situaci\u00f3n particular al tratamiento de sus datos, los interesados podr\u00e1n oponerse al tratamiento de sus datos. La Fundaci\u00f3n dejar\u00e1 de tratar los datos, excepto por motivos leg\u00edtimos imperiosos, o el ejercicio o la defensa de posibles reclamaciones.<\/li><li>\u2212 Obtener intervenci\u00f3n humana, a expresar su punto de vista y a impugnar las decisiones automatizadas adoptadas por parte de la Fundaci\u00f3n, si procede.<\/li><li>\u2212 Solicitar la portabilidad de sus datos.<\/li><\/ul><p>Este sitio web puede contener enlaces a p\u00e1ginas externas, la Fundaci\u00f3n no asume ninguna responsabilidad sobre los contenidos ni sobre cualquier otro aspecto relacionado con estas p\u00e1ginas o sitios web.<\/p><p>La Fundaci\u00f3n se reserva el derecho de modificar la presente pol\u00edtica de privacidad de acuerdo con su propio criterio, o motivado por un cambio legal, jurisprudencial o doctrinal de la Agencia Espa\u00f1ola de Protecci\u00f3n de Datos. El uso de la web despu\u00e9s de los cambios, implicar\u00e1 la aceptaci\u00f3n de los mismos.<\/p><p>En caso de disconformidad en relaci\u00f3n a la tramitaci\u00f3n de sus datos puede presentar una reclamaci\u00f3n ante la Agencia Espa\u00f1ola de Protecci\u00f3n de Datos, organismo que ostenta la autoridad de control en la materia, ubicada en C\/ Jorge Juan, 6 &#8211; 28001 Madrid.<\/p>\t\t\t\t\t\t\t\t<\/div>\n\t\t\t\t<\/div>\n\t\t\t\t\t<\/div>\n\t\t<\/div>\n\t\t\t\t\t<\/div>\n\t\t<\/section>\n\t\t\t\t\t<\/div>\n\t\t<\/div>\n\t\t\t\t\t<\/div>\n\t\t<\/section>\n\t\t\t\t<\/div>\n\t\t","protected":false},"excerpt":{"rendered":"<p>Pol\u00edtica de privacidad y protecci\u00f3n de datos Responsable del tratamiento: Raz\u00f3n Social: Fundaci\u00f3n Barcelona Ol\u00edmpicaDomicilio Social: Avenida del Estadio, 60 &#8211; 08038 BarcelonaCorreo electr\u00f3nico: protecciodades@fbolimpica.esNIF: G-60309655 A trav\u00e9s del presente aviso, la Fundaci\u00f3n informa a los usuarios del sitio web que, en cumplimiento del Reglamento (UE) 2016\/679 del Parlamento Europeo y del Consejo de 27 [&hellip;]<\/p>\n","protected":false},"author":6,"featured_media":0,"parent":0,"menu_order":0,"comment_status":"closed","ping_status":"closed","template":"","meta":{"_acf_changed":false,"footnotes":""},"class_list":["post-1548","page","type-page","status-publish","hentry"],"acf":[],"yoast_head":"<!-- This site is optimized with the Yoast SEO plugin v23.7 - https:\/\/yoast.com\/wordpress\/plugins\/seo\/ -->\n<title>Pol\u00edtica de privacidad - Fundaci\u00f3 Barcelona Ol\u00edmpica<\/title>\n<meta name=\"robots\" content=\"index, follow, max-snippet:-1, max-image-preview:large, max-video-preview:-1\" \/>\n<link rel=\"canonical\" href=\"https:\/\/www.fundaciobarcelonaolimpica.es\/es\/politica-privacidad-proteccion-datos\/\" \/>\n<meta property=\"og:locale\" content=\"es_ES\" \/>\n<meta property=\"og:type\" content=\"article\" \/>\n<meta property=\"og:title\" content=\"Pol\u00edtica de privacidad - Fundaci\u00f3 Barcelona Ol\u00edmpica\" \/>\n<meta property=\"og:description\" content=\"Pol\u00edtica de privacidad y protecci\u00f3n de datos Responsable del tratamiento: Raz\u00f3n Social: Fundaci\u00f3n Barcelona Ol\u00edmpicaDomicilio Social: Avenida del Estadio, 60 &#8211; 08038 BarcelonaCorreo electr\u00f3nico: protecciodades@fbolimpica.esNIF: G-60309655 A trav\u00e9s del presente aviso, la Fundaci\u00f3n informa a los usuarios del sitio web que, en cumplimiento del Reglamento (UE) 2016\/679 del Parlamento Europeo y del Consejo de 27 [&hellip;]\" \/>\n<meta property=\"og:url\" content=\"https:\/\/www.fundaciobarcelonaolimpica.es\/es\/politica-privacidad-proteccion-datos\/\" \/>\n<meta property=\"og:site_name\" content=\"Fundaci\u00f3 Barcelona Ol\u00edmpica\" \/>\n<meta property=\"article:modified_time\" content=\"2019-06-27T06:28:15+00:00\" \/>\n<meta name=\"twitter:card\" content=\"summary_large_image\" \/>\n<meta name=\"twitter:label1\" content=\"Tiempo de lectura\" \/>\n\t<meta name=\"twitter:data1\" content=\"6 minutos\" \/>\n<script type=\"application\/ld+json\" class=\"yoast-schema-graph\">{\"@context\":\"https:\/\/schema.org\",\"@graph\":[{\"@type\":\"WebPage\",\"@id\":\"https:\/\/www.fundaciobarcelonaolimpica.es\/es\/politica-privacidad-proteccion-datos\/\",\"url\":\"https:\/\/www.fundaciobarcelonaolimpica.es\/es\/politica-privacidad-proteccion-datos\/\",\"name\":\"Pol\u00edtica de privacidad - Fundaci\u00f3 Barcelona Ol\u00edmpica\",\"isPartOf\":{\"@id\":\"https:\/\/www.fundaciobarcelonaolimpica.es\/ca\/#website\"},\"datePublished\":\"2019-02-26T15:32:09+00:00\",\"dateModified\":\"2019-06-27T06:28:15+00:00\",\"breadcrumb\":{\"@id\":\"https:\/\/www.fundaciobarcelonaolimpica.es\/es\/politica-privacidad-proteccion-datos\/#breadcrumb\"},\"inLanguage\":\"es\",\"potentialAction\":[{\"@type\":\"ReadAction\",\"target\":[\"https:\/\/www.fundaciobarcelonaolimpica.es\/es\/politica-privacidad-proteccion-datos\/\"]}]},{\"@type\":\"BreadcrumbList\",\"@id\":\"https:\/\/www.fundaciobarcelonaolimpica.es\/es\/politica-privacidad-proteccion-datos\/#breadcrumb\",\"itemListElement\":[{\"@type\":\"ListItem\",\"position\":1,\"name\":\"FBO\",\"item\":\"https:\/\/www.fundaciobarcelonaolimpica.es\/es\/\"},{\"@type\":\"ListItem\",\"position\":2,\"name\":\"Pol\u00edtica de privacidad\"}]},{\"@type\":\"WebSite\",\"@id\":\"https:\/\/www.fundaciobarcelonaolimpica.es\/ca\/#website\",\"url\":\"https:\/\/www.fundaciobarcelonaolimpica.es\/ca\/\",\"name\":\"Fundaci\u00f3 Barcelona Ol\u00edmpica\",\"description\":\"Web del Museu Ol\u00edmpic i de l&#039;Esport\",\"publisher\":{\"@id\":\"https:\/\/www.fundaciobarcelonaolimpica.es\/ca\/#organization\"},\"potentialAction\":[{\"@type\":\"SearchAction\",\"target\":{\"@type\":\"EntryPoint\",\"urlTemplate\":\"https:\/\/www.fundaciobarcelonaolimpica.es\/ca\/?s={search_term_string}\"},\"query-input\":{\"@type\":\"PropertyValueSpecification\",\"valueRequired\":true,\"valueName\":\"search_term_string\"}}],\"inLanguage\":\"es\"},{\"@type\":\"Organization\",\"@id\":\"https:\/\/www.fundaciobarcelonaolimpica.es\/ca\/#organization\",\"name\":\"Fundaci\u00f3 Barcelona Ol\u00edmpica\",\"url\":\"https:\/\/www.fundaciobarcelonaolimpica.es\/ca\/\",\"logo\":{\"@type\":\"ImageObject\",\"inLanguage\":\"es\",\"@id\":\"https:\/\/www.fundaciobarcelonaolimpica.es\/ca\/#\/schema\/logo\/image\/\",\"url\":\"https:\/\/www.fundaciobarcelonaolimpica.es\/wp-content\/uploads\/sites\/3\/2019\/02\/logo-fundacio.svg\",\"contentUrl\":\"https:\/\/www.fundaciobarcelonaolimpica.es\/wp-content\/uploads\/sites\/3\/2019\/02\/logo-fundacio.svg\",\"caption\":\"Fundaci\u00f3 Barcelona Ol\u00edmpica\"},\"image\":{\"@id\":\"https:\/\/www.fundaciobarcelonaolimpica.es\/ca\/#\/schema\/logo\/image\/\"}}]}<\/script>\n<!-- \/ Yoast SEO plugin. -->","yoast_head_json":{"title":"Pol\u00edtica de privacidad - Fundaci\u00f3 Barcelona Ol\u00edmpica","robots":{"index":"index","follow":"follow","max-snippet":"max-snippet:-1","max-image-preview":"max-image-preview:large","max-video-preview":"max-video-preview:-1"},"canonical":"https:\/\/www.fundaciobarcelonaolimpica.es\/es\/politica-privacidad-proteccion-datos\/","og_locale":"es_ES","og_type":"article","og_title":"Pol\u00edtica de privacidad - Fundaci\u00f3 Barcelona Ol\u00edmpica","og_description":"Pol\u00edtica de privacidad y protecci\u00f3n de datos Responsable del tratamiento: Raz\u00f3n Social: Fundaci\u00f3n Barcelona Ol\u00edmpicaDomicilio Social: Avenida del Estadio, 60 &#8211; 08038 BarcelonaCorreo electr\u00f3nico: protecciodades@fbolimpica.esNIF: G-60309655 A trav\u00e9s del presente aviso, la Fundaci\u00f3n informa a los usuarios del sitio web que, en cumplimiento del Reglamento (UE) 2016\/679 del Parlamento Europeo y del Consejo de 27 [&hellip;]","og_url":"https:\/\/www.fundaciobarcelonaolimpica.es\/es\/politica-privacidad-proteccion-datos\/","og_site_name":"Fundaci\u00f3 Barcelona Ol\u00edmpica","article_modified_time":"2019-06-27T06:28:15+00:00","twitter_card":"summary_large_image","twitter_misc":{"Tiempo de lectura":"6 minutos"},"schema":{"@context":"https:\/\/schema.org","@graph":[{"@type":"WebPage","@id":"https:\/\/www.fundaciobarcelonaolimpica.es\/es\/politica-privacidad-proteccion-datos\/","url":"https:\/\/www.fundaciobarcelonaolimpica.es\/es\/politica-privacidad-proteccion-datos\/","name":"Pol\u00edtica de privacidad - Fundaci\u00f3 Barcelona Ol\u00edmpica","isPartOf":{"@id":"https:\/\/www.fundaciobarcelonaolimpica.es\/ca\/#website"},"datePublished":"2019-02-26T15:32:09+00:00","dateModified":"2019-06-27T06:28:15+00:00","breadcrumb":{"@id":"https:\/\/www.fundaciobarcelonaolimpica.es\/es\/politica-privacidad-proteccion-datos\/#breadcrumb"},"inLanguage":"es","potentialAction":[{"@type":"ReadAction","target":["https:\/\/www.fundaciobarcelonaolimpica.es\/es\/politica-privacidad-proteccion-datos\/"]}]},{"@type":"BreadcrumbList","@id":"https:\/\/www.fundaciobarcelonaolimpica.es\/es\/politica-privacidad-proteccion-datos\/#breadcrumb","itemListElement":[{"@type":"ListItem","position":1,"name":"FBO","item":"https:\/\/www.fundaciobarcelonaolimpica.es\/es\/"},{"@type":"ListItem","position":2,"name":"Pol\u00edtica de privacidad"}]},{"@type":"WebSite","@id":"https:\/\/www.fundaciobarcelonaolimpica.es\/ca\/#website","url":"https:\/\/www.fundaciobarcelonaolimpica.es\/ca\/","name":"Fundaci\u00f3 Barcelona Ol\u00edmpica","description":"Web del Museu Ol\u00edmpic i de l&#039;Esport","publisher":{"@id":"https:\/\/www.fundaciobarcelonaolimpica.es\/ca\/#organization"},"potentialAction":[{"@type":"SearchAction","target":{"@type":"EntryPoint","urlTemplate":"https:\/\/www.fundaciobarcelonaolimpica.es\/ca\/?s={search_term_string}"},"query-input":{"@type":"PropertyValueSpecification","valueRequired":true,"valueName":"search_term_string"}}],"inLanguage":"es"},{"@type":"Organization","@id":"https:\/\/www.fundaciobarcelonaolimpica.es\/ca\/#organization","name":"Fundaci\u00f3 Barcelona Ol\u00edmpica","url":"https:\/\/www.fundaciobarcelonaolimpica.es\/ca\/","logo":{"@type":"ImageObject","inLanguage":"es","@id":"https:\/\/www.fundaciobarcelonaolimpica.es\/ca\/#\/schema\/logo\/image\/","url":"https:\/\/www.fundaciobarcelonaolimpica.es\/wp-content\/uploads\/sites\/3\/2019\/02\/logo-fundacio.svg","contentUrl":"https:\/\/www.fundaciobarcelonaolimpica.es\/wp-content\/uploads\/sites\/3\/2019\/02\/logo-fundacio.svg","caption":"Fundaci\u00f3 Barcelona Ol\u00edmpica"},"image":{"@id":"https:\/\/www.fundaciobarcelonaolimpica.es\/ca\/#\/schema\/logo\/image\/"}}]}},"_links":{"self":[{"href":"https:\/\/www.fundaciobarcelonaolimpica.es\/es\/wp-json\/wp\/v2\/pages\/1548"}],"collection":[{"href":"https:\/\/www.fundaciobarcelonaolimpica.es\/es\/wp-json\/wp\/v2\/pages"}],"about":[{"href":"https:\/\/www.fundaciobarcelonaolimpica.es\/es\/wp-json\/wp\/v2\/types\/page"}],"author":[{"embeddable":true,"href":"https:\/\/www.fundaciobarcelonaolimpica.es\/es\/wp-json\/wp\/v2\/users\/6"}],"replies":[{"embeddable":true,"href":"https:\/\/www.fundaciobarcelonaolimpica.es\/es\/wp-json\/wp\/v2\/comments?post=1548"}],"version-history":[{"count":10,"href":"https:\/\/www.fundaciobarcelonaolimpica.es\/es\/wp-json\/wp\/v2\/pages\/1548\/revisions"}],"predecessor-version":[{"id":1875,"href":"https:\/\/www.fundaciobarcelonaolimpica.es\/es\/wp-json\/wp\/v2\/pages\/1548\/revisions\/1875"}],"wp:attachment":[{"href":"https:\/\/www.fundaciobarcelonaolimpica.es\/es\/wp-json\/wp\/v2\/media?parent=1548"}],"curies":[{"name":"wp","href":"https:\/\/api.w.org\/{rel}","templated":true}]}}