{"id":27272,"date":"2023-02-08T09:47:01","date_gmt":"2023-02-08T08:47:01","guid":{"rendered":"https:\/\/www.fundaciobarcelonaolimpica.es\/?page_id=27272"},"modified":"2023-11-07T14:48:22","modified_gmt":"2023-11-07T13:48:22","slug":"memoria-oral","status":"publish","type":"page","link":"https:\/\/www.fundaciobarcelonaolimpica.es\/es\/30-miradas-30-anos-despues\/memoria-oral\/","title":{"rendered":"Memoria Oral"},"content":{"rendered":"\t\t<div data-elementor-type=\"wp-page\" data-elementor-id=\"27272\" class=\"elementor elementor-27272\" data-elementor-post-type=\"page\">\n\t\t\t\t\t\t<section class=\"elementor-section elementor-top-section elementor-element elementor-element-0d02676 elementor-section-boxed elementor-section-height-default elementor-section-height-default\" data-id=\"0d02676\" data-element_type=\"section\">\n\t\t\t\t\t\t<div class=\"elementor-container elementor-column-gap-default\">\n\t\t\t\t\t<div class=\"elementor-column elementor-col-100 elementor-top-column elementor-element elementor-element-1fca7be\" data-id=\"1fca7be\" data-element_type=\"column\">\n\t\t\t<div class=\"elementor-widget-wrap elementor-element-populated\">\n\t\t\t\t\t\t<div class=\"elementor-element elementor-element-9e32cbe elementor-widget elementor-widget-text-editor\" data-id=\"9e32cbe\" data-element_type=\"widget\" data-widget_type=\"text-editor.default\">\n\t\t\t\t<div class=\"elementor-widget-container\">\n\t\t\t\t\t\t\t\t\t<p>El Centro de Estudios Ol\u00edmpicos y del Deporte Juan Antonio Samaranch ha creado el proyecto de Memoria Oral. Uno de los principales objetivos de este proyecto es conservar, registrar y difundir el esp\u00edritu de las personalidades que han dedicado parte de su vida a divulgar los valores ol\u00edmpicos y deportivos, y que han permitido que Barcelona sea considerada una de las principales capitales deportivas del mundo.<\/p><p>En 2022, el proyecto se inici\u00f3 mediante la grabaci\u00f3n de testimonios de diferentes personalidades que tuvieron un papel relevante en el \u00e9xito organizativo de los Juegos Ol\u00edmpicos y Paral\u00edmpicos de Barcelona &#8217;92. Los testigos dieron lugar a la realizaci\u00f3n de un documental, titulado \u00ab30 miradas, 30 a\u00f1os despu\u00e9s\u00bb, el cual relata, a trav\u00e9s de las distintas voces, c\u00f3mo se desarroll\u00f3 el evento m\u00e1s importante en la historia de la ciudad de Barcelona: los Juegos Ol\u00edmpicos y Paral\u00edmpicos de Barcelona &#8217;92.<\/p>\t\t\t\t\t\t\t\t<\/div>\n\t\t\t\t<\/div>\n\t\t\t\t\t<\/div>\n\t\t<\/div>\n\t\t\t\t\t<\/div>\n\t\t<\/section>\n\t\t\t\t<section class=\"elementor-section elementor-top-section elementor-element elementor-element-209590d elementor-section-boxed elementor-section-height-default elementor-section-height-default\" data-id=\"209590d\" data-element_type=\"section\">\n\t\t\t\t\t\t<div class=\"elementor-container elementor-column-gap-no\">\n\t\t\t\t\t<div class=\"elementor-column elementor-col-100 elementor-top-column elementor-element elementor-element-d217653\" data-id=\"d217653\" data-element_type=\"column\">\n\t\t\t<div class=\"elementor-widget-wrap elementor-element-populated\">\n\t\t\t\t\t\t<div class=\"elementor-element elementor-element-ee2e845 elementor-widget elementor-widget-shortcode\" data-id=\"ee2e845\" data-element_type=\"widget\" data-widget_type=\"shortcode.default\">\n\t\t\t\t<div class=\"elementor-widget-container\">\n\t\t\t\t\t\t\t<div class=\"elementor-shortcode\"><div class=\"memoria-oral-filters\" data-filter=\".elementor-post.mo-testimonio\">\n  <button class=\"memoria-oral-filters-toggle\">Filtrar<\/button>\n  <div class=\"memoria-oral-filters-panel\">\n    <form class=\"memoria-oral-filters-form\">\n      <div class=\"memoria-oral-filters-group memoria-oral-filters-group--name\">\n        <fieldset>\n          <label for=\"filter-memorial-oral-name\">Filtrar por nombre <\/label>\n          <input id=\"filter-memorial-oral-name\" type=\"text\" class=\"form-input\"\/>\n        <\/fieldset>\n      <\/div>\n\n      <div class=\"memoria-oral-filters-group memoria-oral-filters-group--memoria_oral_evento\">\n            <fieldset>\n              <label>Filtrar por evento<\/label><div class=\"memoria-oral-filters-check\">\n                  <input id=\"filter-memorial-oral-juegos-olimpicos\" type=\"checkbox\" class=\"form-checkbox\" data-filter=\"memoria_oral_evento-juegos-olimpicos\"\/>\n                  <label for=\"filter-memorial-oral-juegos-olimpicos\">Juegos Ol\u00edmpicos<\/label>\n                <\/div><div class=\"memoria-oral-filters-check\">\n                  <input id=\"filter-memorial-oral-juegos-paralimpicos\" type=\"checkbox\" class=\"form-checkbox\" data-filter=\"memoria_oral_evento-juegos-paralimpicos\"\/>\n                  <label for=\"filter-memorial-oral-juegos-paralimpicos\">Juegos Paral\u00edmpicos<\/label>\n                <\/div><div class=\"memoria-oral-filters-check\">\n                  <input id=\"filter-memorial-oral-olimpiada-cultural\" type=\"checkbox\" class=\"form-checkbox\" data-filter=\"memoria_oral_evento-olimpiada-cultural\"\/>\n                  <label for=\"filter-memorial-oral-olimpiada-cultural\">Olimpiada Cultural<\/label>\n                <\/div><\/fieldset><\/div><div class=\"memoria-oral-filters-group memoria-oral-filters-group--memoria_oral_perfil\">\n            <fieldset>\n              <label>Filtrar por perfil<\/label><div class=\"memoria-oral-filters-check\">\n                  <input id=\"filter-memorial-oral-deportista\" type=\"checkbox\" class=\"form-checkbox\" data-filter=\"memoria_oral_perfil-deportista\"\/>\n                  <label for=\"filter-memorial-oral-deportista\">Deportista<\/label>\n                <\/div><div class=\"memoria-oral-filters-check\">\n                  <input id=\"filter-memorial-oral-disenador\" type=\"checkbox\" class=\"form-checkbox\" data-filter=\"memoria_oral_perfil-disenador\"\/>\n                  <label for=\"filter-memorial-oral-disenador\">Dise\u00f1ador<\/label>\n                <\/div><div class=\"memoria-oral-filters-check\">\n                  <input id=\"filter-memorial-oral-organizacion\" type=\"checkbox\" class=\"form-checkbox\" data-filter=\"memoria_oral_perfil-organizacion\"\/>\n                  <label for=\"filter-memorial-oral-organizacion\">Organizaci\u00f3n<\/label>\n                <\/div><div class=\"memoria-oral-filters-check\">\n                  <input id=\"filter-memorial-oral-paralimpicos\" type=\"checkbox\" class=\"form-checkbox\" data-filter=\"memoria_oral_perfil-paralimpicos\"\/>\n                  <label for=\"filter-memorial-oral-paralimpicos\">Paral\u00edmpicos<\/label>\n                <\/div><div class=\"memoria-oral-filters-check\">\n                  <input id=\"filter-memorial-oral-politico\" type=\"checkbox\" class=\"form-checkbox\" data-filter=\"memoria_oral_perfil-politico\"\/>\n                  <label for=\"filter-memorial-oral-politico\">Pol\u00edtico<\/label>\n                <\/div><div class=\"memoria-oral-filters-check\">\n                  <input id=\"filter-memorial-oral-urbanismo\" type=\"checkbox\" class=\"form-checkbox\" data-filter=\"memoria_oral_perfil-urbanismo\"\/>\n                  <label for=\"filter-memorial-oral-urbanismo\">Urbanismo<\/label>\n                <\/div><div class=\"memoria-oral-filters-check\">\n                  <input id=\"filter-memorial-oral-voluntarios\" type=\"checkbox\" class=\"form-checkbox\" data-filter=\"memoria_oral_perfil-voluntarios\"\/>\n                  <label for=\"filter-memorial-oral-voluntarios\">Voluntarios<\/label>\n                <\/div><\/fieldset><\/div><div class=\"memoria-oral-filters-group memoria-oral-filters-group--memoria_oral_etiquetas\">\n            <fieldset>\n              <label>Filtrar por etiqueta<\/label><div class=\"memoria-oral-filters-check\">\n                  <input id=\"filter-memorial-oral-ajuntament-de-barcelona\" type=\"checkbox\" class=\"form-checkbox\" data-filter=\"memoria_oral_etiquetas-ajuntament-de-barcelona\"\/>\n                  <label for=\"filter-memorial-oral-ajuntament-de-barcelona\">Ajuntament de Barcelona<\/label>\n                <\/div><div class=\"memoria-oral-filters-check\">\n                  <input id=\"filter-memorial-oral-atletismo\" type=\"checkbox\" class=\"form-checkbox\" data-filter=\"memoria_oral_etiquetas-atletismo\"\/>\n                  <label for=\"filter-memorial-oral-atletismo\">Atletismo<\/label>\n                <\/div><div class=\"memoria-oral-filters-check\">\n                  <input id=\"filter-memorial-oral-ceremonias\" type=\"checkbox\" class=\"form-checkbox\" data-filter=\"memoria_oral_etiquetas-ceremonias\"\/>\n                  <label for=\"filter-memorial-oral-ceremonias\">Ceremonias<\/label>\n                <\/div><div class=\"memoria-oral-filters-check\">\n                  <input id=\"filter-memorial-oral-comunicacion\" type=\"checkbox\" class=\"form-checkbox\" data-filter=\"memoria_oral_etiquetas-comunicacion\"\/>\n                  <label for=\"filter-memorial-oral-comunicacion\">Comunicaci\u00f3n<\/label>\n                <\/div><div class=\"memoria-oral-filters-check\">\n                  <input id=\"filter-memorial-oral-cultura\" type=\"checkbox\" class=\"form-checkbox\" data-filter=\"memoria_oral_etiquetas-cultura\"\/>\n                  <label for=\"filter-memorial-oral-cultura\">Cultura<\/label>\n                <\/div><div class=\"memoria-oral-filters-check\">\n                  <input id=\"filter-memorial-oral-deportes\" type=\"checkbox\" class=\"form-checkbox\" data-filter=\"memoria_oral_etiquetas-deportes\"\/>\n                  <label for=\"filter-memorial-oral-deportes\">Deportes<\/label>\n                <\/div><div class=\"memoria-oral-filters-check\">\n                  <input id=\"filter-memorial-oral-empresa\" type=\"checkbox\" class=\"form-checkbox\" data-filter=\"memoria_oral_etiquetas-empresa\"\/>\n                  <label for=\"filter-memorial-oral-empresa\">Empresa<\/label>\n                <\/div><div class=\"memoria-oral-filters-check\">\n                  <input id=\"filter-memorial-oral-generalitat-de-catalunya\" type=\"checkbox\" class=\"form-checkbox\" data-filter=\"memoria_oral_etiquetas-generalitat-de-catalunya\"\/>\n                  <label for=\"filter-memorial-oral-generalitat-de-catalunya\">Generalitat de Catalunya<\/label>\n                <\/div><div class=\"memoria-oral-filters-check\">\n                  <input id=\"filter-memorial-oral-gobierno-de-espana\" type=\"checkbox\" class=\"form-checkbox\" data-filter=\"memoria_oral_etiquetas-gobierno-de-espana\"\/>\n                  <label for=\"filter-memorial-oral-gobierno-de-espana\">Gobierno de Espa\u00f1a<\/label>\n                <\/div><div class=\"memoria-oral-filters-check\">\n                  <input id=\"filter-memorial-oral-natacion\" type=\"checkbox\" class=\"form-checkbox\" data-filter=\"memoria_oral_etiquetas-natacion\"\/>\n                  <label for=\"filter-memorial-oral-natacion\">Nataci\u00f3n<\/label>\n                <\/div><div class=\"memoria-oral-filters-check\">\n                  <input id=\"filter-memorial-oral-operaciones\" type=\"checkbox\" class=\"form-checkbox\" data-filter=\"memoria_oral_etiquetas-operaciones\"\/>\n                  <label for=\"filter-memorial-oral-operaciones\">Operaciones<\/label>\n                <\/div><div class=\"memoria-oral-filters-check\">\n                  <input id=\"filter-memorial-oral-planificacion\" type=\"checkbox\" class=\"form-checkbox\" data-filter=\"memoria_oral_etiquetas-planificacion\"\/>\n                  <label for=\"filter-memorial-oral-planificacion\">Planificaci\u00f3n<\/label>\n                <\/div><div class=\"memoria-oral-filters-check\">\n                  <input id=\"filter-memorial-oral-tenis\" type=\"checkbox\" class=\"form-checkbox\" data-filter=\"memoria_oral_etiquetas-tenis\"\/>\n                  <label for=\"filter-memorial-oral-tenis\">Tenis<\/label>\n                <\/div><div class=\"memoria-oral-filters-check\">\n                  <input id=\"filter-memorial-oral-waterpolo\" type=\"checkbox\" class=\"form-checkbox\" data-filter=\"memoria_oral_etiquetas-waterpolo\"\/>\n                  <label for=\"filter-memorial-oral-waterpolo\">Waterpolo<\/label>\n                <\/div><\/fieldset><\/div>    \n    <\/form>\n    <button class=\"memoria-oral-filters-close\">Ver resultados <\/button>\n  <\/div>\n<\/div>\n<\/div>\n\t\t\t\t\t\t<\/div>\n\t\t\t\t<\/div>\n\t\t\t\t<div class=\"elementor-element elementor-element-20dc93b memoria-oral-grid elementor-posts--thumbnail-top elementor-grid-3 elementor-grid-tablet-2 elementor-grid-mobile-1 elementor-widget elementor-widget-posts\" data-id=\"20dc93b\" data-element_type=\"widget\" data-settings=\"{&quot;custom_columns&quot;:&quot;3&quot;,&quot;custom_columns_tablet&quot;:&quot;2&quot;,&quot;custom_columns_mobile&quot;:&quot;1&quot;,&quot;custom_row_gap&quot;:{&quot;unit&quot;:&quot;px&quot;,&quot;size&quot;:35,&quot;sizes&quot;:[]},&quot;custom_row_gap_tablet&quot;:{&quot;unit&quot;:&quot;px&quot;,&quot;size&quot;:&quot;&quot;,&quot;sizes&quot;:[]},&quot;custom_row_gap_mobile&quot;:{&quot;unit&quot;:&quot;px&quot;,&quot;size&quot;:&quot;&quot;,&quot;sizes&quot;:[]}}\" data-widget_type=\"posts.custom\">\n\t\t\t\t<div class=\"elementor-widget-container\">\n\t\t\t\t\t      <div class=\"ecs-posts elementor-posts-container elementor-posts   elementor-grid elementor-posts--skin-custom\" data-settings=\"{&quot;current_page&quot;:1,&quot;max_num_pages&quot;:1,&quot;load_method&quot;:&quot;&quot;,&quot;widget_id&quot;:&quot;20dc93b&quot;,&quot;post_id&quot;:27272,&quot;theme_id&quot;:27272,&quot;change_url&quot;:false,&quot;reinit_js&quot;:false}\">\n      \t\t<article id=\"post-26824\" class=\"elementor-post elementor-grid-item ecs-post-loop post-26824 mo-testimonio type-mo-testimonio status-publish has-post-thumbnail hentry memoria_oral_evento-juegos-olimpicos memoria_oral_evento-juegos-paralimpicos memoria_oral_perfil-urbanismo memoria_oral_etiquetas-empresa\">\n\t\t\t\t<div data-elementor-type=\"loop\" data-elementor-id=\"26655\" class=\"elementor elementor-26655 post-26824 mo-testimonio type-mo-testimonio status-publish has-post-thumbnail hentry memoria_oral_evento-juegos-olimpicos memoria_oral_evento-juegos-paralimpicos memoria_oral_perfil-urbanismo memoria_oral_etiquetas-empresa\" data-elementor-post-type=\"elementor_library\">\n\t\t\t\t\t<section class=\"elementor-section elementor-top-section elementor-element elementor-element-56d930b elementor-section-full_width memoria-oral elementor-section-height-default elementor-section-height-default\" data-id=\"56d930b\" data-element_type=\"section\">\n\t\t\t\t\t\t<div class=\"elementor-container elementor-column-gap-no\">\n\t\t\t\t\t<div class=\"elementor-column elementor-col-100 elementor-top-column elementor-element elementor-element-42f9911\" data-id=\"42f9911\" data-element_type=\"column\">\n\t\t\t<div class=\"elementor-widget-wrap elementor-element-populated\">\n\t\t\t\t\t\t<div class=\"elementor-element elementor-element-4b3801b memoria-oral-imagen elementor-widget elementor-widget-theme-post-featured-image elementor-widget-image\" data-id=\"4b3801b\" data-element_type=\"widget\" data-widget_type=\"theme-post-featured-image.default\">\n\t\t\t\t<div class=\"elementor-widget-container\">\n\t\t\t\t\t\t\t\t\t\t\t\t\t\t\t\t<a href=\"#\">\n\t\t\t\t\t\t\t<img fetchpriority=\"high\" decoding=\"async\" width=\"800\" height=\"533\" src=\"https:\/\/www.fundaciobarcelonaolimpica.es\/wp-content\/uploads\/sites\/3\/2022\/11\/josepantoni-acebillomarin.png\" class=\"attachment-large size-large wp-image-27291\" alt=\"\" srcset=\"https:\/\/www.fundaciobarcelonaolimpica.es\/wp-content\/uploads\/sites\/3\/2022\/11\/josepantoni-acebillomarin.png 800w, https:\/\/www.fundaciobarcelonaolimpica.es\/wp-content\/uploads\/sites\/3\/2022\/11\/josepantoni-acebillomarin-300x200.png 300w, https:\/\/www.fundaciobarcelonaolimpica.es\/wp-content\/uploads\/sites\/3\/2022\/11\/josepantoni-acebillomarin-768x512.png 768w\" sizes=\"(max-width: 800px) 100vw, 800px\" \/>\t\t\t\t\t\t\t\t<\/a>\n\t\t\t\t\t\t\t\t\t\t\t\t\t\t\t<\/div>\n\t\t\t\t<\/div>\n\t\t\t\t<div class=\"elementor-element elementor-element-c246eac memoria-oral-nombre elementor-widget elementor-widget-theme-post-title elementor-page-title elementor-widget-heading\" data-id=\"c246eac\" data-element_type=\"widget\" data-widget_type=\"theme-post-title.default\">\n\t\t\t\t<div class=\"elementor-widget-container\">\n\t\t\t\t\t<h3 class=\"elementor-heading-title elementor-size-default\"><a href=\"#\">Josep Antoni Acebillo Mar\u00edn<\/a><\/h3>\t\t\t\t<\/div>\n\t\t\t\t<\/div>\n\t\t\t\t<div class=\"elementor-element elementor-element-b6e0719 memoria-oral-cargo elementor-widget elementor-widget-text-editor\" data-id=\"b6e0719\" data-element_type=\"widget\" data-widget_type=\"text-editor.default\">\n\t\t\t\t<div class=\"elementor-widget-container\">\n\t\t\t\t\t\t\t\t\tDirector t\u00e9cnico del Instituto Municipal de Promoci\u00f3n Urban\u00edstica, SA y del Holding Ol\u00edmpico (1988-1994)\t\t\t\t\t\t\t\t<\/div>\n\t\t\t\t<\/div>\n\t\t\t\t<div class=\"elementor-element elementor-element-443a947 memoria-oral-evento elementor-widget elementor-widget-text-editor\" data-id=\"443a947\" data-element_type=\"widget\" data-widget_type=\"text-editor.default\">\n\t\t\t\t<div class=\"elementor-widget-container\">\n\t\t\t\t\t\t\t\t\t<span>Juegos Ol\u00edmpicos<\/span> \/ <span>Juegos Paral\u00edmpicos<\/span>\t\t\t\t\t\t\t\t<\/div>\n\t\t\t\t<\/div>\n\t\t\t\t<div class=\"elementor-element elementor-element-d8b14f5 memoria-oral-perfil elementor-widget elementor-widget-text-editor\" data-id=\"d8b14f5\" data-element_type=\"widget\" data-widget_type=\"text-editor.default\">\n\t\t\t\t<div class=\"elementor-widget-container\">\n\t\t\t\t\t\t\t\t\t<span>Urbanismo<\/span>\t\t\t\t\t\t\t\t<\/div>\n\t\t\t\t<\/div>\n\t\t\t\t<div class=\"elementor-element elementor-element-07ffcae memoria-oral-etiquetas elementor-widget elementor-widget-text-editor\" data-id=\"07ffcae\" data-element_type=\"widget\" data-widget_type=\"text-editor.default\">\n\t\t\t\t<div class=\"elementor-widget-container\">\n\t\t\t\t\t\t\t\t\t<span>Empresa<\/span>\t\t\t\t\t\t\t\t<\/div>\n\t\t\t\t<\/div>\n\t\t\t\t<div class=\"elementor-element elementor-element-43a3da0 elementor-list-item-link-inline elementor-icon-list--layout-traditional elementor-widget elementor-widget-icon-list\" data-id=\"43a3da0\" data-element_type=\"widget\" data-widget_type=\"icon-list.default\">\n\t\t\t\t<div class=\"elementor-widget-container\">\n\t\t\t\t\t\t\t<ul class=\"elementor-icon-list-items\">\n\t\t\t\t\t\t\t<li class=\"elementor-icon-list-item\">\n\t\t\t\t\t\t\t\t\t\t\t<a href=\"#\">\n\n\t\t\t\t\t\t\t\t\t\t\t<span class=\"elementor-icon-list-text\">Ver video<\/span>\n\t\t\t\t\t\t\t\t\t\t\t<\/a>\n\t\t\t\t\t\t\t\t\t<\/li>\n\t\t\t\t\t\t<\/ul>\n\t\t\t\t\t\t<\/div>\n\t\t\t\t<\/div>\n\t\t\t\t<div class=\"elementor-element elementor-element-478d25a memoria-oral-videocode elementor-widget elementor-widget-text-editor\" data-id=\"478d25a\" data-element_type=\"widget\" data-widget_type=\"text-editor.default\">\n\t\t\t\t<div class=\"elementor-widget-container\">\n\t\t\t\t\t\t\t\t\tAkam4MtuwAc\t\t\t\t\t\t\t\t<\/div>\n\t\t\t\t<\/div>\n\t\t\t\t\t<\/div>\n\t\t<\/div>\n\t\t\t\t\t<\/div>\n\t\t<\/section>\n\t\t\t\t<\/div>\n\t\t\t\t<\/article>\n\t\t\t\t<article id=\"post-26827\" class=\"elementor-post elementor-grid-item ecs-post-loop post-26827 mo-testimonio type-mo-testimonio status-publish has-post-thumbnail hentry memoria_oral_evento-juegos-olimpicos memoria_oral_evento-juegos-paralimpicos memoria_oral_perfil-organizacion\">\n\t\t\t\t<div data-elementor-type=\"loop\" data-elementor-id=\"26655\" class=\"elementor elementor-26655 post-26827 mo-testimonio type-mo-testimonio status-publish has-post-thumbnail hentry memoria_oral_evento-juegos-olimpicos memoria_oral_evento-juegos-paralimpicos memoria_oral_perfil-organizacion\" data-elementor-post-type=\"elementor_library\">\n\t\t\t\t\t<section class=\"elementor-section elementor-top-section elementor-element elementor-element-56d930b elementor-section-full_width memoria-oral elementor-section-height-default elementor-section-height-default\" data-id=\"56d930b\" data-element_type=\"section\">\n\t\t\t\t\t\t<div class=\"elementor-container elementor-column-gap-no\">\n\t\t\t\t\t<div class=\"elementor-column elementor-col-100 elementor-top-column elementor-element elementor-element-42f9911\" data-id=\"42f9911\" data-element_type=\"column\">\n\t\t\t<div class=\"elementor-widget-wrap elementor-element-populated\">\n\t\t\t\t\t\t<div class=\"elementor-element elementor-element-4b3801b memoria-oral-imagen elementor-widget elementor-widget-theme-post-featured-image elementor-widget-image\" data-id=\"4b3801b\" data-element_type=\"widget\" data-widget_type=\"theme-post-featured-image.default\">\n\t\t\t\t<div class=\"elementor-widget-container\">\n\t\t\t\t\t\t\t\t\t\t\t\t\t\t\t\t<a href=\"#\">\n\t\t\t\t\t\t\t<img decoding=\"async\" width=\"800\" height=\"533\" src=\"https:\/\/www.fundaciobarcelonaolimpica.es\/wp-content\/uploads\/sites\/3\/2022\/11\/montserrat-arqueferrari.png\" class=\"attachment-large size-large wp-image-27294\" alt=\"\" srcset=\"https:\/\/www.fundaciobarcelonaolimpica.es\/wp-content\/uploads\/sites\/3\/2022\/11\/montserrat-arqueferrari.png 800w, https:\/\/www.fundaciobarcelonaolimpica.es\/wp-content\/uploads\/sites\/3\/2022\/11\/montserrat-arqueferrari-300x200.png 300w, https:\/\/www.fundaciobarcelonaolimpica.es\/wp-content\/uploads\/sites\/3\/2022\/11\/montserrat-arqueferrari-768x512.png 768w\" sizes=\"(max-width: 800px) 100vw, 800px\" \/>\t\t\t\t\t\t\t\t<\/a>\n\t\t\t\t\t\t\t\t\t\t\t\t\t\t\t<\/div>\n\t\t\t\t<\/div>\n\t\t\t\t<div class=\"elementor-element elementor-element-c246eac memoria-oral-nombre elementor-widget elementor-widget-theme-post-title elementor-page-title elementor-widget-heading\" data-id=\"c246eac\" data-element_type=\"widget\" data-widget_type=\"theme-post-title.default\">\n\t\t\t\t<div class=\"elementor-widget-container\">\n\t\t\t\t\t<h3 class=\"elementor-heading-title elementor-size-default\"><a href=\"#\">Montserrat Arqu\u00e9 Ferrari<\/a><\/h3>\t\t\t\t<\/div>\n\t\t\t\t<\/div>\n\t\t\t\t<div class=\"elementor-element elementor-element-b6e0719 memoria-oral-cargo elementor-widget elementor-widget-text-editor\" data-id=\"b6e0719\" data-element_type=\"widget\" data-widget_type=\"text-editor.default\">\n\t\t\t\t<div class=\"elementor-widget-container\">\n\t\t\t\t\t\t\t\t\tDirectora del gabinete del consejero delegado del COOB\u201992\t\t\t\t\t\t\t\t<\/div>\n\t\t\t\t<\/div>\n\t\t\t\t<div class=\"elementor-element elementor-element-443a947 memoria-oral-evento elementor-widget elementor-widget-text-editor\" data-id=\"443a947\" data-element_type=\"widget\" data-widget_type=\"text-editor.default\">\n\t\t\t\t<div class=\"elementor-widget-container\">\n\t\t\t\t\t\t\t\t\t<span>Juegos Ol\u00edmpicos<\/span> \/ <span>Juegos Paral\u00edmpicos<\/span>\t\t\t\t\t\t\t\t<\/div>\n\t\t\t\t<\/div>\n\t\t\t\t<div class=\"elementor-element elementor-element-d8b14f5 memoria-oral-perfil elementor-widget elementor-widget-text-editor\" data-id=\"d8b14f5\" data-element_type=\"widget\" data-widget_type=\"text-editor.default\">\n\t\t\t\t<div class=\"elementor-widget-container\">\n\t\t\t\t\t\t\t\t\t<span>Organizaci\u00f3n<\/span>\t\t\t\t\t\t\t\t<\/div>\n\t\t\t\t<\/div>\n\t\t\t\t<div class=\"elementor-element elementor-element-43a3da0 elementor-list-item-link-inline elementor-icon-list--layout-traditional elementor-widget elementor-widget-icon-list\" data-id=\"43a3da0\" data-element_type=\"widget\" data-widget_type=\"icon-list.default\">\n\t\t\t\t<div class=\"elementor-widget-container\">\n\t\t\t\t\t\t\t<ul class=\"elementor-icon-list-items\">\n\t\t\t\t\t\t\t<li class=\"elementor-icon-list-item\">\n\t\t\t\t\t\t\t\t\t\t\t<a href=\"#\">\n\n\t\t\t\t\t\t\t\t\t\t\t<span class=\"elementor-icon-list-text\">Ver video<\/span>\n\t\t\t\t\t\t\t\t\t\t\t<\/a>\n\t\t\t\t\t\t\t\t\t<\/li>\n\t\t\t\t\t\t<\/ul>\n\t\t\t\t\t\t<\/div>\n\t\t\t\t<\/div>\n\t\t\t\t<div class=\"elementor-element elementor-element-478d25a memoria-oral-videocode elementor-widget elementor-widget-text-editor\" data-id=\"478d25a\" data-element_type=\"widget\" data-widget_type=\"text-editor.default\">\n\t\t\t\t<div class=\"elementor-widget-container\">\n\t\t\t\t\t\t\t\t\t-sEG1Uu6znE\t\t\t\t\t\t\t\t<\/div>\n\t\t\t\t<\/div>\n\t\t\t\t\t<\/div>\n\t\t<\/div>\n\t\t\t\t\t<\/div>\n\t\t<\/section>\n\t\t\t\t<\/div>\n\t\t\t\t<\/article>\n\t\t\t\t<article id=\"post-29135\" class=\"elementor-post elementor-grid-item ecs-post-loop post-29135 mo-testimonio type-mo-testimonio status-publish has-post-thumbnail hentry memoria_oral_evento-juegos-olimpicos memoria_oral_perfil-deportista memoria_oral_etiquetas-tenis\">\n\t\t\t\t<div data-elementor-type=\"loop\" data-elementor-id=\"26655\" class=\"elementor elementor-26655 post-29135 mo-testimonio type-mo-testimonio status-publish has-post-thumbnail hentry memoria_oral_evento-juegos-olimpicos memoria_oral_perfil-deportista memoria_oral_etiquetas-tenis\" data-elementor-post-type=\"elementor_library\">\n\t\t\t\t\t<section class=\"elementor-section elementor-top-section elementor-element elementor-element-56d930b elementor-section-full_width memoria-oral elementor-section-height-default elementor-section-height-default\" data-id=\"56d930b\" data-element_type=\"section\">\n\t\t\t\t\t\t<div class=\"elementor-container elementor-column-gap-no\">\n\t\t\t\t\t<div class=\"elementor-column elementor-col-100 elementor-top-column elementor-element elementor-element-42f9911\" data-id=\"42f9911\" data-element_type=\"column\">\n\t\t\t<div class=\"elementor-widget-wrap elementor-element-populated\">\n\t\t\t\t\t\t<div class=\"elementor-element elementor-element-4b3801b memoria-oral-imagen elementor-widget elementor-widget-theme-post-featured-image elementor-widget-image\" data-id=\"4b3801b\" data-element_type=\"widget\" data-widget_type=\"theme-post-featured-image.default\">\n\t\t\t\t<div class=\"elementor-widget-container\">\n\t\t\t\t\t\t\t\t\t\t\t\t\t\t\t\t<a href=\"#\">\n\t\t\t\t\t\t\t<img decoding=\"async\" width=\"800\" height=\"533\" src=\"https:\/\/www.fundaciobarcelonaolimpica.es\/wp-content\/uploads\/sites\/3\/2022\/11\/jordi_arrase.jpg\" class=\"attachment-large size-large wp-image-29167\" alt=\"\" srcset=\"https:\/\/www.fundaciobarcelonaolimpica.es\/wp-content\/uploads\/sites\/3\/2022\/11\/jordi_arrase.jpg 800w, https:\/\/www.fundaciobarcelonaolimpica.es\/wp-content\/uploads\/sites\/3\/2022\/11\/jordi_arrase-300x200.jpg 300w, https:\/\/www.fundaciobarcelonaolimpica.es\/wp-content\/uploads\/sites\/3\/2022\/11\/jordi_arrase-768x512.jpg 768w\" sizes=\"(max-width: 800px) 100vw, 800px\" \/>\t\t\t\t\t\t\t\t<\/a>\n\t\t\t\t\t\t\t\t\t\t\t\t\t\t\t<\/div>\n\t\t\t\t<\/div>\n\t\t\t\t<div class=\"elementor-element elementor-element-c246eac memoria-oral-nombre elementor-widget elementor-widget-theme-post-title elementor-page-title elementor-widget-heading\" data-id=\"c246eac\" data-element_type=\"widget\" data-widget_type=\"theme-post-title.default\">\n\t\t\t\t<div class=\"elementor-widget-container\">\n\t\t\t\t\t<h3 class=\"elementor-heading-title elementor-size-default\"><a href=\"#\">Jordi Arrese Casta\u00f1\u00e9<\/a><\/h3>\t\t\t\t<\/div>\n\t\t\t\t<\/div>\n\t\t\t\t<div class=\"elementor-element elementor-element-b6e0719 memoria-oral-cargo elementor-widget elementor-widget-text-editor\" data-id=\"b6e0719\" data-element_type=\"widget\" data-widget_type=\"text-editor.default\">\n\t\t\t\t<div class=\"elementor-widget-container\">\n\t\t\t\t\t\t\t\t\tGanador de la medalla de plata en los Juegos Ol\u00edmpicos de Barcelona\u201992, en la competici\u00f3n de tenis individual\t\t\t\t\t\t\t\t<\/div>\n\t\t\t\t<\/div>\n\t\t\t\t<div class=\"elementor-element elementor-element-443a947 memoria-oral-evento elementor-widget elementor-widget-text-editor\" data-id=\"443a947\" data-element_type=\"widget\" data-widget_type=\"text-editor.default\">\n\t\t\t\t<div class=\"elementor-widget-container\">\n\t\t\t\t\t\t\t\t\t<span>Juegos Ol\u00edmpicos<\/span>\t\t\t\t\t\t\t\t<\/div>\n\t\t\t\t<\/div>\n\t\t\t\t<div class=\"elementor-element elementor-element-d8b14f5 memoria-oral-perfil elementor-widget elementor-widget-text-editor\" data-id=\"d8b14f5\" data-element_type=\"widget\" data-widget_type=\"text-editor.default\">\n\t\t\t\t<div class=\"elementor-widget-container\">\n\t\t\t\t\t\t\t\t\t<span>Deportista<\/span>\t\t\t\t\t\t\t\t<\/div>\n\t\t\t\t<\/div>\n\t\t\t\t<div class=\"elementor-element elementor-element-07ffcae memoria-oral-etiquetas elementor-widget elementor-widget-text-editor\" data-id=\"07ffcae\" data-element_type=\"widget\" data-widget_type=\"text-editor.default\">\n\t\t\t\t<div class=\"elementor-widget-container\">\n\t\t\t\t\t\t\t\t\t<span>Tenis<\/span>\t\t\t\t\t\t\t\t<\/div>\n\t\t\t\t<\/div>\n\t\t\t\t<div class=\"elementor-element elementor-element-43a3da0 elementor-list-item-link-inline elementor-icon-list--layout-traditional elementor-widget elementor-widget-icon-list\" data-id=\"43a3da0\" data-element_type=\"widget\" data-widget_type=\"icon-list.default\">\n\t\t\t\t<div class=\"elementor-widget-container\">\n\t\t\t\t\t\t\t<ul class=\"elementor-icon-list-items\">\n\t\t\t\t\t\t\t<li class=\"elementor-icon-list-item\">\n\t\t\t\t\t\t\t\t\t\t\t<a href=\"#\">\n\n\t\t\t\t\t\t\t\t\t\t\t<span class=\"elementor-icon-list-text\">Ver video<\/span>\n\t\t\t\t\t\t\t\t\t\t\t<\/a>\n\t\t\t\t\t\t\t\t\t<\/li>\n\t\t\t\t\t\t<\/ul>\n\t\t\t\t\t\t<\/div>\n\t\t\t\t<\/div>\n\t\t\t\t<div class=\"elementor-element elementor-element-478d25a memoria-oral-videocode elementor-widget elementor-widget-text-editor\" data-id=\"478d25a\" data-element_type=\"widget\" data-widget_type=\"text-editor.default\">\n\t\t\t\t<div class=\"elementor-widget-container\">\n\t\t\t\t\t\t\t\t\tS5_Nig3TaJE\t\t\t\t\t\t\t\t<\/div>\n\t\t\t\t<\/div>\n\t\t\t\t\t<\/div>\n\t\t<\/div>\n\t\t\t\t\t<\/div>\n\t\t<\/section>\n\t\t\t\t<\/div>\n\t\t\t\t<\/article>\n\t\t\t\t<article id=\"post-26832\" class=\"elementor-post elementor-grid-item ecs-post-loop post-26832 mo-testimonio type-mo-testimonio status-publish has-post-thumbnail hentry memoria_oral_evento-juegos-olimpicos memoria_oral_evento-juegos-paralimpicos memoria_oral_perfil-organizacion memoria_oral_etiquetas-ceremonias\">\n\t\t\t\t<div data-elementor-type=\"loop\" data-elementor-id=\"26655\" class=\"elementor elementor-26655 post-26832 mo-testimonio type-mo-testimonio status-publish has-post-thumbnail hentry memoria_oral_evento-juegos-olimpicos memoria_oral_evento-juegos-paralimpicos memoria_oral_perfil-organizacion memoria_oral_etiquetas-ceremonias\" data-elementor-post-type=\"elementor_library\">\n\t\t\t\t\t<section class=\"elementor-section elementor-top-section elementor-element elementor-element-56d930b elementor-section-full_width memoria-oral elementor-section-height-default elementor-section-height-default\" data-id=\"56d930b\" data-element_type=\"section\">\n\t\t\t\t\t\t<div class=\"elementor-container elementor-column-gap-no\">\n\t\t\t\t\t<div class=\"elementor-column elementor-col-100 elementor-top-column elementor-element elementor-element-42f9911\" data-id=\"42f9911\" data-element_type=\"column\">\n\t\t\t<div class=\"elementor-widget-wrap elementor-element-populated\">\n\t\t\t\t\t\t<div class=\"elementor-element elementor-element-4b3801b memoria-oral-imagen elementor-widget elementor-widget-theme-post-featured-image elementor-widget-image\" data-id=\"4b3801b\" data-element_type=\"widget\" data-widget_type=\"theme-post-featured-image.default\">\n\t\t\t\t<div class=\"elementor-widget-container\">\n\t\t\t\t\t\t\t\t\t\t\t\t\t\t\t\t<a href=\"#\">\n\t\t\t\t\t\t\t<img loading=\"lazy\" decoding=\"async\" width=\"800\" height=\"533\" src=\"https:\/\/www.fundaciobarcelonaolimpica.es\/wp-content\/uploads\/sites\/3\/2022\/11\/lluis-bassatcoen.png\" class=\"attachment-large size-large wp-image-27297\" alt=\"\" srcset=\"https:\/\/www.fundaciobarcelonaolimpica.es\/wp-content\/uploads\/sites\/3\/2022\/11\/lluis-bassatcoen.png 800w, https:\/\/www.fundaciobarcelonaolimpica.es\/wp-content\/uploads\/sites\/3\/2022\/11\/lluis-bassatcoen-300x200.png 300w, https:\/\/www.fundaciobarcelonaolimpica.es\/wp-content\/uploads\/sites\/3\/2022\/11\/lluis-bassatcoen-768x512.png 768w\" sizes=\"(max-width: 800px) 100vw, 800px\" \/>\t\t\t\t\t\t\t\t<\/a>\n\t\t\t\t\t\t\t\t\t\t\t\t\t\t\t<\/div>\n\t\t\t\t<\/div>\n\t\t\t\t<div class=\"elementor-element elementor-element-c246eac memoria-oral-nombre elementor-widget elementor-widget-theme-post-title elementor-page-title elementor-widget-heading\" data-id=\"c246eac\" data-element_type=\"widget\" data-widget_type=\"theme-post-title.default\">\n\t\t\t\t<div class=\"elementor-widget-container\">\n\t\t\t\t\t<h3 class=\"elementor-heading-title elementor-size-default\"><a href=\"#\">Llu\u00eds Bassat Coen<\/a><\/h3>\t\t\t\t<\/div>\n\t\t\t\t<\/div>\n\t\t\t\t<div class=\"elementor-element elementor-element-b6e0719 memoria-oral-cargo elementor-widget elementor-widget-text-editor\" data-id=\"b6e0719\" data-element_type=\"widget\" data-widget_type=\"text-editor.default\">\n\t\t\t\t<div class=\"elementor-widget-container\">\n\t\t\t\t\t\t\t\t\tPresidente de Ovideo-Bassat Sport. Creadores y Productores de las Ceremonias de apertura y clausura de los Juegos Ol\u00edmpicos y Paral\u00edmpicos \t\t\t\t\t\t\t\t<\/div>\n\t\t\t\t<\/div>\n\t\t\t\t<div class=\"elementor-element elementor-element-443a947 memoria-oral-evento elementor-widget elementor-widget-text-editor\" data-id=\"443a947\" data-element_type=\"widget\" data-widget_type=\"text-editor.default\">\n\t\t\t\t<div class=\"elementor-widget-container\">\n\t\t\t\t\t\t\t\t\t<span>Juegos Ol\u00edmpicos<\/span> \/ <span>Juegos Paral\u00edmpicos<\/span>\t\t\t\t\t\t\t\t<\/div>\n\t\t\t\t<\/div>\n\t\t\t\t<div class=\"elementor-element elementor-element-d8b14f5 memoria-oral-perfil elementor-widget elementor-widget-text-editor\" data-id=\"d8b14f5\" data-element_type=\"widget\" data-widget_type=\"text-editor.default\">\n\t\t\t\t<div class=\"elementor-widget-container\">\n\t\t\t\t\t\t\t\t\t<span>Organizaci\u00f3n<\/span>\t\t\t\t\t\t\t\t<\/div>\n\t\t\t\t<\/div>\n\t\t\t\t<div class=\"elementor-element elementor-element-07ffcae memoria-oral-etiquetas elementor-widget elementor-widget-text-editor\" data-id=\"07ffcae\" data-element_type=\"widget\" data-widget_type=\"text-editor.default\">\n\t\t\t\t<div class=\"elementor-widget-container\">\n\t\t\t\t\t\t\t\t\t<span>Ceremonias<\/span>\t\t\t\t\t\t\t\t<\/div>\n\t\t\t\t<\/div>\n\t\t\t\t<div class=\"elementor-element elementor-element-43a3da0 elementor-list-item-link-inline elementor-icon-list--layout-traditional elementor-widget elementor-widget-icon-list\" data-id=\"43a3da0\" data-element_type=\"widget\" data-widget_type=\"icon-list.default\">\n\t\t\t\t<div class=\"elementor-widget-container\">\n\t\t\t\t\t\t\t<ul class=\"elementor-icon-list-items\">\n\t\t\t\t\t\t\t<li class=\"elementor-icon-list-item\">\n\t\t\t\t\t\t\t\t\t\t\t<a href=\"#\">\n\n\t\t\t\t\t\t\t\t\t\t\t<span class=\"elementor-icon-list-text\">Ver video<\/span>\n\t\t\t\t\t\t\t\t\t\t\t<\/a>\n\t\t\t\t\t\t\t\t\t<\/li>\n\t\t\t\t\t\t<\/ul>\n\t\t\t\t\t\t<\/div>\n\t\t\t\t<\/div>\n\t\t\t\t<div class=\"elementor-element elementor-element-478d25a memoria-oral-videocode elementor-widget elementor-widget-text-editor\" data-id=\"478d25a\" data-element_type=\"widget\" data-widget_type=\"text-editor.default\">\n\t\t\t\t<div class=\"elementor-widget-container\">\n\t\t\t\t\t\t\t\t\tlWNp-5DdWU8\t\t\t\t\t\t\t\t<\/div>\n\t\t\t\t<\/div>\n\t\t\t\t\t<\/div>\n\t\t<\/div>\n\t\t\t\t\t<\/div>\n\t\t<\/section>\n\t\t\t\t<\/div>\n\t\t\t\t<\/article>\n\t\t\t\t<article id=\"post-26835\" class=\"elementor-post elementor-grid-item ecs-post-loop post-26835 mo-testimonio type-mo-testimonio status-publish has-post-thumbnail hentry memoria_oral_evento-juegos-olimpicos memoria_oral_evento-juegos-paralimpicos memoria_oral_perfil-organizacion\">\n\t\t\t\t<div data-elementor-type=\"loop\" data-elementor-id=\"26655\" class=\"elementor elementor-26655 post-26835 mo-testimonio type-mo-testimonio status-publish has-post-thumbnail hentry memoria_oral_evento-juegos-olimpicos memoria_oral_evento-juegos-paralimpicos memoria_oral_perfil-organizacion\" data-elementor-post-type=\"elementor_library\">\n\t\t\t\t\t<section class=\"elementor-section elementor-top-section elementor-element elementor-element-56d930b elementor-section-full_width memoria-oral elementor-section-height-default elementor-section-height-default\" data-id=\"56d930b\" data-element_type=\"section\">\n\t\t\t\t\t\t<div class=\"elementor-container elementor-column-gap-no\">\n\t\t\t\t\t<div class=\"elementor-column elementor-col-100 elementor-top-column elementor-element elementor-element-42f9911\" data-id=\"42f9911\" data-element_type=\"column\">\n\t\t\t<div class=\"elementor-widget-wrap elementor-element-populated\">\n\t\t\t\t\t\t<div class=\"elementor-element elementor-element-4b3801b memoria-oral-imagen elementor-widget elementor-widget-theme-post-featured-image elementor-widget-image\" data-id=\"4b3801b\" data-element_type=\"widget\" data-widget_type=\"theme-post-featured-image.default\">\n\t\t\t\t<div class=\"elementor-widget-container\">\n\t\t\t\t\t\t\t\t\t\t\t\t\t\t\t\t<a href=\"#\">\n\t\t\t\t\t\t\t<img loading=\"lazy\" decoding=\"async\" width=\"800\" height=\"533\" src=\"https:\/\/www.fundaciobarcelonaolimpica.es\/wp-content\/uploads\/sites\/3\/2022\/11\/reimon-bergoscivit.png\" class=\"attachment-large size-large wp-image-27300\" alt=\"\" srcset=\"https:\/\/www.fundaciobarcelonaolimpica.es\/wp-content\/uploads\/sites\/3\/2022\/11\/reimon-bergoscivit.png 800w, https:\/\/www.fundaciobarcelonaolimpica.es\/wp-content\/uploads\/sites\/3\/2022\/11\/reimon-bergoscivit-300x200.png 300w, https:\/\/www.fundaciobarcelonaolimpica.es\/wp-content\/uploads\/sites\/3\/2022\/11\/reimon-bergoscivit-768x512.png 768w\" sizes=\"(max-width: 800px) 100vw, 800px\" \/>\t\t\t\t\t\t\t\t<\/a>\n\t\t\t\t\t\t\t\t\t\t\t\t\t\t\t<\/div>\n\t\t\t\t<\/div>\n\t\t\t\t<div class=\"elementor-element elementor-element-c246eac memoria-oral-nombre elementor-widget elementor-widget-theme-post-title elementor-page-title elementor-widget-heading\" data-id=\"c246eac\" data-element_type=\"widget\" data-widget_type=\"theme-post-title.default\">\n\t\t\t\t<div class=\"elementor-widget-container\">\n\t\t\t\t\t<h3 class=\"elementor-heading-title elementor-size-default\"><a href=\"#\">Raim\u00f3n Berg\u00f3s Civit<\/a><\/h3>\t\t\t\t<\/div>\n\t\t\t\t<\/div>\n\t\t\t\t<div class=\"elementor-element elementor-element-b6e0719 memoria-oral-cargo elementor-widget elementor-widget-text-editor\" data-id=\"b6e0719\" data-element_type=\"widget\" data-widget_type=\"text-editor.default\">\n\t\t\t\t<div class=\"elementor-widget-container\">\n\t\t\t\t\t\t\t\t\tDirector de la Asesor\u00eda Jur\u00eddica del COOB\u201992\t\t\t\t\t\t\t\t<\/div>\n\t\t\t\t<\/div>\n\t\t\t\t<div class=\"elementor-element elementor-element-443a947 memoria-oral-evento elementor-widget elementor-widget-text-editor\" data-id=\"443a947\" data-element_type=\"widget\" data-widget_type=\"text-editor.default\">\n\t\t\t\t<div class=\"elementor-widget-container\">\n\t\t\t\t\t\t\t\t\t<span>Juegos Ol\u00edmpicos<\/span> \/ <span>Juegos Paral\u00edmpicos<\/span>\t\t\t\t\t\t\t\t<\/div>\n\t\t\t\t<\/div>\n\t\t\t\t<div class=\"elementor-element elementor-element-d8b14f5 memoria-oral-perfil elementor-widget elementor-widget-text-editor\" data-id=\"d8b14f5\" data-element_type=\"widget\" data-widget_type=\"text-editor.default\">\n\t\t\t\t<div class=\"elementor-widget-container\">\n\t\t\t\t\t\t\t\t\t<span>Organizaci\u00f3n<\/span>\t\t\t\t\t\t\t\t<\/div>\n\t\t\t\t<\/div>\n\t\t\t\t<div class=\"elementor-element elementor-element-43a3da0 elementor-list-item-link-inline elementor-icon-list--layout-traditional elementor-widget elementor-widget-icon-list\" data-id=\"43a3da0\" data-element_type=\"widget\" data-widget_type=\"icon-list.default\">\n\t\t\t\t<div class=\"elementor-widget-container\">\n\t\t\t\t\t\t\t<ul class=\"elementor-icon-list-items\">\n\t\t\t\t\t\t\t<li class=\"elementor-icon-list-item\">\n\t\t\t\t\t\t\t\t\t\t\t<a href=\"#\">\n\n\t\t\t\t\t\t\t\t\t\t\t<span class=\"elementor-icon-list-text\">Ver video<\/span>\n\t\t\t\t\t\t\t\t\t\t\t<\/a>\n\t\t\t\t\t\t\t\t\t<\/li>\n\t\t\t\t\t\t<\/ul>\n\t\t\t\t\t\t<\/div>\n\t\t\t\t<\/div>\n\t\t\t\t<div class=\"elementor-element elementor-element-478d25a memoria-oral-videocode elementor-widget elementor-widget-text-editor\" data-id=\"478d25a\" data-element_type=\"widget\" data-widget_type=\"text-editor.default\">\n\t\t\t\t<div class=\"elementor-widget-container\">\n\t\t\t\t\t\t\t\t\t0yNmyQSoQ0k\t\t\t\t\t\t\t\t<\/div>\n\t\t\t\t<\/div>\n\t\t\t\t\t<\/div>\n\t\t<\/div>\n\t\t\t\t\t<\/div>\n\t\t<\/section>\n\t\t\t\t<\/div>\n\t\t\t\t<\/article>\n\t\t\t\t<article id=\"post-26840\" class=\"elementor-post elementor-grid-item ecs-post-loop post-26840 mo-testimonio type-mo-testimonio status-publish has-post-thumbnail hentry memoria_oral_evento-juegos-olimpicos memoria_oral_evento-juegos-paralimpicos memoria_oral_perfil-organizacion\">\n\t\t\t\t<div data-elementor-type=\"loop\" data-elementor-id=\"26655\" class=\"elementor elementor-26655 post-26840 mo-testimonio type-mo-testimonio status-publish has-post-thumbnail hentry memoria_oral_evento-juegos-olimpicos memoria_oral_evento-juegos-paralimpicos memoria_oral_perfil-organizacion\" data-elementor-post-type=\"elementor_library\">\n\t\t\t\t\t<section class=\"elementor-section elementor-top-section elementor-element elementor-element-56d930b elementor-section-full_width memoria-oral elementor-section-height-default elementor-section-height-default\" data-id=\"56d930b\" data-element_type=\"section\">\n\t\t\t\t\t\t<div class=\"elementor-container elementor-column-gap-no\">\n\t\t\t\t\t<div class=\"elementor-column elementor-col-100 elementor-top-column elementor-element elementor-element-42f9911\" data-id=\"42f9911\" data-element_type=\"column\">\n\t\t\t<div class=\"elementor-widget-wrap elementor-element-populated\">\n\t\t\t\t\t\t<div class=\"elementor-element elementor-element-4b3801b memoria-oral-imagen elementor-widget elementor-widget-theme-post-featured-image elementor-widget-image\" data-id=\"4b3801b\" data-element_type=\"widget\" data-widget_type=\"theme-post-featured-image.default\">\n\t\t\t\t<div class=\"elementor-widget-container\">\n\t\t\t\t\t\t\t\t\t\t\t\t\t\t\t\t<a href=\"#\">\n\t\t\t\t\t\t\t<img loading=\"lazy\" decoding=\"async\" width=\"800\" height=\"533\" src=\"https:\/\/www.fundaciobarcelonaolimpica.es\/wp-content\/uploads\/sites\/3\/2022\/11\/alfred-boschpasqual.png\" class=\"attachment-large size-large wp-image-27303\" alt=\"\" srcset=\"https:\/\/www.fundaciobarcelonaolimpica.es\/wp-content\/uploads\/sites\/3\/2022\/11\/alfred-boschpasqual.png 800w, https:\/\/www.fundaciobarcelonaolimpica.es\/wp-content\/uploads\/sites\/3\/2022\/11\/alfred-boschpasqual-300x200.png 300w, https:\/\/www.fundaciobarcelonaolimpica.es\/wp-content\/uploads\/sites\/3\/2022\/11\/alfred-boschpasqual-768x512.png 768w\" sizes=\"(max-width: 800px) 100vw, 800px\" \/>\t\t\t\t\t\t\t\t<\/a>\n\t\t\t\t\t\t\t\t\t\t\t\t\t\t\t<\/div>\n\t\t\t\t<\/div>\n\t\t\t\t<div class=\"elementor-element elementor-element-c246eac memoria-oral-nombre elementor-widget elementor-widget-theme-post-title elementor-page-title elementor-widget-heading\" data-id=\"c246eac\" data-element_type=\"widget\" data-widget_type=\"theme-post-title.default\">\n\t\t\t\t<div class=\"elementor-widget-container\">\n\t\t\t\t\t<h3 class=\"elementor-heading-title elementor-size-default\"><a href=\"#\">Alfred Bosch i Pascual<\/a><\/h3>\t\t\t\t<\/div>\n\t\t\t\t<\/div>\n\t\t\t\t<div class=\"elementor-element elementor-element-b6e0719 memoria-oral-cargo elementor-widget elementor-widget-text-editor\" data-id=\"b6e0719\" data-element_type=\"widget\" data-widget_type=\"text-editor.default\">\n\t\t\t\t<div class=\"elementor-widget-container\">\n\t\t\t\t\t\t\t\t\tSecretario general del Comit\u00e9 de Operaciones del COOB\u201992\t\t\t\t\t\t\t\t<\/div>\n\t\t\t\t<\/div>\n\t\t\t\t<div class=\"elementor-element elementor-element-443a947 memoria-oral-evento elementor-widget elementor-widget-text-editor\" data-id=\"443a947\" data-element_type=\"widget\" data-widget_type=\"text-editor.default\">\n\t\t\t\t<div class=\"elementor-widget-container\">\n\t\t\t\t\t\t\t\t\t<span>Juegos Ol\u00edmpicos<\/span> \/ <span>Juegos Paral\u00edmpicos<\/span>\t\t\t\t\t\t\t\t<\/div>\n\t\t\t\t<\/div>\n\t\t\t\t<div class=\"elementor-element elementor-element-d8b14f5 memoria-oral-perfil elementor-widget elementor-widget-text-editor\" data-id=\"d8b14f5\" data-element_type=\"widget\" data-widget_type=\"text-editor.default\">\n\t\t\t\t<div class=\"elementor-widget-container\">\n\t\t\t\t\t\t\t\t\t<span>Organizaci\u00f3n<\/span>\t\t\t\t\t\t\t\t<\/div>\n\t\t\t\t<\/div>\n\t\t\t\t<div class=\"elementor-element elementor-element-43a3da0 elementor-list-item-link-inline elementor-icon-list--layout-traditional elementor-widget elementor-widget-icon-list\" data-id=\"43a3da0\" data-element_type=\"widget\" data-widget_type=\"icon-list.default\">\n\t\t\t\t<div class=\"elementor-widget-container\">\n\t\t\t\t\t\t\t<ul class=\"elementor-icon-list-items\">\n\t\t\t\t\t\t\t<li class=\"elementor-icon-list-item\">\n\t\t\t\t\t\t\t\t\t\t\t<a href=\"#\">\n\n\t\t\t\t\t\t\t\t\t\t\t<span class=\"elementor-icon-list-text\">Ver video<\/span>\n\t\t\t\t\t\t\t\t\t\t\t<\/a>\n\t\t\t\t\t\t\t\t\t<\/li>\n\t\t\t\t\t\t<\/ul>\n\t\t\t\t\t\t<\/div>\n\t\t\t\t<\/div>\n\t\t\t\t<div class=\"elementor-element elementor-element-478d25a memoria-oral-videocode elementor-widget elementor-widget-text-editor\" data-id=\"478d25a\" data-element_type=\"widget\" data-widget_type=\"text-editor.default\">\n\t\t\t\t<div class=\"elementor-widget-container\">\n\t\t\t\t\t\t\t\t\t0q7NC3G3fJQ\t\t\t\t\t\t\t\t<\/div>\n\t\t\t\t<\/div>\n\t\t\t\t\t<\/div>\n\t\t<\/div>\n\t\t\t\t\t<\/div>\n\t\t<\/section>\n\t\t\t\t<\/div>\n\t\t\t\t<\/article>\n\t\t\t\t<article id=\"post-26843\" class=\"elementor-post elementor-grid-item ecs-post-loop post-26843 mo-testimonio type-mo-testimonio status-publish has-post-thumbnail hentry memoria_oral_evento-juegos-olimpicos memoria_oral_evento-juegos-paralimpicos memoria_oral_perfil-organizacion memoria_oral_etiquetas-planificacion\">\n\t\t\t\t<div data-elementor-type=\"loop\" data-elementor-id=\"26655\" class=\"elementor elementor-26655 post-26843 mo-testimonio type-mo-testimonio status-publish has-post-thumbnail hentry memoria_oral_evento-juegos-olimpicos memoria_oral_evento-juegos-paralimpicos memoria_oral_perfil-organizacion memoria_oral_etiquetas-planificacion\" data-elementor-post-type=\"elementor_library\">\n\t\t\t\t\t<section class=\"elementor-section elementor-top-section elementor-element elementor-element-56d930b elementor-section-full_width memoria-oral elementor-section-height-default elementor-section-height-default\" data-id=\"56d930b\" data-element_type=\"section\">\n\t\t\t\t\t\t<div class=\"elementor-container elementor-column-gap-no\">\n\t\t\t\t\t<div class=\"elementor-column elementor-col-100 elementor-top-column elementor-element elementor-element-42f9911\" data-id=\"42f9911\" data-element_type=\"column\">\n\t\t\t<div class=\"elementor-widget-wrap elementor-element-populated\">\n\t\t\t\t\t\t<div class=\"elementor-element elementor-element-4b3801b memoria-oral-imagen elementor-widget elementor-widget-theme-post-featured-image elementor-widget-image\" data-id=\"4b3801b\" data-element_type=\"widget\" data-widget_type=\"theme-post-featured-image.default\">\n\t\t\t\t<div class=\"elementor-widget-container\">\n\t\t\t\t\t\t\t\t\t\t\t\t\t\t\t\t<a href=\"#\">\n\t\t\t\t\t\t\t<img loading=\"lazy\" decoding=\"async\" width=\"800\" height=\"533\" src=\"https:\/\/www.fundaciobarcelonaolimpica.es\/wp-content\/uploads\/sites\/3\/2022\/11\/miquel-botellapahissa.png\" class=\"attachment-large size-large wp-image-26986\" alt=\"\" srcset=\"https:\/\/www.fundaciobarcelonaolimpica.es\/wp-content\/uploads\/sites\/3\/2022\/11\/miquel-botellapahissa.png 800w, https:\/\/www.fundaciobarcelonaolimpica.es\/wp-content\/uploads\/sites\/3\/2022\/11\/miquel-botellapahissa-300x200.png 300w, https:\/\/www.fundaciobarcelonaolimpica.es\/wp-content\/uploads\/sites\/3\/2022\/11\/miquel-botellapahissa-768x512.png 768w\" sizes=\"(max-width: 800px) 100vw, 800px\" \/>\t\t\t\t\t\t\t\t<\/a>\n\t\t\t\t\t\t\t\t\t\t\t\t\t\t\t<\/div>\n\t\t\t\t<\/div>\n\t\t\t\t<div class=\"elementor-element elementor-element-c246eac memoria-oral-nombre elementor-widget elementor-widget-theme-post-title elementor-page-title elementor-widget-heading\" data-id=\"c246eac\" data-element_type=\"widget\" data-widget_type=\"theme-post-title.default\">\n\t\t\t\t<div class=\"elementor-widget-container\">\n\t\t\t\t\t<h3 class=\"elementor-heading-title elementor-size-default\"><a href=\"#\">Miquel Botella i Pahissa<\/a><\/h3>\t\t\t\t<\/div>\n\t\t\t\t<\/div>\n\t\t\t\t<div class=\"elementor-element elementor-element-b6e0719 memoria-oral-cargo elementor-widget elementor-widget-text-editor\" data-id=\"b6e0719\" data-element_type=\"widget\" data-widget_type=\"text-editor.default\">\n\t\t\t\t<div class=\"elementor-widget-container\">\n\t\t\t\t\t\t\t\t\tDirector de Planificaci\u00f3n y Control del COOB\u201992\t\t\t\t\t\t\t\t<\/div>\n\t\t\t\t<\/div>\n\t\t\t\t<div class=\"elementor-element elementor-element-443a947 memoria-oral-evento elementor-widget elementor-widget-text-editor\" data-id=\"443a947\" data-element_type=\"widget\" data-widget_type=\"text-editor.default\">\n\t\t\t\t<div class=\"elementor-widget-container\">\n\t\t\t\t\t\t\t\t\t<span>Juegos Ol\u00edmpicos<\/span> \/ <span>Juegos Paral\u00edmpicos<\/span>\t\t\t\t\t\t\t\t<\/div>\n\t\t\t\t<\/div>\n\t\t\t\t<div class=\"elementor-element elementor-element-d8b14f5 memoria-oral-perfil elementor-widget elementor-widget-text-editor\" data-id=\"d8b14f5\" data-element_type=\"widget\" data-widget_type=\"text-editor.default\">\n\t\t\t\t<div class=\"elementor-widget-container\">\n\t\t\t\t\t\t\t\t\t<span>Organizaci\u00f3n<\/span>\t\t\t\t\t\t\t\t<\/div>\n\t\t\t\t<\/div>\n\t\t\t\t<div class=\"elementor-element elementor-element-07ffcae memoria-oral-etiquetas elementor-widget elementor-widget-text-editor\" data-id=\"07ffcae\" data-element_type=\"widget\" data-widget_type=\"text-editor.default\">\n\t\t\t\t<div class=\"elementor-widget-container\">\n\t\t\t\t\t\t\t\t\t<span>Planificaci\u00f3n<\/span>\t\t\t\t\t\t\t\t<\/div>\n\t\t\t\t<\/div>\n\t\t\t\t<div class=\"elementor-element elementor-element-43a3da0 elementor-list-item-link-inline elementor-icon-list--layout-traditional elementor-widget elementor-widget-icon-list\" data-id=\"43a3da0\" data-element_type=\"widget\" data-widget_type=\"icon-list.default\">\n\t\t\t\t<div class=\"elementor-widget-container\">\n\t\t\t\t\t\t\t<ul class=\"elementor-icon-list-items\">\n\t\t\t\t\t\t\t<li class=\"elementor-icon-list-item\">\n\t\t\t\t\t\t\t\t\t\t\t<a href=\"#\">\n\n\t\t\t\t\t\t\t\t\t\t\t<span class=\"elementor-icon-list-text\">Ver video<\/span>\n\t\t\t\t\t\t\t\t\t\t\t<\/a>\n\t\t\t\t\t\t\t\t\t<\/li>\n\t\t\t\t\t\t<\/ul>\n\t\t\t\t\t\t<\/div>\n\t\t\t\t<\/div>\n\t\t\t\t<div class=\"elementor-element elementor-element-478d25a memoria-oral-videocode elementor-widget elementor-widget-text-editor\" data-id=\"478d25a\" data-element_type=\"widget\" data-widget_type=\"text-editor.default\">\n\t\t\t\t<div class=\"elementor-widget-container\">\n\t\t\t\t\t\t\t\t\t1Emy5lFIvRs\t\t\t\t\t\t\t\t<\/div>\n\t\t\t\t<\/div>\n\t\t\t\t\t<\/div>\n\t\t<\/div>\n\t\t\t\t\t<\/div>\n\t\t<\/section>\n\t\t\t\t<\/div>\n\t\t\t\t<\/article>\n\t\t\t\t<article id=\"post-26846\" class=\"elementor-post elementor-grid-item ecs-post-loop post-26846 mo-testimonio type-mo-testimonio status-publish has-post-thumbnail hentry memoria_oral_evento-juegos-olimpicos memoria_oral_perfil-deportista memoria_oral_etiquetas-atletismo\">\n\t\t\t\t<div data-elementor-type=\"loop\" data-elementor-id=\"26655\" class=\"elementor elementor-26655 post-26846 mo-testimonio type-mo-testimonio status-publish has-post-thumbnail hentry memoria_oral_evento-juegos-olimpicos memoria_oral_perfil-deportista memoria_oral_etiquetas-atletismo\" data-elementor-post-type=\"elementor_library\">\n\t\t\t\t\t<section class=\"elementor-section elementor-top-section elementor-element elementor-element-56d930b elementor-section-full_width memoria-oral elementor-section-height-default elementor-section-height-default\" data-id=\"56d930b\" data-element_type=\"section\">\n\t\t\t\t\t\t<div class=\"elementor-container elementor-column-gap-no\">\n\t\t\t\t\t<div class=\"elementor-column elementor-col-100 elementor-top-column elementor-element elementor-element-42f9911\" data-id=\"42f9911\" data-element_type=\"column\">\n\t\t\t<div class=\"elementor-widget-wrap elementor-element-populated\">\n\t\t\t\t\t\t<div class=\"elementor-element elementor-element-4b3801b memoria-oral-imagen elementor-widget elementor-widget-theme-post-featured-image elementor-widget-image\" data-id=\"4b3801b\" data-element_type=\"widget\" data-widget_type=\"theme-post-featured-image.default\">\n\t\t\t\t<div class=\"elementor-widget-container\">\n\t\t\t\t\t\t\t\t\t\t\t\t\t\t\t\t<a href=\"#\">\n\t\t\t\t\t\t\t<img loading=\"lazy\" decoding=\"async\" width=\"800\" height=\"533\" src=\"https:\/\/www.fundaciobarcelonaolimpica.es\/wp-content\/uploads\/sites\/3\/2022\/11\/fermin-cacho.png\" class=\"attachment-large size-large wp-image-26989\" alt=\"\" srcset=\"https:\/\/www.fundaciobarcelonaolimpica.es\/wp-content\/uploads\/sites\/3\/2022\/11\/fermin-cacho.png 800w, https:\/\/www.fundaciobarcelonaolimpica.es\/wp-content\/uploads\/sites\/3\/2022\/11\/fermin-cacho-300x200.png 300w, https:\/\/www.fundaciobarcelonaolimpica.es\/wp-content\/uploads\/sites\/3\/2022\/11\/fermin-cacho-768x512.png 768w\" sizes=\"(max-width: 800px) 100vw, 800px\" \/>\t\t\t\t\t\t\t\t<\/a>\n\t\t\t\t\t\t\t\t\t\t\t\t\t\t\t<\/div>\n\t\t\t\t<\/div>\n\t\t\t\t<div class=\"elementor-element elementor-element-c246eac memoria-oral-nombre elementor-widget elementor-widget-theme-post-title elementor-page-title elementor-widget-heading\" data-id=\"c246eac\" data-element_type=\"widget\" data-widget_type=\"theme-post-title.default\">\n\t\t\t\t<div class=\"elementor-widget-container\">\n\t\t\t\t\t<h3 class=\"elementor-heading-title elementor-size-default\"><a href=\"#\">Ferm\u00edn Cacho Ruiz<\/a><\/h3>\t\t\t\t<\/div>\n\t\t\t\t<\/div>\n\t\t\t\t<div class=\"elementor-element elementor-element-b6e0719 memoria-oral-cargo elementor-widget elementor-widget-text-editor\" data-id=\"b6e0719\" data-element_type=\"widget\" data-widget_type=\"text-editor.default\">\n\t\t\t\t<div class=\"elementor-widget-container\">\n\t\t\t\t\t\t\t\t\tGanador de la medalla de oro en la prueba de atletismo de los 1.500 metros en los Juegos Ol\u00edmpicos de Barcelona&#8217;92\t\t\t\t\t\t\t\t<\/div>\n\t\t\t\t<\/div>\n\t\t\t\t<div class=\"elementor-element elementor-element-443a947 memoria-oral-evento elementor-widget elementor-widget-text-editor\" data-id=\"443a947\" data-element_type=\"widget\" data-widget_type=\"text-editor.default\">\n\t\t\t\t<div class=\"elementor-widget-container\">\n\t\t\t\t\t\t\t\t\t<span>Juegos Ol\u00edmpicos<\/span>\t\t\t\t\t\t\t\t<\/div>\n\t\t\t\t<\/div>\n\t\t\t\t<div class=\"elementor-element elementor-element-d8b14f5 memoria-oral-perfil elementor-widget elementor-widget-text-editor\" data-id=\"d8b14f5\" data-element_type=\"widget\" data-widget_type=\"text-editor.default\">\n\t\t\t\t<div class=\"elementor-widget-container\">\n\t\t\t\t\t\t\t\t\t<span>Deportista<\/span>\t\t\t\t\t\t\t\t<\/div>\n\t\t\t\t<\/div>\n\t\t\t\t<div class=\"elementor-element elementor-element-07ffcae memoria-oral-etiquetas elementor-widget elementor-widget-text-editor\" data-id=\"07ffcae\" data-element_type=\"widget\" data-widget_type=\"text-editor.default\">\n\t\t\t\t<div class=\"elementor-widget-container\">\n\t\t\t\t\t\t\t\t\t<span>Atletismo<\/span>\t\t\t\t\t\t\t\t<\/div>\n\t\t\t\t<\/div>\n\t\t\t\t<div class=\"elementor-element elementor-element-43a3da0 elementor-list-item-link-inline elementor-icon-list--layout-traditional elementor-widget elementor-widget-icon-list\" data-id=\"43a3da0\" data-element_type=\"widget\" data-widget_type=\"icon-list.default\">\n\t\t\t\t<div class=\"elementor-widget-container\">\n\t\t\t\t\t\t\t<ul class=\"elementor-icon-list-items\">\n\t\t\t\t\t\t\t<li class=\"elementor-icon-list-item\">\n\t\t\t\t\t\t\t\t\t\t\t<a href=\"#\">\n\n\t\t\t\t\t\t\t\t\t\t\t<span class=\"elementor-icon-list-text\">Ver video<\/span>\n\t\t\t\t\t\t\t\t\t\t\t<\/a>\n\t\t\t\t\t\t\t\t\t<\/li>\n\t\t\t\t\t\t<\/ul>\n\t\t\t\t\t\t<\/div>\n\t\t\t\t<\/div>\n\t\t\t\t<div class=\"elementor-element elementor-element-478d25a memoria-oral-videocode elementor-widget elementor-widget-text-editor\" data-id=\"478d25a\" data-element_type=\"widget\" data-widget_type=\"text-editor.default\">\n\t\t\t\t<div class=\"elementor-widget-container\">\n\t\t\t\t\t\t\t\t\tvaYHjfd4paU\t\t\t\t\t\t\t\t<\/div>\n\t\t\t\t<\/div>\n\t\t\t\t\t<\/div>\n\t\t<\/div>\n\t\t\t\t\t<\/div>\n\t\t<\/section>\n\t\t\t\t<\/div>\n\t\t\t\t<\/article>\n\t\t\t\t<article id=\"post-29138\" class=\"elementor-post elementor-grid-item ecs-post-loop post-29138 mo-testimonio type-mo-testimonio status-publish has-post-thumbnail hentry memoria_oral_evento-juegos-olimpicos memoria_oral_evento-juegos-paralimpicos memoria_oral_perfil-organizacion\">\n\t\t\t\t<div data-elementor-type=\"loop\" data-elementor-id=\"26655\" class=\"elementor elementor-26655 post-29138 mo-testimonio type-mo-testimonio status-publish has-post-thumbnail hentry memoria_oral_evento-juegos-olimpicos memoria_oral_evento-juegos-paralimpicos memoria_oral_perfil-organizacion\" data-elementor-post-type=\"elementor_library\">\n\t\t\t\t\t<section class=\"elementor-section elementor-top-section elementor-element elementor-element-56d930b elementor-section-full_width memoria-oral elementor-section-height-default elementor-section-height-default\" data-id=\"56d930b\" data-element_type=\"section\">\n\t\t\t\t\t\t<div class=\"elementor-container elementor-column-gap-no\">\n\t\t\t\t\t<div class=\"elementor-column elementor-col-100 elementor-top-column elementor-element elementor-element-42f9911\" data-id=\"42f9911\" data-element_type=\"column\">\n\t\t\t<div class=\"elementor-widget-wrap elementor-element-populated\">\n\t\t\t\t\t\t<div class=\"elementor-element elementor-element-4b3801b memoria-oral-imagen elementor-widget elementor-widget-theme-post-featured-image elementor-widget-image\" data-id=\"4b3801b\" data-element_type=\"widget\" data-widget_type=\"theme-post-featured-image.default\">\n\t\t\t\t<div class=\"elementor-widget-container\">\n\t\t\t\t\t\t\t\t\t\t\t\t\t\t\t\t<a href=\"#\">\n\t\t\t\t\t\t\t<img loading=\"lazy\" decoding=\"async\" width=\"800\" height=\"533\" src=\"https:\/\/www.fundaciobarcelonaolimpica.es\/wp-content\/uploads\/sites\/3\/2022\/11\/armand_calvo.jpg\" class=\"attachment-large size-large wp-image-29161\" alt=\"\" srcset=\"https:\/\/www.fundaciobarcelonaolimpica.es\/wp-content\/uploads\/sites\/3\/2022\/11\/armand_calvo.jpg 800w, https:\/\/www.fundaciobarcelonaolimpica.es\/wp-content\/uploads\/sites\/3\/2022\/11\/armand_calvo-300x200.jpg 300w, https:\/\/www.fundaciobarcelonaolimpica.es\/wp-content\/uploads\/sites\/3\/2022\/11\/armand_calvo-768x512.jpg 768w\" sizes=\"(max-width: 800px) 100vw, 800px\" \/>\t\t\t\t\t\t\t\t<\/a>\n\t\t\t\t\t\t\t\t\t\t\t\t\t\t\t<\/div>\n\t\t\t\t<\/div>\n\t\t\t\t<div class=\"elementor-element elementor-element-c246eac memoria-oral-nombre elementor-widget elementor-widget-theme-post-title elementor-page-title elementor-widget-heading\" data-id=\"c246eac\" data-element_type=\"widget\" data-widget_type=\"theme-post-title.default\">\n\t\t\t\t<div class=\"elementor-widget-container\">\n\t\t\t\t\t<h3 class=\"elementor-heading-title elementor-size-default\"><a href=\"#\">Armand Calvo Florenza<\/a><\/h3>\t\t\t\t<\/div>\n\t\t\t\t<\/div>\n\t\t\t\t<div class=\"elementor-element elementor-element-b6e0719 memoria-oral-cargo elementor-widget elementor-widget-text-editor\" data-id=\"b6e0719\" data-element_type=\"widget\" data-widget_type=\"text-editor.default\">\n\t\t\t\t<div class=\"elementor-widget-container\">\n\t\t\t\t\t\t\t\t\tSubdirector general de Infraestructuras y Tecnolog\u00eda, director general adjunto de Operaciones y director de la Villa Ol\u00edmpica del COOB\u201992\t\t\t\t\t\t\t\t<\/div>\n\t\t\t\t<\/div>\n\t\t\t\t<div class=\"elementor-element elementor-element-443a947 memoria-oral-evento elementor-widget elementor-widget-text-editor\" data-id=\"443a947\" data-element_type=\"widget\" data-widget_type=\"text-editor.default\">\n\t\t\t\t<div class=\"elementor-widget-container\">\n\t\t\t\t\t\t\t\t\t<span>Juegos Ol\u00edmpicos<\/span> \/ <span>Juegos Paral\u00edmpicos<\/span>\t\t\t\t\t\t\t\t<\/div>\n\t\t\t\t<\/div>\n\t\t\t\t<div class=\"elementor-element elementor-element-d8b14f5 memoria-oral-perfil elementor-widget elementor-widget-text-editor\" data-id=\"d8b14f5\" data-element_type=\"widget\" data-widget_type=\"text-editor.default\">\n\t\t\t\t<div class=\"elementor-widget-container\">\n\t\t\t\t\t\t\t\t\t<span>Organizaci\u00f3n<\/span>\t\t\t\t\t\t\t\t<\/div>\n\t\t\t\t<\/div>\n\t\t\t\t<div class=\"elementor-element elementor-element-43a3da0 elementor-list-item-link-inline elementor-icon-list--layout-traditional elementor-widget elementor-widget-icon-list\" data-id=\"43a3da0\" data-element_type=\"widget\" data-widget_type=\"icon-list.default\">\n\t\t\t\t<div class=\"elementor-widget-container\">\n\t\t\t\t\t\t\t<ul class=\"elementor-icon-list-items\">\n\t\t\t\t\t\t\t<li class=\"elementor-icon-list-item\">\n\t\t\t\t\t\t\t\t\t\t\t<a href=\"#\">\n\n\t\t\t\t\t\t\t\t\t\t\t<span class=\"elementor-icon-list-text\">Ver video<\/span>\n\t\t\t\t\t\t\t\t\t\t\t<\/a>\n\t\t\t\t\t\t\t\t\t<\/li>\n\t\t\t\t\t\t<\/ul>\n\t\t\t\t\t\t<\/div>\n\t\t\t\t<\/div>\n\t\t\t\t<div class=\"elementor-element elementor-element-478d25a memoria-oral-videocode elementor-widget elementor-widget-text-editor\" data-id=\"478d25a\" data-element_type=\"widget\" data-widget_type=\"text-editor.default\">\n\t\t\t\t<div class=\"elementor-widget-container\">\n\t\t\t\t\t\t\t\t\tQ8ZttoarLbE\t\t\t\t\t\t\t\t<\/div>\n\t\t\t\t<\/div>\n\t\t\t\t\t<\/div>\n\t\t<\/div>\n\t\t\t\t\t<\/div>\n\t\t<\/section>\n\t\t\t\t<\/div>\n\t\t\t\t<\/article>\n\t\t\t\t<article id=\"post-26849\" class=\"elementor-post elementor-grid-item ecs-post-loop post-26849 mo-testimonio type-mo-testimonio status-publish has-post-thumbnail hentry memoria_oral_evento-juegos-olimpicos memoria_oral_evento-juegos-paralimpicos memoria_oral_perfil-voluntarios\">\n\t\t\t\t<div data-elementor-type=\"loop\" data-elementor-id=\"26655\" class=\"elementor elementor-26655 post-26849 mo-testimonio type-mo-testimonio status-publish has-post-thumbnail hentry memoria_oral_evento-juegos-olimpicos memoria_oral_evento-juegos-paralimpicos memoria_oral_perfil-voluntarios\" data-elementor-post-type=\"elementor_library\">\n\t\t\t\t\t<section class=\"elementor-section elementor-top-section elementor-element elementor-element-56d930b elementor-section-full_width memoria-oral elementor-section-height-default elementor-section-height-default\" data-id=\"56d930b\" data-element_type=\"section\">\n\t\t\t\t\t\t<div class=\"elementor-container elementor-column-gap-no\">\n\t\t\t\t\t<div class=\"elementor-column elementor-col-100 elementor-top-column elementor-element elementor-element-42f9911\" data-id=\"42f9911\" data-element_type=\"column\">\n\t\t\t<div class=\"elementor-widget-wrap elementor-element-populated\">\n\t\t\t\t\t\t<div class=\"elementor-element elementor-element-4b3801b memoria-oral-imagen elementor-widget elementor-widget-theme-post-featured-image elementor-widget-image\" data-id=\"4b3801b\" data-element_type=\"widget\" data-widget_type=\"theme-post-featured-image.default\">\n\t\t\t\t<div class=\"elementor-widget-container\">\n\t\t\t\t\t\t\t\t\t\t\t\t\t\t\t\t<a href=\"#\">\n\t\t\t\t\t\t\t<img loading=\"lazy\" decoding=\"async\" width=\"800\" height=\"533\" src=\"https:\/\/www.fundaciobarcelonaolimpica.es\/wp-content\/uploads\/sites\/3\/2022\/11\/andreu-clapesflaque.png\" class=\"attachment-large size-large wp-image-27306\" alt=\"\" srcset=\"https:\/\/www.fundaciobarcelonaolimpica.es\/wp-content\/uploads\/sites\/3\/2022\/11\/andreu-clapesflaque.png 800w, https:\/\/www.fundaciobarcelonaolimpica.es\/wp-content\/uploads\/sites\/3\/2022\/11\/andreu-clapesflaque-300x200.png 300w, https:\/\/www.fundaciobarcelonaolimpica.es\/wp-content\/uploads\/sites\/3\/2022\/11\/andreu-clapesflaque-768x512.png 768w\" sizes=\"(max-width: 800px) 100vw, 800px\" \/>\t\t\t\t\t\t\t\t<\/a>\n\t\t\t\t\t\t\t\t\t\t\t\t\t\t\t<\/div>\n\t\t\t\t<\/div>\n\t\t\t\t<div class=\"elementor-element elementor-element-c246eac memoria-oral-nombre elementor-widget elementor-widget-theme-post-title elementor-page-title elementor-widget-heading\" data-id=\"c246eac\" data-element_type=\"widget\" data-widget_type=\"theme-post-title.default\">\n\t\t\t\t<div class=\"elementor-widget-container\">\n\t\t\t\t\t<h3 class=\"elementor-heading-title elementor-size-default\"><a href=\"#\">Andreu Clap\u00e9s i Flaqu\u00e9<\/a><\/h3>\t\t\t\t<\/div>\n\t\t\t\t<\/div>\n\t\t\t\t<div class=\"elementor-element elementor-element-b6e0719 memoria-oral-cargo elementor-widget elementor-widget-text-editor\" data-id=\"b6e0719\" data-element_type=\"widget\" data-widget_type=\"text-editor.default\">\n\t\t\t\t<div class=\"elementor-widget-container\">\n\t\t\t\t\t\t\t\t\tDirector de la Oficina de Atenci\u00f3n al Voluntario y Defensor del Voluntario Ol\u00edmpico del COOB\u201992\t\t\t\t\t\t\t\t<\/div>\n\t\t\t\t<\/div>\n\t\t\t\t<div class=\"elementor-element elementor-element-443a947 memoria-oral-evento elementor-widget elementor-widget-text-editor\" data-id=\"443a947\" data-element_type=\"widget\" data-widget_type=\"text-editor.default\">\n\t\t\t\t<div class=\"elementor-widget-container\">\n\t\t\t\t\t\t\t\t\t<span>Juegos Ol\u00edmpicos<\/span> \/ <span>Juegos Paral\u00edmpicos<\/span>\t\t\t\t\t\t\t\t<\/div>\n\t\t\t\t<\/div>\n\t\t\t\t<div class=\"elementor-element elementor-element-d8b14f5 memoria-oral-perfil elementor-widget elementor-widget-text-editor\" data-id=\"d8b14f5\" data-element_type=\"widget\" data-widget_type=\"text-editor.default\">\n\t\t\t\t<div class=\"elementor-widget-container\">\n\t\t\t\t\t\t\t\t\t<span>Voluntarios<\/span>\t\t\t\t\t\t\t\t<\/div>\n\t\t\t\t<\/div>\n\t\t\t\t<div class=\"elementor-element elementor-element-43a3da0 elementor-list-item-link-inline elementor-icon-list--layout-traditional elementor-widget elementor-widget-icon-list\" data-id=\"43a3da0\" data-element_type=\"widget\" data-widget_type=\"icon-list.default\">\n\t\t\t\t<div class=\"elementor-widget-container\">\n\t\t\t\t\t\t\t<ul class=\"elementor-icon-list-items\">\n\t\t\t\t\t\t\t<li class=\"elementor-icon-list-item\">\n\t\t\t\t\t\t\t\t\t\t\t<a href=\"#\">\n\n\t\t\t\t\t\t\t\t\t\t\t<span class=\"elementor-icon-list-text\">Ver video<\/span>\n\t\t\t\t\t\t\t\t\t\t\t<\/a>\n\t\t\t\t\t\t\t\t\t<\/li>\n\t\t\t\t\t\t<\/ul>\n\t\t\t\t\t\t<\/div>\n\t\t\t\t<\/div>\n\t\t\t\t<div class=\"elementor-element elementor-element-478d25a memoria-oral-videocode elementor-widget elementor-widget-text-editor\" data-id=\"478d25a\" data-element_type=\"widget\" data-widget_type=\"text-editor.default\">\n\t\t\t\t<div class=\"elementor-widget-container\">\n\t\t\t\t\t\t\t\t\t8sv79WjtV7E\t\t\t\t\t\t\t\t<\/div>\n\t\t\t\t<\/div>\n\t\t\t\t\t<\/div>\n\t\t<\/div>\n\t\t\t\t\t<\/div>\n\t\t<\/section>\n\t\t\t\t<\/div>\n\t\t\t\t<\/article>\n\t\t\t\t<article id=\"post-26852\" class=\"elementor-post elementor-grid-item ecs-post-loop post-26852 mo-testimonio type-mo-testimonio status-publish has-post-thumbnail hentry memoria_oral_evento-juegos-olimpicos memoria_oral_evento-juegos-paralimpicos memoria_oral_perfil-organizacion memoria_oral_perfil-paralimpicos\">\n\t\t\t\t<div data-elementor-type=\"loop\" data-elementor-id=\"26655\" class=\"elementor elementor-26655 post-26852 mo-testimonio type-mo-testimonio status-publish has-post-thumbnail hentry memoria_oral_evento-juegos-olimpicos memoria_oral_evento-juegos-paralimpicos memoria_oral_perfil-organizacion memoria_oral_perfil-paralimpicos\" data-elementor-post-type=\"elementor_library\">\n\t\t\t\t\t<section class=\"elementor-section elementor-top-section elementor-element elementor-element-56d930b elementor-section-full_width memoria-oral elementor-section-height-default elementor-section-height-default\" data-id=\"56d930b\" data-element_type=\"section\">\n\t\t\t\t\t\t<div class=\"elementor-container elementor-column-gap-no\">\n\t\t\t\t\t<div class=\"elementor-column elementor-col-100 elementor-top-column elementor-element elementor-element-42f9911\" data-id=\"42f9911\" data-element_type=\"column\">\n\t\t\t<div class=\"elementor-widget-wrap elementor-element-populated\">\n\t\t\t\t\t\t<div class=\"elementor-element elementor-element-4b3801b memoria-oral-imagen elementor-widget elementor-widget-theme-post-featured-image elementor-widget-image\" data-id=\"4b3801b\" data-element_type=\"widget\" data-widget_type=\"theme-post-featured-image.default\">\n\t\t\t\t<div class=\"elementor-widget-container\">\n\t\t\t\t\t\t\t\t\t\t\t\t\t\t\t\t<a href=\"#\">\n\t\t\t\t\t\t\t<img loading=\"lazy\" decoding=\"async\" width=\"800\" height=\"533\" src=\"https:\/\/www.fundaciobarcelonaolimpica.es\/wp-content\/uploads\/sites\/3\/2022\/11\/joan-collcamara.png\" class=\"attachment-large size-large wp-image-26574\" alt=\"\" srcset=\"https:\/\/www.fundaciobarcelonaolimpica.es\/wp-content\/uploads\/sites\/3\/2022\/11\/joan-collcamara.png 800w, https:\/\/www.fundaciobarcelonaolimpica.es\/wp-content\/uploads\/sites\/3\/2022\/11\/joan-collcamara-300x200.png 300w, https:\/\/www.fundaciobarcelonaolimpica.es\/wp-content\/uploads\/sites\/3\/2022\/11\/joan-collcamara-768x512.png 768w\" sizes=\"(max-width: 800px) 100vw, 800px\" \/>\t\t\t\t\t\t\t\t<\/a>\n\t\t\t\t\t\t\t\t\t\t\t\t\t\t\t<\/div>\n\t\t\t\t<\/div>\n\t\t\t\t<div class=\"elementor-element elementor-element-c246eac memoria-oral-nombre elementor-widget elementor-widget-theme-post-title elementor-page-title elementor-widget-heading\" data-id=\"c246eac\" data-element_type=\"widget\" data-widget_type=\"theme-post-title.default\">\n\t\t\t\t<div class=\"elementor-widget-container\">\n\t\t\t\t\t<h3 class=\"elementor-heading-title elementor-size-default\"><a href=\"#\">Joan Coll de la C\u00e1mara<\/a><\/h3>\t\t\t\t<\/div>\n\t\t\t\t<\/div>\n\t\t\t\t<div class=\"elementor-element elementor-element-b6e0719 memoria-oral-cargo elementor-widget elementor-widget-text-editor\" data-id=\"b6e0719\" data-element_type=\"widget\" data-widget_type=\"text-editor.default\">\n\t\t\t\t<div class=\"elementor-widget-container\">\n\t\t\t\t\t\t\t\t\tDirector de los Juegos Paral\u00edmpicos del COOB\u201992\t\t\t\t\t\t\t\t<\/div>\n\t\t\t\t<\/div>\n\t\t\t\t<div class=\"elementor-element elementor-element-443a947 memoria-oral-evento elementor-widget elementor-widget-text-editor\" data-id=\"443a947\" data-element_type=\"widget\" data-widget_type=\"text-editor.default\">\n\t\t\t\t<div class=\"elementor-widget-container\">\n\t\t\t\t\t\t\t\t\t<span>Juegos Ol\u00edmpicos<\/span> \/ <span>Juegos Paral\u00edmpicos<\/span>\t\t\t\t\t\t\t\t<\/div>\n\t\t\t\t<\/div>\n\t\t\t\t<div class=\"elementor-element elementor-element-d8b14f5 memoria-oral-perfil elementor-widget elementor-widget-text-editor\" data-id=\"d8b14f5\" data-element_type=\"widget\" data-widget_type=\"text-editor.default\">\n\t\t\t\t<div class=\"elementor-widget-container\">\n\t\t\t\t\t\t\t\t\t<span>Organizaci\u00f3n<\/span> \/ <span>Paral\u00edmpicos<\/span>\t\t\t\t\t\t\t\t<\/div>\n\t\t\t\t<\/div>\n\t\t\t\t<div class=\"elementor-element elementor-element-43a3da0 elementor-list-item-link-inline elementor-icon-list--layout-traditional elementor-widget elementor-widget-icon-list\" data-id=\"43a3da0\" data-element_type=\"widget\" data-widget_type=\"icon-list.default\">\n\t\t\t\t<div class=\"elementor-widget-container\">\n\t\t\t\t\t\t\t<ul class=\"elementor-icon-list-items\">\n\t\t\t\t\t\t\t<li class=\"elementor-icon-list-item\">\n\t\t\t\t\t\t\t\t\t\t\t<a href=\"#\">\n\n\t\t\t\t\t\t\t\t\t\t\t<span class=\"elementor-icon-list-text\">Ver video<\/span>\n\t\t\t\t\t\t\t\t\t\t\t<\/a>\n\t\t\t\t\t\t\t\t\t<\/li>\n\t\t\t\t\t\t<\/ul>\n\t\t\t\t\t\t<\/div>\n\t\t\t\t<\/div>\n\t\t\t\t<div class=\"elementor-element elementor-element-478d25a memoria-oral-videocode elementor-widget elementor-widget-text-editor\" data-id=\"478d25a\" data-element_type=\"widget\" data-widget_type=\"text-editor.default\">\n\t\t\t\t<div class=\"elementor-widget-container\">\n\t\t\t\t\t\t\t\t\t6UVx6Hiwn7I\t\t\t\t\t\t\t\t<\/div>\n\t\t\t\t<\/div>\n\t\t\t\t\t<\/div>\n\t\t<\/div>\n\t\t\t\t\t<\/div>\n\t\t<\/section>\n\t\t\t\t<\/div>\n\t\t\t\t<\/article>\n\t\t\t\t<article id=\"post-26856\" class=\"elementor-post elementor-grid-item ecs-post-loop post-26856 mo-testimonio type-mo-testimonio status-publish has-post-thumbnail hentry memoria_oral_evento-juegos-olimpicos memoria_oral_evento-juegos-paralimpicos memoria_oral_perfil-organizacion\">\n\t\t\t\t<div data-elementor-type=\"loop\" data-elementor-id=\"26655\" class=\"elementor elementor-26655 post-26856 mo-testimonio type-mo-testimonio status-publish has-post-thumbnail hentry memoria_oral_evento-juegos-olimpicos memoria_oral_evento-juegos-paralimpicos memoria_oral_perfil-organizacion\" data-elementor-post-type=\"elementor_library\">\n\t\t\t\t\t<section class=\"elementor-section elementor-top-section elementor-element elementor-element-56d930b elementor-section-full_width memoria-oral elementor-section-height-default elementor-section-height-default\" data-id=\"56d930b\" data-element_type=\"section\">\n\t\t\t\t\t\t<div class=\"elementor-container elementor-column-gap-no\">\n\t\t\t\t\t<div class=\"elementor-column elementor-col-100 elementor-top-column elementor-element elementor-element-42f9911\" data-id=\"42f9911\" data-element_type=\"column\">\n\t\t\t<div class=\"elementor-widget-wrap elementor-element-populated\">\n\t\t\t\t\t\t<div class=\"elementor-element elementor-element-4b3801b memoria-oral-imagen elementor-widget elementor-widget-theme-post-featured-image elementor-widget-image\" data-id=\"4b3801b\" data-element_type=\"widget\" data-widget_type=\"theme-post-featured-image.default\">\n\t\t\t\t<div class=\"elementor-widget-container\">\n\t\t\t\t\t\t\t\t\t\t\t\t\t\t\t\t<a href=\"#\">\n\t\t\t\t\t\t\t<img loading=\"lazy\" decoding=\"async\" width=\"800\" height=\"533\" src=\"https:\/\/www.fundaciobarcelonaolimpica.es\/wp-content\/uploads\/sites\/3\/2022\/11\/jose-cuervo.png\" class=\"attachment-large size-large wp-image-26577\" alt=\"\" srcset=\"https:\/\/www.fundaciobarcelonaolimpica.es\/wp-content\/uploads\/sites\/3\/2022\/11\/jose-cuervo.png 800w, https:\/\/www.fundaciobarcelonaolimpica.es\/wp-content\/uploads\/sites\/3\/2022\/11\/jose-cuervo-300x200.png 300w, https:\/\/www.fundaciobarcelonaolimpica.es\/wp-content\/uploads\/sites\/3\/2022\/11\/jose-cuervo-768x512.png 768w\" sizes=\"(max-width: 800px) 100vw, 800px\" \/>\t\t\t\t\t\t\t\t<\/a>\n\t\t\t\t\t\t\t\t\t\t\t\t\t\t\t<\/div>\n\t\t\t\t<\/div>\n\t\t\t\t<div class=\"elementor-element elementor-element-c246eac memoria-oral-nombre elementor-widget elementor-widget-theme-post-title elementor-page-title elementor-widget-heading\" data-id=\"c246eac\" data-element_type=\"widget\" data-widget_type=\"theme-post-title.default\">\n\t\t\t\t<div class=\"elementor-widget-container\">\n\t\t\t\t\t<h3 class=\"elementor-heading-title elementor-size-default\"><a href=\"#\">Jos\u00e9 Cuervo Argud\u00edn<\/a><\/h3>\t\t\t\t<\/div>\n\t\t\t\t<\/div>\n\t\t\t\t<div class=\"elementor-element elementor-element-b6e0719 memoria-oral-cargo elementor-widget elementor-widget-text-editor\" data-id=\"b6e0719\" data-element_type=\"widget\" data-widget_type=\"text-editor.default\">\n\t\t\t\t<div class=\"elementor-widget-container\">\n\t\t\t\t\t\t\t\t\tResponsable de Asistencia M\u00e9dica de los Servicios y Asistencia M\u00e9dica del COOB\u201992\t\t\t\t\t\t\t\t<\/div>\n\t\t\t\t<\/div>\n\t\t\t\t<div class=\"elementor-element elementor-element-443a947 memoria-oral-evento elementor-widget elementor-widget-text-editor\" data-id=\"443a947\" data-element_type=\"widget\" data-widget_type=\"text-editor.default\">\n\t\t\t\t<div class=\"elementor-widget-container\">\n\t\t\t\t\t\t\t\t\t<span>Juegos Ol\u00edmpicos<\/span> \/ <span>Juegos Paral\u00edmpicos<\/span>\t\t\t\t\t\t\t\t<\/div>\n\t\t\t\t<\/div>\n\t\t\t\t<div class=\"elementor-element elementor-element-d8b14f5 memoria-oral-perfil elementor-widget elementor-widget-text-editor\" data-id=\"d8b14f5\" data-element_type=\"widget\" data-widget_type=\"text-editor.default\">\n\t\t\t\t<div class=\"elementor-widget-container\">\n\t\t\t\t\t\t\t\t\t<span>Organizaci\u00f3n<\/span>\t\t\t\t\t\t\t\t<\/div>\n\t\t\t\t<\/div>\n\t\t\t\t<div class=\"elementor-element elementor-element-43a3da0 elementor-list-item-link-inline elementor-icon-list--layout-traditional elementor-widget elementor-widget-icon-list\" data-id=\"43a3da0\" data-element_type=\"widget\" data-widget_type=\"icon-list.default\">\n\t\t\t\t<div class=\"elementor-widget-container\">\n\t\t\t\t\t\t\t<ul class=\"elementor-icon-list-items\">\n\t\t\t\t\t\t\t<li class=\"elementor-icon-list-item\">\n\t\t\t\t\t\t\t\t\t\t\t<a href=\"#\">\n\n\t\t\t\t\t\t\t\t\t\t\t<span class=\"elementor-icon-list-text\">Ver video<\/span>\n\t\t\t\t\t\t\t\t\t\t\t<\/a>\n\t\t\t\t\t\t\t\t\t<\/li>\n\t\t\t\t\t\t<\/ul>\n\t\t\t\t\t\t<\/div>\n\t\t\t\t<\/div>\n\t\t\t\t<div class=\"elementor-element elementor-element-478d25a memoria-oral-videocode elementor-widget elementor-widget-text-editor\" data-id=\"478d25a\" data-element_type=\"widget\" data-widget_type=\"text-editor.default\">\n\t\t\t\t<div class=\"elementor-widget-container\">\n\t\t\t\t\t\t\t\t\tv4I_mWsDcPA\t\t\t\t\t\t\t\t<\/div>\n\t\t\t\t<\/div>\n\t\t\t\t\t<\/div>\n\t\t<\/div>\n\t\t\t\t\t<\/div>\n\t\t<\/section>\n\t\t\t\t<\/div>\n\t\t\t\t<\/article>\n\t\t\t\t<article id=\"post-26860\" class=\"elementor-post elementor-grid-item ecs-post-loop post-26860 mo-testimonio type-mo-testimonio status-publish has-post-thumbnail hentry memoria_oral_evento-juegos-olimpicos memoria_oral_evento-juegos-paralimpicos memoria_oral_perfil-organizacion memoria_oral_etiquetas-deportes\">\n\t\t\t\t<div data-elementor-type=\"loop\" data-elementor-id=\"26655\" class=\"elementor elementor-26655 post-26860 mo-testimonio type-mo-testimonio status-publish has-post-thumbnail hentry memoria_oral_evento-juegos-olimpicos memoria_oral_evento-juegos-paralimpicos memoria_oral_perfil-organizacion memoria_oral_etiquetas-deportes\" data-elementor-post-type=\"elementor_library\">\n\t\t\t\t\t<section class=\"elementor-section elementor-top-section elementor-element elementor-element-56d930b elementor-section-full_width memoria-oral elementor-section-height-default elementor-section-height-default\" data-id=\"56d930b\" data-element_type=\"section\">\n\t\t\t\t\t\t<div class=\"elementor-container elementor-column-gap-no\">\n\t\t\t\t\t<div class=\"elementor-column elementor-col-100 elementor-top-column elementor-element elementor-element-42f9911\" data-id=\"42f9911\" data-element_type=\"column\">\n\t\t\t<div class=\"elementor-widget-wrap elementor-element-populated\">\n\t\t\t\t\t\t<div class=\"elementor-element elementor-element-4b3801b memoria-oral-imagen elementor-widget elementor-widget-theme-post-featured-image elementor-widget-image\" data-id=\"4b3801b\" data-element_type=\"widget\" data-widget_type=\"theme-post-featured-image.default\">\n\t\t\t\t<div class=\"elementor-widget-container\">\n\t\t\t\t\t\t\t\t\t\t\t\t\t\t\t\t<a href=\"#\">\n\t\t\t\t\t\t\t<img loading=\"lazy\" decoding=\"async\" width=\"800\" height=\"533\" src=\"https:\/\/www.fundaciobarcelonaolimpica.es\/wp-content\/uploads\/sites\/3\/2022\/11\/manuel-fonsecallave.png\" class=\"attachment-large size-large wp-image-27311\" alt=\"\" srcset=\"https:\/\/www.fundaciobarcelonaolimpica.es\/wp-content\/uploads\/sites\/3\/2022\/11\/manuel-fonsecallave.png 800w, https:\/\/www.fundaciobarcelonaolimpica.es\/wp-content\/uploads\/sites\/3\/2022\/11\/manuel-fonsecallave-300x200.png 300w, https:\/\/www.fundaciobarcelonaolimpica.es\/wp-content\/uploads\/sites\/3\/2022\/11\/manuel-fonsecallave-768x512.png 768w\" sizes=\"(max-width: 800px) 100vw, 800px\" \/>\t\t\t\t\t\t\t\t<\/a>\n\t\t\t\t\t\t\t\t\t\t\t\t\t\t\t<\/div>\n\t\t\t\t<\/div>\n\t\t\t\t<div class=\"elementor-element elementor-element-c246eac memoria-oral-nombre elementor-widget elementor-widget-theme-post-title elementor-page-title elementor-widget-heading\" data-id=\"c246eac\" data-element_type=\"widget\" data-widget_type=\"theme-post-title.default\">\n\t\t\t\t<div class=\"elementor-widget-container\">\n\t\t\t\t\t<h3 class=\"elementor-heading-title elementor-size-default\"><a href=\"#\">Manuel Fonseca de la Llave<\/a><\/h3>\t\t\t\t<\/div>\n\t\t\t\t<\/div>\n\t\t\t\t<div class=\"elementor-element elementor-element-b6e0719 memoria-oral-cargo elementor-widget elementor-widget-text-editor\" data-id=\"b6e0719\" data-element_type=\"widget\" data-widget_type=\"text-editor.default\">\n\t\t\t\t<div class=\"elementor-widget-container\">\n\t\t\t\t\t\t\t\t\tDirector general de Deportes del COOB&#8217;92\t\t\t\t\t\t\t\t<\/div>\n\t\t\t\t<\/div>\n\t\t\t\t<div class=\"elementor-element elementor-element-443a947 memoria-oral-evento elementor-widget elementor-widget-text-editor\" data-id=\"443a947\" data-element_type=\"widget\" data-widget_type=\"text-editor.default\">\n\t\t\t\t<div class=\"elementor-widget-container\">\n\t\t\t\t\t\t\t\t\t<span>Juegos Ol\u00edmpicos<\/span> \/ <span>Juegos Paral\u00edmpicos<\/span>\t\t\t\t\t\t\t\t<\/div>\n\t\t\t\t<\/div>\n\t\t\t\t<div class=\"elementor-element elementor-element-d8b14f5 memoria-oral-perfil elementor-widget elementor-widget-text-editor\" data-id=\"d8b14f5\" data-element_type=\"widget\" data-widget_type=\"text-editor.default\">\n\t\t\t\t<div class=\"elementor-widget-container\">\n\t\t\t\t\t\t\t\t\t<span>Organizaci\u00f3n<\/span>\t\t\t\t\t\t\t\t<\/div>\n\t\t\t\t<\/div>\n\t\t\t\t<div class=\"elementor-element elementor-element-07ffcae memoria-oral-etiquetas elementor-widget elementor-widget-text-editor\" data-id=\"07ffcae\" data-element_type=\"widget\" data-widget_type=\"text-editor.default\">\n\t\t\t\t<div class=\"elementor-widget-container\">\n\t\t\t\t\t\t\t\t\t<span>Deportes<\/span>\t\t\t\t\t\t\t\t<\/div>\n\t\t\t\t<\/div>\n\t\t\t\t<div class=\"elementor-element elementor-element-43a3da0 elementor-list-item-link-inline elementor-icon-list--layout-traditional elementor-widget elementor-widget-icon-list\" data-id=\"43a3da0\" data-element_type=\"widget\" data-widget_type=\"icon-list.default\">\n\t\t\t\t<div class=\"elementor-widget-container\">\n\t\t\t\t\t\t\t<ul class=\"elementor-icon-list-items\">\n\t\t\t\t\t\t\t<li class=\"elementor-icon-list-item\">\n\t\t\t\t\t\t\t\t\t\t\t<a href=\"#\">\n\n\t\t\t\t\t\t\t\t\t\t\t<span class=\"elementor-icon-list-text\">Ver video<\/span>\n\t\t\t\t\t\t\t\t\t\t\t<\/a>\n\t\t\t\t\t\t\t\t\t<\/li>\n\t\t\t\t\t\t<\/ul>\n\t\t\t\t\t\t<\/div>\n\t\t\t\t<\/div>\n\t\t\t\t<div class=\"elementor-element elementor-element-478d25a memoria-oral-videocode elementor-widget elementor-widget-text-editor\" data-id=\"478d25a\" data-element_type=\"widget\" data-widget_type=\"text-editor.default\">\n\t\t\t\t<div class=\"elementor-widget-container\">\n\t\t\t\t\t\t\t\t\tfwdAur2XRZA\t\t\t\t\t\t\t\t<\/div>\n\t\t\t\t<\/div>\n\t\t\t\t\t<\/div>\n\t\t<\/div>\n\t\t\t\t\t<\/div>\n\t\t<\/section>\n\t\t\t\t<\/div>\n\t\t\t\t<\/article>\n\t\t\t\t<article id=\"post-26863\" class=\"elementor-post elementor-grid-item ecs-post-loop post-26863 mo-testimonio type-mo-testimonio status-publish has-post-thumbnail hentry memoria_oral_evento-juegos-olimpicos memoria_oral_evento-juegos-paralimpicos memoria_oral_perfil-organizacion memoria_oral_etiquetas-operaciones\">\n\t\t\t\t<div data-elementor-type=\"loop\" data-elementor-id=\"26655\" class=\"elementor elementor-26655 post-26863 mo-testimonio type-mo-testimonio status-publish has-post-thumbnail hentry memoria_oral_evento-juegos-olimpicos memoria_oral_evento-juegos-paralimpicos memoria_oral_perfil-organizacion memoria_oral_etiquetas-operaciones\" data-elementor-post-type=\"elementor_library\">\n\t\t\t\t\t<section class=\"elementor-section elementor-top-section elementor-element elementor-element-56d930b elementor-section-full_width memoria-oral elementor-section-height-default elementor-section-height-default\" data-id=\"56d930b\" data-element_type=\"section\">\n\t\t\t\t\t\t<div class=\"elementor-container elementor-column-gap-no\">\n\t\t\t\t\t<div class=\"elementor-column elementor-col-100 elementor-top-column elementor-element elementor-element-42f9911\" data-id=\"42f9911\" data-element_type=\"column\">\n\t\t\t<div class=\"elementor-widget-wrap elementor-element-populated\">\n\t\t\t\t\t\t<div class=\"elementor-element elementor-element-4b3801b memoria-oral-imagen elementor-widget elementor-widget-theme-post-featured-image elementor-widget-image\" data-id=\"4b3801b\" data-element_type=\"widget\" data-widget_type=\"theme-post-featured-image.default\">\n\t\t\t\t<div class=\"elementor-widget-container\">\n\t\t\t\t\t\t\t\t\t\t\t\t\t\t\t\t<a href=\"#\">\n\t\t\t\t\t\t\t<img loading=\"lazy\" decoding=\"async\" width=\"800\" height=\"533\" src=\"https:\/\/www.fundaciobarcelonaolimpica.es\/wp-content\/uploads\/sites\/3\/2022\/11\/pedro-fontana.png\" class=\"attachment-large size-large wp-image-26992\" alt=\"\" srcset=\"https:\/\/www.fundaciobarcelonaolimpica.es\/wp-content\/uploads\/sites\/3\/2022\/11\/pedro-fontana.png 800w, https:\/\/www.fundaciobarcelonaolimpica.es\/wp-content\/uploads\/sites\/3\/2022\/11\/pedro-fontana-300x200.png 300w, https:\/\/www.fundaciobarcelonaolimpica.es\/wp-content\/uploads\/sites\/3\/2022\/11\/pedro-fontana-768x512.png 768w\" sizes=\"(max-width: 800px) 100vw, 800px\" \/>\t\t\t\t\t\t\t\t<\/a>\n\t\t\t\t\t\t\t\t\t\t\t\t\t\t\t<\/div>\n\t\t\t\t<\/div>\n\t\t\t\t<div class=\"elementor-element elementor-element-c246eac memoria-oral-nombre elementor-widget elementor-widget-theme-post-title elementor-page-title elementor-widget-heading\" data-id=\"c246eac\" data-element_type=\"widget\" data-widget_type=\"theme-post-title.default\">\n\t\t\t\t<div class=\"elementor-widget-container\">\n\t\t\t\t\t<h3 class=\"elementor-heading-title elementor-size-default\"><a href=\"#\">Pedro Fontana Garc\u00eda<\/a><\/h3>\t\t\t\t<\/div>\n\t\t\t\t<\/div>\n\t\t\t\t<div class=\"elementor-element elementor-element-b6e0719 memoria-oral-cargo elementor-widget elementor-widget-text-editor\" data-id=\"b6e0719\" data-element_type=\"widget\" data-widget_type=\"text-editor.default\">\n\t\t\t\t<div class=\"elementor-widget-container\">\n\t\t\t\t\t\t\t\t\tDirector general de Operaciones del COOB\u201992\t\t\t\t\t\t\t\t<\/div>\n\t\t\t\t<\/div>\n\t\t\t\t<div class=\"elementor-element elementor-element-443a947 memoria-oral-evento elementor-widget elementor-widget-text-editor\" data-id=\"443a947\" data-element_type=\"widget\" data-widget_type=\"text-editor.default\">\n\t\t\t\t<div class=\"elementor-widget-container\">\n\t\t\t\t\t\t\t\t\t<span>Juegos Ol\u00edmpicos<\/span> \/ <span>Juegos Paral\u00edmpicos<\/span>\t\t\t\t\t\t\t\t<\/div>\n\t\t\t\t<\/div>\n\t\t\t\t<div class=\"elementor-element elementor-element-d8b14f5 memoria-oral-perfil elementor-widget elementor-widget-text-editor\" data-id=\"d8b14f5\" data-element_type=\"widget\" data-widget_type=\"text-editor.default\">\n\t\t\t\t<div class=\"elementor-widget-container\">\n\t\t\t\t\t\t\t\t\t<span>Organizaci\u00f3n<\/span>\t\t\t\t\t\t\t\t<\/div>\n\t\t\t\t<\/div>\n\t\t\t\t<div class=\"elementor-element elementor-element-07ffcae memoria-oral-etiquetas elementor-widget elementor-widget-text-editor\" data-id=\"07ffcae\" data-element_type=\"widget\" data-widget_type=\"text-editor.default\">\n\t\t\t\t<div class=\"elementor-widget-container\">\n\t\t\t\t\t\t\t\t\t<span>Operaciones<\/span>\t\t\t\t\t\t\t\t<\/div>\n\t\t\t\t<\/div>\n\t\t\t\t<div class=\"elementor-element elementor-element-43a3da0 elementor-list-item-link-inline elementor-icon-list--layout-traditional elementor-widget elementor-widget-icon-list\" data-id=\"43a3da0\" data-element_type=\"widget\" data-widget_type=\"icon-list.default\">\n\t\t\t\t<div class=\"elementor-widget-container\">\n\t\t\t\t\t\t\t<ul class=\"elementor-icon-list-items\">\n\t\t\t\t\t\t\t<li class=\"elementor-icon-list-item\">\n\t\t\t\t\t\t\t\t\t\t\t<a href=\"#\">\n\n\t\t\t\t\t\t\t\t\t\t\t<span class=\"elementor-icon-list-text\">Ver video<\/span>\n\t\t\t\t\t\t\t\t\t\t\t<\/a>\n\t\t\t\t\t\t\t\t\t<\/li>\n\t\t\t\t\t\t<\/ul>\n\t\t\t\t\t\t<\/div>\n\t\t\t\t<\/div>\n\t\t\t\t<div class=\"elementor-element elementor-element-478d25a memoria-oral-videocode elementor-widget elementor-widget-text-editor\" data-id=\"478d25a\" data-element_type=\"widget\" data-widget_type=\"text-editor.default\">\n\t\t\t\t<div class=\"elementor-widget-container\">\n\t\t\t\t\t\t\t\t\tt4xKdZ5eUJc\t\t\t\t\t\t\t\t<\/div>\n\t\t\t\t<\/div>\n\t\t\t\t\t<\/div>\n\t\t<\/div>\n\t\t\t\t\t<\/div>\n\t\t<\/section>\n\t\t\t\t<\/div>\n\t\t\t\t<\/article>\n\t\t\t\t<article id=\"post-27681\" class=\"elementor-post elementor-grid-item ecs-post-loop post-27681 mo-testimonio type-mo-testimonio status-publish has-post-thumbnail hentry memoria_oral_evento-juegos-olimpicos memoria_oral_perfil-deportista memoria_oral_etiquetas-atletismo\">\n\t\t\t\t<div data-elementor-type=\"loop\" data-elementor-id=\"26655\" class=\"elementor elementor-26655 post-27681 mo-testimonio type-mo-testimonio status-publish has-post-thumbnail hentry memoria_oral_evento-juegos-olimpicos memoria_oral_perfil-deportista memoria_oral_etiquetas-atletismo\" data-elementor-post-type=\"elementor_library\">\n\t\t\t\t\t<section class=\"elementor-section elementor-top-section elementor-element elementor-element-56d930b elementor-section-full_width memoria-oral elementor-section-height-default elementor-section-height-default\" data-id=\"56d930b\" data-element_type=\"section\">\n\t\t\t\t\t\t<div class=\"elementor-container elementor-column-gap-no\">\n\t\t\t\t\t<div class=\"elementor-column elementor-col-100 elementor-top-column elementor-element elementor-element-42f9911\" data-id=\"42f9911\" data-element_type=\"column\">\n\t\t\t<div class=\"elementor-widget-wrap elementor-element-populated\">\n\t\t\t\t\t\t<div class=\"elementor-element elementor-element-4b3801b memoria-oral-imagen elementor-widget elementor-widget-theme-post-featured-image elementor-widget-image\" data-id=\"4b3801b\" data-element_type=\"widget\" data-widget_type=\"theme-post-featured-image.default\">\n\t\t\t\t<div class=\"elementor-widget-container\">\n\t\t\t\t\t\t\t\t\t\t\t\t\t\t\t\t<a href=\"#\">\n\t\t\t\t\t\t\t<img loading=\"lazy\" decoding=\"async\" width=\"800\" height=\"533\" src=\"https:\/\/www.fundaciobarcelonaolimpica.es\/wp-content\/uploads\/sites\/3\/2022\/11\/jesusangel_garcia.jpg\" class=\"attachment-large size-large wp-image-29164\" alt=\"\" srcset=\"https:\/\/www.fundaciobarcelonaolimpica.es\/wp-content\/uploads\/sites\/3\/2022\/11\/jesusangel_garcia.jpg 800w, https:\/\/www.fundaciobarcelonaolimpica.es\/wp-content\/uploads\/sites\/3\/2022\/11\/jesusangel_garcia-300x200.jpg 300w, https:\/\/www.fundaciobarcelonaolimpica.es\/wp-content\/uploads\/sites\/3\/2022\/11\/jesusangel_garcia-768x512.jpg 768w\" sizes=\"(max-width: 800px) 100vw, 800px\" \/>\t\t\t\t\t\t\t\t<\/a>\n\t\t\t\t\t\t\t\t\t\t\t\t\t\t\t<\/div>\n\t\t\t\t<\/div>\n\t\t\t\t<div class=\"elementor-element elementor-element-c246eac memoria-oral-nombre elementor-widget elementor-widget-theme-post-title elementor-page-title elementor-widget-heading\" data-id=\"c246eac\" data-element_type=\"widget\" data-widget_type=\"theme-post-title.default\">\n\t\t\t\t<div class=\"elementor-widget-container\">\n\t\t\t\t\t<h3 class=\"elementor-heading-title elementor-size-default\"><a href=\"#\">Jes\u00fas \u00c1ngel Garc\u00eda Bragado<\/a><\/h3>\t\t\t\t<\/div>\n\t\t\t\t<\/div>\n\t\t\t\t<div class=\"elementor-element elementor-element-b6e0719 memoria-oral-cargo elementor-widget elementor-widget-text-editor\" data-id=\"b6e0719\" data-element_type=\"widget\" data-widget_type=\"text-editor.default\">\n\t\t\t\t<div class=\"elementor-widget-container\">\n\t\t\t\t\t\t\t\t\tMarchador en ocho Juegos Ol\u00edmpicos que debut\u00f3 en Barcelona\u201992\t\t\t\t\t\t\t\t<\/div>\n\t\t\t\t<\/div>\n\t\t\t\t<div class=\"elementor-element elementor-element-443a947 memoria-oral-evento elementor-widget elementor-widget-text-editor\" data-id=\"443a947\" data-element_type=\"widget\" data-widget_type=\"text-editor.default\">\n\t\t\t\t<div class=\"elementor-widget-container\">\n\t\t\t\t\t\t\t\t\t<span>Juegos Ol\u00edmpicos<\/span>\t\t\t\t\t\t\t\t<\/div>\n\t\t\t\t<\/div>\n\t\t\t\t<div class=\"elementor-element elementor-element-d8b14f5 memoria-oral-perfil elementor-widget elementor-widget-text-editor\" data-id=\"d8b14f5\" data-element_type=\"widget\" data-widget_type=\"text-editor.default\">\n\t\t\t\t<div class=\"elementor-widget-container\">\n\t\t\t\t\t\t\t\t\t<span>Deportista<\/span>\t\t\t\t\t\t\t\t<\/div>\n\t\t\t\t<\/div>\n\t\t\t\t<div class=\"elementor-element elementor-element-07ffcae memoria-oral-etiquetas elementor-widget elementor-widget-text-editor\" data-id=\"07ffcae\" data-element_type=\"widget\" data-widget_type=\"text-editor.default\">\n\t\t\t\t<div class=\"elementor-widget-container\">\n\t\t\t\t\t\t\t\t\t<span>Atletismo<\/span>\t\t\t\t\t\t\t\t<\/div>\n\t\t\t\t<\/div>\n\t\t\t\t<div class=\"elementor-element elementor-element-43a3da0 elementor-list-item-link-inline elementor-icon-list--layout-traditional elementor-widget elementor-widget-icon-list\" data-id=\"43a3da0\" data-element_type=\"widget\" data-widget_type=\"icon-list.default\">\n\t\t\t\t<div class=\"elementor-widget-container\">\n\t\t\t\t\t\t\t<ul class=\"elementor-icon-list-items\">\n\t\t\t\t\t\t\t<li class=\"elementor-icon-list-item\">\n\t\t\t\t\t\t\t\t\t\t\t<a href=\"#\">\n\n\t\t\t\t\t\t\t\t\t\t\t<span class=\"elementor-icon-list-text\">Ver video<\/span>\n\t\t\t\t\t\t\t\t\t\t\t<\/a>\n\t\t\t\t\t\t\t\t\t<\/li>\n\t\t\t\t\t\t<\/ul>\n\t\t\t\t\t\t<\/div>\n\t\t\t\t<\/div>\n\t\t\t\t<div class=\"elementor-element elementor-element-478d25a memoria-oral-videocode elementor-widget elementor-widget-text-editor\" data-id=\"478d25a\" data-element_type=\"widget\" data-widget_type=\"text-editor.default\">\n\t\t\t\t<div class=\"elementor-widget-container\">\n\t\t\t\t\t\t\t\t\tlvUWRrYYHRU\t\t\t\t\t\t\t\t<\/div>\n\t\t\t\t<\/div>\n\t\t\t\t\t<\/div>\n\t\t<\/div>\n\t\t\t\t\t<\/div>\n\t\t<\/section>\n\t\t\t\t<\/div>\n\t\t\t\t<\/article>\n\t\t\t\t<article id=\"post-26866\" class=\"elementor-post elementor-grid-item ecs-post-loop post-26866 mo-testimonio type-mo-testimonio status-publish has-post-thumbnail hentry memoria_oral_evento-olimpiada-cultural memoria_oral_perfil-organizacion memoria_oral_etiquetas-cultura\">\n\t\t\t\t<div data-elementor-type=\"loop\" data-elementor-id=\"26655\" class=\"elementor elementor-26655 post-26866 mo-testimonio type-mo-testimonio status-publish has-post-thumbnail hentry memoria_oral_evento-olimpiada-cultural memoria_oral_perfil-organizacion memoria_oral_etiquetas-cultura\" data-elementor-post-type=\"elementor_library\">\n\t\t\t\t\t<section class=\"elementor-section elementor-top-section elementor-element elementor-element-56d930b elementor-section-full_width memoria-oral elementor-section-height-default elementor-section-height-default\" data-id=\"56d930b\" data-element_type=\"section\">\n\t\t\t\t\t\t<div class=\"elementor-container elementor-column-gap-no\">\n\t\t\t\t\t<div class=\"elementor-column elementor-col-100 elementor-top-column elementor-element elementor-element-42f9911\" data-id=\"42f9911\" data-element_type=\"column\">\n\t\t\t<div class=\"elementor-widget-wrap elementor-element-populated\">\n\t\t\t\t\t\t<div class=\"elementor-element elementor-element-4b3801b memoria-oral-imagen elementor-widget elementor-widget-theme-post-featured-image elementor-widget-image\" data-id=\"4b3801b\" data-element_type=\"widget\" data-widget_type=\"theme-post-featured-image.default\">\n\t\t\t\t<div class=\"elementor-widget-container\">\n\t\t\t\t\t\t\t\t\t\t\t\t\t\t\t\t<a href=\"#\">\n\t\t\t\t\t\t\t<img loading=\"lazy\" decoding=\"async\" width=\"800\" height=\"533\" src=\"https:\/\/www.fundaciobarcelonaolimpica.es\/wp-content\/uploads\/sites\/3\/2022\/11\/mario-gascabre.png\" class=\"attachment-large size-large wp-image-27314\" alt=\"\" srcset=\"https:\/\/www.fundaciobarcelonaolimpica.es\/wp-content\/uploads\/sites\/3\/2022\/11\/mario-gascabre.png 800w, https:\/\/www.fundaciobarcelonaolimpica.es\/wp-content\/uploads\/sites\/3\/2022\/11\/mario-gascabre-300x200.png 300w, https:\/\/www.fundaciobarcelonaolimpica.es\/wp-content\/uploads\/sites\/3\/2022\/11\/mario-gascabre-768x512.png 768w\" sizes=\"(max-width: 800px) 100vw, 800px\" \/>\t\t\t\t\t\t\t\t<\/a>\n\t\t\t\t\t\t\t\t\t\t\t\t\t\t\t<\/div>\n\t\t\t\t<\/div>\n\t\t\t\t<div class=\"elementor-element elementor-element-c246eac memoria-oral-nombre elementor-widget elementor-widget-theme-post-title elementor-page-title elementor-widget-heading\" data-id=\"c246eac\" data-element_type=\"widget\" data-widget_type=\"theme-post-title.default\">\n\t\t\t\t<div class=\"elementor-widget-container\">\n\t\t\t\t\t<h3 class=\"elementor-heading-title elementor-size-default\"><a href=\"#\">Mario Gas Cabr\u00e9<\/a><\/h3>\t\t\t\t<\/div>\n\t\t\t\t<\/div>\n\t\t\t\t<div class=\"elementor-element elementor-element-b6e0719 memoria-oral-cargo elementor-widget elementor-widget-text-editor\" data-id=\"b6e0719\" data-element_type=\"widget\" data-widget_type=\"text-editor.default\">\n\t\t\t\t<div class=\"elementor-widget-container\">\n\t\t\t\t\t\t\t\t\tDirector de los Festivales de Oto\u00f1o y del Festival Ol\u00edmpico de las Artes\t\t\t\t\t\t\t\t<\/div>\n\t\t\t\t<\/div>\n\t\t\t\t<div class=\"elementor-element elementor-element-443a947 memoria-oral-evento elementor-widget elementor-widget-text-editor\" data-id=\"443a947\" data-element_type=\"widget\" data-widget_type=\"text-editor.default\">\n\t\t\t\t<div class=\"elementor-widget-container\">\n\t\t\t\t\t\t\t\t\t<span>Olimpiada Cultural<\/span>\t\t\t\t\t\t\t\t<\/div>\n\t\t\t\t<\/div>\n\t\t\t\t<div class=\"elementor-element elementor-element-d8b14f5 memoria-oral-perfil elementor-widget elementor-widget-text-editor\" data-id=\"d8b14f5\" data-element_type=\"widget\" data-widget_type=\"text-editor.default\">\n\t\t\t\t<div class=\"elementor-widget-container\">\n\t\t\t\t\t\t\t\t\t<span>Organizaci\u00f3n<\/span>\t\t\t\t\t\t\t\t<\/div>\n\t\t\t\t<\/div>\n\t\t\t\t<div class=\"elementor-element elementor-element-07ffcae memoria-oral-etiquetas elementor-widget elementor-widget-text-editor\" data-id=\"07ffcae\" data-element_type=\"widget\" data-widget_type=\"text-editor.default\">\n\t\t\t\t<div class=\"elementor-widget-container\">\n\t\t\t\t\t\t\t\t\t<span>Cultura<\/span>\t\t\t\t\t\t\t\t<\/div>\n\t\t\t\t<\/div>\n\t\t\t\t<div class=\"elementor-element elementor-element-43a3da0 elementor-list-item-link-inline elementor-icon-list--layout-traditional elementor-widget elementor-widget-icon-list\" data-id=\"43a3da0\" data-element_type=\"widget\" data-widget_type=\"icon-list.default\">\n\t\t\t\t<div class=\"elementor-widget-container\">\n\t\t\t\t\t\t\t<ul class=\"elementor-icon-list-items\">\n\t\t\t\t\t\t\t<li class=\"elementor-icon-list-item\">\n\t\t\t\t\t\t\t\t\t\t\t<a href=\"#\">\n\n\t\t\t\t\t\t\t\t\t\t\t<span class=\"elementor-icon-list-text\">Ver video<\/span>\n\t\t\t\t\t\t\t\t\t\t\t<\/a>\n\t\t\t\t\t\t\t\t\t<\/li>\n\t\t\t\t\t\t<\/ul>\n\t\t\t\t\t\t<\/div>\n\t\t\t\t<\/div>\n\t\t\t\t<div class=\"elementor-element elementor-element-478d25a memoria-oral-videocode elementor-widget elementor-widget-text-editor\" data-id=\"478d25a\" data-element_type=\"widget\" data-widget_type=\"text-editor.default\">\n\t\t\t\t<div class=\"elementor-widget-container\">\n\t\t\t\t\t\t\t\t\to-ebhr5B3hE\t\t\t\t\t\t\t\t<\/div>\n\t\t\t\t<\/div>\n\t\t\t\t\t<\/div>\n\t\t<\/div>\n\t\t\t\t\t<\/div>\n\t\t<\/section>\n\t\t\t\t<\/div>\n\t\t\t\t<\/article>\n\t\t\t\t<article id=\"post-26869\" class=\"elementor-post elementor-grid-item ecs-post-loop post-26869 mo-testimonio type-mo-testimonio status-publish has-post-thumbnail hentry memoria_oral_evento-juegos-olimpicos memoria_oral_evento-juegos-paralimpicos memoria_oral_perfil-organizacion\">\n\t\t\t\t<div data-elementor-type=\"loop\" data-elementor-id=\"26655\" class=\"elementor elementor-26655 post-26869 mo-testimonio type-mo-testimonio status-publish has-post-thumbnail hentry memoria_oral_evento-juegos-olimpicos memoria_oral_evento-juegos-paralimpicos memoria_oral_perfil-organizacion\" data-elementor-post-type=\"elementor_library\">\n\t\t\t\t\t<section class=\"elementor-section elementor-top-section elementor-element elementor-element-56d930b elementor-section-full_width memoria-oral elementor-section-height-default elementor-section-height-default\" data-id=\"56d930b\" data-element_type=\"section\">\n\t\t\t\t\t\t<div class=\"elementor-container elementor-column-gap-no\">\n\t\t\t\t\t<div class=\"elementor-column elementor-col-100 elementor-top-column elementor-element elementor-element-42f9911\" data-id=\"42f9911\" data-element_type=\"column\">\n\t\t\t<div class=\"elementor-widget-wrap elementor-element-populated\">\n\t\t\t\t\t\t<div class=\"elementor-element elementor-element-4b3801b memoria-oral-imagen elementor-widget elementor-widget-theme-post-featured-image elementor-widget-image\" data-id=\"4b3801b\" data-element_type=\"widget\" data-widget_type=\"theme-post-featured-image.default\">\n\t\t\t\t<div class=\"elementor-widget-container\">\n\t\t\t\t\t\t\t\t\t\t\t\t\t\t\t\t<a href=\"#\">\n\t\t\t\t\t\t\t<img loading=\"lazy\" decoding=\"async\" width=\"800\" height=\"533\" src=\"https:\/\/www.fundaciobarcelonaolimpica.es\/wp-content\/uploads\/sites\/3\/2022\/11\/manuel-ibernalcalde.png\" class=\"attachment-large size-large wp-image-27317\" alt=\"\" srcset=\"https:\/\/www.fundaciobarcelonaolimpica.es\/wp-content\/uploads\/sites\/3\/2022\/11\/manuel-ibernalcalde.png 800w, https:\/\/www.fundaciobarcelonaolimpica.es\/wp-content\/uploads\/sites\/3\/2022\/11\/manuel-ibernalcalde-300x200.png 300w, https:\/\/www.fundaciobarcelonaolimpica.es\/wp-content\/uploads\/sites\/3\/2022\/11\/manuel-ibernalcalde-768x512.png 768w\" sizes=\"(max-width: 800px) 100vw, 800px\" \/>\t\t\t\t\t\t\t\t<\/a>\n\t\t\t\t\t\t\t\t\t\t\t\t\t\t\t<\/div>\n\t\t\t\t<\/div>\n\t\t\t\t<div class=\"elementor-element elementor-element-c246eac memoria-oral-nombre elementor-widget elementor-widget-theme-post-title elementor-page-title elementor-widget-heading\" data-id=\"c246eac\" data-element_type=\"widget\" data-widget_type=\"theme-post-title.default\">\n\t\t\t\t<div class=\"elementor-widget-container\">\n\t\t\t\t\t<h3 class=\"elementor-heading-title elementor-size-default\"><a href=\"#\">Manuel Ibern Alcalde<\/a><\/h3>\t\t\t\t<\/div>\n\t\t\t\t<\/div>\n\t\t\t\t<div class=\"elementor-element elementor-element-b6e0719 memoria-oral-cargo elementor-widget elementor-widget-text-editor\" data-id=\"b6e0719\" data-element_type=\"widget\" data-widget_type=\"text-editor.default\">\n\t\t\t\t<div class=\"elementor-widget-container\">\n\t\t\t\t\t\t\t\t\tCoordinador del \u00c1rea de Deportes del Ayuntamiento de Barcelona\t\t\t\t\t\t\t\t<\/div>\n\t\t\t\t<\/div>\n\t\t\t\t<div class=\"elementor-element elementor-element-443a947 memoria-oral-evento elementor-widget elementor-widget-text-editor\" data-id=\"443a947\" data-element_type=\"widget\" data-widget_type=\"text-editor.default\">\n\t\t\t\t<div class=\"elementor-widget-container\">\n\t\t\t\t\t\t\t\t\t<span>Juegos Ol\u00edmpicos<\/span> \/ <span>Juegos Paral\u00edmpicos<\/span>\t\t\t\t\t\t\t\t<\/div>\n\t\t\t\t<\/div>\n\t\t\t\t<div class=\"elementor-element elementor-element-d8b14f5 memoria-oral-perfil elementor-widget elementor-widget-text-editor\" data-id=\"d8b14f5\" data-element_type=\"widget\" data-widget_type=\"text-editor.default\">\n\t\t\t\t<div class=\"elementor-widget-container\">\n\t\t\t\t\t\t\t\t\t<span>Organizaci\u00f3n<\/span>\t\t\t\t\t\t\t\t<\/div>\n\t\t\t\t<\/div>\n\t\t\t\t<div class=\"elementor-element elementor-element-43a3da0 elementor-list-item-link-inline elementor-icon-list--layout-traditional elementor-widget elementor-widget-icon-list\" data-id=\"43a3da0\" data-element_type=\"widget\" data-widget_type=\"icon-list.default\">\n\t\t\t\t<div class=\"elementor-widget-container\">\n\t\t\t\t\t\t\t<ul class=\"elementor-icon-list-items\">\n\t\t\t\t\t\t\t<li class=\"elementor-icon-list-item\">\n\t\t\t\t\t\t\t\t\t\t\t<a href=\"#\">\n\n\t\t\t\t\t\t\t\t\t\t\t<span class=\"elementor-icon-list-text\">Ver video<\/span>\n\t\t\t\t\t\t\t\t\t\t\t<\/a>\n\t\t\t\t\t\t\t\t\t<\/li>\n\t\t\t\t\t\t<\/ul>\n\t\t\t\t\t\t<\/div>\n\t\t\t\t<\/div>\n\t\t\t\t<div class=\"elementor-element elementor-element-478d25a memoria-oral-videocode elementor-widget elementor-widget-text-editor\" data-id=\"478d25a\" data-element_type=\"widget\" data-widget_type=\"text-editor.default\">\n\t\t\t\t<div class=\"elementor-widget-container\">\n\t\t\t\t\t\t\t\t\tbdCmjBGTGyI\t\t\t\t\t\t\t\t<\/div>\n\t\t\t\t<\/div>\n\t\t\t\t\t<\/div>\n\t\t<\/div>\n\t\t\t\t\t<\/div>\n\t\t<\/section>\n\t\t\t\t<\/div>\n\t\t\t\t<\/article>\n\t\t\t\t<article id=\"post-26873\" class=\"elementor-post elementor-grid-item ecs-post-loop post-26873 mo-testimonio type-mo-testimonio status-publish has-post-thumbnail hentry memoria_oral_evento-juegos-olimpicos memoria_oral_evento-juegos-paralimpicos memoria_oral_perfil-organizacion memoria_oral_etiquetas-deportes\">\n\t\t\t\t<div data-elementor-type=\"loop\" data-elementor-id=\"26655\" class=\"elementor elementor-26655 post-26873 mo-testimonio type-mo-testimonio status-publish has-post-thumbnail hentry memoria_oral_evento-juegos-olimpicos memoria_oral_evento-juegos-paralimpicos memoria_oral_perfil-organizacion memoria_oral_etiquetas-deportes\" data-elementor-post-type=\"elementor_library\">\n\t\t\t\t\t<section class=\"elementor-section elementor-top-section elementor-element elementor-element-56d930b elementor-section-full_width memoria-oral elementor-section-height-default elementor-section-height-default\" data-id=\"56d930b\" data-element_type=\"section\">\n\t\t\t\t\t\t<div class=\"elementor-container elementor-column-gap-no\">\n\t\t\t\t\t<div class=\"elementor-column elementor-col-100 elementor-top-column elementor-element elementor-element-42f9911\" data-id=\"42f9911\" data-element_type=\"column\">\n\t\t\t<div class=\"elementor-widget-wrap elementor-element-populated\">\n\t\t\t\t\t\t<div class=\"elementor-element elementor-element-4b3801b memoria-oral-imagen elementor-widget elementor-widget-theme-post-featured-image elementor-widget-image\" data-id=\"4b3801b\" data-element_type=\"widget\" data-widget_type=\"theme-post-featured-image.default\">\n\t\t\t\t<div class=\"elementor-widget-container\">\n\t\t\t\t\t\t\t\t\t\t\t\t\t\t\t\t<a href=\"#\">\n\t\t\t\t\t\t\t<img loading=\"lazy\" decoding=\"async\" width=\"800\" height=\"533\" src=\"https:\/\/www.fundaciobarcelonaolimpica.es\/wp-content\/uploads\/sites\/3\/2022\/11\/lluis-milletserra.png\" class=\"attachment-large size-large wp-image-27320\" alt=\"\" srcset=\"https:\/\/www.fundaciobarcelonaolimpica.es\/wp-content\/uploads\/sites\/3\/2022\/11\/lluis-milletserra.png 800w, https:\/\/www.fundaciobarcelonaolimpica.es\/wp-content\/uploads\/sites\/3\/2022\/11\/lluis-milletserra-300x200.png 300w, https:\/\/www.fundaciobarcelonaolimpica.es\/wp-content\/uploads\/sites\/3\/2022\/11\/lluis-milletserra-768x512.png 768w\" sizes=\"(max-width: 800px) 100vw, 800px\" \/>\t\t\t\t\t\t\t\t<\/a>\n\t\t\t\t\t\t\t\t\t\t\t\t\t\t\t<\/div>\n\t\t\t\t<\/div>\n\t\t\t\t<div class=\"elementor-element elementor-element-c246eac memoria-oral-nombre elementor-widget elementor-widget-theme-post-title elementor-page-title elementor-widget-heading\" data-id=\"c246eac\" data-element_type=\"widget\" data-widget_type=\"theme-post-title.default\">\n\t\t\t\t<div class=\"elementor-widget-container\">\n\t\t\t\t\t<h3 class=\"elementor-heading-title elementor-size-default\"><a href=\"#\">Llu\u00eds Millet Serra<\/a><\/h3>\t\t\t\t<\/div>\n\t\t\t\t<\/div>\n\t\t\t\t<div class=\"elementor-element elementor-element-b6e0719 memoria-oral-cargo elementor-widget elementor-widget-text-editor\" data-id=\"b6e0719\" data-element_type=\"widget\" data-widget_type=\"text-editor.default\">\n\t\t\t\t<div class=\"elementor-widget-container\">\n\t\t\t\t\t\t\t\t\tDirector de la Divisi\u00f3n de Infraestructuras del COOB&#8217;92\t\t\t\t\t\t\t\t<\/div>\n\t\t\t\t<\/div>\n\t\t\t\t<div class=\"elementor-element elementor-element-443a947 memoria-oral-evento elementor-widget elementor-widget-text-editor\" data-id=\"443a947\" data-element_type=\"widget\" data-widget_type=\"text-editor.default\">\n\t\t\t\t<div class=\"elementor-widget-container\">\n\t\t\t\t\t\t\t\t\t<span>Juegos Ol\u00edmpicos<\/span> \/ <span>Juegos Paral\u00edmpicos<\/span>\t\t\t\t\t\t\t\t<\/div>\n\t\t\t\t<\/div>\n\t\t\t\t<div class=\"elementor-element elementor-element-d8b14f5 memoria-oral-perfil elementor-widget elementor-widget-text-editor\" data-id=\"d8b14f5\" data-element_type=\"widget\" data-widget_type=\"text-editor.default\">\n\t\t\t\t<div class=\"elementor-widget-container\">\n\t\t\t\t\t\t\t\t\t<span>Organizaci\u00f3n<\/span>\t\t\t\t\t\t\t\t<\/div>\n\t\t\t\t<\/div>\n\t\t\t\t<div class=\"elementor-element elementor-element-07ffcae memoria-oral-etiquetas elementor-widget elementor-widget-text-editor\" data-id=\"07ffcae\" data-element_type=\"widget\" data-widget_type=\"text-editor.default\">\n\t\t\t\t<div class=\"elementor-widget-container\">\n\t\t\t\t\t\t\t\t\t<span>Deportes<\/span>\t\t\t\t\t\t\t\t<\/div>\n\t\t\t\t<\/div>\n\t\t\t\t<div class=\"elementor-element elementor-element-43a3da0 elementor-list-item-link-inline elementor-icon-list--layout-traditional elementor-widget elementor-widget-icon-list\" data-id=\"43a3da0\" data-element_type=\"widget\" data-widget_type=\"icon-list.default\">\n\t\t\t\t<div class=\"elementor-widget-container\">\n\t\t\t\t\t\t\t<ul class=\"elementor-icon-list-items\">\n\t\t\t\t\t\t\t<li class=\"elementor-icon-list-item\">\n\t\t\t\t\t\t\t\t\t\t\t<a href=\"#\">\n\n\t\t\t\t\t\t\t\t\t\t\t<span class=\"elementor-icon-list-text\">Ver video<\/span>\n\t\t\t\t\t\t\t\t\t\t\t<\/a>\n\t\t\t\t\t\t\t\t\t<\/li>\n\t\t\t\t\t\t<\/ul>\n\t\t\t\t\t\t<\/div>\n\t\t\t\t<\/div>\n\t\t\t\t<div class=\"elementor-element elementor-element-478d25a memoria-oral-videocode elementor-widget elementor-widget-text-editor\" data-id=\"478d25a\" data-element_type=\"widget\" data-widget_type=\"text-editor.default\">\n\t\t\t\t<div class=\"elementor-widget-container\">\n\t\t\t\t\t\t\t\t\tNlkp4-jpDPc\t\t\t\t\t\t\t\t<\/div>\n\t\t\t\t<\/div>\n\t\t\t\t\t<\/div>\n\t\t<\/div>\n\t\t\t\t\t<\/div>\n\t\t<\/section>\n\t\t\t\t<\/div>\n\t\t\t\t<\/article>\n\t\t\t\t<article id=\"post-26877\" class=\"elementor-post elementor-grid-item ecs-post-loop post-26877 mo-testimonio type-mo-testimonio status-publish has-post-thumbnail hentry memoria_oral_evento-olimpiada-cultural memoria_oral_perfil-organizacion memoria_oral_etiquetas-cultura\">\n\t\t\t\t<div data-elementor-type=\"loop\" data-elementor-id=\"26655\" class=\"elementor elementor-26655 post-26877 mo-testimonio type-mo-testimonio status-publish has-post-thumbnail hentry memoria_oral_evento-olimpiada-cultural memoria_oral_perfil-organizacion memoria_oral_etiquetas-cultura\" data-elementor-post-type=\"elementor_library\">\n\t\t\t\t\t<section class=\"elementor-section elementor-top-section elementor-element elementor-element-56d930b elementor-section-full_width memoria-oral elementor-section-height-default elementor-section-height-default\" data-id=\"56d930b\" data-element_type=\"section\">\n\t\t\t\t\t\t<div class=\"elementor-container elementor-column-gap-no\">\n\t\t\t\t\t<div class=\"elementor-column elementor-col-100 elementor-top-column elementor-element elementor-element-42f9911\" data-id=\"42f9911\" data-element_type=\"column\">\n\t\t\t<div class=\"elementor-widget-wrap elementor-element-populated\">\n\t\t\t\t\t\t<div class=\"elementor-element elementor-element-4b3801b memoria-oral-imagen elementor-widget elementor-widget-theme-post-featured-image elementor-widget-image\" data-id=\"4b3801b\" data-element_type=\"widget\" data-widget_type=\"theme-post-featured-image.default\">\n\t\t\t\t<div class=\"elementor-widget-container\">\n\t\t\t\t\t\t\t\t\t\t\t\t\t\t\t\t<a href=\"#\">\n\t\t\t\t\t\t\t<img loading=\"lazy\" decoding=\"async\" width=\"800\" height=\"533\" src=\"https:\/\/www.fundaciobarcelonaolimpica.es\/wp-content\/uploads\/sites\/3\/2022\/11\/margarita-obiols.png\" class=\"attachment-large size-large wp-image-26580\" alt=\"\" srcset=\"https:\/\/www.fundaciobarcelonaolimpica.es\/wp-content\/uploads\/sites\/3\/2022\/11\/margarita-obiols.png 800w, https:\/\/www.fundaciobarcelonaolimpica.es\/wp-content\/uploads\/sites\/3\/2022\/11\/margarita-obiols-300x200.png 300w, https:\/\/www.fundaciobarcelonaolimpica.es\/wp-content\/uploads\/sites\/3\/2022\/11\/margarita-obiols-768x512.png 768w\" sizes=\"(max-width: 800px) 100vw, 800px\" \/>\t\t\t\t\t\t\t\t<\/a>\n\t\t\t\t\t\t\t\t\t\t\t\t\t\t\t<\/div>\n\t\t\t\t<\/div>\n\t\t\t\t<div class=\"elementor-element elementor-element-c246eac memoria-oral-nombre elementor-widget elementor-widget-theme-post-title elementor-page-title elementor-widget-heading\" data-id=\"c246eac\" data-element_type=\"widget\" data-widget_type=\"theme-post-title.default\">\n\t\t\t\t<div class=\"elementor-widget-container\">\n\t\t\t\t\t<h3 class=\"elementor-heading-title elementor-size-default\"><a href=\"#\">Margarita Obiols Llandrich<\/a><\/h3>\t\t\t\t<\/div>\n\t\t\t\t<\/div>\n\t\t\t\t<div class=\"elementor-element elementor-element-b6e0719 memoria-oral-cargo elementor-widget elementor-widget-text-editor\" data-id=\"b6e0719\" data-element_type=\"widget\" data-widget_type=\"text-editor.default\">\n\t\t\t\t<div class=\"elementor-widget-container\">\n\t\t\t\t\t\t\t\t\tDirectora General de Olimpiada Cultural SA\t\t\t\t\t\t\t\t<\/div>\n\t\t\t\t<\/div>\n\t\t\t\t<div class=\"elementor-element elementor-element-443a947 memoria-oral-evento elementor-widget elementor-widget-text-editor\" data-id=\"443a947\" data-element_type=\"widget\" data-widget_type=\"text-editor.default\">\n\t\t\t\t<div class=\"elementor-widget-container\">\n\t\t\t\t\t\t\t\t\t<span>Olimpiada Cultural<\/span>\t\t\t\t\t\t\t\t<\/div>\n\t\t\t\t<\/div>\n\t\t\t\t<div class=\"elementor-element elementor-element-d8b14f5 memoria-oral-perfil elementor-widget elementor-widget-text-editor\" data-id=\"d8b14f5\" data-element_type=\"widget\" data-widget_type=\"text-editor.default\">\n\t\t\t\t<div class=\"elementor-widget-container\">\n\t\t\t\t\t\t\t\t\t<span>Organizaci\u00f3n<\/span>\t\t\t\t\t\t\t\t<\/div>\n\t\t\t\t<\/div>\n\t\t\t\t<div class=\"elementor-element elementor-element-07ffcae memoria-oral-etiquetas elementor-widget elementor-widget-text-editor\" data-id=\"07ffcae\" data-element_type=\"widget\" data-widget_type=\"text-editor.default\">\n\t\t\t\t<div class=\"elementor-widget-container\">\n\t\t\t\t\t\t\t\t\t<span>Cultura<\/span>\t\t\t\t\t\t\t\t<\/div>\n\t\t\t\t<\/div>\n\t\t\t\t<div class=\"elementor-element elementor-element-43a3da0 elementor-list-item-link-inline elementor-icon-list--layout-traditional elementor-widget elementor-widget-icon-list\" data-id=\"43a3da0\" data-element_type=\"widget\" data-widget_type=\"icon-list.default\">\n\t\t\t\t<div class=\"elementor-widget-container\">\n\t\t\t\t\t\t\t<ul class=\"elementor-icon-list-items\">\n\t\t\t\t\t\t\t<li class=\"elementor-icon-list-item\">\n\t\t\t\t\t\t\t\t\t\t\t<a href=\"#\">\n\n\t\t\t\t\t\t\t\t\t\t\t<span class=\"elementor-icon-list-text\">Ver video<\/span>\n\t\t\t\t\t\t\t\t\t\t\t<\/a>\n\t\t\t\t\t\t\t\t\t<\/li>\n\t\t\t\t\t\t<\/ul>\n\t\t\t\t\t\t<\/div>\n\t\t\t\t<\/div>\n\t\t\t\t<div class=\"elementor-element elementor-element-478d25a memoria-oral-videocode elementor-widget elementor-widget-text-editor\" data-id=\"478d25a\" data-element_type=\"widget\" data-widget_type=\"text-editor.default\">\n\t\t\t\t<div class=\"elementor-widget-container\">\n\t\t\t\t\t\t\t\t\tMqTpNUFCPiY\t\t\t\t\t\t\t\t<\/div>\n\t\t\t\t<\/div>\n\t\t\t\t\t<\/div>\n\t\t<\/div>\n\t\t\t\t\t<\/div>\n\t\t<\/section>\n\t\t\t\t<\/div>\n\t\t\t\t<\/article>\n\t\t\t\t<article id=\"post-26880\" class=\"elementor-post elementor-grid-item ecs-post-loop post-26880 mo-testimonio type-mo-testimonio status-publish has-post-thumbnail hentry memoria_oral_evento-juegos-olimpicos memoria_oral_evento-juegos-paralimpicos memoria_oral_perfil-organizacion\">\n\t\t\t\t<div data-elementor-type=\"loop\" data-elementor-id=\"26655\" class=\"elementor elementor-26655 post-26880 mo-testimonio type-mo-testimonio status-publish has-post-thumbnail hentry memoria_oral_evento-juegos-olimpicos memoria_oral_evento-juegos-paralimpicos memoria_oral_perfil-organizacion\" data-elementor-post-type=\"elementor_library\">\n\t\t\t\t\t<section class=\"elementor-section elementor-top-section elementor-element elementor-element-56d930b elementor-section-full_width memoria-oral elementor-section-height-default elementor-section-height-default\" data-id=\"56d930b\" data-element_type=\"section\">\n\t\t\t\t\t\t<div class=\"elementor-container elementor-column-gap-no\">\n\t\t\t\t\t<div class=\"elementor-column elementor-col-100 elementor-top-column elementor-element elementor-element-42f9911\" data-id=\"42f9911\" data-element_type=\"column\">\n\t\t\t<div class=\"elementor-widget-wrap elementor-element-populated\">\n\t\t\t\t\t\t<div class=\"elementor-element elementor-element-4b3801b memoria-oral-imagen elementor-widget elementor-widget-theme-post-featured-image elementor-widget-image\" data-id=\"4b3801b\" data-element_type=\"widget\" data-widget_type=\"theme-post-featured-image.default\">\n\t\t\t\t<div class=\"elementor-widget-container\">\n\t\t\t\t\t\t\t\t\t\t\t\t\t\t\t\t<a href=\"#\">\n\t\t\t\t\t\t\t<img loading=\"lazy\" decoding=\"async\" width=\"800\" height=\"533\" src=\"https:\/\/www.fundaciobarcelonaolimpica.es\/wp-content\/uploads\/sites\/3\/2022\/11\/pedro-palaciossalvador.png\" class=\"attachment-large size-large wp-image-27324\" alt=\"\" srcset=\"https:\/\/www.fundaciobarcelonaolimpica.es\/wp-content\/uploads\/sites\/3\/2022\/11\/pedro-palaciossalvador.png 800w, https:\/\/www.fundaciobarcelonaolimpica.es\/wp-content\/uploads\/sites\/3\/2022\/11\/pedro-palaciossalvador-300x200.png 300w, https:\/\/www.fundaciobarcelonaolimpica.es\/wp-content\/uploads\/sites\/3\/2022\/11\/pedro-palaciossalvador-768x512.png 768w\" sizes=\"(max-width: 800px) 100vw, 800px\" \/>\t\t\t\t\t\t\t\t<\/a>\n\t\t\t\t\t\t\t\t\t\t\t\t\t\t\t<\/div>\n\t\t\t\t<\/div>\n\t\t\t\t<div class=\"elementor-element elementor-element-c246eac memoria-oral-nombre elementor-widget elementor-widget-theme-post-title elementor-page-title elementor-widget-heading\" data-id=\"c246eac\" data-element_type=\"widget\" data-widget_type=\"theme-post-title.default\">\n\t\t\t\t<div class=\"elementor-widget-container\">\n\t\t\t\t\t<h3 class=\"elementor-heading-title elementor-size-default\"><a href=\"#\">Pedro Palacios Salvador<\/a><\/h3>\t\t\t\t<\/div>\n\t\t\t\t<\/div>\n\t\t\t\t<div class=\"elementor-element elementor-element-b6e0719 memoria-oral-cargo elementor-widget elementor-widget-text-editor\" data-id=\"b6e0719\" data-element_type=\"widget\" data-widget_type=\"text-editor.default\">\n\t\t\t\t<div class=\"elementor-widget-container\">\n\t\t\t\t\t\t\t\t\tDirector del Departamento de Comunicaci\u00f3n del COOB\u201992\t\t\t\t\t\t\t\t<\/div>\n\t\t\t\t<\/div>\n\t\t\t\t<div class=\"elementor-element elementor-element-443a947 memoria-oral-evento elementor-widget elementor-widget-text-editor\" data-id=\"443a947\" data-element_type=\"widget\" data-widget_type=\"text-editor.default\">\n\t\t\t\t<div class=\"elementor-widget-container\">\n\t\t\t\t\t\t\t\t\t<span>Juegos Ol\u00edmpicos<\/span> \/ <span>Juegos Paral\u00edmpicos<\/span>\t\t\t\t\t\t\t\t<\/div>\n\t\t\t\t<\/div>\n\t\t\t\t<div class=\"elementor-element elementor-element-d8b14f5 memoria-oral-perfil elementor-widget elementor-widget-text-editor\" data-id=\"d8b14f5\" data-element_type=\"widget\" data-widget_type=\"text-editor.default\">\n\t\t\t\t<div class=\"elementor-widget-container\">\n\t\t\t\t\t\t\t\t\t<span>Organizaci\u00f3n<\/span>\t\t\t\t\t\t\t\t<\/div>\n\t\t\t\t<\/div>\n\t\t\t\t<div class=\"elementor-element elementor-element-43a3da0 elementor-list-item-link-inline elementor-icon-list--layout-traditional elementor-widget elementor-widget-icon-list\" data-id=\"43a3da0\" data-element_type=\"widget\" data-widget_type=\"icon-list.default\">\n\t\t\t\t<div class=\"elementor-widget-container\">\n\t\t\t\t\t\t\t<ul class=\"elementor-icon-list-items\">\n\t\t\t\t\t\t\t<li class=\"elementor-icon-list-item\">\n\t\t\t\t\t\t\t\t\t\t\t<a href=\"#\">\n\n\t\t\t\t\t\t\t\t\t\t\t<span class=\"elementor-icon-list-text\">Ver video<\/span>\n\t\t\t\t\t\t\t\t\t\t\t<\/a>\n\t\t\t\t\t\t\t\t\t<\/li>\n\t\t\t\t\t\t<\/ul>\n\t\t\t\t\t\t<\/div>\n\t\t\t\t<\/div>\n\t\t\t\t<div class=\"elementor-element elementor-element-478d25a memoria-oral-videocode elementor-widget elementor-widget-text-editor\" data-id=\"478d25a\" data-element_type=\"widget\" data-widget_type=\"text-editor.default\">\n\t\t\t\t<div class=\"elementor-widget-container\">\n\t\t\t\t\t\t\t\t\tMqTpNUFCPiY\t\t\t\t\t\t\t\t<\/div>\n\t\t\t\t<\/div>\n\t\t\t\t\t<\/div>\n\t\t<\/div>\n\t\t\t\t\t<\/div>\n\t\t<\/section>\n\t\t\t\t<\/div>\n\t\t\t\t<\/article>\n\t\t\t\t<article id=\"post-26883\" class=\"elementor-post elementor-grid-item ecs-post-loop post-26883 mo-testimonio type-mo-testimonio status-publish has-post-thumbnail hentry memoria_oral_evento-juegos-olimpicos memoria_oral_evento-juegos-paralimpicos memoria_oral_perfil-politico memoria_oral_etiquetas-gobierno-de-espana\">\n\t\t\t\t<div data-elementor-type=\"loop\" data-elementor-id=\"26655\" class=\"elementor elementor-26655 post-26883 mo-testimonio type-mo-testimonio status-publish has-post-thumbnail hentry memoria_oral_evento-juegos-olimpicos memoria_oral_evento-juegos-paralimpicos memoria_oral_perfil-politico memoria_oral_etiquetas-gobierno-de-espana\" data-elementor-post-type=\"elementor_library\">\n\t\t\t\t\t<section class=\"elementor-section elementor-top-section elementor-element elementor-element-56d930b elementor-section-full_width memoria-oral elementor-section-height-default elementor-section-height-default\" data-id=\"56d930b\" data-element_type=\"section\">\n\t\t\t\t\t\t<div class=\"elementor-container elementor-column-gap-no\">\n\t\t\t\t\t<div class=\"elementor-column elementor-col-100 elementor-top-column elementor-element elementor-element-42f9911\" data-id=\"42f9911\" data-element_type=\"column\">\n\t\t\t<div class=\"elementor-widget-wrap elementor-element-populated\">\n\t\t\t\t\t\t<div class=\"elementor-element elementor-element-4b3801b memoria-oral-imagen elementor-widget elementor-widget-theme-post-featured-image elementor-widget-image\" data-id=\"4b3801b\" data-element_type=\"widget\" data-widget_type=\"theme-post-featured-image.default\">\n\t\t\t\t<div class=\"elementor-widget-container\">\n\t\t\t\t\t\t\t\t\t\t\t\t\t\t\t\t<a href=\"#\">\n\t\t\t\t\t\t\t<img loading=\"lazy\" decoding=\"async\" width=\"800\" height=\"533\" src=\"https:\/\/www.fundaciobarcelonaolimpica.es\/wp-content\/uploads\/sites\/3\/2022\/11\/lluis-revertergelabert.png\" class=\"attachment-large size-large wp-image-27327\" alt=\"\" srcset=\"https:\/\/www.fundaciobarcelonaolimpica.es\/wp-content\/uploads\/sites\/3\/2022\/11\/lluis-revertergelabert.png 800w, https:\/\/www.fundaciobarcelonaolimpica.es\/wp-content\/uploads\/sites\/3\/2022\/11\/lluis-revertergelabert-300x200.png 300w, https:\/\/www.fundaciobarcelonaolimpica.es\/wp-content\/uploads\/sites\/3\/2022\/11\/lluis-revertergelabert-768x512.png 768w\" sizes=\"(max-width: 800px) 100vw, 800px\" \/>\t\t\t\t\t\t\t\t<\/a>\n\t\t\t\t\t\t\t\t\t\t\t\t\t\t\t<\/div>\n\t\t\t\t<\/div>\n\t\t\t\t<div class=\"elementor-element elementor-element-c246eac memoria-oral-nombre elementor-widget elementor-widget-theme-post-title elementor-page-title elementor-widget-heading\" data-id=\"c246eac\" data-element_type=\"widget\" data-widget_type=\"theme-post-title.default\">\n\t\t\t\t<div class=\"elementor-widget-container\">\n\t\t\t\t\t<h3 class=\"elementor-heading-title elementor-size-default\"><a href=\"#\">Llu\u00eds Reverter Gelabert<\/a><\/h3>\t\t\t\t<\/div>\n\t\t\t\t<\/div>\n\t\t\t\t<div class=\"elementor-element elementor-element-b6e0719 memoria-oral-cargo elementor-widget elementor-widget-text-editor\" data-id=\"b6e0719\" data-element_type=\"widget\" data-widget_type=\"text-editor.default\">\n\t\t\t\t<div class=\"elementor-widget-container\">\n\t\t\t\t\t\t\t\t\tSecretario general de Coordinaci\u00f3n y Servicios de la Presidencia del Gobierno de Espa\u00f1a (1991-1993)\t\t\t\t\t\t\t\t<\/div>\n\t\t\t\t<\/div>\n\t\t\t\t<div class=\"elementor-element elementor-element-443a947 memoria-oral-evento elementor-widget elementor-widget-text-editor\" data-id=\"443a947\" data-element_type=\"widget\" data-widget_type=\"text-editor.default\">\n\t\t\t\t<div class=\"elementor-widget-container\">\n\t\t\t\t\t\t\t\t\t<span>Juegos Ol\u00edmpicos<\/span> \/ <span>Juegos Paral\u00edmpicos<\/span>\t\t\t\t\t\t\t\t<\/div>\n\t\t\t\t<\/div>\n\t\t\t\t<div class=\"elementor-element elementor-element-d8b14f5 memoria-oral-perfil elementor-widget elementor-widget-text-editor\" data-id=\"d8b14f5\" data-element_type=\"widget\" data-widget_type=\"text-editor.default\">\n\t\t\t\t<div class=\"elementor-widget-container\">\n\t\t\t\t\t\t\t\t\t<span>Pol\u00edtico<\/span>\t\t\t\t\t\t\t\t<\/div>\n\t\t\t\t<\/div>\n\t\t\t\t<div class=\"elementor-element elementor-element-07ffcae memoria-oral-etiquetas elementor-widget elementor-widget-text-editor\" data-id=\"07ffcae\" data-element_type=\"widget\" data-widget_type=\"text-editor.default\">\n\t\t\t\t<div class=\"elementor-widget-container\">\n\t\t\t\t\t\t\t\t\t<span>Gobierno de Espa\u00f1a<\/span>\t\t\t\t\t\t\t\t<\/div>\n\t\t\t\t<\/div>\n\t\t\t\t<div class=\"elementor-element elementor-element-43a3da0 elementor-list-item-link-inline elementor-icon-list--layout-traditional elementor-widget elementor-widget-icon-list\" data-id=\"43a3da0\" data-element_type=\"widget\" data-widget_type=\"icon-list.default\">\n\t\t\t\t<div class=\"elementor-widget-container\">\n\t\t\t\t\t\t\t<ul class=\"elementor-icon-list-items\">\n\t\t\t\t\t\t\t<li class=\"elementor-icon-list-item\">\n\t\t\t\t\t\t\t\t\t\t\t<a href=\"#\">\n\n\t\t\t\t\t\t\t\t\t\t\t<span class=\"elementor-icon-list-text\">Ver video<\/span>\n\t\t\t\t\t\t\t\t\t\t\t<\/a>\n\t\t\t\t\t\t\t\t\t<\/li>\n\t\t\t\t\t\t<\/ul>\n\t\t\t\t\t\t<\/div>\n\t\t\t\t<\/div>\n\t\t\t\t<div class=\"elementor-element elementor-element-478d25a memoria-oral-videocode elementor-widget elementor-widget-text-editor\" data-id=\"478d25a\" data-element_type=\"widget\" data-widget_type=\"text-editor.default\">\n\t\t\t\t<div class=\"elementor-widget-container\">\n\t\t\t\t\t\t\t\t\t0GqlhcWACrU\t\t\t\t\t\t\t\t<\/div>\n\t\t\t\t<\/div>\n\t\t\t\t\t<\/div>\n\t\t<\/div>\n\t\t\t\t\t<\/div>\n\t\t<\/section>\n\t\t\t\t<\/div>\n\t\t\t\t<\/article>\n\t\t\t\t<article id=\"post-29144\" class=\"elementor-post elementor-grid-item ecs-post-loop post-29144 mo-testimonio type-mo-testimonio status-publish has-post-thumbnail hentry memoria_oral_evento-juegos-olimpicos memoria_oral_evento-juegos-paralimpicos memoria_oral_perfil-disenador\">\n\t\t\t\t<div data-elementor-type=\"loop\" data-elementor-id=\"26655\" class=\"elementor elementor-26655 post-29144 mo-testimonio type-mo-testimonio status-publish has-post-thumbnail hentry memoria_oral_evento-juegos-olimpicos memoria_oral_evento-juegos-paralimpicos memoria_oral_perfil-disenador\" data-elementor-post-type=\"elementor_library\">\n\t\t\t\t\t<section class=\"elementor-section elementor-top-section elementor-element elementor-element-56d930b elementor-section-full_width memoria-oral elementor-section-height-default elementor-section-height-default\" data-id=\"56d930b\" data-element_type=\"section\">\n\t\t\t\t\t\t<div class=\"elementor-container elementor-column-gap-no\">\n\t\t\t\t\t<div class=\"elementor-column elementor-col-100 elementor-top-column elementor-element elementor-element-42f9911\" data-id=\"42f9911\" data-element_type=\"column\">\n\t\t\t<div class=\"elementor-widget-wrap elementor-element-populated\">\n\t\t\t\t\t\t<div class=\"elementor-element elementor-element-4b3801b memoria-oral-imagen elementor-widget elementor-widget-theme-post-featured-image elementor-widget-image\" data-id=\"4b3801b\" data-element_type=\"widget\" data-widget_type=\"theme-post-featured-image.default\">\n\t\t\t\t<div class=\"elementor-widget-container\">\n\t\t\t\t\t\t\t\t\t\t\t\t\t\t\t\t<a href=\"#\">\n\t\t\t\t\t\t\t<img loading=\"lazy\" decoding=\"async\" width=\"800\" height=\"533\" src=\"https:\/\/www.fundaciobarcelonaolimpica.es\/wp-content\/uploads\/sites\/3\/2022\/11\/andre_ricard.jpg\" class=\"attachment-large size-large wp-image-29155\" alt=\"\" srcset=\"https:\/\/www.fundaciobarcelonaolimpica.es\/wp-content\/uploads\/sites\/3\/2022\/11\/andre_ricard.jpg 800w, https:\/\/www.fundaciobarcelonaolimpica.es\/wp-content\/uploads\/sites\/3\/2022\/11\/andre_ricard-300x200.jpg 300w, https:\/\/www.fundaciobarcelonaolimpica.es\/wp-content\/uploads\/sites\/3\/2022\/11\/andre_ricard-768x512.jpg 768w\" sizes=\"(max-width: 800px) 100vw, 800px\" \/>\t\t\t\t\t\t\t\t<\/a>\n\t\t\t\t\t\t\t\t\t\t\t\t\t\t\t<\/div>\n\t\t\t\t<\/div>\n\t\t\t\t<div class=\"elementor-element elementor-element-c246eac memoria-oral-nombre elementor-widget elementor-widget-theme-post-title elementor-page-title elementor-widget-heading\" data-id=\"c246eac\" data-element_type=\"widget\" data-widget_type=\"theme-post-title.default\">\n\t\t\t\t<div class=\"elementor-widget-container\">\n\t\t\t\t\t<h3 class=\"elementor-heading-title elementor-size-default\"><a href=\"#\">Andr\u00e9 Ricard Sala<\/a><\/h3>\t\t\t\t<\/div>\n\t\t\t\t<\/div>\n\t\t\t\t<div class=\"elementor-element elementor-element-b6e0719 memoria-oral-cargo elementor-widget elementor-widget-text-editor\" data-id=\"b6e0719\" data-element_type=\"widget\" data-widget_type=\"text-editor.default\">\n\t\t\t\t<div class=\"elementor-widget-container\">\n\t\t\t\t\t\t\t\t\tDise\u00f1ador de la caja de la candidatura y de las antorchas de los Juegos Ol\u00edmpicos y Paral\u00edmpicos de Barcelona\u201992\t\t\t\t\t\t\t\t<\/div>\n\t\t\t\t<\/div>\n\t\t\t\t<div class=\"elementor-element elementor-element-443a947 memoria-oral-evento elementor-widget elementor-widget-text-editor\" data-id=\"443a947\" data-element_type=\"widget\" data-widget_type=\"text-editor.default\">\n\t\t\t\t<div class=\"elementor-widget-container\">\n\t\t\t\t\t\t\t\t\t<span>Juegos Ol\u00edmpicos<\/span> \/ <span>Juegos Paral\u00edmpicos<\/span>\t\t\t\t\t\t\t\t<\/div>\n\t\t\t\t<\/div>\n\t\t\t\t<div class=\"elementor-element elementor-element-d8b14f5 memoria-oral-perfil elementor-widget elementor-widget-text-editor\" data-id=\"d8b14f5\" data-element_type=\"widget\" data-widget_type=\"text-editor.default\">\n\t\t\t\t<div class=\"elementor-widget-container\">\n\t\t\t\t\t\t\t\t\t<span>Dise\u00f1ador<\/span>\t\t\t\t\t\t\t\t<\/div>\n\t\t\t\t<\/div>\n\t\t\t\t<div class=\"elementor-element elementor-element-43a3da0 elementor-list-item-link-inline elementor-icon-list--layout-traditional elementor-widget elementor-widget-icon-list\" data-id=\"43a3da0\" data-element_type=\"widget\" data-widget_type=\"icon-list.default\">\n\t\t\t\t<div class=\"elementor-widget-container\">\n\t\t\t\t\t\t\t<ul class=\"elementor-icon-list-items\">\n\t\t\t\t\t\t\t<li class=\"elementor-icon-list-item\">\n\t\t\t\t\t\t\t\t\t\t\t<a href=\"#\">\n\n\t\t\t\t\t\t\t\t\t\t\t<span class=\"elementor-icon-list-text\">Ver video<\/span>\n\t\t\t\t\t\t\t\t\t\t\t<\/a>\n\t\t\t\t\t\t\t\t\t<\/li>\n\t\t\t\t\t\t<\/ul>\n\t\t\t\t\t\t<\/div>\n\t\t\t\t<\/div>\n\t\t\t\t<div class=\"elementor-element elementor-element-478d25a memoria-oral-videocode elementor-widget elementor-widget-text-editor\" data-id=\"478d25a\" data-element_type=\"widget\" data-widget_type=\"text-editor.default\">\n\t\t\t\t<div class=\"elementor-widget-container\">\n\t\t\t\t\t\t\t\t\txIWC0-b2WgI\t\t\t\t\t\t\t\t<\/div>\n\t\t\t\t<\/div>\n\t\t\t\t\t<\/div>\n\t\t<\/div>\n\t\t\t\t\t<\/div>\n\t\t<\/section>\n\t\t\t\t<\/div>\n\t\t\t\t<\/article>\n\t\t\t\t<article id=\"post-26886\" class=\"elementor-post elementor-grid-item ecs-post-loop post-26886 mo-testimonio type-mo-testimonio status-publish has-post-thumbnail hentry memoria_oral_evento-juegos-olimpicos memoria_oral_evento-juegos-paralimpicos memoria_oral_perfil-organizacion memoria_oral_etiquetas-ceremonias\">\n\t\t\t\t<div data-elementor-type=\"loop\" data-elementor-id=\"26655\" class=\"elementor elementor-26655 post-26886 mo-testimonio type-mo-testimonio status-publish has-post-thumbnail hentry memoria_oral_evento-juegos-olimpicos memoria_oral_evento-juegos-paralimpicos memoria_oral_perfil-organizacion memoria_oral_etiquetas-ceremonias\" data-elementor-post-type=\"elementor_library\">\n\t\t\t\t\t<section class=\"elementor-section elementor-top-section elementor-element elementor-element-56d930b elementor-section-full_width memoria-oral elementor-section-height-default elementor-section-height-default\" data-id=\"56d930b\" data-element_type=\"section\">\n\t\t\t\t\t\t<div class=\"elementor-container elementor-column-gap-no\">\n\t\t\t\t\t<div class=\"elementor-column elementor-col-100 elementor-top-column elementor-element elementor-element-42f9911\" data-id=\"42f9911\" data-element_type=\"column\">\n\t\t\t<div class=\"elementor-widget-wrap elementor-element-populated\">\n\t\t\t\t\t\t<div class=\"elementor-element elementor-element-4b3801b memoria-oral-imagen elementor-widget elementor-widget-theme-post-featured-image elementor-widget-image\" data-id=\"4b3801b\" data-element_type=\"widget\" data-widget_type=\"theme-post-featured-image.default\">\n\t\t\t\t<div class=\"elementor-widget-container\">\n\t\t\t\t\t\t\t\t\t\t\t\t\t\t\t\t<a href=\"#\">\n\t\t\t\t\t\t\t<img loading=\"lazy\" decoding=\"async\" width=\"800\" height=\"533\" src=\"https:\/\/www.fundaciobarcelonaolimpica.es\/wp-content\/uploads\/sites\/3\/2022\/11\/josep-rocaroca.png\" class=\"attachment-large size-large wp-image-26995\" alt=\"\" srcset=\"https:\/\/www.fundaciobarcelonaolimpica.es\/wp-content\/uploads\/sites\/3\/2022\/11\/josep-rocaroca.png 800w, https:\/\/www.fundaciobarcelonaolimpica.es\/wp-content\/uploads\/sites\/3\/2022\/11\/josep-rocaroca-300x200.png 300w, https:\/\/www.fundaciobarcelonaolimpica.es\/wp-content\/uploads\/sites\/3\/2022\/11\/josep-rocaroca-768x512.png 768w\" sizes=\"(max-width: 800px) 100vw, 800px\" \/>\t\t\t\t\t\t\t\t<\/a>\n\t\t\t\t\t\t\t\t\t\t\t\t\t\t\t<\/div>\n\t\t\t\t<\/div>\n\t\t\t\t<div class=\"elementor-element elementor-element-c246eac memoria-oral-nombre elementor-widget elementor-widget-theme-post-title elementor-page-title elementor-widget-heading\" data-id=\"c246eac\" data-element_type=\"widget\" data-widget_type=\"theme-post-title.default\">\n\t\t\t\t<div class=\"elementor-widget-container\">\n\t\t\t\t\t<h3 class=\"elementor-heading-title elementor-size-default\"><a href=\"#\">Josep Roca i Roca<\/a><\/h3>\t\t\t\t<\/div>\n\t\t\t\t<\/div>\n\t\t\t\t<div class=\"elementor-element elementor-element-b6e0719 memoria-oral-cargo elementor-widget elementor-widget-text-editor\" data-id=\"b6e0719\" data-element_type=\"widget\" data-widget_type=\"text-editor.default\">\n\t\t\t\t<div class=\"elementor-widget-container\">\n\t\t\t\t\t\t\t\t\tDirector de Ceremonias del COOB\u201992\t\t\t\t\t\t\t\t<\/div>\n\t\t\t\t<\/div>\n\t\t\t\t<div class=\"elementor-element elementor-element-443a947 memoria-oral-evento elementor-widget elementor-widget-text-editor\" data-id=\"443a947\" data-element_type=\"widget\" data-widget_type=\"text-editor.default\">\n\t\t\t\t<div class=\"elementor-widget-container\">\n\t\t\t\t\t\t\t\t\t<span>Juegos Ol\u00edmpicos<\/span> \/ <span>Juegos Paral\u00edmpicos<\/span>\t\t\t\t\t\t\t\t<\/div>\n\t\t\t\t<\/div>\n\t\t\t\t<div class=\"elementor-element elementor-element-d8b14f5 memoria-oral-perfil elementor-widget elementor-widget-text-editor\" data-id=\"d8b14f5\" data-element_type=\"widget\" data-widget_type=\"text-editor.default\">\n\t\t\t\t<div class=\"elementor-widget-container\">\n\t\t\t\t\t\t\t\t\t<span>Organizaci\u00f3n<\/span>\t\t\t\t\t\t\t\t<\/div>\n\t\t\t\t<\/div>\n\t\t\t\t<div class=\"elementor-element elementor-element-07ffcae memoria-oral-etiquetas elementor-widget elementor-widget-text-editor\" data-id=\"07ffcae\" data-element_type=\"widget\" data-widget_type=\"text-editor.default\">\n\t\t\t\t<div class=\"elementor-widget-container\">\n\t\t\t\t\t\t\t\t\t<span>Ceremonias<\/span>\t\t\t\t\t\t\t\t<\/div>\n\t\t\t\t<\/div>\n\t\t\t\t<div class=\"elementor-element elementor-element-43a3da0 elementor-list-item-link-inline elementor-icon-list--layout-traditional elementor-widget elementor-widget-icon-list\" data-id=\"43a3da0\" data-element_type=\"widget\" data-widget_type=\"icon-list.default\">\n\t\t\t\t<div class=\"elementor-widget-container\">\n\t\t\t\t\t\t\t<ul class=\"elementor-icon-list-items\">\n\t\t\t\t\t\t\t<li class=\"elementor-icon-list-item\">\n\t\t\t\t\t\t\t\t\t\t\t<a href=\"#\">\n\n\t\t\t\t\t\t\t\t\t\t\t<span class=\"elementor-icon-list-text\">Ver video<\/span>\n\t\t\t\t\t\t\t\t\t\t\t<\/a>\n\t\t\t\t\t\t\t\t\t<\/li>\n\t\t\t\t\t\t<\/ul>\n\t\t\t\t\t\t<\/div>\n\t\t\t\t<\/div>\n\t\t\t\t<div class=\"elementor-element elementor-element-478d25a memoria-oral-videocode elementor-widget elementor-widget-text-editor\" data-id=\"478d25a\" data-element_type=\"widget\" data-widget_type=\"text-editor.default\">\n\t\t\t\t<div class=\"elementor-widget-container\">\n\t\t\t\t\t\t\t\t\tTN-Mo82pwfs\t\t\t\t\t\t\t\t<\/div>\n\t\t\t\t<\/div>\n\t\t\t\t\t<\/div>\n\t\t<\/div>\n\t\t\t\t\t<\/div>\n\t\t<\/section>\n\t\t\t\t<\/div>\n\t\t\t\t<\/article>\n\t\t\t\t<article id=\"post-26889\" class=\"elementor-post elementor-grid-item ecs-post-loop post-26889 mo-testimonio type-mo-testimonio status-publish has-post-thumbnail hentry memoria_oral_evento-juegos-paralimpicos memoria_oral_perfil-paralimpicos\">\n\t\t\t\t<div data-elementor-type=\"loop\" data-elementor-id=\"26655\" class=\"elementor elementor-26655 post-26889 mo-testimonio type-mo-testimonio status-publish has-post-thumbnail hentry memoria_oral_evento-juegos-paralimpicos memoria_oral_perfil-paralimpicos\" data-elementor-post-type=\"elementor_library\">\n\t\t\t\t\t<section class=\"elementor-section elementor-top-section elementor-element elementor-element-56d930b elementor-section-full_width memoria-oral elementor-section-height-default elementor-section-height-default\" data-id=\"56d930b\" data-element_type=\"section\">\n\t\t\t\t\t\t<div class=\"elementor-container elementor-column-gap-no\">\n\t\t\t\t\t<div class=\"elementor-column elementor-col-100 elementor-top-column elementor-element elementor-element-42f9911\" data-id=\"42f9911\" data-element_type=\"column\">\n\t\t\t<div class=\"elementor-widget-wrap elementor-element-populated\">\n\t\t\t\t\t\t<div class=\"elementor-element elementor-element-4b3801b memoria-oral-imagen elementor-widget elementor-widget-theme-post-featured-image elementor-widget-image\" data-id=\"4b3801b\" data-element_type=\"widget\" data-widget_type=\"theme-post-featured-image.default\">\n\t\t\t\t<div class=\"elementor-widget-container\">\n\t\t\t\t\t\t\t\t\t\t\t\t\t\t\t\t<a href=\"#\">\n\t\t\t\t\t\t\t<img loading=\"lazy\" decoding=\"async\" width=\"800\" height=\"533\" src=\"https:\/\/www.fundaciobarcelonaolimpica.es\/wp-content\/uploads\/sites\/3\/2022\/11\/miquel-sagarragadea.png\" class=\"attachment-large size-large wp-image-27330\" alt=\"\" srcset=\"https:\/\/www.fundaciobarcelonaolimpica.es\/wp-content\/uploads\/sites\/3\/2022\/11\/miquel-sagarragadea.png 800w, https:\/\/www.fundaciobarcelonaolimpica.es\/wp-content\/uploads\/sites\/3\/2022\/11\/miquel-sagarragadea-300x200.png 300w, https:\/\/www.fundaciobarcelonaolimpica.es\/wp-content\/uploads\/sites\/3\/2022\/11\/miquel-sagarragadea-768x512.png 768w\" sizes=\"(max-width: 800px) 100vw, 800px\" \/>\t\t\t\t\t\t\t\t<\/a>\n\t\t\t\t\t\t\t\t\t\t\t\t\t\t\t<\/div>\n\t\t\t\t<\/div>\n\t\t\t\t<div class=\"elementor-element elementor-element-c246eac memoria-oral-nombre elementor-widget elementor-widget-theme-post-title elementor-page-title elementor-widget-heading\" data-id=\"c246eac\" data-element_type=\"widget\" data-widget_type=\"theme-post-title.default\">\n\t\t\t\t<div class=\"elementor-widget-container\">\n\t\t\t\t\t<h3 class=\"elementor-heading-title elementor-size-default\"><a href=\"#\">Miguel Sagarra Gadea<\/a><\/h3>\t\t\t\t<\/div>\n\t\t\t\t<\/div>\n\t\t\t\t<div class=\"elementor-element elementor-element-b6e0719 memoria-oral-cargo elementor-widget elementor-widget-text-editor\" data-id=\"b6e0719\" data-element_type=\"widget\" data-widget_type=\"text-editor.default\">\n\t\t\t\t<div class=\"elementor-widget-container\">\n\t\t\t\t\t\t\t\t\tJefe de la delegaci\u00f3n espa\u00f1ola en los Juegos Paral\u00edmpicos de Barcelona&#8217;92\t\t\t\t\t\t\t\t<\/div>\n\t\t\t\t<\/div>\n\t\t\t\t<div class=\"elementor-element elementor-element-443a947 memoria-oral-evento elementor-widget elementor-widget-text-editor\" data-id=\"443a947\" data-element_type=\"widget\" data-widget_type=\"text-editor.default\">\n\t\t\t\t<div class=\"elementor-widget-container\">\n\t\t\t\t\t\t\t\t\t<span>Juegos Paral\u00edmpicos<\/span>\t\t\t\t\t\t\t\t<\/div>\n\t\t\t\t<\/div>\n\t\t\t\t<div class=\"elementor-element elementor-element-d8b14f5 memoria-oral-perfil elementor-widget elementor-widget-text-editor\" data-id=\"d8b14f5\" data-element_type=\"widget\" data-widget_type=\"text-editor.default\">\n\t\t\t\t<div class=\"elementor-widget-container\">\n\t\t\t\t\t\t\t\t\t<span>Paral\u00edmpicos<\/span>\t\t\t\t\t\t\t\t<\/div>\n\t\t\t\t<\/div>\n\t\t\t\t<div class=\"elementor-element elementor-element-43a3da0 elementor-list-item-link-inline elementor-icon-list--layout-traditional elementor-widget elementor-widget-icon-list\" data-id=\"43a3da0\" data-element_type=\"widget\" data-widget_type=\"icon-list.default\">\n\t\t\t\t<div class=\"elementor-widget-container\">\n\t\t\t\t\t\t\t<ul class=\"elementor-icon-list-items\">\n\t\t\t\t\t\t\t<li class=\"elementor-icon-list-item\">\n\t\t\t\t\t\t\t\t\t\t\t<a href=\"#\">\n\n\t\t\t\t\t\t\t\t\t\t\t<span class=\"elementor-icon-list-text\">Ver video<\/span>\n\t\t\t\t\t\t\t\t\t\t\t<\/a>\n\t\t\t\t\t\t\t\t\t<\/li>\n\t\t\t\t\t\t<\/ul>\n\t\t\t\t\t\t<\/div>\n\t\t\t\t<\/div>\n\t\t\t\t<div class=\"elementor-element elementor-element-478d25a memoria-oral-videocode elementor-widget elementor-widget-text-editor\" data-id=\"478d25a\" data-element_type=\"widget\" data-widget_type=\"text-editor.default\">\n\t\t\t\t<div class=\"elementor-widget-container\">\n\t\t\t\t\t\t\t\t\tZW2JuZAvaD0\t\t\t\t\t\t\t\t<\/div>\n\t\t\t\t<\/div>\n\t\t\t\t\t<\/div>\n\t\t<\/div>\n\t\t\t\t\t<\/div>\n\t\t<\/section>\n\t\t\t\t<\/div>\n\t\t\t\t<\/article>\n\t\t\t\t<article id=\"post-26893\" class=\"elementor-post elementor-grid-item ecs-post-loop post-26893 mo-testimonio type-mo-testimonio status-publish has-post-thumbnail hentry memoria_oral_evento-juegos-olimpicos memoria_oral_evento-juegos-paralimpicos memoria_oral_perfil-voluntarios\">\n\t\t\t\t<div data-elementor-type=\"loop\" data-elementor-id=\"26655\" class=\"elementor elementor-26655 post-26893 mo-testimonio type-mo-testimonio status-publish has-post-thumbnail hentry memoria_oral_evento-juegos-olimpicos memoria_oral_evento-juegos-paralimpicos memoria_oral_perfil-voluntarios\" data-elementor-post-type=\"elementor_library\">\n\t\t\t\t\t<section class=\"elementor-section elementor-top-section elementor-element elementor-element-56d930b elementor-section-full_width memoria-oral elementor-section-height-default elementor-section-height-default\" data-id=\"56d930b\" data-element_type=\"section\">\n\t\t\t\t\t\t<div class=\"elementor-container elementor-column-gap-no\">\n\t\t\t\t\t<div class=\"elementor-column elementor-col-100 elementor-top-column elementor-element elementor-element-42f9911\" data-id=\"42f9911\" data-element_type=\"column\">\n\t\t\t<div class=\"elementor-widget-wrap elementor-element-populated\">\n\t\t\t\t\t\t<div class=\"elementor-element elementor-element-4b3801b memoria-oral-imagen elementor-widget elementor-widget-theme-post-featured-image elementor-widget-image\" data-id=\"4b3801b\" data-element_type=\"widget\" data-widget_type=\"theme-post-featured-image.default\">\n\t\t\t\t<div class=\"elementor-widget-container\">\n\t\t\t\t\t\t\t\t\t\t\t\t\t\t\t\t<a href=\"#\">\n\t\t\t\t\t\t\t<img loading=\"lazy\" decoding=\"async\" width=\"800\" height=\"533\" src=\"https:\/\/www.fundaciobarcelonaolimpica.es\/wp-content\/uploads\/sites\/3\/2022\/11\/mariateresa-samaranchsalisachs.png\" class=\"attachment-large size-large wp-image-26998\" alt=\"\" srcset=\"https:\/\/www.fundaciobarcelonaolimpica.es\/wp-content\/uploads\/sites\/3\/2022\/11\/mariateresa-samaranchsalisachs.png 800w, https:\/\/www.fundaciobarcelonaolimpica.es\/wp-content\/uploads\/sites\/3\/2022\/11\/mariateresa-samaranchsalisachs-300x200.png 300w, https:\/\/www.fundaciobarcelonaolimpica.es\/wp-content\/uploads\/sites\/3\/2022\/11\/mariateresa-samaranchsalisachs-768x512.png 768w\" sizes=\"(max-width: 800px) 100vw, 800px\" \/>\t\t\t\t\t\t\t\t<\/a>\n\t\t\t\t\t\t\t\t\t\t\t\t\t\t\t<\/div>\n\t\t\t\t<\/div>\n\t\t\t\t<div class=\"elementor-element elementor-element-c246eac memoria-oral-nombre elementor-widget elementor-widget-theme-post-title elementor-page-title elementor-widget-heading\" data-id=\"c246eac\" data-element_type=\"widget\" data-widget_type=\"theme-post-title.default\">\n\t\t\t\t<div class=\"elementor-widget-container\">\n\t\t\t\t\t<h3 class=\"elementor-heading-title elementor-size-default\"><a href=\"#\">Mar\u00eda Teresa Samaranch Salisachs<\/a><\/h3>\t\t\t\t<\/div>\n\t\t\t\t<\/div>\n\t\t\t\t<div class=\"elementor-element elementor-element-b6e0719 memoria-oral-cargo elementor-widget elementor-widget-text-editor\" data-id=\"b6e0719\" data-element_type=\"widget\" data-widget_type=\"text-editor.default\">\n\t\t\t\t<div class=\"elementor-widget-container\">\n\t\t\t\t\t\t\t\t\tAttachee de la delegaci\u00f3n australiana en los Juegos Ol\u00edmpicos de Barcelona\u201992\t\t\t\t\t\t\t\t<\/div>\n\t\t\t\t<\/div>\n\t\t\t\t<div class=\"elementor-element elementor-element-443a947 memoria-oral-evento elementor-widget elementor-widget-text-editor\" data-id=\"443a947\" data-element_type=\"widget\" data-widget_type=\"text-editor.default\">\n\t\t\t\t<div class=\"elementor-widget-container\">\n\t\t\t\t\t\t\t\t\t<span>Juegos Ol\u00edmpicos<\/span> \/ <span>Juegos Paral\u00edmpicos<\/span>\t\t\t\t\t\t\t\t<\/div>\n\t\t\t\t<\/div>\n\t\t\t\t<div class=\"elementor-element elementor-element-d8b14f5 memoria-oral-perfil elementor-widget elementor-widget-text-editor\" data-id=\"d8b14f5\" data-element_type=\"widget\" data-widget_type=\"text-editor.default\">\n\t\t\t\t<div class=\"elementor-widget-container\">\n\t\t\t\t\t\t\t\t\t<span>Voluntarios<\/span>\t\t\t\t\t\t\t\t<\/div>\n\t\t\t\t<\/div>\n\t\t\t\t<div class=\"elementor-element elementor-element-43a3da0 elementor-list-item-link-inline elementor-icon-list--layout-traditional elementor-widget elementor-widget-icon-list\" data-id=\"43a3da0\" data-element_type=\"widget\" data-widget_type=\"icon-list.default\">\n\t\t\t\t<div class=\"elementor-widget-container\">\n\t\t\t\t\t\t\t<ul class=\"elementor-icon-list-items\">\n\t\t\t\t\t\t\t<li class=\"elementor-icon-list-item\">\n\t\t\t\t\t\t\t\t\t\t\t<a href=\"#\">\n\n\t\t\t\t\t\t\t\t\t\t\t<span class=\"elementor-icon-list-text\">Ver video<\/span>\n\t\t\t\t\t\t\t\t\t\t\t<\/a>\n\t\t\t\t\t\t\t\t\t<\/li>\n\t\t\t\t\t\t<\/ul>\n\t\t\t\t\t\t<\/div>\n\t\t\t\t<\/div>\n\t\t\t\t<div class=\"elementor-element elementor-element-478d25a memoria-oral-videocode elementor-widget elementor-widget-text-editor\" data-id=\"478d25a\" data-element_type=\"widget\" data-widget_type=\"text-editor.default\">\n\t\t\t\t<div class=\"elementor-widget-container\">\n\t\t\t\t\t\t\t\t\t9Uy2zP-yncM\t\t\t\t\t\t\t\t<\/div>\n\t\t\t\t<\/div>\n\t\t\t\t\t<\/div>\n\t\t<\/div>\n\t\t\t\t\t<\/div>\n\t\t<\/section>\n\t\t\t\t<\/div>\n\t\t\t\t<\/article>\n\t\t\t\t<article id=\"post-26896\" class=\"elementor-post elementor-grid-item ecs-post-loop post-26896 mo-testimonio type-mo-testimonio status-publish has-post-thumbnail hentry memoria_oral_evento-juegos-olimpicos memoria_oral_evento-juegos-paralimpicos memoria_oral_perfil-organizacion memoria_oral_etiquetas-planificacion\">\n\t\t\t\t<div data-elementor-type=\"loop\" data-elementor-id=\"26655\" class=\"elementor elementor-26655 post-26896 mo-testimonio type-mo-testimonio status-publish has-post-thumbnail hentry memoria_oral_evento-juegos-olimpicos memoria_oral_evento-juegos-paralimpicos memoria_oral_perfil-organizacion memoria_oral_etiquetas-planificacion\" data-elementor-post-type=\"elementor_library\">\n\t\t\t\t\t<section class=\"elementor-section elementor-top-section elementor-element elementor-element-56d930b elementor-section-full_width memoria-oral elementor-section-height-default elementor-section-height-default\" data-id=\"56d930b\" data-element_type=\"section\">\n\t\t\t\t\t\t<div class=\"elementor-container elementor-column-gap-no\">\n\t\t\t\t\t<div class=\"elementor-column elementor-col-100 elementor-top-column elementor-element elementor-element-42f9911\" data-id=\"42f9911\" data-element_type=\"column\">\n\t\t\t<div class=\"elementor-widget-wrap elementor-element-populated\">\n\t\t\t\t\t\t<div class=\"elementor-element elementor-element-4b3801b memoria-oral-imagen elementor-widget elementor-widget-theme-post-featured-image elementor-widget-image\" data-id=\"4b3801b\" data-element_type=\"widget\" data-widget_type=\"theme-post-featured-image.default\">\n\t\t\t\t<div class=\"elementor-widget-container\">\n\t\t\t\t\t\t\t\t\t\t\t\t\t\t\t\t<a href=\"#\">\n\t\t\t\t\t\t\t<img loading=\"lazy\" decoding=\"async\" width=\"800\" height=\"533\" src=\"https:\/\/www.fundaciobarcelonaolimpica.es\/wp-content\/uploads\/sites\/3\/2022\/11\/carmen-sanmiguel.png\" class=\"attachment-large size-large wp-image-26583\" alt=\"\" srcset=\"https:\/\/www.fundaciobarcelonaolimpica.es\/wp-content\/uploads\/sites\/3\/2022\/11\/carmen-sanmiguel.png 800w, https:\/\/www.fundaciobarcelonaolimpica.es\/wp-content\/uploads\/sites\/3\/2022\/11\/carmen-sanmiguel-300x200.png 300w, https:\/\/www.fundaciobarcelonaolimpica.es\/wp-content\/uploads\/sites\/3\/2022\/11\/carmen-sanmiguel-768x512.png 768w\" sizes=\"(max-width: 800px) 100vw, 800px\" \/>\t\t\t\t\t\t\t\t<\/a>\n\t\t\t\t\t\t\t\t\t\t\t\t\t\t\t<\/div>\n\t\t\t\t<\/div>\n\t\t\t\t<div class=\"elementor-element elementor-element-c246eac memoria-oral-nombre elementor-widget elementor-widget-theme-post-title elementor-page-title elementor-widget-heading\" data-id=\"c246eac\" data-element_type=\"widget\" data-widget_type=\"theme-post-title.default\">\n\t\t\t\t<div class=\"elementor-widget-container\">\n\t\t\t\t\t<h3 class=\"elementor-heading-title elementor-size-default\"><a href=\"#\">Carmen San Miguel Ruibal<\/a><\/h3>\t\t\t\t<\/div>\n\t\t\t\t<\/div>\n\t\t\t\t<div class=\"elementor-element elementor-element-b6e0719 memoria-oral-cargo elementor-widget elementor-widget-text-editor\" data-id=\"b6e0719\" data-element_type=\"widget\" data-widget_type=\"text-editor.default\">\n\t\t\t\t<div class=\"elementor-widget-container\">\n\t\t\t\t\t\t\t\t\tDirectora de la Divisi\u00f3n de Planificaci\u00f3n y Control del COOB\u201992\t\t\t\t\t\t\t\t<\/div>\n\t\t\t\t<\/div>\n\t\t\t\t<div class=\"elementor-element elementor-element-443a947 memoria-oral-evento elementor-widget elementor-widget-text-editor\" data-id=\"443a947\" data-element_type=\"widget\" data-widget_type=\"text-editor.default\">\n\t\t\t\t<div class=\"elementor-widget-container\">\n\t\t\t\t\t\t\t\t\t<span>Juegos Ol\u00edmpicos<\/span> \/ <span>Juegos Paral\u00edmpicos<\/span>\t\t\t\t\t\t\t\t<\/div>\n\t\t\t\t<\/div>\n\t\t\t\t<div class=\"elementor-element elementor-element-d8b14f5 memoria-oral-perfil elementor-widget elementor-widget-text-editor\" data-id=\"d8b14f5\" data-element_type=\"widget\" data-widget_type=\"text-editor.default\">\n\t\t\t\t<div class=\"elementor-widget-container\">\n\t\t\t\t\t\t\t\t\t<span>Organizaci\u00f3n<\/span>\t\t\t\t\t\t\t\t<\/div>\n\t\t\t\t<\/div>\n\t\t\t\t<div class=\"elementor-element elementor-element-07ffcae memoria-oral-etiquetas elementor-widget elementor-widget-text-editor\" data-id=\"07ffcae\" data-element_type=\"widget\" data-widget_type=\"text-editor.default\">\n\t\t\t\t<div class=\"elementor-widget-container\">\n\t\t\t\t\t\t\t\t\t<span>Planificaci\u00f3n<\/span>\t\t\t\t\t\t\t\t<\/div>\n\t\t\t\t<\/div>\n\t\t\t\t<div class=\"elementor-element elementor-element-43a3da0 elementor-list-item-link-inline elementor-icon-list--layout-traditional elementor-widget elementor-widget-icon-list\" data-id=\"43a3da0\" data-element_type=\"widget\" data-widget_type=\"icon-list.default\">\n\t\t\t\t<div class=\"elementor-widget-container\">\n\t\t\t\t\t\t\t<ul class=\"elementor-icon-list-items\">\n\t\t\t\t\t\t\t<li class=\"elementor-icon-list-item\">\n\t\t\t\t\t\t\t\t\t\t\t<a href=\"#\">\n\n\t\t\t\t\t\t\t\t\t\t\t<span class=\"elementor-icon-list-text\">Ver video<\/span>\n\t\t\t\t\t\t\t\t\t\t\t<\/a>\n\t\t\t\t\t\t\t\t\t<\/li>\n\t\t\t\t\t\t<\/ul>\n\t\t\t\t\t\t<\/div>\n\t\t\t\t<\/div>\n\t\t\t\t<div class=\"elementor-element elementor-element-478d25a memoria-oral-videocode elementor-widget elementor-widget-text-editor\" data-id=\"478d25a\" data-element_type=\"widget\" data-widget_type=\"text-editor.default\">\n\t\t\t\t<div class=\"elementor-widget-container\">\n\t\t\t\t\t\t\t\t\tIbhW5XUWvf8\t\t\t\t\t\t\t\t<\/div>\n\t\t\t\t<\/div>\n\t\t\t\t\t<\/div>\n\t\t<\/div>\n\t\t\t\t\t<\/div>\n\t\t<\/section>\n\t\t\t\t<\/div>\n\t\t\t\t<\/article>\n\t\t\t\t<article id=\"post-29147\" class=\"elementor-post elementor-grid-item ecs-post-loop post-29147 mo-testimonio type-mo-testimonio status-publish has-post-thumbnail hentry memoria_oral_evento-juegos-olimpicos memoria_oral_perfil-deportista memoria_oral_etiquetas-natacion memoria_oral_etiquetas-waterpolo\">\n\t\t\t\t<div data-elementor-type=\"loop\" data-elementor-id=\"26655\" class=\"elementor elementor-26655 post-29147 mo-testimonio type-mo-testimonio status-publish has-post-thumbnail hentry memoria_oral_evento-juegos-olimpicos memoria_oral_perfil-deportista memoria_oral_etiquetas-natacion memoria_oral_etiquetas-waterpolo\" data-elementor-post-type=\"elementor_library\">\n\t\t\t\t\t<section class=\"elementor-section elementor-top-section elementor-element elementor-element-56d930b elementor-section-full_width memoria-oral elementor-section-height-default elementor-section-height-default\" data-id=\"56d930b\" data-element_type=\"section\">\n\t\t\t\t\t\t<div class=\"elementor-container elementor-column-gap-no\">\n\t\t\t\t\t<div class=\"elementor-column elementor-col-100 elementor-top-column elementor-element elementor-element-42f9911\" data-id=\"42f9911\" data-element_type=\"column\">\n\t\t\t<div class=\"elementor-widget-wrap elementor-element-populated\">\n\t\t\t\t\t\t<div class=\"elementor-element elementor-element-4b3801b memoria-oral-imagen elementor-widget elementor-widget-theme-post-featured-image elementor-widget-image\" data-id=\"4b3801b\" data-element_type=\"widget\" data-widget_type=\"theme-post-featured-image.default\">\n\t\t\t\t<div class=\"elementor-widget-container\">\n\t\t\t\t\t\t\t\t\t\t\t\t\t\t\t\t<a href=\"#\">\n\t\t\t\t\t\t\t<img loading=\"lazy\" decoding=\"async\" width=\"800\" height=\"533\" src=\"https:\/\/www.fundaciobarcelonaolimpica.es\/wp-content\/uploads\/sites\/3\/2022\/11\/jordi_sans.jpg\" class=\"attachment-large size-large wp-image-29170\" alt=\"\" srcset=\"https:\/\/www.fundaciobarcelonaolimpica.es\/wp-content\/uploads\/sites\/3\/2022\/11\/jordi_sans.jpg 800w, https:\/\/www.fundaciobarcelonaolimpica.es\/wp-content\/uploads\/sites\/3\/2022\/11\/jordi_sans-300x200.jpg 300w, https:\/\/www.fundaciobarcelonaolimpica.es\/wp-content\/uploads\/sites\/3\/2022\/11\/jordi_sans-768x512.jpg 768w\" sizes=\"(max-width: 800px) 100vw, 800px\" \/>\t\t\t\t\t\t\t\t<\/a>\n\t\t\t\t\t\t\t\t\t\t\t\t\t\t\t<\/div>\n\t\t\t\t<\/div>\n\t\t\t\t<div class=\"elementor-element elementor-element-c246eac memoria-oral-nombre elementor-widget elementor-widget-theme-post-title elementor-page-title elementor-widget-heading\" data-id=\"c246eac\" data-element_type=\"widget\" data-widget_type=\"theme-post-title.default\">\n\t\t\t\t<div class=\"elementor-widget-container\">\n\t\t\t\t\t<h3 class=\"elementor-heading-title elementor-size-default\"><a href=\"#\">Jordi Sans Juan<\/a><\/h3>\t\t\t\t<\/div>\n\t\t\t\t<\/div>\n\t\t\t\t<div class=\"elementor-element elementor-element-b6e0719 memoria-oral-cargo elementor-widget elementor-widget-text-editor\" data-id=\"b6e0719\" data-element_type=\"widget\" data-widget_type=\"text-editor.default\">\n\t\t\t\t<div class=\"elementor-widget-container\">\n\t\t\t\t\t\t\t\t\tGanador de la medalla de plata en los Juegos Ol\u00edmpicos de Barcelona\u201992 y de la medalla de oro en los Juegos Ol\u00edmpicos de Atlanta de 1996, en la competici\u00f3n de waterpolo\t\t\t\t\t\t\t\t<\/div>\n\t\t\t\t<\/div>\n\t\t\t\t<div class=\"elementor-element elementor-element-443a947 memoria-oral-evento elementor-widget elementor-widget-text-editor\" data-id=\"443a947\" data-element_type=\"widget\" data-widget_type=\"text-editor.default\">\n\t\t\t\t<div class=\"elementor-widget-container\">\n\t\t\t\t\t\t\t\t\t<span>Juegos Ol\u00edmpicos<\/span>\t\t\t\t\t\t\t\t<\/div>\n\t\t\t\t<\/div>\n\t\t\t\t<div class=\"elementor-element elementor-element-d8b14f5 memoria-oral-perfil elementor-widget elementor-widget-text-editor\" data-id=\"d8b14f5\" data-element_type=\"widget\" data-widget_type=\"text-editor.default\">\n\t\t\t\t<div class=\"elementor-widget-container\">\n\t\t\t\t\t\t\t\t\t<span>Deportista<\/span>\t\t\t\t\t\t\t\t<\/div>\n\t\t\t\t<\/div>\n\t\t\t\t<div class=\"elementor-element elementor-element-07ffcae memoria-oral-etiquetas elementor-widget elementor-widget-text-editor\" data-id=\"07ffcae\" data-element_type=\"widget\" data-widget_type=\"text-editor.default\">\n\t\t\t\t<div class=\"elementor-widget-container\">\n\t\t\t\t\t\t\t\t\t<span>Nataci\u00f3n<\/span><span>Waterpolo<\/span>\t\t\t\t\t\t\t\t<\/div>\n\t\t\t\t<\/div>\n\t\t\t\t<div class=\"elementor-element elementor-element-43a3da0 elementor-list-item-link-inline elementor-icon-list--layout-traditional elementor-widget elementor-widget-icon-list\" data-id=\"43a3da0\" data-element_type=\"widget\" data-widget_type=\"icon-list.default\">\n\t\t\t\t<div class=\"elementor-widget-container\">\n\t\t\t\t\t\t\t<ul class=\"elementor-icon-list-items\">\n\t\t\t\t\t\t\t<li class=\"elementor-icon-list-item\">\n\t\t\t\t\t\t\t\t\t\t\t<a href=\"#\">\n\n\t\t\t\t\t\t\t\t\t\t\t<span class=\"elementor-icon-list-text\">Ver video<\/span>\n\t\t\t\t\t\t\t\t\t\t\t<\/a>\n\t\t\t\t\t\t\t\t\t<\/li>\n\t\t\t\t\t\t<\/ul>\n\t\t\t\t\t\t<\/div>\n\t\t\t\t<\/div>\n\t\t\t\t<div class=\"elementor-element elementor-element-478d25a memoria-oral-videocode elementor-widget elementor-widget-text-editor\" data-id=\"478d25a\" data-element_type=\"widget\" data-widget_type=\"text-editor.default\">\n\t\t\t\t<div class=\"elementor-widget-container\">\n\t\t\t\t\t\t\t\t\ts7jVgR0U9BU\t\t\t\t\t\t\t\t<\/div>\n\t\t\t\t<\/div>\n\t\t\t\t\t<\/div>\n\t\t<\/div>\n\t\t\t\t\t<\/div>\n\t\t<\/section>\n\t\t\t\t<\/div>\n\t\t\t\t<\/article>\n\t\t\t\t<article id=\"post-26900\" class=\"elementor-post elementor-grid-item ecs-post-loop post-26900 mo-testimonio type-mo-testimonio status-publish has-post-thumbnail hentry memoria_oral_evento-juegos-olimpicos memoria_oral_evento-juegos-paralimpicos memoria_oral_perfil-politico memoria_oral_etiquetas-gobierno-de-espana\">\n\t\t\t\t<div data-elementor-type=\"loop\" data-elementor-id=\"26655\" class=\"elementor elementor-26655 post-26900 mo-testimonio type-mo-testimonio status-publish has-post-thumbnail hentry memoria_oral_evento-juegos-olimpicos memoria_oral_evento-juegos-paralimpicos memoria_oral_perfil-politico memoria_oral_etiquetas-gobierno-de-espana\" data-elementor-post-type=\"elementor_library\">\n\t\t\t\t\t<section class=\"elementor-section elementor-top-section elementor-element elementor-element-56d930b elementor-section-full_width memoria-oral elementor-section-height-default elementor-section-height-default\" data-id=\"56d930b\" data-element_type=\"section\">\n\t\t\t\t\t\t<div class=\"elementor-container elementor-column-gap-no\">\n\t\t\t\t\t<div class=\"elementor-column elementor-col-100 elementor-top-column elementor-element elementor-element-42f9911\" data-id=\"42f9911\" data-element_type=\"column\">\n\t\t\t<div class=\"elementor-widget-wrap elementor-element-populated\">\n\t\t\t\t\t\t<div class=\"elementor-element elementor-element-4b3801b memoria-oral-imagen elementor-widget elementor-widget-theme-post-featured-image elementor-widget-image\" data-id=\"4b3801b\" data-element_type=\"widget\" data-widget_type=\"theme-post-featured-image.default\">\n\t\t\t\t<div class=\"elementor-widget-container\">\n\t\t\t\t\t\t\t\t\t\t\t\t\t\t\t\t<a href=\"#\">\n\t\t\t\t\t\t\t<img loading=\"lazy\" decoding=\"async\" width=\"800\" height=\"533\" src=\"https:\/\/www.fundaciobarcelonaolimpica.es\/wp-content\/uploads\/sites\/3\/2022\/11\/narcis-serra.png\" class=\"attachment-large size-large wp-image-26586\" alt=\"\" srcset=\"https:\/\/www.fundaciobarcelonaolimpica.es\/wp-content\/uploads\/sites\/3\/2022\/11\/narcis-serra.png 800w, https:\/\/www.fundaciobarcelonaolimpica.es\/wp-content\/uploads\/sites\/3\/2022\/11\/narcis-serra-300x200.png 300w, https:\/\/www.fundaciobarcelonaolimpica.es\/wp-content\/uploads\/sites\/3\/2022\/11\/narcis-serra-768x512.png 768w\" sizes=\"(max-width: 800px) 100vw, 800px\" \/>\t\t\t\t\t\t\t\t<\/a>\n\t\t\t\t\t\t\t\t\t\t\t\t\t\t\t<\/div>\n\t\t\t\t<\/div>\n\t\t\t\t<div class=\"elementor-element elementor-element-c246eac memoria-oral-nombre elementor-widget elementor-widget-theme-post-title elementor-page-title elementor-widget-heading\" data-id=\"c246eac\" data-element_type=\"widget\" data-widget_type=\"theme-post-title.default\">\n\t\t\t\t<div class=\"elementor-widget-container\">\n\t\t\t\t\t<h3 class=\"elementor-heading-title elementor-size-default\"><a href=\"#\">Narc\u00eds Serra i Serra<\/a><\/h3>\t\t\t\t<\/div>\n\t\t\t\t<\/div>\n\t\t\t\t<div class=\"elementor-element elementor-element-b6e0719 memoria-oral-cargo elementor-widget elementor-widget-text-editor\" data-id=\"b6e0719\" data-element_type=\"widget\" data-widget_type=\"text-editor.default\">\n\t\t\t\t<div class=\"elementor-widget-container\">\n\t\t\t\t\t\t\t\t\tAlcalde de Barcelona (1979-1982) impulsor de la candidatura ol\u00edmpica y vicepresidente del Gobierno de Espa\u00f1a (1991-1995)\t\t\t\t\t\t\t\t<\/div>\n\t\t\t\t<\/div>\n\t\t\t\t<div class=\"elementor-element elementor-element-443a947 memoria-oral-evento elementor-widget elementor-widget-text-editor\" data-id=\"443a947\" data-element_type=\"widget\" data-widget_type=\"text-editor.default\">\n\t\t\t\t<div class=\"elementor-widget-container\">\n\t\t\t\t\t\t\t\t\t<span>Juegos Ol\u00edmpicos<\/span> \/ <span>Juegos Paral\u00edmpicos<\/span>\t\t\t\t\t\t\t\t<\/div>\n\t\t\t\t<\/div>\n\t\t\t\t<div class=\"elementor-element elementor-element-d8b14f5 memoria-oral-perfil elementor-widget elementor-widget-text-editor\" data-id=\"d8b14f5\" data-element_type=\"widget\" data-widget_type=\"text-editor.default\">\n\t\t\t\t<div class=\"elementor-widget-container\">\n\t\t\t\t\t\t\t\t\t<span>Pol\u00edtico<\/span>\t\t\t\t\t\t\t\t<\/div>\n\t\t\t\t<\/div>\n\t\t\t\t<div class=\"elementor-element elementor-element-07ffcae memoria-oral-etiquetas elementor-widget elementor-widget-text-editor\" data-id=\"07ffcae\" data-element_type=\"widget\" data-widget_type=\"text-editor.default\">\n\t\t\t\t<div class=\"elementor-widget-container\">\n\t\t\t\t\t\t\t\t\t<span>Gobierno de Espa\u00f1a<\/span>\t\t\t\t\t\t\t\t<\/div>\n\t\t\t\t<\/div>\n\t\t\t\t<div class=\"elementor-element elementor-element-43a3da0 elementor-list-item-link-inline elementor-icon-list--layout-traditional elementor-widget elementor-widget-icon-list\" data-id=\"43a3da0\" data-element_type=\"widget\" data-widget_type=\"icon-list.default\">\n\t\t\t\t<div class=\"elementor-widget-container\">\n\t\t\t\t\t\t\t<ul class=\"elementor-icon-list-items\">\n\t\t\t\t\t\t\t<li class=\"elementor-icon-list-item\">\n\t\t\t\t\t\t\t\t\t\t\t<a href=\"#\">\n\n\t\t\t\t\t\t\t\t\t\t\t<span class=\"elementor-icon-list-text\">Ver video<\/span>\n\t\t\t\t\t\t\t\t\t\t\t<\/a>\n\t\t\t\t\t\t\t\t\t<\/li>\n\t\t\t\t\t\t<\/ul>\n\t\t\t\t\t\t<\/div>\n\t\t\t\t<\/div>\n\t\t\t\t<div class=\"elementor-element elementor-element-478d25a memoria-oral-videocode elementor-widget elementor-widget-text-editor\" data-id=\"478d25a\" data-element_type=\"widget\" data-widget_type=\"text-editor.default\">\n\t\t\t\t<div class=\"elementor-widget-container\">\n\t\t\t\t\t\t\t\t\tRXTUtX9XjG0\t\t\t\t\t\t\t\t<\/div>\n\t\t\t\t<\/div>\n\t\t\t\t\t<\/div>\n\t\t<\/div>\n\t\t\t\t\t<\/div>\n\t\t<\/section>\n\t\t\t\t<\/div>\n\t\t\t\t<\/article>\n\t\t\t\t<article id=\"post-29150\" class=\"elementor-post elementor-grid-item ecs-post-loop post-29150 mo-testimonio type-mo-testimonio status-publish has-post-thumbnail hentry memoria_oral_evento-juegos-olimpicos memoria_oral_evento-juegos-paralimpicos memoria_oral_perfil-organizacion memoria_oral_etiquetas-comunicacion\">\n\t\t\t\t<div data-elementor-type=\"loop\" data-elementor-id=\"26655\" class=\"elementor elementor-26655 post-29150 mo-testimonio type-mo-testimonio status-publish has-post-thumbnail hentry memoria_oral_evento-juegos-olimpicos memoria_oral_evento-juegos-paralimpicos memoria_oral_perfil-organizacion memoria_oral_etiquetas-comunicacion\" data-elementor-post-type=\"elementor_library\">\n\t\t\t\t\t<section class=\"elementor-section elementor-top-section elementor-element elementor-element-56d930b elementor-section-full_width memoria-oral elementor-section-height-default elementor-section-height-default\" data-id=\"56d930b\" data-element_type=\"section\">\n\t\t\t\t\t\t<div class=\"elementor-container elementor-column-gap-no\">\n\t\t\t\t\t<div class=\"elementor-column elementor-col-100 elementor-top-column elementor-element elementor-element-42f9911\" data-id=\"42f9911\" data-element_type=\"column\">\n\t\t\t<div class=\"elementor-widget-wrap elementor-element-populated\">\n\t\t\t\t\t\t<div class=\"elementor-element elementor-element-4b3801b memoria-oral-imagen elementor-widget elementor-widget-theme-post-featured-image elementor-widget-image\" data-id=\"4b3801b\" data-element_type=\"widget\" data-widget_type=\"theme-post-featured-image.default\">\n\t\t\t\t<div class=\"elementor-widget-container\">\n\t\t\t\t\t\t\t\t\t\t\t\t\t\t\t\t<a href=\"#\">\n\t\t\t\t\t\t\t<img loading=\"lazy\" decoding=\"async\" width=\"800\" height=\"533\" src=\"https:\/\/www.fundaciobarcelonaolimpica.es\/wp-content\/uploads\/sites\/3\/2022\/11\/montserrat_solsona.jpg\" class=\"attachment-large size-large wp-image-29158\" alt=\"\" srcset=\"https:\/\/www.fundaciobarcelonaolimpica.es\/wp-content\/uploads\/sites\/3\/2022\/11\/montserrat_solsona.jpg 800w, https:\/\/www.fundaciobarcelonaolimpica.es\/wp-content\/uploads\/sites\/3\/2022\/11\/montserrat_solsona-300x200.jpg 300w, https:\/\/www.fundaciobarcelonaolimpica.es\/wp-content\/uploads\/sites\/3\/2022\/11\/montserrat_solsona-768x512.jpg 768w\" sizes=\"(max-width: 800px) 100vw, 800px\" \/>\t\t\t\t\t\t\t\t<\/a>\n\t\t\t\t\t\t\t\t\t\t\t\t\t\t\t<\/div>\n\t\t\t\t<\/div>\n\t\t\t\t<div class=\"elementor-element elementor-element-c246eac memoria-oral-nombre elementor-widget elementor-widget-theme-post-title elementor-page-title elementor-widget-heading\" data-id=\"c246eac\" data-element_type=\"widget\" data-widget_type=\"theme-post-title.default\">\n\t\t\t\t<div class=\"elementor-widget-container\">\n\t\t\t\t\t<h3 class=\"elementor-heading-title elementor-size-default\"><a href=\"#\">Montserrat Solsona Vilardell<\/a><\/h3>\t\t\t\t<\/div>\n\t\t\t\t<\/div>\n\t\t\t\t<div class=\"elementor-element elementor-element-b6e0719 memoria-oral-cargo elementor-widget elementor-widget-text-editor\" data-id=\"b6e0719\" data-element_type=\"widget\" data-widget_type=\"text-editor.default\">\n\t\t\t\t<div class=\"elementor-widget-container\">\n\t\t\t\t\t\t\t\t\tRelaciones externas y protocolo del COOB\u201992\t\t\t\t\t\t\t\t<\/div>\n\t\t\t\t<\/div>\n\t\t\t\t<div class=\"elementor-element elementor-element-443a947 memoria-oral-evento elementor-widget elementor-widget-text-editor\" data-id=\"443a947\" data-element_type=\"widget\" data-widget_type=\"text-editor.default\">\n\t\t\t\t<div class=\"elementor-widget-container\">\n\t\t\t\t\t\t\t\t\t<span>Juegos Ol\u00edmpicos<\/span> \/ <span>Juegos Paral\u00edmpicos<\/span>\t\t\t\t\t\t\t\t<\/div>\n\t\t\t\t<\/div>\n\t\t\t\t<div class=\"elementor-element elementor-element-d8b14f5 memoria-oral-perfil elementor-widget elementor-widget-text-editor\" data-id=\"d8b14f5\" data-element_type=\"widget\" data-widget_type=\"text-editor.default\">\n\t\t\t\t<div class=\"elementor-widget-container\">\n\t\t\t\t\t\t\t\t\t<span>Organizaci\u00f3n<\/span>\t\t\t\t\t\t\t\t<\/div>\n\t\t\t\t<\/div>\n\t\t\t\t<div class=\"elementor-element elementor-element-07ffcae memoria-oral-etiquetas elementor-widget elementor-widget-text-editor\" data-id=\"07ffcae\" data-element_type=\"widget\" data-widget_type=\"text-editor.default\">\n\t\t\t\t<div class=\"elementor-widget-container\">\n\t\t\t\t\t\t\t\t\t<span>Comunicaci\u00f3n<\/span>\t\t\t\t\t\t\t\t<\/div>\n\t\t\t\t<\/div>\n\t\t\t\t<div class=\"elementor-element elementor-element-43a3da0 elementor-list-item-link-inline elementor-icon-list--layout-traditional elementor-widget elementor-widget-icon-list\" data-id=\"43a3da0\" data-element_type=\"widget\" data-widget_type=\"icon-list.default\">\n\t\t\t\t<div class=\"elementor-widget-container\">\n\t\t\t\t\t\t\t<ul class=\"elementor-icon-list-items\">\n\t\t\t\t\t\t\t<li class=\"elementor-icon-list-item\">\n\t\t\t\t\t\t\t\t\t\t\t<a href=\"#\">\n\n\t\t\t\t\t\t\t\t\t\t\t<span class=\"elementor-icon-list-text\">Ver video<\/span>\n\t\t\t\t\t\t\t\t\t\t\t<\/a>\n\t\t\t\t\t\t\t\t\t<\/li>\n\t\t\t\t\t\t<\/ul>\n\t\t\t\t\t\t<\/div>\n\t\t\t\t<\/div>\n\t\t\t\t<div class=\"elementor-element elementor-element-478d25a memoria-oral-videocode elementor-widget elementor-widget-text-editor\" data-id=\"478d25a\" data-element_type=\"widget\" data-widget_type=\"text-editor.default\">\n\t\t\t\t<div class=\"elementor-widget-container\">\n\t\t\t\t\t\t\t\t\tegd31J3yMlI\t\t\t\t\t\t\t\t<\/div>\n\t\t\t\t<\/div>\n\t\t\t\t\t<\/div>\n\t\t<\/div>\n\t\t\t\t\t<\/div>\n\t\t<\/section>\n\t\t\t\t<\/div>\n\t\t\t\t<\/article>\n\t\t\t\t<article id=\"post-26904\" class=\"elementor-post elementor-grid-item ecs-post-loop post-26904 mo-testimonio type-mo-testimonio status-publish has-post-thumbnail hentry memoria_oral_evento-juegos-olimpicos memoria_oral_evento-juegos-paralimpicos memoria_oral_perfil-politico memoria_oral_etiquetas-generalitat-de-catalunya\">\n\t\t\t\t<div data-elementor-type=\"loop\" data-elementor-id=\"26655\" class=\"elementor elementor-26655 post-26904 mo-testimonio type-mo-testimonio status-publish has-post-thumbnail hentry memoria_oral_evento-juegos-olimpicos memoria_oral_evento-juegos-paralimpicos memoria_oral_perfil-politico memoria_oral_etiquetas-generalitat-de-catalunya\" data-elementor-post-type=\"elementor_library\">\n\t\t\t\t\t<section class=\"elementor-section elementor-top-section elementor-element elementor-element-56d930b elementor-section-full_width memoria-oral elementor-section-height-default elementor-section-height-default\" data-id=\"56d930b\" data-element_type=\"section\">\n\t\t\t\t\t\t<div class=\"elementor-container elementor-column-gap-no\">\n\t\t\t\t\t<div class=\"elementor-column elementor-col-100 elementor-top-column elementor-element elementor-element-42f9911\" data-id=\"42f9911\" data-element_type=\"column\">\n\t\t\t<div class=\"elementor-widget-wrap elementor-element-populated\">\n\t\t\t\t\t\t<div class=\"elementor-element elementor-element-4b3801b memoria-oral-imagen elementor-widget elementor-widget-theme-post-featured-image elementor-widget-image\" data-id=\"4b3801b\" data-element_type=\"widget\" data-widget_type=\"theme-post-featured-image.default\">\n\t\t\t\t<div class=\"elementor-widget-container\">\n\t\t\t\t\t\t\t\t\t\t\t\t\t\t\t\t<a href=\"#\">\n\t\t\t\t\t\t\t<img loading=\"lazy\" decoding=\"async\" width=\"800\" height=\"533\" src=\"https:\/\/www.fundaciobarcelonaolimpica.es\/wp-content\/uploads\/sites\/3\/2022\/11\/fidel-sustsmitjans.png\" class=\"attachment-large size-large wp-image-27333\" alt=\"\" srcset=\"https:\/\/www.fundaciobarcelonaolimpica.es\/wp-content\/uploads\/sites\/3\/2022\/11\/fidel-sustsmitjans.png 800w, https:\/\/www.fundaciobarcelonaolimpica.es\/wp-content\/uploads\/sites\/3\/2022\/11\/fidel-sustsmitjans-300x200.png 300w, https:\/\/www.fundaciobarcelonaolimpica.es\/wp-content\/uploads\/sites\/3\/2022\/11\/fidel-sustsmitjans-768x512.png 768w\" sizes=\"(max-width: 800px) 100vw, 800px\" \/>\t\t\t\t\t\t\t\t<\/a>\n\t\t\t\t\t\t\t\t\t\t\t\t\t\t\t<\/div>\n\t\t\t\t<\/div>\n\t\t\t\t<div class=\"elementor-element elementor-element-c246eac memoria-oral-nombre elementor-widget elementor-widget-theme-post-title elementor-page-title elementor-widget-heading\" data-id=\"c246eac\" data-element_type=\"widget\" data-widget_type=\"theme-post-title.default\">\n\t\t\t\t<div class=\"elementor-widget-container\">\n\t\t\t\t\t<h3 class=\"elementor-heading-title elementor-size-default\"><a href=\"#\">Fidel Sust i Mitjans<\/a><\/h3>\t\t\t\t<\/div>\n\t\t\t\t<\/div>\n\t\t\t\t<div class=\"elementor-element elementor-element-b6e0719 memoria-oral-cargo elementor-widget elementor-widget-text-editor\" data-id=\"b6e0719\" data-element_type=\"widget\" data-widget_type=\"text-editor.default\">\n\t\t\t\t<div class=\"elementor-widget-container\">\n\t\t\t\t\t\t\t\t\tDirector de Deportes de la Generalitat de Catalu\u00f1a\t\t\t\t\t\t\t\t<\/div>\n\t\t\t\t<\/div>\n\t\t\t\t<div class=\"elementor-element elementor-element-443a947 memoria-oral-evento elementor-widget elementor-widget-text-editor\" data-id=\"443a947\" data-element_type=\"widget\" data-widget_type=\"text-editor.default\">\n\t\t\t\t<div class=\"elementor-widget-container\">\n\t\t\t\t\t\t\t\t\t<span>Juegos Ol\u00edmpicos<\/span> \/ <span>Juegos Paral\u00edmpicos<\/span>\t\t\t\t\t\t\t\t<\/div>\n\t\t\t\t<\/div>\n\t\t\t\t<div class=\"elementor-element elementor-element-d8b14f5 memoria-oral-perfil elementor-widget elementor-widget-text-editor\" data-id=\"d8b14f5\" data-element_type=\"widget\" data-widget_type=\"text-editor.default\">\n\t\t\t\t<div class=\"elementor-widget-container\">\n\t\t\t\t\t\t\t\t\t<span>Pol\u00edtico<\/span>\t\t\t\t\t\t\t\t<\/div>\n\t\t\t\t<\/div>\n\t\t\t\t<div class=\"elementor-element elementor-element-07ffcae memoria-oral-etiquetas elementor-widget elementor-widget-text-editor\" data-id=\"07ffcae\" data-element_type=\"widget\" data-widget_type=\"text-editor.default\">\n\t\t\t\t<div class=\"elementor-widget-container\">\n\t\t\t\t\t\t\t\t\t<span>Generalitat de Catalunya<\/span>\t\t\t\t\t\t\t\t<\/div>\n\t\t\t\t<\/div>\n\t\t\t\t<div class=\"elementor-element elementor-element-43a3da0 elementor-list-item-link-inline elementor-icon-list--layout-traditional elementor-widget elementor-widget-icon-list\" data-id=\"43a3da0\" data-element_type=\"widget\" data-widget_type=\"icon-list.default\">\n\t\t\t\t<div class=\"elementor-widget-container\">\n\t\t\t\t\t\t\t<ul class=\"elementor-icon-list-items\">\n\t\t\t\t\t\t\t<li class=\"elementor-icon-list-item\">\n\t\t\t\t\t\t\t\t\t\t\t<a href=\"#\">\n\n\t\t\t\t\t\t\t\t\t\t\t<span class=\"elementor-icon-list-text\">Ver video<\/span>\n\t\t\t\t\t\t\t\t\t\t\t<\/a>\n\t\t\t\t\t\t\t\t\t<\/li>\n\t\t\t\t\t\t<\/ul>\n\t\t\t\t\t\t<\/div>\n\t\t\t\t<\/div>\n\t\t\t\t<div class=\"elementor-element elementor-element-478d25a memoria-oral-videocode elementor-widget elementor-widget-text-editor\" data-id=\"478d25a\" data-element_type=\"widget\" data-widget_type=\"text-editor.default\">\n\t\t\t\t<div class=\"elementor-widget-container\">\n\t\t\t\t\t\t\t\t\tvNH7Aw8b62A\t\t\t\t\t\t\t\t<\/div>\n\t\t\t\t<\/div>\n\t\t\t\t\t<\/div>\n\t\t<\/div>\n\t\t\t\t\t<\/div>\n\t\t<\/section>\n\t\t\t\t<\/div>\n\t\t\t\t<\/article>\n\t\t\t\t<article id=\"post-26908\" class=\"elementor-post elementor-grid-item ecs-post-loop post-26908 mo-testimonio type-mo-testimonio status-publish has-post-thumbnail hentry memoria_oral_evento-juegos-olimpicos memoria_oral_evento-juegos-paralimpicos memoria_oral_perfil-disenador\">\n\t\t\t\t<div data-elementor-type=\"loop\" data-elementor-id=\"26655\" class=\"elementor elementor-26655 post-26908 mo-testimonio type-mo-testimonio status-publish has-post-thumbnail hentry memoria_oral_evento-juegos-olimpicos memoria_oral_evento-juegos-paralimpicos memoria_oral_perfil-disenador\" data-elementor-post-type=\"elementor_library\">\n\t\t\t\t\t<section class=\"elementor-section elementor-top-section elementor-element elementor-element-56d930b elementor-section-full_width memoria-oral elementor-section-height-default elementor-section-height-default\" data-id=\"56d930b\" data-element_type=\"section\">\n\t\t\t\t\t\t<div class=\"elementor-container elementor-column-gap-no\">\n\t\t\t\t\t<div class=\"elementor-column elementor-col-100 elementor-top-column elementor-element elementor-element-42f9911\" data-id=\"42f9911\" data-element_type=\"column\">\n\t\t\t<div class=\"elementor-widget-wrap elementor-element-populated\">\n\t\t\t\t\t\t<div class=\"elementor-element elementor-element-4b3801b memoria-oral-imagen elementor-widget elementor-widget-theme-post-featured-image elementor-widget-image\" data-id=\"4b3801b\" data-element_type=\"widget\" data-widget_type=\"theme-post-featured-image.default\">\n\t\t\t\t<div class=\"elementor-widget-container\">\n\t\t\t\t\t\t\t\t\t\t\t\t\t\t\t\t<a href=\"#\">\n\t\t\t\t\t\t\t<img loading=\"lazy\" decoding=\"async\" width=\"800\" height=\"533\" src=\"https:\/\/www.fundaciobarcelonaolimpica.es\/wp-content\/uploads\/sites\/3\/2022\/11\/josepmaria-trias.png\" class=\"attachment-large size-large wp-image-26589\" alt=\"\" srcset=\"https:\/\/www.fundaciobarcelonaolimpica.es\/wp-content\/uploads\/sites\/3\/2022\/11\/josepmaria-trias.png 800w, https:\/\/www.fundaciobarcelonaolimpica.es\/wp-content\/uploads\/sites\/3\/2022\/11\/josepmaria-trias-300x200.png 300w, https:\/\/www.fundaciobarcelonaolimpica.es\/wp-content\/uploads\/sites\/3\/2022\/11\/josepmaria-trias-768x512.png 768w\" sizes=\"(max-width: 800px) 100vw, 800px\" \/>\t\t\t\t\t\t\t\t<\/a>\n\t\t\t\t\t\t\t\t\t\t\t\t\t\t\t<\/div>\n\t\t\t\t<\/div>\n\t\t\t\t<div class=\"elementor-element elementor-element-c246eac memoria-oral-nombre elementor-widget elementor-widget-theme-post-title elementor-page-title elementor-widget-heading\" data-id=\"c246eac\" data-element_type=\"widget\" data-widget_type=\"theme-post-title.default\">\n\t\t\t\t<div class=\"elementor-widget-container\">\n\t\t\t\t\t<h3 class=\"elementor-heading-title elementor-size-default\"><a href=\"#\">Josep Maria Trias i Folch<\/a><\/h3>\t\t\t\t<\/div>\n\t\t\t\t<\/div>\n\t\t\t\t<div class=\"elementor-element elementor-element-b6e0719 memoria-oral-cargo elementor-widget elementor-widget-text-editor\" data-id=\"b6e0719\" data-element_type=\"widget\" data-widget_type=\"text-editor.default\">\n\t\t\t\t<div class=\"elementor-widget-container\">\n\t\t\t\t\t\t\t\t\tDise\u00f1ador de los logotipos y pictogramas de los Juegos Ol\u00edmpicos y Paral\u00edmpicos de Barcelona\u201992\t\t\t\t\t\t\t\t<\/div>\n\t\t\t\t<\/div>\n\t\t\t\t<div class=\"elementor-element elementor-element-443a947 memoria-oral-evento elementor-widget elementor-widget-text-editor\" data-id=\"443a947\" data-element_type=\"widget\" data-widget_type=\"text-editor.default\">\n\t\t\t\t<div class=\"elementor-widget-container\">\n\t\t\t\t\t\t\t\t\t<span>Juegos Ol\u00edmpicos<\/span> \/ <span>Juegos Paral\u00edmpicos<\/span>\t\t\t\t\t\t\t\t<\/div>\n\t\t\t\t<\/div>\n\t\t\t\t<div class=\"elementor-element elementor-element-d8b14f5 memoria-oral-perfil elementor-widget elementor-widget-text-editor\" data-id=\"d8b14f5\" data-element_type=\"widget\" data-widget_type=\"text-editor.default\">\n\t\t\t\t<div class=\"elementor-widget-container\">\n\t\t\t\t\t\t\t\t\t<span>Dise\u00f1ador<\/span>\t\t\t\t\t\t\t\t<\/div>\n\t\t\t\t<\/div>\n\t\t\t\t<div class=\"elementor-element elementor-element-43a3da0 elementor-list-item-link-inline elementor-icon-list--layout-traditional elementor-widget elementor-widget-icon-list\" data-id=\"43a3da0\" data-element_type=\"widget\" data-widget_type=\"icon-list.default\">\n\t\t\t\t<div class=\"elementor-widget-container\">\n\t\t\t\t\t\t\t<ul class=\"elementor-icon-list-items\">\n\t\t\t\t\t\t\t<li class=\"elementor-icon-list-item\">\n\t\t\t\t\t\t\t\t\t\t\t<a href=\"#\">\n\n\t\t\t\t\t\t\t\t\t\t\t<span class=\"elementor-icon-list-text\">Ver video<\/span>\n\t\t\t\t\t\t\t\t\t\t\t<\/a>\n\t\t\t\t\t\t\t\t\t<\/li>\n\t\t\t\t\t\t<\/ul>\n\t\t\t\t\t\t<\/div>\n\t\t\t\t<\/div>\n\t\t\t\t<div class=\"elementor-element elementor-element-478d25a memoria-oral-videocode elementor-widget elementor-widget-text-editor\" data-id=\"478d25a\" data-element_type=\"widget\" data-widget_type=\"text-editor.default\">\n\t\t\t\t<div class=\"elementor-widget-container\">\n\t\t\t\t\t\t\t\t\t_Xn0KxJFPs8\t\t\t\t\t\t\t\t<\/div>\n\t\t\t\t<\/div>\n\t\t\t\t\t<\/div>\n\t\t<\/div>\n\t\t\t\t\t<\/div>\n\t\t<\/section>\n\t\t\t\t<\/div>\n\t\t\t\t<\/article>\n\t\t\t\t<article id=\"post-26911\" class=\"elementor-post elementor-grid-item ecs-post-loop post-26911 mo-testimonio type-mo-testimonio status-publish has-post-thumbnail hentry memoria_oral_evento-juegos-olimpicos memoria_oral_evento-juegos-paralimpicos memoria_oral_perfil-politico memoria_oral_etiquetas-ajuntament-de-barcelona\">\n\t\t\t\t<div data-elementor-type=\"loop\" data-elementor-id=\"26655\" class=\"elementor elementor-26655 post-26911 mo-testimonio type-mo-testimonio status-publish has-post-thumbnail hentry memoria_oral_evento-juegos-olimpicos memoria_oral_evento-juegos-paralimpicos memoria_oral_perfil-politico memoria_oral_etiquetas-ajuntament-de-barcelona\" data-elementor-post-type=\"elementor_library\">\n\t\t\t\t\t<section class=\"elementor-section elementor-top-section elementor-element elementor-element-56d930b elementor-section-full_width memoria-oral elementor-section-height-default elementor-section-height-default\" data-id=\"56d930b\" data-element_type=\"section\">\n\t\t\t\t\t\t<div class=\"elementor-container elementor-column-gap-no\">\n\t\t\t\t\t<div class=\"elementor-column elementor-col-100 elementor-top-column elementor-element elementor-element-42f9911\" data-id=\"42f9911\" data-element_type=\"column\">\n\t\t\t<div class=\"elementor-widget-wrap elementor-element-populated\">\n\t\t\t\t\t\t<div class=\"elementor-element elementor-element-4b3801b memoria-oral-imagen elementor-widget elementor-widget-theme-post-featured-image elementor-widget-image\" data-id=\"4b3801b\" data-element_type=\"widget\" data-widget_type=\"theme-post-featured-image.default\">\n\t\t\t\t<div class=\"elementor-widget-container\">\n\t\t\t\t\t\t\t\t\t\t\t\t\t\t\t\t<a href=\"#\">\n\t\t\t\t\t\t\t<img loading=\"lazy\" decoding=\"async\" width=\"800\" height=\"533\" src=\"https:\/\/www.fundaciobarcelonaolimpica.es\/wp-content\/uploads\/sites\/3\/2022\/11\/enric-truno.png\" class=\"attachment-large size-large wp-image-26592\" alt=\"\" srcset=\"https:\/\/www.fundaciobarcelonaolimpica.es\/wp-content\/uploads\/sites\/3\/2022\/11\/enric-truno.png 800w, https:\/\/www.fundaciobarcelonaolimpica.es\/wp-content\/uploads\/sites\/3\/2022\/11\/enric-truno-300x200.png 300w, https:\/\/www.fundaciobarcelonaolimpica.es\/wp-content\/uploads\/sites\/3\/2022\/11\/enric-truno-768x512.png 768w\" sizes=\"(max-width: 800px) 100vw, 800px\" \/>\t\t\t\t\t\t\t\t<\/a>\n\t\t\t\t\t\t\t\t\t\t\t\t\t\t\t<\/div>\n\t\t\t\t<\/div>\n\t\t\t\t<div class=\"elementor-element elementor-element-c246eac memoria-oral-nombre elementor-widget elementor-widget-theme-post-title elementor-page-title elementor-widget-heading\" data-id=\"c246eac\" data-element_type=\"widget\" data-widget_type=\"theme-post-title.default\">\n\t\t\t\t<div class=\"elementor-widget-container\">\n\t\t\t\t\t<h3 class=\"elementor-heading-title elementor-size-default\"><a href=\"#\">Enric Tru\u00f1\u00f3 i Lagares<\/a><\/h3>\t\t\t\t<\/div>\n\t\t\t\t<\/div>\n\t\t\t\t<div class=\"elementor-element elementor-element-b6e0719 memoria-oral-cargo elementor-widget elementor-widget-text-editor\" data-id=\"b6e0719\" data-element_type=\"widget\" data-widget_type=\"text-editor.default\">\n\t\t\t\t<div class=\"elementor-widget-container\">\n\t\t\t\t\t\t\t\t\tConcejal de Deportes y de los Juegos Ol\u00edmpicos del Ayuntamiento de Barcelona durante Barcelona&#8217;92\t\t\t\t\t\t\t\t<\/div>\n\t\t\t\t<\/div>\n\t\t\t\t<div class=\"elementor-element elementor-element-443a947 memoria-oral-evento elementor-widget elementor-widget-text-editor\" data-id=\"443a947\" data-element_type=\"widget\" data-widget_type=\"text-editor.default\">\n\t\t\t\t<div class=\"elementor-widget-container\">\n\t\t\t\t\t\t\t\t\t<span>Juegos Ol\u00edmpicos<\/span> \/ <span>Juegos Paral\u00edmpicos<\/span>\t\t\t\t\t\t\t\t<\/div>\n\t\t\t\t<\/div>\n\t\t\t\t<div class=\"elementor-element elementor-element-d8b14f5 memoria-oral-perfil elementor-widget elementor-widget-text-editor\" data-id=\"d8b14f5\" data-element_type=\"widget\" data-widget_type=\"text-editor.default\">\n\t\t\t\t<div class=\"elementor-widget-container\">\n\t\t\t\t\t\t\t\t\t<span>Pol\u00edtico<\/span>\t\t\t\t\t\t\t\t<\/div>\n\t\t\t\t<\/div>\n\t\t\t\t<div class=\"elementor-element elementor-element-07ffcae memoria-oral-etiquetas elementor-widget elementor-widget-text-editor\" data-id=\"07ffcae\" data-element_type=\"widget\" data-widget_type=\"text-editor.default\">\n\t\t\t\t<div class=\"elementor-widget-container\">\n\t\t\t\t\t\t\t\t\t<span>Ajuntament de Barcelona<\/span>\t\t\t\t\t\t\t\t<\/div>\n\t\t\t\t<\/div>\n\t\t\t\t<div class=\"elementor-element elementor-element-43a3da0 elementor-list-item-link-inline elementor-icon-list--layout-traditional elementor-widget elementor-widget-icon-list\" data-id=\"43a3da0\" data-element_type=\"widget\" data-widget_type=\"icon-list.default\">\n\t\t\t\t<div class=\"elementor-widget-container\">\n\t\t\t\t\t\t\t<ul class=\"elementor-icon-list-items\">\n\t\t\t\t\t\t\t<li class=\"elementor-icon-list-item\">\n\t\t\t\t\t\t\t\t\t\t\t<a href=\"#\">\n\n\t\t\t\t\t\t\t\t\t\t\t<span class=\"elementor-icon-list-text\">Ver video<\/span>\n\t\t\t\t\t\t\t\t\t\t\t<\/a>\n\t\t\t\t\t\t\t\t\t<\/li>\n\t\t\t\t\t\t<\/ul>\n\t\t\t\t\t\t<\/div>\n\t\t\t\t<\/div>\n\t\t\t\t<div class=\"elementor-element elementor-element-478d25a memoria-oral-videocode elementor-widget elementor-widget-text-editor\" data-id=\"478d25a\" data-element_type=\"widget\" data-widget_type=\"text-editor.default\">\n\t\t\t\t<div class=\"elementor-widget-container\">\n\t\t\t\t\t\t\t\t\tZZdE3_PdWfw\t\t\t\t\t\t\t\t<\/div>\n\t\t\t\t<\/div>\n\t\t\t\t\t<\/div>\n\t\t<\/div>\n\t\t\t\t\t<\/div>\n\t\t<\/section>\n\t\t\t\t<\/div>\n\t\t\t\t<\/article>\n\t\t\t\t<article id=\"post-26914\" class=\"elementor-post elementor-grid-item ecs-post-loop post-26914 mo-testimonio type-mo-testimonio status-publish has-post-thumbnail hentry memoria_oral_evento-juegos-olimpicos memoria_oral_evento-juegos-paralimpicos memoria_oral_perfil-organizacion\">\n\t\t\t\t<div data-elementor-type=\"loop\" data-elementor-id=\"26655\" class=\"elementor elementor-26655 post-26914 mo-testimonio type-mo-testimonio status-publish has-post-thumbnail hentry memoria_oral_evento-juegos-olimpicos memoria_oral_evento-juegos-paralimpicos memoria_oral_perfil-organizacion\" data-elementor-post-type=\"elementor_library\">\n\t\t\t\t\t<section class=\"elementor-section elementor-top-section elementor-element elementor-element-56d930b elementor-section-full_width memoria-oral elementor-section-height-default elementor-section-height-default\" data-id=\"56d930b\" data-element_type=\"section\">\n\t\t\t\t\t\t<div class=\"elementor-container elementor-column-gap-no\">\n\t\t\t\t\t<div class=\"elementor-column elementor-col-100 elementor-top-column elementor-element elementor-element-42f9911\" data-id=\"42f9911\" data-element_type=\"column\">\n\t\t\t<div class=\"elementor-widget-wrap elementor-element-populated\">\n\t\t\t\t\t\t<div class=\"elementor-element elementor-element-4b3801b memoria-oral-imagen elementor-widget elementor-widget-theme-post-featured-image elementor-widget-image\" data-id=\"4b3801b\" data-element_type=\"widget\" data-widget_type=\"theme-post-featured-image.default\">\n\t\t\t\t<div class=\"elementor-widget-container\">\n\t\t\t\t\t\t\t\t\t\t\t\t\t\t\t\t<a href=\"#\">\n\t\t\t\t\t\t\t<img loading=\"lazy\" decoding=\"async\" width=\"800\" height=\"533\" src=\"https:\/\/www.fundaciobarcelonaolimpica.es\/wp-content\/uploads\/sites\/3\/2022\/11\/jordi-vallverdugimeno.png\" class=\"attachment-large size-large wp-image-27337\" alt=\"\" srcset=\"https:\/\/www.fundaciobarcelonaolimpica.es\/wp-content\/uploads\/sites\/3\/2022\/11\/jordi-vallverdugimeno.png 800w, https:\/\/www.fundaciobarcelonaolimpica.es\/wp-content\/uploads\/sites\/3\/2022\/11\/jordi-vallverdugimeno-300x200.png 300w, https:\/\/www.fundaciobarcelonaolimpica.es\/wp-content\/uploads\/sites\/3\/2022\/11\/jordi-vallverdugimeno-768x512.png 768w\" sizes=\"(max-width: 800px) 100vw, 800px\" \/>\t\t\t\t\t\t\t\t<\/a>\n\t\t\t\t\t\t\t\t\t\t\t\t\t\t\t<\/div>\n\t\t\t\t<\/div>\n\t\t\t\t<div class=\"elementor-element elementor-element-c246eac memoria-oral-nombre elementor-widget elementor-widget-theme-post-title elementor-page-title elementor-widget-heading\" data-id=\"c246eac\" data-element_type=\"widget\" data-widget_type=\"theme-post-title.default\">\n\t\t\t\t<div class=\"elementor-widget-container\">\n\t\t\t\t\t<h3 class=\"elementor-heading-title elementor-size-default\"><a href=\"#\">Jordi Vallverd\u00fa i Gimeno<\/a><\/h3>\t\t\t\t<\/div>\n\t\t\t\t<\/div>\n\t\t\t\t<div class=\"elementor-element elementor-element-b6e0719 memoria-oral-cargo elementor-widget elementor-widget-text-editor\" data-id=\"b6e0719\" data-element_type=\"widget\" data-widget_type=\"text-editor.default\">\n\t\t\t\t<div class=\"elementor-widget-container\">\n\t\t\t\t\t\t\t\t\tMiembro del Comit\u00e9 Ejecutivo de la candidatura ol\u00edmpica. Director general de Barcelona Promoci\u00f3. Director adjunto del Estadio Ol\u00edmpico del COOB\u201992\t\t\t\t\t\t\t\t<\/div>\n\t\t\t\t<\/div>\n\t\t\t\t<div class=\"elementor-element elementor-element-443a947 memoria-oral-evento elementor-widget elementor-widget-text-editor\" data-id=\"443a947\" data-element_type=\"widget\" data-widget_type=\"text-editor.default\">\n\t\t\t\t<div class=\"elementor-widget-container\">\n\t\t\t\t\t\t\t\t\t<span>Juegos Ol\u00edmpicos<\/span> \/ <span>Juegos Paral\u00edmpicos<\/span>\t\t\t\t\t\t\t\t<\/div>\n\t\t\t\t<\/div>\n\t\t\t\t<div class=\"elementor-element elementor-element-d8b14f5 memoria-oral-perfil elementor-widget elementor-widget-text-editor\" data-id=\"d8b14f5\" data-element_type=\"widget\" data-widget_type=\"text-editor.default\">\n\t\t\t\t<div class=\"elementor-widget-container\">\n\t\t\t\t\t\t\t\t\t<span>Organizaci\u00f3n<\/span>\t\t\t\t\t\t\t\t<\/div>\n\t\t\t\t<\/div>\n\t\t\t\t<div class=\"elementor-element elementor-element-43a3da0 elementor-list-item-link-inline elementor-icon-list--layout-traditional elementor-widget elementor-widget-icon-list\" data-id=\"43a3da0\" data-element_type=\"widget\" data-widget_type=\"icon-list.default\">\n\t\t\t\t<div class=\"elementor-widget-container\">\n\t\t\t\t\t\t\t<ul class=\"elementor-icon-list-items\">\n\t\t\t\t\t\t\t<li class=\"elementor-icon-list-item\">\n\t\t\t\t\t\t\t\t\t\t\t<a href=\"#\">\n\n\t\t\t\t\t\t\t\t\t\t\t<span class=\"elementor-icon-list-text\">Ver video<\/span>\n\t\t\t\t\t\t\t\t\t\t\t<\/a>\n\t\t\t\t\t\t\t\t\t<\/li>\n\t\t\t\t\t\t<\/ul>\n\t\t\t\t\t\t<\/div>\n\t\t\t\t<\/div>\n\t\t\t\t<div class=\"elementor-element elementor-element-478d25a memoria-oral-videocode elementor-widget elementor-widget-text-editor\" data-id=\"478d25a\" data-element_type=\"widget\" data-widget_type=\"text-editor.default\">\n\t\t\t\t<div class=\"elementor-widget-container\">\n\t\t\t\t\t\t\t\t\tcWFzIRjdWzI\t\t\t\t\t\t\t\t<\/div>\n\t\t\t\t<\/div>\n\t\t\t\t\t<\/div>\n\t\t<\/div>\n\t\t\t\t\t<\/div>\n\t\t<\/section>\n\t\t\t\t<\/div>\n\t\t\t\t<\/article>\n\t\t\t\t<article id=\"post-26918\" class=\"elementor-post elementor-grid-item ecs-post-loop post-26918 mo-testimonio type-mo-testimonio status-publish has-post-thumbnail hentry memoria_oral_evento-juegos-olimpicos memoria_oral_evento-juegos-paralimpicos memoria_oral_perfil-organizacion\">\n\t\t\t\t<div data-elementor-type=\"loop\" data-elementor-id=\"26655\" class=\"elementor elementor-26655 post-26918 mo-testimonio type-mo-testimonio status-publish has-post-thumbnail hentry memoria_oral_evento-juegos-olimpicos memoria_oral_evento-juegos-paralimpicos memoria_oral_perfil-organizacion\" data-elementor-post-type=\"elementor_library\">\n\t\t\t\t\t<section class=\"elementor-section elementor-top-section elementor-element elementor-element-56d930b elementor-section-full_width memoria-oral elementor-section-height-default elementor-section-height-default\" data-id=\"56d930b\" data-element_type=\"section\">\n\t\t\t\t\t\t<div class=\"elementor-container elementor-column-gap-no\">\n\t\t\t\t\t<div class=\"elementor-column elementor-col-100 elementor-top-column elementor-element elementor-element-42f9911\" data-id=\"42f9911\" data-element_type=\"column\">\n\t\t\t<div class=\"elementor-widget-wrap elementor-element-populated\">\n\t\t\t\t\t\t<div class=\"elementor-element elementor-element-4b3801b memoria-oral-imagen elementor-widget elementor-widget-theme-post-featured-image elementor-widget-image\" data-id=\"4b3801b\" data-element_type=\"widget\" data-widget_type=\"theme-post-featured-image.default\">\n\t\t\t\t<div class=\"elementor-widget-container\">\n\t\t\t\t\t\t\t\t\t\t\t\t\t\t\t\t<a href=\"#\">\n\t\t\t\t\t\t\t<img loading=\"lazy\" decoding=\"async\" width=\"800\" height=\"533\" src=\"https:\/\/www.fundaciobarcelonaolimpica.es\/wp-content\/uploads\/sites\/3\/2022\/11\/manel-vilamotllo.png\" class=\"attachment-large size-large wp-image-27001\" alt=\"\" srcset=\"https:\/\/www.fundaciobarcelonaolimpica.es\/wp-content\/uploads\/sites\/3\/2022\/11\/manel-vilamotllo.png 800w, https:\/\/www.fundaciobarcelonaolimpica.es\/wp-content\/uploads\/sites\/3\/2022\/11\/manel-vilamotllo-300x200.png 300w, https:\/\/www.fundaciobarcelonaolimpica.es\/wp-content\/uploads\/sites\/3\/2022\/11\/manel-vilamotllo-768x512.png 768w\" sizes=\"(max-width: 800px) 100vw, 800px\" \/>\t\t\t\t\t\t\t\t<\/a>\n\t\t\t\t\t\t\t\t\t\t\t\t\t\t\t<\/div>\n\t\t\t\t<\/div>\n\t\t\t\t<div class=\"elementor-element elementor-element-c246eac memoria-oral-nombre elementor-widget elementor-widget-theme-post-title elementor-page-title elementor-widget-heading\" data-id=\"c246eac\" data-element_type=\"widget\" data-widget_type=\"theme-post-title.default\">\n\t\t\t\t<div class=\"elementor-widget-container\">\n\t\t\t\t\t<h3 class=\"elementor-heading-title elementor-size-default\"><a href=\"#\">Manel Vila i Motll\u00f3<\/a><\/h3>\t\t\t\t<\/div>\n\t\t\t\t<\/div>\n\t\t\t\t<div class=\"elementor-element elementor-element-b6e0719 memoria-oral-cargo elementor-widget elementor-widget-text-editor\" data-id=\"b6e0719\" data-element_type=\"widget\" data-widget_type=\"text-editor.default\">\n\t\t\t\t<div class=\"elementor-widget-container\">\n\t\t\t\t\t\t\t\t\tDirector del Centro Municipal de Operaciones de los Juegos de Barcelona&#8217;92\t\t\t\t\t\t\t\t<\/div>\n\t\t\t\t<\/div>\n\t\t\t\t<div class=\"elementor-element elementor-element-443a947 memoria-oral-evento elementor-widget elementor-widget-text-editor\" data-id=\"443a947\" data-element_type=\"widget\" data-widget_type=\"text-editor.default\">\n\t\t\t\t<div class=\"elementor-widget-container\">\n\t\t\t\t\t\t\t\t\t<span>Juegos Ol\u00edmpicos<\/span> \/ <span>Juegos Paral\u00edmpicos<\/span>\t\t\t\t\t\t\t\t<\/div>\n\t\t\t\t<\/div>\n\t\t\t\t<div class=\"elementor-element elementor-element-d8b14f5 memoria-oral-perfil elementor-widget elementor-widget-text-editor\" data-id=\"d8b14f5\" data-element_type=\"widget\" data-widget_type=\"text-editor.default\">\n\t\t\t\t<div class=\"elementor-widget-container\">\n\t\t\t\t\t\t\t\t\t<span>Organizaci\u00f3n<\/span>\t\t\t\t\t\t\t\t<\/div>\n\t\t\t\t<\/div>\n\t\t\t\t<div class=\"elementor-element elementor-element-43a3da0 elementor-list-item-link-inline elementor-icon-list--layout-traditional elementor-widget elementor-widget-icon-list\" data-id=\"43a3da0\" data-element_type=\"widget\" data-widget_type=\"icon-list.default\">\n\t\t\t\t<div class=\"elementor-widget-container\">\n\t\t\t\t\t\t\t<ul class=\"elementor-icon-list-items\">\n\t\t\t\t\t\t\t<li class=\"elementor-icon-list-item\">\n\t\t\t\t\t\t\t\t\t\t\t<a href=\"#\">\n\n\t\t\t\t\t\t\t\t\t\t\t<span class=\"elementor-icon-list-text\">Ver video<\/span>\n\t\t\t\t\t\t\t\t\t\t\t<\/a>\n\t\t\t\t\t\t\t\t\t<\/li>\n\t\t\t\t\t\t<\/ul>\n\t\t\t\t\t\t<\/div>\n\t\t\t\t<\/div>\n\t\t\t\t<div class=\"elementor-element elementor-element-478d25a memoria-oral-videocode elementor-widget elementor-widget-text-editor\" data-id=\"478d25a\" data-element_type=\"widget\" data-widget_type=\"text-editor.default\">\n\t\t\t\t<div class=\"elementor-widget-container\">\n\t\t\t\t\t\t\t\t\tjloAkdmbJdE\t\t\t\t\t\t\t\t<\/div>\n\t\t\t\t<\/div>\n\t\t\t\t\t<\/div>\n\t\t<\/div>\n\t\t\t\t\t<\/div>\n\t\t<\/section>\n\t\t\t\t<\/div>\n\t\t\t\t<\/article>\n\t\t\t\t<article id=\"post-26923\" class=\"elementor-post elementor-grid-item ecs-post-loop post-26923 mo-testimonio type-mo-testimonio status-publish has-post-thumbnail hentry memoria_oral_evento-juegos-paralimpicos memoria_oral_perfil-deportista memoria_oral_etiquetas-natacion\">\n\t\t\t\t<div data-elementor-type=\"loop\" data-elementor-id=\"26655\" class=\"elementor elementor-26655 post-26923 mo-testimonio type-mo-testimonio status-publish has-post-thumbnail hentry memoria_oral_evento-juegos-paralimpicos memoria_oral_perfil-deportista memoria_oral_etiquetas-natacion\" data-elementor-post-type=\"elementor_library\">\n\t\t\t\t\t<section class=\"elementor-section elementor-top-section elementor-element elementor-element-56d930b elementor-section-full_width memoria-oral elementor-section-height-default elementor-section-height-default\" data-id=\"56d930b\" data-element_type=\"section\">\n\t\t\t\t\t\t<div class=\"elementor-container elementor-column-gap-no\">\n\t\t\t\t\t<div class=\"elementor-column elementor-col-100 elementor-top-column elementor-element elementor-element-42f9911\" data-id=\"42f9911\" data-element_type=\"column\">\n\t\t\t<div class=\"elementor-widget-wrap elementor-element-populated\">\n\t\t\t\t\t\t<div class=\"elementor-element elementor-element-4b3801b memoria-oral-imagen elementor-widget elementor-widget-theme-post-featured-image elementor-widget-image\" data-id=\"4b3801b\" data-element_type=\"widget\" data-widget_type=\"theme-post-featured-image.default\">\n\t\t\t\t<div class=\"elementor-widget-container\">\n\t\t\t\t\t\t\t\t\t\t\t\t\t\t\t\t<a href=\"#\">\n\t\t\t\t\t\t\t<img loading=\"lazy\" decoding=\"async\" width=\"800\" height=\"533\" src=\"https:\/\/www.fundaciobarcelonaolimpica.es\/wp-content\/uploads\/sites\/3\/2022\/11\/silvia-vivesmontlleo.png\" class=\"attachment-large size-large wp-image-27342\" alt=\"\" srcset=\"https:\/\/www.fundaciobarcelonaolimpica.es\/wp-content\/uploads\/sites\/3\/2022\/11\/silvia-vivesmontlleo.png 800w, https:\/\/www.fundaciobarcelonaolimpica.es\/wp-content\/uploads\/sites\/3\/2022\/11\/silvia-vivesmontlleo-300x200.png 300w, https:\/\/www.fundaciobarcelonaolimpica.es\/wp-content\/uploads\/sites\/3\/2022\/11\/silvia-vivesmontlleo-768x512.png 768w\" sizes=\"(max-width: 800px) 100vw, 800px\" \/>\t\t\t\t\t\t\t\t<\/a>\n\t\t\t\t\t\t\t\t\t\t\t\t\t\t\t<\/div>\n\t\t\t\t<\/div>\n\t\t\t\t<div class=\"elementor-element elementor-element-c246eac memoria-oral-nombre elementor-widget elementor-widget-theme-post-title elementor-page-title elementor-widget-heading\" data-id=\"c246eac\" data-element_type=\"widget\" data-widget_type=\"theme-post-title.default\">\n\t\t\t\t<div class=\"elementor-widget-container\">\n\t\t\t\t\t<h3 class=\"elementor-heading-title elementor-size-default\"><a href=\"#\">S\u00edlvia Vives Montlle\u00f3<\/a><\/h3>\t\t\t\t<\/div>\n\t\t\t\t<\/div>\n\t\t\t\t<div class=\"elementor-element elementor-element-b6e0719 memoria-oral-cargo elementor-widget elementor-widget-text-editor\" data-id=\"b6e0719\" data-element_type=\"widget\" data-widget_type=\"text-editor.default\">\n\t\t\t\t<div class=\"elementor-widget-container\">\n\t\t\t\t\t\t\t\t\tGanadora de dos medallas en nataci\u00f3n en los Juegos Paral\u00edmpicos de Barcelona&#8217;92\t\t\t\t\t\t\t\t<\/div>\n\t\t\t\t<\/div>\n\t\t\t\t<div class=\"elementor-element elementor-element-443a947 memoria-oral-evento elementor-widget elementor-widget-text-editor\" data-id=\"443a947\" data-element_type=\"widget\" data-widget_type=\"text-editor.default\">\n\t\t\t\t<div class=\"elementor-widget-container\">\n\t\t\t\t\t\t\t\t\t<span>Juegos Paral\u00edmpicos<\/span>\t\t\t\t\t\t\t\t<\/div>\n\t\t\t\t<\/div>\n\t\t\t\t<div class=\"elementor-element elementor-element-d8b14f5 memoria-oral-perfil elementor-widget elementor-widget-text-editor\" data-id=\"d8b14f5\" data-element_type=\"widget\" data-widget_type=\"text-editor.default\">\n\t\t\t\t<div class=\"elementor-widget-container\">\n\t\t\t\t\t\t\t\t\t<span>Deportista<\/span>\t\t\t\t\t\t\t\t<\/div>\n\t\t\t\t<\/div>\n\t\t\t\t<div class=\"elementor-element elementor-element-07ffcae memoria-oral-etiquetas elementor-widget elementor-widget-text-editor\" data-id=\"07ffcae\" data-element_type=\"widget\" data-widget_type=\"text-editor.default\">\n\t\t\t\t<div class=\"elementor-widget-container\">\n\t\t\t\t\t\t\t\t\t<span>Nataci\u00f3n<\/span>\t\t\t\t\t\t\t\t<\/div>\n\t\t\t\t<\/div>\n\t\t\t\t<div class=\"elementor-element elementor-element-43a3da0 elementor-list-item-link-inline elementor-icon-list--layout-traditional elementor-widget elementor-widget-icon-list\" data-id=\"43a3da0\" data-element_type=\"widget\" data-widget_type=\"icon-list.default\">\n\t\t\t\t<div class=\"elementor-widget-container\">\n\t\t\t\t\t\t\t<ul class=\"elementor-icon-list-items\">\n\t\t\t\t\t\t\t<li class=\"elementor-icon-list-item\">\n\t\t\t\t\t\t\t\t\t\t\t<a href=\"#\">\n\n\t\t\t\t\t\t\t\t\t\t\t<span class=\"elementor-icon-list-text\">Ver video<\/span>\n\t\t\t\t\t\t\t\t\t\t\t<\/a>\n\t\t\t\t\t\t\t\t\t<\/li>\n\t\t\t\t\t\t<\/ul>\n\t\t\t\t\t\t<\/div>\n\t\t\t\t<\/div>\n\t\t\t\t<div class=\"elementor-element elementor-element-478d25a memoria-oral-videocode elementor-widget elementor-widget-text-editor\" data-id=\"478d25a\" data-element_type=\"widget\" data-widget_type=\"text-editor.default\">\n\t\t\t\t<div class=\"elementor-widget-container\">\n\t\t\t\t\t\t\t\t\tz2dLasNy3rc\t\t\t\t\t\t\t\t<\/div>\n\t\t\t\t<\/div>\n\t\t\t\t\t<\/div>\n\t\t<\/div>\n\t\t\t\t\t<\/div>\n\t\t<\/section>\n\t\t\t\t<\/div>\n\t\t\t\t<\/article>\n\t\t\t\t<\/div>\n\t\t\t\t\t\t<\/div>\n\t\t\t\t<\/div>\n\t\t\t\t\t<\/div>\n\t\t<\/div>\n\t\t\t\t\t<\/div>\n\t\t<\/section>\n\t\t\t\t<\/div>\n\t\t","protected":false},"excerpt":{"rendered":"<p>El Centro de Estudios Ol\u00edmpicos y del Deporte Juan Antonio Samaranch ha creado el proyecto de Memoria Oral. Uno de los principales objetivos de este proyecto es conservar, registrar y difundir el esp\u00edritu de las personalidades que han dedicado parte de su vida a divulgar los valores ol\u00edmpicos y deportivos, y que han permitido que [&hellip;]<\/p>\n","protected":false},"author":1,"featured_media":0,"parent":26638,"menu_order":0,"comment_status":"closed","ping_status":"closed","template":"","meta":{"_acf_changed":false,"footnotes":""},"class_list":["post-27272","page","type-page","status-publish","hentry"],"acf":[],"yoast_head":"<!-- This site is optimized with the Yoast SEO plugin v23.7 - https:\/\/yoast.com\/wordpress\/plugins\/seo\/ -->\n<title>Memoria Oral - Fundaci\u00f3 Barcelona Ol\u00edmpica<\/title>\n<meta name=\"robots\" content=\"index, follow, max-snippet:-1, max-image-preview:large, max-video-preview:-1\" \/>\n<link rel=\"canonical\" href=\"https:\/\/www.fundaciobarcelonaolimpica.es\/es\/30-miradas-30-anos-despues\/memoria-oral\/\" \/>\n<meta property=\"og:locale\" content=\"es_ES\" \/>\n<meta property=\"og:type\" content=\"article\" \/>\n<meta property=\"og:title\" content=\"Memoria Oral - Fundaci\u00f3 Barcelona Ol\u00edmpica\" \/>\n<meta property=\"og:description\" content=\"El Centro de Estudios Ol\u00edmpicos y del Deporte Juan Antonio Samaranch ha creado el proyecto de Memoria Oral. Uno de los principales objetivos de este proyecto es conservar, registrar y difundir el esp\u00edritu de las personalidades que han dedicado parte de su vida a divulgar los valores ol\u00edmpicos y deportivos, y que han permitido que [&hellip;]\" \/>\n<meta property=\"og:url\" content=\"https:\/\/www.fundaciobarcelonaolimpica.es\/es\/30-miradas-30-anos-despues\/memoria-oral\/\" \/>\n<meta property=\"og:site_name\" content=\"Fundaci\u00f3 Barcelona Ol\u00edmpica\" \/>\n<meta property=\"article:modified_time\" content=\"2023-11-07T13:48:22+00:00\" \/>\n<meta name=\"twitter:card\" content=\"summary_large_image\" \/>\n<meta name=\"twitter:label1\" content=\"Tiempo de lectura\" \/>\n\t<meta name=\"twitter:data1\" content=\"19 minutos\" \/>\n<script type=\"application\/ld+json\" class=\"yoast-schema-graph\">{\"@context\":\"https:\/\/schema.org\",\"@graph\":[{\"@type\":\"WebPage\",\"@id\":\"https:\/\/www.fundaciobarcelonaolimpica.es\/es\/30-miradas-30-anos-despues\/memoria-oral\/\",\"url\":\"https:\/\/www.fundaciobarcelonaolimpica.es\/es\/30-miradas-30-anos-despues\/memoria-oral\/\",\"name\":\"Memoria Oral - Fundaci\u00f3 Barcelona Ol\u00edmpica\",\"isPartOf\":{\"@id\":\"https:\/\/www.fundaciobarcelonaolimpica.es\/ca\/#website\"},\"datePublished\":\"2023-02-08T08:47:01+00:00\",\"dateModified\":\"2023-11-07T13:48:22+00:00\",\"breadcrumb\":{\"@id\":\"https:\/\/www.fundaciobarcelonaolimpica.es\/es\/30-miradas-30-anos-despues\/memoria-oral\/#breadcrumb\"},\"inLanguage\":\"es\",\"potentialAction\":[{\"@type\":\"ReadAction\",\"target\":[\"https:\/\/www.fundaciobarcelonaolimpica.es\/es\/30-miradas-30-anos-despues\/memoria-oral\/\"]}]},{\"@type\":\"BreadcrumbList\",\"@id\":\"https:\/\/www.fundaciobarcelonaolimpica.es\/es\/30-miradas-30-anos-despues\/memoria-oral\/#breadcrumb\",\"itemListElement\":[{\"@type\":\"ListItem\",\"position\":1,\"name\":\"FBO\",\"item\":\"https:\/\/www.fundaciobarcelonaolimpica.es\/es\/\"},{\"@type\":\"ListItem\",\"position\":2,\"name\":\"30 miradas, 30 a\u00f1os despu\u00e9s\",\"item\":\"https:\/\/www.fundaciobarcelonaolimpica.es\/es\/30-miradas-30-anos-despues\/\"},{\"@type\":\"ListItem\",\"position\":3,\"name\":\"Memoria Oral\"}]},{\"@type\":\"WebSite\",\"@id\":\"https:\/\/www.fundaciobarcelonaolimpica.es\/ca\/#website\",\"url\":\"https:\/\/www.fundaciobarcelonaolimpica.es\/ca\/\",\"name\":\"Fundaci\u00f3 Barcelona Ol\u00edmpica\",\"description\":\"Web del Museu Ol\u00edmpic i de l&#039;Esport\",\"publisher\":{\"@id\":\"https:\/\/www.fundaciobarcelonaolimpica.es\/ca\/#organization\"},\"potentialAction\":[{\"@type\":\"SearchAction\",\"target\":{\"@type\":\"EntryPoint\",\"urlTemplate\":\"https:\/\/www.fundaciobarcelonaolimpica.es\/ca\/?s={search_term_string}\"},\"query-input\":{\"@type\":\"PropertyValueSpecification\",\"valueRequired\":true,\"valueName\":\"search_term_string\"}}],\"inLanguage\":\"es\"},{\"@type\":\"Organization\",\"@id\":\"https:\/\/www.fundaciobarcelonaolimpica.es\/ca\/#organization\",\"name\":\"Fundaci\u00f3 Barcelona Ol\u00edmpica\",\"url\":\"https:\/\/www.fundaciobarcelonaolimpica.es\/ca\/\",\"logo\":{\"@type\":\"ImageObject\",\"inLanguage\":\"es\",\"@id\":\"https:\/\/www.fundaciobarcelonaolimpica.es\/ca\/#\/schema\/logo\/image\/\",\"url\":\"https:\/\/www.fundaciobarcelonaolimpica.es\/wp-content\/uploads\/sites\/3\/2019\/02\/logo-fundacio.svg\",\"contentUrl\":\"https:\/\/www.fundaciobarcelonaolimpica.es\/wp-content\/uploads\/sites\/3\/2019\/02\/logo-fundacio.svg\",\"caption\":\"Fundaci\u00f3 Barcelona Ol\u00edmpica\"},\"image\":{\"@id\":\"https:\/\/www.fundaciobarcelonaolimpica.es\/ca\/#\/schema\/logo\/image\/\"}}]}<\/script>\n<!-- \/ Yoast SEO plugin. -->","yoast_head_json":{"title":"Memoria Oral - Fundaci\u00f3 Barcelona Ol\u00edmpica","robots":{"index":"index","follow":"follow","max-snippet":"max-snippet:-1","max-image-preview":"max-image-preview:large","max-video-preview":"max-video-preview:-1"},"canonical":"https:\/\/www.fundaciobarcelonaolimpica.es\/es\/30-miradas-30-anos-despues\/memoria-oral\/","og_locale":"es_ES","og_type":"article","og_title":"Memoria Oral - Fundaci\u00f3 Barcelona Ol\u00edmpica","og_description":"El Centro de Estudios Ol\u00edmpicos y del Deporte Juan Antonio Samaranch ha creado el proyecto de Memoria Oral. Uno de los principales objetivos de este proyecto es conservar, registrar y difundir el esp\u00edritu de las personalidades que han dedicado parte de su vida a divulgar los valores ol\u00edmpicos y deportivos, y que han permitido que [&hellip;]","og_url":"https:\/\/www.fundaciobarcelonaolimpica.es\/es\/30-miradas-30-anos-despues\/memoria-oral\/","og_site_name":"Fundaci\u00f3 Barcelona Ol\u00edmpica","article_modified_time":"2023-11-07T13:48:22+00:00","twitter_card":"summary_large_image","twitter_misc":{"Tiempo de lectura":"19 minutos"},"schema":{"@context":"https:\/\/schema.org","@graph":[{"@type":"WebPage","@id":"https:\/\/www.fundaciobarcelonaolimpica.es\/es\/30-miradas-30-anos-despues\/memoria-oral\/","url":"https:\/\/www.fundaciobarcelonaolimpica.es\/es\/30-miradas-30-anos-despues\/memoria-oral\/","name":"Memoria Oral - Fundaci\u00f3 Barcelona Ol\u00edmpica","isPartOf":{"@id":"https:\/\/www.fundaciobarcelonaolimpica.es\/ca\/#website"},"datePublished":"2023-02-08T08:47:01+00:00","dateModified":"2023-11-07T13:48:22+00:00","breadcrumb":{"@id":"https:\/\/www.fundaciobarcelonaolimpica.es\/es\/30-miradas-30-anos-despues\/memoria-oral\/#breadcrumb"},"inLanguage":"es","potentialAction":[{"@type":"ReadAction","target":["https:\/\/www.fundaciobarcelonaolimpica.es\/es\/30-miradas-30-anos-despues\/memoria-oral\/"]}]},{"@type":"BreadcrumbList","@id":"https:\/\/www.fundaciobarcelonaolimpica.es\/es\/30-miradas-30-anos-despues\/memoria-oral\/#breadcrumb","itemListElement":[{"@type":"ListItem","position":1,"name":"FBO","item":"https:\/\/www.fundaciobarcelonaolimpica.es\/es\/"},{"@type":"ListItem","position":2,"name":"30 miradas, 30 a\u00f1os despu\u00e9s","item":"https:\/\/www.fundaciobarcelonaolimpica.es\/es\/30-miradas-30-anos-despues\/"},{"@type":"ListItem","position":3,"name":"Memoria Oral"}]},{"@type":"WebSite","@id":"https:\/\/www.fundaciobarcelonaolimpica.es\/ca\/#website","url":"https:\/\/www.fundaciobarcelonaolimpica.es\/ca\/","name":"Fundaci\u00f3 Barcelona Ol\u00edmpica","description":"Web del Museu Ol\u00edmpic i de l&#039;Esport","publisher":{"@id":"https:\/\/www.fundaciobarcelonaolimpica.es\/ca\/#organization"},"potentialAction":[{"@type":"SearchAction","target":{"@type":"EntryPoint","urlTemplate":"https:\/\/www.fundaciobarcelonaolimpica.es\/ca\/?s={search_term_string}"},"query-input":{"@type":"PropertyValueSpecification","valueRequired":true,"valueName":"search_term_string"}}],"inLanguage":"es"},{"@type":"Organization","@id":"https:\/\/www.fundaciobarcelonaolimpica.es\/ca\/#organization","name":"Fundaci\u00f3 Barcelona Ol\u00edmpica","url":"https:\/\/www.fundaciobarcelonaolimpica.es\/ca\/","logo":{"@type":"ImageObject","inLanguage":"es","@id":"https:\/\/www.fundaciobarcelonaolimpica.es\/ca\/#\/schema\/logo\/image\/","url":"https:\/\/www.fundaciobarcelonaolimpica.es\/wp-content\/uploads\/sites\/3\/2019\/02\/logo-fundacio.svg","contentUrl":"https:\/\/www.fundaciobarcelonaolimpica.es\/wp-content\/uploads\/sites\/3\/2019\/02\/logo-fundacio.svg","caption":"Fundaci\u00f3 Barcelona Ol\u00edmpica"},"image":{"@id":"https:\/\/www.fundaciobarcelonaolimpica.es\/ca\/#\/schema\/logo\/image\/"}}]}},"_links":{"self":[{"href":"https:\/\/www.fundaciobarcelonaolimpica.es\/es\/wp-json\/wp\/v2\/pages\/27272"}],"collection":[{"href":"https:\/\/www.fundaciobarcelonaolimpica.es\/es\/wp-json\/wp\/v2\/pages"}],"about":[{"href":"https:\/\/www.fundaciobarcelonaolimpica.es\/es\/wp-json\/wp\/v2\/types\/page"}],"author":[{"embeddable":true,"href":"https:\/\/www.fundaciobarcelonaolimpica.es\/es\/wp-json\/wp\/v2\/users\/1"}],"replies":[{"embeddable":true,"href":"https:\/\/www.fundaciobarcelonaolimpica.es\/es\/wp-json\/wp\/v2\/comments?post=27272"}],"version-history":[{"count":17,"href":"https:\/\/www.fundaciobarcelonaolimpica.es\/es\/wp-json\/wp\/v2\/pages\/27272\/revisions"}],"predecessor-version":[{"id":29134,"href":"https:\/\/www.fundaciobarcelonaolimpica.es\/es\/wp-json\/wp\/v2\/pages\/27272\/revisions\/29134"}],"up":[{"embeddable":true,"href":"https:\/\/www.fundaciobarcelonaolimpica.es\/es\/wp-json\/wp\/v2\/pages\/26638"}],"wp:attachment":[{"href":"https:\/\/www.fundaciobarcelonaolimpica.es\/es\/wp-json\/wp\/v2\/media?parent=27272"}],"curies":[{"name":"wp","href":"https:\/\/api.w.org\/{rel}","templated":true}]}}