{"id":31038,"date":"2025-07-29T17:57:56","date_gmt":"2025-07-29T15:57:56","guid":{"rendered":"https:\/\/www.fundaciobarcelonaolimpica.es\/?page_id=31038"},"modified":"2026-01-22T10:01:31","modified_gmt":"2026-01-22T09:01:31","slug":"forum-olimpico-2025-el-futuro-de-los-grandes-eventos-deportivos","status":"publish","type":"page","link":"https:\/\/www.fundaciobarcelonaolimpica.es\/es\/forum-olimpico-2025-el-futuro-de-los-grandes-eventos-deportivos\/","title":{"rendered":"F\u00f3rum Ol\u00edmpico 2026"},"content":{"rendered":"\t\t<div data-elementor-type=\"wp-post\" data-elementor-id=\"31038\" class=\"elementor elementor-31038\" data-elementor-post-type=\"page\">\n\t\t\t\t\t\t<section class=\"elementor-section elementor-top-section elementor-element elementor-element-61b557aa fbo-activi--interna elementor-section-boxed elementor-section-height-default elementor-section-height-default\" data-id=\"61b557aa\" data-element_type=\"section\">\n\t\t\t\t\t\t<div class=\"elementor-container elementor-column-gap-default\">\n\t\t\t\t\t<div class=\"elementor-column elementor-col-100 elementor-top-column elementor-element elementor-element-3ec86953\" data-id=\"3ec86953\" data-element_type=\"column\">\n\t\t\t<div class=\"elementor-widget-wrap elementor-element-populated\">\n\t\t\t\t\t\t<section class=\"elementor-section elementor-inner-section elementor-element elementor-element-25fa6222 fbo-content--intro elementor-section-boxed elementor-section-height-default elementor-section-height-default\" data-id=\"25fa6222\" data-element_type=\"section\">\n\t\t\t\t\t\t<div class=\"elementor-container elementor-column-gap-no\">\n\t\t\t\t\t<div class=\"elementor-column elementor-col-33 elementor-inner-column elementor-element elementor-element-2f84d9d3\" data-id=\"2f84d9d3\" data-element_type=\"column\">\n\t\t\t<div class=\"elementor-widget-wrap elementor-element-populated\">\n\t\t\t\t\t\t<div class=\"elementor-element elementor-element-430b5a2 elementor-widget elementor-widget-image\" data-id=\"430b5a2\" data-element_type=\"widget\" data-widget_type=\"image.default\">\n\t\t\t\t<div class=\"elementor-widget-container\">\n\t\t\t\t\t\t\t\t\t\t\t\t\t\t\t<img fetchpriority=\"high\" decoding=\"async\" width=\"519\" height=\"337\" src=\"https:\/\/www.fundaciobarcelonaolimpica.es\/wp-content\/uploads\/sites\/3\/2019\/03\/LOGO-FORUM-COLOR-copia.png\" class=\"attachment-large size-large wp-image-28225\" alt=\"\" srcset=\"https:\/\/www.fundaciobarcelonaolimpica.es\/wp-content\/uploads\/sites\/3\/2019\/03\/LOGO-FORUM-COLOR-copia.png 519w, https:\/\/www.fundaciobarcelonaolimpica.es\/wp-content\/uploads\/sites\/3\/2019\/03\/LOGO-FORUM-COLOR-copia-300x195.png 300w\" sizes=\"(max-width: 519px) 100vw, 519px\" \/>\t\t\t\t\t\t\t\t\t\t\t\t\t\t\t<\/div>\n\t\t\t\t<\/div>\n\t\t\t\t\t<\/div>\n\t\t<\/div>\n\t\t\t\t<div class=\"elementor-column elementor-col-66 elementor-inner-column elementor-element elementor-element-11e8eea\" data-id=\"11e8eea\" data-element_type=\"column\">\n\t\t\t<div class=\"elementor-widget-wrap elementor-element-populated\">\n\t\t\t\t\t\t<div class=\"elementor-element elementor-element-ab49a1f elementor-widget elementor-widget-heading\" data-id=\"ab49a1f\" data-element_type=\"widget\" data-widget_type=\"heading.default\">\n\t\t\t\t<div class=\"elementor-widget-container\">\n\t\t\t\t\t<h2 class=\"elementor-heading-title elementor-size-default\">El futuro de los grandes eventos deportivos<\/h2>\t\t\t\t<\/div>\n\t\t\t\t<\/div>\n\t\t\t\t<div class=\"elementor-element elementor-element-6e69381 elementor-widget elementor-widget-text-editor\" data-id=\"6e69381\" data-element_type=\"widget\" data-widget_type=\"text-editor.default\">\n\t\t\t\t<div class=\"elementor-widget-container\">\n\t\t\t\t\t\t\t\t\t<h3>14 y 15 de enero<\/h3><h3><strong>El XVI F\u00f2rum Ol\u00edmpic \u2013 Memorial Rom\u00e0 Cuy\u00e0s<\/strong> reunir\u00e1 a figuras del deporte para debatir los retos de los grandes eventos deportivos, la psicolog\u00eda en el alto rendimiento, la comunicaci\u00f3n deportiva y el futuro del olimpismo. Un espacio de referencia para reflexionar sobre el deporte y el olimpismo.<\/h3>\t\t\t\t\t\t\t\t<\/div>\n\t\t\t\t<\/div>\n\t\t\t\t\t<\/div>\n\t\t<\/div>\n\t\t\t\t\t<\/div>\n\t\t<\/section>\n\t\t\t\t\t<\/div>\n\t\t<\/div>\n\t\t\t\t\t<\/div>\n\t\t<\/section>\n\t\t\t\t<section class=\"elementor-section elementor-top-section elementor-element elementor-element-7059ecd fbo-schedule elementor-section-boxed elementor-section-height-default elementor-section-height-default\" data-id=\"7059ecd\" data-element_type=\"section\">\n\t\t\t\t\t\t<div class=\"elementor-container elementor-column-gap-default\">\n\t\t\t\t\t<div class=\"elementor-column elementor-col-100 elementor-top-column elementor-element elementor-element-a4eda07\" data-id=\"a4eda07\" data-element_type=\"column\">\n\t\t\t<div class=\"elementor-widget-wrap elementor-element-populated\">\n\t\t\t\t\t\t<div class=\"elementor-element elementor-element-d70d849 elementor-widget elementor-widget-image\" data-id=\"d70d849\" data-element_type=\"widget\" data-widget_type=\"image.default\">\n\t\t\t\t<div class=\"elementor-widget-container\">\n\t\t\t\t\t\t\t\t\t\t\t\t\t\t\t<img decoding=\"async\" width=\"1500\" height=\"500\" src=\"https:\/\/www.fundaciobarcelonaolimpica.es\/wp-content\/uploads\/sites\/3\/2025\/12\/CAST-banner-1500x500-px.png\" class=\"attachment-full size-full wp-image-31651\" alt=\"\" srcset=\"https:\/\/www.fundaciobarcelonaolimpica.es\/wp-content\/uploads\/sites\/3\/2025\/12\/CAST-banner-1500x500-px.png 1500w, https:\/\/www.fundaciobarcelonaolimpica.es\/wp-content\/uploads\/sites\/3\/2025\/12\/CAST-banner-1500x500-px-300x100.png 300w, https:\/\/www.fundaciobarcelonaolimpica.es\/wp-content\/uploads\/sites\/3\/2025\/12\/CAST-banner-1500x500-px-1024x341.png 1024w, https:\/\/www.fundaciobarcelonaolimpica.es\/wp-content\/uploads\/sites\/3\/2025\/12\/CAST-banner-1500x500-px-768x256.png 768w, https:\/\/www.fundaciobarcelonaolimpica.es\/wp-content\/uploads\/sites\/3\/2025\/12\/CAST-banner-1500x500-px-1320x440.png 1320w\" sizes=\"(max-width: 1500px) 100vw, 1500px\" \/>\t\t\t\t\t\t\t\t\t\t\t\t\t\t\t<\/div>\n\t\t\t\t<\/div>\n\t\t\t\t<div class=\"elementor-element elementor-element-86b2fca elementor-widget elementor-widget-heading\" data-id=\"86b2fca\" data-element_type=\"widget\" data-widget_type=\"heading.default\">\n\t\t\t\t<div class=\"elementor-widget-container\">\n\t\t\t\t\t<h3 class=\"elementor-heading-title elementor-size-default\">AGENDA<\/h3>\t\t\t\t<\/div>\n\t\t\t\t<\/div>\n\t\t\t\t<section class=\"elementor-section elementor-inner-section elementor-element elementor-element-8760fb2 fbo-schedule--content elementor-section-boxed elementor-section-height-default elementor-section-height-default\" data-id=\"8760fb2\" data-element_type=\"section\">\n\t\t\t\t\t\t<div class=\"elementor-container elementor-column-gap-no\">\n\t\t\t\t\t<div class=\"elementor-column elementor-col-50 elementor-inner-column elementor-element elementor-element-9d8597d\" data-id=\"9d8597d\" data-element_type=\"column\">\n\t\t\t<div class=\"elementor-widget-wrap elementor-element-populated\">\n\t\t\t\t\t\t<div class=\"elementor-element elementor-element-60e9160 elementor-widget elementor-widget-heading\" data-id=\"60e9160\" data-element_type=\"widget\" data-widget_type=\"heading.default\">\n\t\t\t\t<div class=\"elementor-widget-container\">\n\t\t\t\t\t<h4 class=\"elementor-heading-title elementor-size-default\"><b>Mi\u00e9rcoles 14 de enero <\/b><\/h4>\t\t\t\t<\/div>\n\t\t\t\t<\/div>\n\t\t\t\t<div class=\"elementor-element elementor-element-05c99f1 elementor-widget elementor-widget-heading\" data-id=\"05c99f1\" data-element_type=\"widget\" data-widget_type=\"heading.default\">\n\t\t\t\t<div class=\"elementor-widget-container\">\n\t\t\t\t\t<h4 class=\"elementor-heading-title elementor-size-default\">Museu Ol\u00edmpic i de l'Esport JA Samaranch\n<\/h4>\t\t\t\t<\/div>\n\t\t\t\t<\/div>\n\t\t\t\t<div class=\"elementor-element elementor-element-7e023b5 elementor-widget elementor-widget-heading\" data-id=\"7e023b5\" data-element_type=\"widget\" data-widget_type=\"heading.default\">\n\t\t\t\t<div class=\"elementor-widget-container\">\n\t\t\t\t\t<h5 class=\"elementor-heading-title elementor-size-default\">Innovaci\u00f3n y legado del olimpismo<\/h5>\t\t\t\t<\/div>\n\t\t\t\t<\/div>\n\t\t\t\t<div class=\"elementor-element elementor-element-6650499 elementor-align-center elementor-widget elementor-widget-button\" data-id=\"6650499\" data-element_type=\"widget\" data-widget_type=\"button.default\">\n\t\t\t\t<div class=\"elementor-widget-container\">\n\t\t\t\t\t\t\t\t\t<div class=\"elementor-button-wrapper\">\n\t\t\t\t\t<a class=\"elementor-button elementor-button-link elementor-size-sm elementor-animation-pulse\" href=\"https:\/\/www.youtube.com\/live\/8W4jjE76FqM\">\n\t\t\t\t\t\t<span class=\"elementor-button-content-wrapper\">\n\t\t\t\t\t\t\t\t\t<span class=\"elementor-button-text\">Video sesi\u00f3n \u00b7 Jornada 1<\/span>\n\t\t\t\t\t<\/span>\n\t\t\t\t\t<\/a>\n\t\t\t\t<\/div>\n\t\t\t\t\t\t\t\t<\/div>\n\t\t\t\t<\/div>\n\t\t\t\t<div class=\"elementor-element elementor-element-e3ffdab elementor-align-center elementor-widget elementor-widget-button\" data-id=\"e3ffdab\" data-element_type=\"widget\" data-widget_type=\"button.default\">\n\t\t\t\t<div class=\"elementor-widget-container\">\n\t\t\t\t\t\t\t\t\t<div class=\"elementor-button-wrapper\">\n\t\t\t\t\t<a class=\"elementor-button elementor-button-link elementor-size-sm elementor-animation-pulse\" href=\"https:\/\/fbolimpica-my.sharepoint.com\/:f:\/g\/personal\/ilallana_fbolimpica_es\/IgBfKprQ_rwvRpVpJxCRL0ulARefyAOL73HNxiUfzO7qVrU?e=zqwfKf\">\n\t\t\t\t\t\t<span class=\"elementor-button-content-wrapper\">\n\t\t\t\t\t\t\t\t\t<span class=\"elementor-button-text\">Fotos jornada 1<\/span>\n\t\t\t\t\t<\/span>\n\t\t\t\t\t<\/a>\n\t\t\t\t<\/div>\n\t\t\t\t\t\t\t\t<\/div>\n\t\t\t\t<\/div>\n\t\t\t\t<div class=\"elementor-element elementor-element-5c8e6b5 elementor-align-center elementor-widget elementor-widget-button\" data-id=\"5c8e6b5\" data-element_type=\"widget\" data-widget_type=\"button.default\">\n\t\t\t\t<div class=\"elementor-widget-container\">\n\t\t\t\t\t\t\t\t\t<div class=\"elementor-button-wrapper\">\n\t\t\t\t\t<a class=\"elementor-button elementor-button-link elementor-size-sm elementor-animation-pulse\" href=\"https:\/\/www.fundaciobarcelonaolimpica.es\/es\/el-xvi-forum-olimpic-memorial-roma-cuyas-inaugura-su-primera-jornada-centrada-en-el-futuro-del-olimpismo-y-los-grandes-eventos-deportivos\/\">\n\t\t\t\t\t\t<span class=\"elementor-button-content-wrapper\">\n\t\t\t\t\t\t\t\t\t<span class=\"elementor-button-text\">Noticia jornada 1<\/span>\n\t\t\t\t\t<\/span>\n\t\t\t\t\t<\/a>\n\t\t\t\t<\/div>\n\t\t\t\t\t\t\t\t<\/div>\n\t\t\t\t<\/div>\n\t\t\t\t<div class=\"elementor-element elementor-element-d517534 elementor-widget elementor-widget-heading\" data-id=\"d517534\" data-element_type=\"widget\" data-widget_type=\"heading.default\">\n\t\t\t\t<div class=\"elementor-widget-container\">\n\t\t\t\t\t<h6 class=\"elementor-heading-title elementor-size-default\">La primera jornada del Forum Ol\u00edmpic explorar\u00e1 el presente y futuro del olimpismo y la gesti\u00f3n de grandes eventos deportivos. <\/h6>\t\t\t\t<\/div>\n\t\t\t\t<\/div>\n\t\t\t\t<div class=\"elementor-element elementor-element-66ed677 elementor-widget elementor-widget-html\" data-id=\"66ed677\" data-element_type=\"widget\" data-widget_type=\"html.default\">\n\t\t\t\t<div class=\"elementor-widget-container\">\n\t\t\t\t\t<!-- Mi\u00e9rcoles -->\n<table>\n    <tbody>\n        <tr>\n            <th>17:30<\/th>\n            <td>                \n                <p class=\"fbo-schedule--act\">Bienvenida<\/p>\n                \n                <p class=\"fbo-schedule--detail\">David Escud\u00e9, presidente de la Fundaci\u00f3 Barcelona Ol\u00edmpica y concejal de Deportes del Ayuntamiento de Barcelona<\/p>\n                \n                 \n                \n        <\/tr>\n        <tr>\n            <th>17:40<\/th>\n            <td>                \n                <p class=\"fbo-schedule--act\">Ponencia: El Futuro del Olimpismo<\/p>\n                <p class=\"fbo-schedule--detail\">Juan Antonio Samaranch Salisachs, vicepresidente del CIO<\/p>\n            <\/td>\n        <\/tr>\n        <tr>\n              <th>18:00<\/th>\n            <td>                \n                <p class=\"fbo-schedule--act\">Mesa redonda<\/p>\n                <p class=\"fbo-schedule--detail\">Colaboraci\u00f3n p\u00fablico-privada en la organizaci\u00f3n de grandes eventos deportivos<\/p>\n                <p class=\"fbo-schedule--speaker\">David Escud\u00e9, concejal de Deportes del Ayuntamiento de Barcelona.\n                <p class=\"fbo-schedule--speaker\">Ram\u00f3n Agenjo, director de la Fundaci\u00f3n Damm y presidente de la Barcelona Global.\n                     \n            <\/td>\n        <\/tr>\n        <tr>\n                <th>18:30<\/th>\n            <td>                \n                <p class=\"fbo-schedule--act\">Coffee break<\/p>\n            <\/td>\n        <\/tr>\n        <tr>\n            <th>18:45<\/th>\n            <td>                \n                <p class=\"fbo-schedule--act\">Ponencia: Impacto econ\u00f3mico y social en la celebraci\u00f3 de grandes acontecimientos deportivos.<\/p>\n                \n                <p class=\"fbo-schedule--speaker\">Rosina Moreno, Catedr\u00e1tica de Econom\u00eda Aplicada de la Universidad de Barcelona, Miembro del Laboratorio AQR-Lab.\n                <p class=\"fbo-schedule--speaker\">Jordi Suri\u00f1ach, Catedr\u00e1tico de Econom\u00eda Aplicada de la Universidad de Barcelona, Miembro del Laboratorio AQR-Lab.\n                 <p class=\"fbo-schedule--speaker\">Esther Vay\u00e1, Titular de la Universidad de Barcelona, Miembro del Laboratorio AQR-Lab.\n             \n        \n            <\/td>\n        <\/tr>\n        <tr>\n             <th>19:15<\/th>\n            <td>                \n                <p class=\"fbo-schedule--act\">Coloquio<\/p>\n                <p class=\"fbo-schedule--detail\">La gesti\u00f3n federativa ante los grandes eventos deportivo<\/p>\n                <p class=\"fbo-schedule--speaker\">Ra\u00fal Chapado, presidente de la Real Federaci\u00f3n Espa\u00f1ola de Atletismo.<\/p>\n            \n            <\/td>\n        <\/tr>\n       <tr>\n             <th>19:45<\/th>\n            <td>                \n                <p class=\"fbo-schedule--act\">Coloquio<\/p>\n                <p class=\"fbo-schedule--detail\">El papel del FC Barcelona ante los grandes eventos deportivos<\/p>\n                <p class=\"fbo-schedule--speaker\">Maria Elena Fort, vicepresidenta del FC Barcelona.<\/p>\n            \n            <\/td>\n        <\/tr>\n        <tr>\n            <th>20:15<\/th>\n            <td>                \n                <p class=\"fbo-schedule--act\">Cierre sesi\u00f3n<\/p>\n                <p class=\"fbo-schedule--detail\"><\/p>\n                <p class=\"fbo-schedule--speaker\"><\/p> <\/p>Berni \u00c1lvarez, Consejero de Deportes de la Generalitat de Catalunya<\/p>\n            <\/td>\n        <\/tr>\n       \n    <\/tbody>\n<\/table>\n<!-- Fin table Miercoles -->\t\t\t\t<\/div>\n\t\t\t\t<\/div>\n\t\t\t\t<div class=\"elementor-element elementor-element-3ca035f elementor-widget elementor-widget-text-editor\" data-id=\"3ca035f\" data-element_type=\"widget\" data-widget_type=\"text-editor.default\">\n\t\t\t\t<div class=\"elementor-widget-container\">\n\t\t\t\t\t\t\t\t\t<p><em data-start=\"146\" data-end=\"230\">El programa y los conferenciantes est\u00e1n sujetos a posibles cambios de \u00faltima hora.<\/em><\/p>\t\t\t\t\t\t\t\t<\/div>\n\t\t\t\t<\/div>\n\t\t\t\t\t<\/div>\n\t\t<\/div>\n\t\t\t\t<div class=\"elementor-column elementor-col-50 elementor-inner-column elementor-element elementor-element-c10f712\" data-id=\"c10f712\" data-element_type=\"column\">\n\t\t\t<div class=\"elementor-widget-wrap elementor-element-populated\">\n\t\t\t\t\t\t<div class=\"elementor-element elementor-element-28effb0 elementor-widget elementor-widget-heading\" data-id=\"28effb0\" data-element_type=\"widget\" data-widget_type=\"heading.default\">\n\t\t\t\t<div class=\"elementor-widget-container\">\n\t\t\t\t\t<h4 class=\"elementor-heading-title elementor-size-default\"><b>Jueves 15 de enero<\/b><\/h4>\t\t\t\t<\/div>\n\t\t\t\t<\/div>\n\t\t\t\t<div class=\"elementor-element elementor-element-f9a18aa elementor-widget elementor-widget-heading\" data-id=\"f9a18aa\" data-element_type=\"widget\" data-widget_type=\"heading.default\">\n\t\t\t\t<div class=\"elementor-widget-container\">\n\t\t\t\t\t<h4 class=\"elementor-heading-title elementor-size-default\">Museu Ol\u00edmpic i de l'Esport JA Samaranch<\/h4>\t\t\t\t<\/div>\n\t\t\t\t<\/div>\n\t\t\t\t<div class=\"elementor-element elementor-element-ebe8d5c elementor-widget elementor-widget-heading\" data-id=\"ebe8d5c\" data-element_type=\"widget\" data-widget_type=\"heading.default\">\n\t\t\t\t<div class=\"elementor-widget-container\">\n\t\t\t\t\t<h5 class=\"elementor-heading-title elementor-size-default\">Mente y rendimiento<\/h5>\t\t\t\t<\/div>\n\t\t\t\t<\/div>\n\t\t\t\t<div class=\"elementor-element elementor-element-55d5705 elementor-align-center elementor-widget elementor-widget-button\" data-id=\"55d5705\" data-element_type=\"widget\" data-widget_type=\"button.default\">\n\t\t\t\t<div class=\"elementor-widget-container\">\n\t\t\t\t\t\t\t\t\t<div class=\"elementor-button-wrapper\">\n\t\t\t\t\t<a class=\"elementor-button elementor-button-link elementor-size-sm elementor-animation-pulse\" href=\"https:\/\/www.youtube.com\/live\/gvT3VqjNN60\">\n\t\t\t\t\t\t<span class=\"elementor-button-content-wrapper\">\n\t\t\t\t\t\t\t\t\t<span class=\"elementor-button-text\">Video sesi\u00f3n \u00b7 jornada 2<\/span>\n\t\t\t\t\t<\/span>\n\t\t\t\t\t<\/a>\n\t\t\t\t<\/div>\n\t\t\t\t\t\t\t\t<\/div>\n\t\t\t\t<\/div>\n\t\t\t\t<div class=\"elementor-element elementor-element-eeab495 elementor-align-center elementor-widget elementor-widget-button\" data-id=\"eeab495\" data-element_type=\"widget\" data-widget_type=\"button.default\">\n\t\t\t\t<div class=\"elementor-widget-container\">\n\t\t\t\t\t\t\t\t\t<div class=\"elementor-button-wrapper\">\n\t\t\t\t\t<a class=\"elementor-button elementor-button-link elementor-size-sm elementor-animation-pulse\" href=\"https:\/\/fbolimpica-my.sharepoint.com\/:f:\/g\/personal\/ilallana_fbolimpica_es\/IgAP-vVosQykS4ZsHNMEHT0DAdPanjxFlx-io4Y6RqNtlg4?e=pa0Y7F\">\n\t\t\t\t\t\t<span class=\"elementor-button-content-wrapper\">\n\t\t\t\t\t\t\t\t\t<span class=\"elementor-button-text\">Fotos jornada 2<\/span>\n\t\t\t\t\t<\/span>\n\t\t\t\t\t<\/a>\n\t\t\t\t<\/div>\n\t\t\t\t\t\t\t\t<\/div>\n\t\t\t\t<\/div>\n\t\t\t\t<div class=\"elementor-element elementor-element-9dcc4c1 elementor-align-center elementor-widget elementor-widget-button\" data-id=\"9dcc4c1\" data-element_type=\"widget\" data-widget_type=\"button.default\">\n\t\t\t\t<div class=\"elementor-widget-container\">\n\t\t\t\t\t\t\t\t\t<div class=\"elementor-button-wrapper\">\n\t\t\t\t\t<a class=\"elementor-button elementor-button-link elementor-size-sm elementor-animation-pulse\" href=\"https:\/\/www.fundaciobarcelonaolimpica.es\/es\/la-mente-clave-del-rendimiento-en-el-deporte-de-elite-en-la-segunda-jornada-del-xvi-forum-olimpic\/\">\n\t\t\t\t\t\t<span class=\"elementor-button-content-wrapper\">\n\t\t\t\t\t\t\t\t\t<span class=\"elementor-button-text\">Noticia jornada 2<\/span>\n\t\t\t\t\t<\/span>\n\t\t\t\t\t<\/a>\n\t\t\t\t<\/div>\n\t\t\t\t\t\t\t\t<\/div>\n\t\t\t\t<\/div>\n\t\t\t\t<div class=\"elementor-element elementor-element-e42d740 elementor-widget elementor-widget-heading\" data-id=\"e42d740\" data-element_type=\"widget\" data-widget_type=\"heading.default\">\n\t\t\t\t<div class=\"elementor-widget-container\">\n\t\t\t\t\t<h6 class=\"elementor-heading-title elementor-size-default\">La segunda jornada del Forum Ol\u00edmpic se centrar\u00e1 en la dimensi\u00f3n psicol\u00f3gica de los grandes eventos deportivos. \n\n<br><\/h6>\t\t\t\t<\/div>\n\t\t\t\t<\/div>\n\t\t\t\t<div class=\"elementor-element elementor-element-df98edf elementor-widget elementor-widget-html\" data-id=\"df98edf\" data-element_type=\"widget\" data-widget_type=\"html.default\">\n\t\t\t\t<div class=\"elementor-widget-container\">\n\t\t\t\t\t<!-- Jueves -->\n<table>\n    <tbody>\n        <tr>\n            <th>17:30<\/th>\n            <td>                \n                <p class=\"fbo-schedule--act\">Bienvenida<\/p>\n                \n                Francesc Terr\u00f3n, director de la Fundaci\u00f3 Barcelona Ol\u00edmpica<\/p>\n                 \n                \n        <\/tr>\n         <th>17:30<\/th>\n            <td>                \n                <p class=\"fbo-schedule--act\">Ponencia<\/p>\n                \n                <p class=\"fbo-schedule--detail\">Alejandro Blanco, presidente del Comit\u00e9 Ol\u00edmpico Espa\u00f1ol<\/p>\n               \n                 \n                \n        <\/tr>\n        <tr><th>17:45<\/th>\n            <td>                \n                <p class=\"fbo-schedule--act\">Ponencia: El factor psicol\u00f3gico en los grandes eventos deportivos<\/p>\n                <p class=\"fbo-schedule--detail\">Mar Rovira, responsable del Departamento de Rendimiento Mental del RCD Espanyol de Barcelona.<\/p>\n            <\/td>\n        <\/tr>\n        <tr>\n               <th>18:15<\/th>\n            <td>                \n                <p class=\"fbo-schedule--act\">Coffee break<\/p>\n            <\/td>\n        <\/tr>\n        <tr>\n            <th>18:30<\/th>\n            <td>                \n               \n                <p class=\"fbo-schedule--act\">Mesa redonda: Equilibrio mental y \u00e9xito deportivo: una conversaci\u00f3n necesaria.<\/p>\n        \n                <p class=\"fbo-schedule--speaker\">Ruth Beitia, atleta ol\u00edmpica.<\/p>\n                <p class=\"fbo-schedule--speaker\">Jennifer Pareja, deportista ol\u00edmpica.<\/p>\n                <p class=\"fbo-schedule--speaker\">Marta P\u00e9rez, atleta ol\u00edmpica.<\/p>\n                \n              \n                <p class=\"fbo-schedule--speaker\"> Jose L\u00fais L\u00f3pez del Amo (Moderador)<\/p>\n         \n            <\/td>\n        <\/tr>\n        <tr>\n            <th>19:15<\/th>\n            <td>                \n                \n                <p class=\"fbo-schedule--act\">Clausura<\/p>\n                <p class=\"fbo-schedule--detail\">David Escud\u00e9, presidente de la Fundaci\u00f3 Barcelona Ol\u00edmpica y concejal de Deportes del Ayuntamiento de Barcelona<\/p>\n            <\/td>\n        <\/tr>\n        <tr>\n            \n<\/table>\n<!-- Fin table Jueves -->\t\t\t\t<\/div>\n\t\t\t\t<\/div>\n\t\t\t\t<div class=\"elementor-element elementor-element-ca8dd6a elementor-align-center elementor-widget elementor-widget-button\" data-id=\"ca8dd6a\" data-element_type=\"widget\" data-widget_type=\"button.default\">\n\t\t\t\t<div class=\"elementor-widget-container\">\n\t\t\t\t\t\t\t\t\t<div class=\"elementor-button-wrapper\">\n\t\t\t\t\t<a class=\"elementor-button elementor-button-link elementor-size-sm elementor-animation-pulse\" href=\"https:\/\/fbolimpica-my.sharepoint.com\/:f:\/g\/personal\/ilallana_fbolimpica_es\/IgCO8kFM9rkER4emk-q3XzKHAf7eRzEssa2w87KFFKaJTJE?e=u91Oba\">\n\t\t\t\t\t\t<span class=\"elementor-button-content-wrapper\">\n\t\t\t\t\t\t\t\t\t<span class=\"elementor-button-text\">RECURSOS MEDIOS DE COMUNICACI\u00d3N<\/span>\n\t\t\t\t\t<\/span>\n\t\t\t\t\t<\/a>\n\t\t\t\t<\/div>\n\t\t\t\t\t\t\t\t<\/div>\n\t\t\t\t<\/div>\n\t\t\t\t\t<\/div>\n\t\t<\/div>\n\t\t\t\t\t<\/div>\n\t\t<\/section>\n\t\t\t\t\t<\/div>\n\t\t<\/div>\n\t\t\t\t\t<\/div>\n\t\t<\/section>\n\t\t\t\t<section class=\"elementor-section elementor-top-section elementor-element elementor-element-4f3888b elementor-section-full_width elementor-section-height-default elementor-section-height-default\" data-id=\"4f3888b\" data-element_type=\"section\">\n\t\t\t\t\t\t<div class=\"elementor-container elementor-column-gap-no\">\n\t\t\t\t\t<div class=\"elementor-column elementor-col-100 elementor-top-column elementor-element elementor-element-84b8e95\" data-id=\"84b8e95\" data-element_type=\"column\">\n\t\t\t<div class=\"elementor-widget-wrap elementor-element-populated\">\n\t\t\t\t\t\t<div class=\"elementor-element elementor-element-d2567b7 elementor-widget elementor-widget-image\" data-id=\"d2567b7\" data-element_type=\"widget\" data-widget_type=\"image.default\">\n\t\t\t\t<div class=\"elementor-widget-container\">\n\t\t\t\t\t\t\t\t\t\t\t\t\t\t\t<img decoding=\"async\" width=\"851\" height=\"278\" src=\"https:\/\/www.fundaciobarcelonaolimpica.es\/wp-content\/uploads\/sites\/3\/2025\/12\/Mesa-de-trabajo-CASCAT-Cortes-web.png\" class=\"attachment-large size-large wp-image-31679\" alt=\"\" srcset=\"https:\/\/www.fundaciobarcelonaolimpica.es\/wp-content\/uploads\/sites\/3\/2025\/12\/Mesa-de-trabajo-CASCAT-Cortes-web.png 851w, https:\/\/www.fundaciobarcelonaolimpica.es\/wp-content\/uploads\/sites\/3\/2025\/12\/Mesa-de-trabajo-CASCAT-Cortes-web-300x98.png 300w, https:\/\/www.fundaciobarcelonaolimpica.es\/wp-content\/uploads\/sites\/3\/2025\/12\/Mesa-de-trabajo-CASCAT-Cortes-web-768x251.png 768w\" sizes=\"(max-width: 851px) 100vw, 851px\" \/>\t\t\t\t\t\t\t\t\t\t\t\t\t\t\t<\/div>\n\t\t\t\t<\/div>\n\t\t\t\t\t<\/div>\n\t\t<\/div>\n\t\t\t\t\t<\/div>\n\t\t<\/section>\n\t\t\t\t<section class=\"elementor-section elementor-top-section elementor-element elementor-element-1ba8afd elementor-section-full_width elementor-section-height-default elementor-section-height-default\" data-id=\"1ba8afd\" data-element_type=\"section\">\n\t\t\t\t\t\t<div class=\"elementor-container elementor-column-gap-no\">\n\t\t\t\t\t<div class=\"elementor-column elementor-col-100 elementor-top-column elementor-element elementor-element-d57f554\" data-id=\"d57f554\" data-element_type=\"column\">\n\t\t\t<div class=\"elementor-widget-wrap\">\n\t\t\t\t\t\t\t<\/div>\n\t\t<\/div>\n\t\t\t\t\t<\/div>\n\t\t<\/section>\n\t\t\t\t<section class=\"elementor-section elementor-top-section elementor-element elementor-element-9364357 fbo-list--descarga l-padding--bottom elementor-section-boxed elementor-section-height-default elementor-section-height-default\" data-id=\"9364357\" data-element_type=\"section\">\n\t\t\t\t\t\t<div class=\"elementor-container elementor-column-gap-default\">\n\t\t\t\t\t<div class=\"elementor-column elementor-col-100 elementor-top-column elementor-element elementor-element-b2ef5ed\" data-id=\"b2ef5ed\" data-element_type=\"column\">\n\t\t\t<div class=\"elementor-widget-wrap elementor-element-populated\">\n\t\t\t\t\t\t<section class=\"elementor-section elementor-inner-section elementor-element elementor-element-de06062 elementor-section-boxed elementor-section-height-default elementor-section-height-default\" data-id=\"de06062\" data-element_type=\"section\">\n\t\t\t\t\t\t<div class=\"elementor-container elementor-column-gap-default\">\n\t\t\t\t\t<div class=\"elementor-column elementor-col-100 elementor-inner-column elementor-element elementor-element-fdaffae\" data-id=\"fdaffae\" data-element_type=\"column\">\n\t\t\t<div class=\"elementor-widget-wrap elementor-element-populated\">\n\t\t\t\t\t\t<div class=\"elementor-element elementor-element-1762a71e elementor-widget elementor-widget-heading\" data-id=\"1762a71e\" data-element_type=\"widget\" data-widget_type=\"heading.default\">\n\t\t\t\t<div class=\"elementor-widget-container\">\n\t\t\t\t\t<h3 class=\"elementor-heading-title elementor-size-default\">Hist\u00f3rico de F\u00f3rums<\/h3>\t\t\t\t<\/div>\n\t\t\t\t<\/div>\n\t\t\t\t<div class=\"elementor-element elementor-element-0982956 elementor-widget elementor-widget-text-editor\" data-id=\"0982956\" data-element_type=\"widget\" data-widget_type=\"text-editor.default\">\n\t\t\t\t<div class=\"elementor-widget-container\">\n\t\t\t\t\t\t\t\t\t<p>El F\u00f3rum Ol\u00edmpico son unas jornadas que se organizan bianualmente desde 1995. Consisten en una seria de sesiones con el objetivo de reflexionar sobre una tem\u00e1tica actual en relaci\u00f3n al deporte, con la finalidad de encontrar v\u00edas de soluci\u00f3n.<\/p><p>Dirigido a: entidades deportivas, federaciones y clubes deportivos, diputaciones, consejos comarcales, ayuntamientos, investigadores, empresas privadas y p\u00fablicas deportivas, emprendedores, deportistas, representantes, entre otros.<\/p>\t\t\t\t\t\t\t\t<\/div>\n\t\t\t\t<\/div>\n\t\t\t\t\t<\/div>\n\t\t<\/div>\n\t\t\t\t\t<\/div>\n\t\t<\/section>\n\t\t\t\t<section class=\"elementor-section elementor-inner-section elementor-element elementor-element-5be9c7c elementor-section-boxed elementor-section-height-default elementor-section-height-default\" data-id=\"5be9c7c\" data-element_type=\"section\">\n\t\t\t\t\t\t<div class=\"elementor-container elementor-column-gap-default\">\n\t\t\t\t\t<div class=\"elementor-column elementor-col-100 elementor-inner-column elementor-element elementor-element-d4725e5\" data-id=\"d4725e5\" data-element_type=\"column\">\n\t\t\t<div class=\"elementor-widget-wrap elementor-element-populated\">\n\t\t\t\t\t\t<div class=\"elementor-element elementor-element-aeca87d elementor-align-left elementor-icon-list--layout-traditional elementor-list-item-link-full_width elementor-widget elementor-widget-icon-list\" data-id=\"aeca87d\" data-element_type=\"widget\" data-widget_type=\"icon-list.default\">\n\t\t\t\t<div class=\"elementor-widget-container\">\n\t\t\t\t\t\t\t<ul class=\"elementor-icon-list-items\">\n\t\t\t\t\t\t\t<li class=\"elementor-icon-list-item\">\n\t\t\t\t\t\t\t\t\t\t\t<a href=\"http:\/\/www.museuolimpicbcn.cat\/wp-content\/uploads\/sites\/3\/2019\/10\/forum-01_1995_ponenc-concl_ca-es.pdf\" target=\"_blank\" rel=\"nofollow\">\n\n\t\t\t\t\t\t\t\t\t\t\t<span class=\"elementor-icon-list-text\">I F\u00f3rum Ol\u00edmpico (noviembre 1995) \"F\u00f3rum Ol\u00edmpico\"<\/span>\n\t\t\t\t\t\t\t\t\t\t\t<\/a>\n\t\t\t\t\t\t\t\t\t<\/li>\n\t\t\t\t\t\t\t\t<li class=\"elementor-icon-list-item\">\n\t\t\t\t\t\t\t\t\t\t\t<a href=\"http:\/\/www.museuolimpicbcn.cat\/wp-content\/uploads\/sites\/3\/2019\/10\/forum-02_1997_concl_es.pdf\" target=\"_blank\" rel=\"nofollow\">\n\n\t\t\t\t\t\t\t\t\t\t\t<span class=\"elementor-icon-list-text\">II F\u00f3rum Ol\u00edmpico (noviembre 1997) \"Deporte Ol\u00edmpico\"<\/span>\n\t\t\t\t\t\t\t\t\t\t\t<\/a>\n\t\t\t\t\t\t\t\t\t<\/li>\n\t\t\t\t\t\t\t\t<li class=\"elementor-icon-list-item\">\n\t\t\t\t\t\t\t\t\t\t\t<a href=\"http:\/\/www.museuolimpicbcn.cat\/wp-content\/uploads\/sites\/3\/2019\/10\/forum-03_1999_concl_ca.pdf\" target=\"_blank\" rel=\"nofollow\">\n\n\t\t\t\t\t\t\t\t\t\t\t<span class=\"elementor-icon-list-text\">III F\u00f3rum Ol\u00edmpico (noviembre 1999) \"Deporte y Mujer\"<\/span>\n\t\t\t\t\t\t\t\t\t\t\t<\/a>\n\t\t\t\t\t\t\t\t\t<\/li>\n\t\t\t\t\t\t\t\t<li class=\"elementor-icon-list-item\">\n\t\t\t\t\t\t\t\t\t\t\t<a href=\"http:\/\/www.museuolimpicbcn.cat\/wp-content\/uploads\/sites\/3\/2019\/10\/forum-04_2001_ponenc-concl_ca-es.pdf\" target=\"_blank\" rel=\"nofollow\">\n\n\t\t\t\t\t\t\t\t\t\t\t<span class=\"elementor-icon-list-text\">IV F\u00f3rum Ol\u00edmpico (noviembre 2001) \"Deporte Adaptado\"<\/span>\n\t\t\t\t\t\t\t\t\t\t\t<\/a>\n\t\t\t\t\t\t\t\t\t<\/li>\n\t\t\t\t\t\t\t\t<li class=\"elementor-icon-list-item\">\n\t\t\t\t\t\t\t\t\t\t\t<a href=\"http:\/\/www.museuolimpicbcn.cat\/wp-content\/uploads\/sites\/3\/2019\/10\/forum-05_2003_ponenc-concl_ca-es.pdf\" target=\"_blank\" rel=\"nofollow\">\n\n\t\t\t\t\t\t\t\t\t\t\t<span class=\"elementor-icon-list-text\">V F\u00f3rum Ol\u00edmpico (noviembre 2003) \"Dopaje en el deporte\"<\/span>\n\t\t\t\t\t\t\t\t\t\t\t<\/a>\n\t\t\t\t\t\t\t\t\t<\/li>\n\t\t\t\t\t\t\t\t<li class=\"elementor-icon-list-item\">\n\t\t\t\t\t\t\t\t\t\t\t<a href=\"http:\/\/www.museuolimpicbcn.cat\/wp-content\/uploads\/sites\/3\/2019\/10\/forum-06_2005_progr-concl_ca-es.pdf\" target=\"_blank\" rel=\"nofollow\">\n\n\t\t\t\t\t\t\t\t\t\t\t<span class=\"elementor-icon-list-text\">VI F\u00f3rum Ol\u00edmpico (noviembre 2005) \"Deporte Escolar\"<\/span>\n\t\t\t\t\t\t\t\t\t\t\t<\/a>\n\t\t\t\t\t\t\t\t\t<\/li>\n\t\t\t\t\t\t\t\t<li class=\"elementor-icon-list-item\">\n\t\t\t\t\t\t\t\t\t\t\t<a href=\"http:\/\/www.museuolimpicbcn.cat\/wp-content\/uploads\/sites\/3\/2019\/10\/forum-07_2007_progr-concl_ca-es.pdf\" target=\"_blank\" rel=\"nofollow\">\n\n\t\t\t\t\t\t\t\t\t\t\t<span class=\"elementor-icon-list-text\">VII F\u00f3rum Ol\u00edmpico (noviembre 2007) \"Deporte y Medio Ambiente\"<\/span>\n\t\t\t\t\t\t\t\t\t\t\t<\/a>\n\t\t\t\t\t\t\t\t\t<\/li>\n\t\t\t\t\t\t\t\t<li class=\"elementor-icon-list-item\">\n\t\t\t\t\t\t\t\t\t\t\t<a href=\"http:\/\/www.museuolimpicbcn.cat\/wp-content\/uploads\/sites\/3\/2019\/10\/forum-08_2009_progr-concl_ca-es.pdf\" target=\"_blank\" rel=\"nofollow\">\n\n\t\t\t\t\t\t\t\t\t\t\t<span class=\"elementor-icon-list-text\">VIII F\u00f3rum Ol\u00edmpico (noviembre 2009) \"Deporte e inmigraci\u00f3n\"<\/span>\n\t\t\t\t\t\t\t\t\t\t\t<\/a>\n\t\t\t\t\t\t\t\t\t<\/li>\n\t\t\t\t\t\t\t\t<li class=\"elementor-icon-list-item\">\n\t\t\t\t\t\t\t\t\t\t\t<a href=\"http:\/\/www.museuolimpicbcn.cat\/wp-content\/uploads\/sites\/3\/2019\/10\/forum-09_2011_progr_ca-es.pdf\" target=\"_blank\" rel=\"nofollow\">\n\n\t\t\t\t\t\t\t\t\t\t\t<span class=\"elementor-icon-list-text\">IX F\u00f3rum Ol\u00edmpico (octubre 2011) \"Deporte i Salud\"<\/span>\n\t\t\t\t\t\t\t\t\t\t\t<\/a>\n\t\t\t\t\t\t\t\t\t<\/li>\n\t\t\t\t\t\t\t\t<li class=\"elementor-icon-list-item\">\n\t\t\t\t\t\t\t\t\t\t\t<a href=\"http:\/\/www.museuolimpicbcn.cat\/wp-content\/uploads\/sites\/3\/2019\/10\/forum-10_2013_progr-concl_ca-es.pdf\" target=\"_blank\" rel=\"nofollow\">\n\n\t\t\t\t\t\t\t\t\t\t\t<span class=\"elementor-icon-list-text\">X F\u00f2rum Ol\u00edmpic (17 y 18 de octubre 2013) \"Deporte y Economia: Modelos de Futuro\"<\/span>\n\t\t\t\t\t\t\t\t\t\t\t<\/a>\n\t\t\t\t\t\t\t\t\t<\/li>\n\t\t\t\t\t\t\t\t<li class=\"elementor-icon-list-item\">\n\t\t\t\t\t\t\t\t\t\t\t<a href=\"http:\/\/www.museuolimpicbcn.cat\/wp-content\/uploads\/sites\/3\/2019\/10\/forum11_DOSSIER-baixa.pdf\" target=\"_blank\" rel=\"nofollow\">\n\n\t\t\t\t\t\t\t\t\t\t\t<span class=\"elementor-icon-list-text\">XI F\u00f3rum Ol\u00edmpico (15 y 16 de octubre 2015) \"Nuevas Tecnolog\u00edas y Deporte\"<\/span>\n\t\t\t\t\t\t\t\t\t\t\t<\/a>\n\t\t\t\t\t\t\t\t\t<\/li>\n\t\t\t\t\t\t\t\t<li class=\"elementor-icon-list-item\">\n\t\t\t\t\t\t\t\t\t\t\t<a href=\"http:\/\/www.fundaciobarcelonaolimpica.es\/wp-content\/uploads\/sites\/3\/2019\/10\/DOSSIER-FINAL.pdf\" target=\"_blank\" rel=\"nofollow\">\n\n\t\t\t\t\t\t\t\t\t\t\t<span class=\"elementor-icon-list-text\">XII F\u00f3rum Ol\u00edmpico (26 y 27 de octubre 2017) \"25 Aniversario Barcelona '92\"<\/span>\n\t\t\t\t\t\t\t\t\t\t\t<\/a>\n\t\t\t\t\t\t\t\t\t<\/li>\n\t\t\t\t\t\t\t\t<li class=\"elementor-icon-list-item\">\n\t\t\t\t\t\t\t\t\t\t\t<a href=\"https:\/\/www.fundaciobarcelonaolimpica.es\/es\/forum-olimpico-2019\/\" target=\"_blank\" rel=\"nofollow\">\n\n\t\t\t\t\t\t\t\t\t\t\t<span class=\"elementor-icon-list-text\">XIII F\u00f3rum Ol\u00edmpico (15 y 16 de octubre 2019) \"El impacto de los deportes y las disciplinas emergentes en un mundo global\"<\/span>\n\t\t\t\t\t\t\t\t\t\t\t<\/a>\n\t\t\t\t\t\t\t\t\t<\/li>\n\t\t\t\t\t\t\t\t<li class=\"elementor-icon-list-item\">\n\t\t\t\t\t\t\t\t\t\t\t<a href=\"https:\/\/www.fundaciobarcelonaolimpica.es\/es\/forum-olimpico-2021\/\" target=\"_blank\" rel=\"nofollow\">\n\n\t\t\t\t\t\t\t\t\t\t\t<span class=\"elementor-icon-list-text\">XIV F\u00f3rum Ol\u00edmpico (5,6, y 7 de octubre 20121) \"La afectaci\u00f3n de la COVID en el deporte\"<\/span>\n\t\t\t\t\t\t\t\t\t\t\t<\/a>\n\t\t\t\t\t\t\t\t\t<\/li>\n\t\t\t\t\t\t\t\t<li class=\"elementor-icon-list-item\">\n\t\t\t\t\t\t\t\t\t\t\t<a href=\"https:\/\/www.fundaciobarcelonaolimpica.es\/es\/forum-olimpico-2023-deporte-y-salud-mental\/\">\n\n\t\t\t\t\t\t\t\t\t\t\t\t<span class=\"elementor-icon-list-icon\">\n\t\t\t\t\t\t\t<i aria-hidden=\"true\" class=\"fas fa-check\"><\/i>\t\t\t\t\t\t<\/span>\n\t\t\t\t\t\t\t\t\t\t<span class=\"elementor-icon-list-text\">XV F\u00f3rum Ol\u00edmpico (21 y 22 de Noviembre) \"Deporte y salud mental\"<\/span>\n\t\t\t\t\t\t\t\t\t\t\t<\/a>\n\t\t\t\t\t\t\t\t\t<\/li>\n\t\t\t\t\t\t\t\t<li class=\"elementor-icon-list-item\">\n\t\t\t\t\t\t\t\t\t\t\t<a href=\"https:\/\/www.fundaciobarcelonaolimpica.es\/es\/forum-olimpico-2025-el-futuro-de-los-grandes-eventos-deportivos\/\">\n\n\t\t\t\t\t\t\t\t\t\t\t\t<span class=\"elementor-icon-list-icon\">\n\t\t\t\t\t\t\t<i aria-hidden=\"true\" class=\"fas fa-check\"><\/i>\t\t\t\t\t\t<\/span>\n\t\t\t\t\t\t\t\t\t\t<span class=\"elementor-icon-list-text\">XVI F\u00f3rum Ol\u00edmpico (14 y 15 de enero) \"El futuro de los grandes eventos deportivos\"<\/span>\n\t\t\t\t\t\t\t\t\t\t\t<\/a>\n\t\t\t\t\t\t\t\t\t<\/li>\n\t\t\t\t\t\t<\/ul>\n\t\t\t\t\t\t<\/div>\n\t\t\t\t<\/div>\n\t\t\t\t\t<\/div>\n\t\t<\/div>\n\t\t\t\t\t<\/div>\n\t\t<\/section>\n\t\t\t\t\t<\/div>\n\t\t<\/div>\n\t\t\t\t\t<\/div>\n\t\t<\/section>\n\t\t\t\t<section class=\"elementor-section elementor-top-section elementor-element elementor-element-b004e66 fbo-destacados elementor-section-boxed elementor-section-height-default elementor-section-height-default\" data-id=\"b004e66\" data-element_type=\"section\">\n\t\t\t\t\t\t<div class=\"elementor-container elementor-column-gap-no\">\n\t\t\t\t\t<div class=\"elementor-column elementor-col-100 elementor-top-column elementor-element elementor-element-da9f57e\" data-id=\"da9f57e\" data-element_type=\"column\">\n\t\t\t<div class=\"elementor-widget-wrap elementor-element-populated\">\n\t\t\t\t\t\t<div class=\"elementor-element elementor-element-3fd17ee elementor-widget elementor-widget-template\" data-id=\"3fd17ee\" data-element_type=\"widget\" data-widget_type=\"template.default\">\n\t\t\t\t<div class=\"elementor-widget-container\">\n\t\t\t\t\t\t\t<div class=\"elementor-template\">\n\t\t\t\t\t<div data-elementor-type=\"section\" data-elementor-id=\"646\" class=\"elementor elementor-646\" data-elementor-post-type=\"elementor_library\">\n\t\t\t\t\t<section class=\"elementor-section elementor-top-section elementor-element elementor-element-f3576d6 fbo-bloc--otras elementor-section-boxed elementor-section-height-default elementor-section-height-default\" data-id=\"f3576d6\" data-element_type=\"section\">\n\t\t\t\t\t\t<div class=\"elementor-container elementor-column-gap-no\">\n\t\t\t\t\t<div class=\"elementor-column elementor-col-100 elementor-top-column elementor-element elementor-element-3e8ab52\" data-id=\"3e8ab52\" data-element_type=\"column\">\n\t\t\t<div class=\"elementor-widget-wrap elementor-element-populated\">\n\t\t\t\t\t\t<section class=\"elementor-section elementor-inner-section elementor-element elementor-element-18ce25b elementor-section-boxed elementor-section-height-default elementor-section-height-default\" data-id=\"18ce25b\" data-element_type=\"section\">\n\t\t\t\t\t\t<div class=\"elementor-container elementor-column-gap-default\">\n\t\t\t\t\t<div class=\"elementor-column elementor-col-100 elementor-inner-column elementor-element elementor-element-08ef537\" data-id=\"08ef537\" data-element_type=\"column\">\n\t\t\t<div class=\"elementor-widget-wrap elementor-element-populated\">\n\t\t\t\t\t\t<div class=\"elementor-element elementor-element-415ecb0 elementor-widget elementor-widget-heading\" data-id=\"415ecb0\" data-element_type=\"widget\" data-widget_type=\"heading.default\">\n\t\t\t\t<div class=\"elementor-widget-container\">\n\t\t\t\t\t<h2 class=\"elementor-heading-title elementor-size-default\">Actividades que realizamos<\/h2>\t\t\t\t<\/div>\n\t\t\t\t<\/div>\n\t\t\t\t\t<\/div>\n\t\t<\/div>\n\t\t\t\t\t<\/div>\n\t\t<\/section>\n\t\t\t\t<div class=\"elementor-element elementor-element-af44fab elementor-widget elementor-widget-text-editor\" data-id=\"af44fab\" data-element_type=\"widget\" data-widget_type=\"text-editor.default\">\n\t\t\t\t<div class=\"elementor-widget-container\">\n\t\t\t\t\t\t\t\t\t<ul><li><a href=\"\/es\/premio-internacional-fbo-art-sobre-paper\/\">Arte sobre Papel<\/a><\/li><li><a href=\"\/es\/bcn-sports-film\/\">BCN Sports Film Festival<\/a><\/li><li><a href=\"\/es\/aula-de-historia\/\">Aula de Historia<\/a><\/li><li><a href=\"\/es\/forum-olimpic\/\">F\u00f3rum Ol\u00edmpico<\/a><\/li><li><a href=\"\/es\/clubs-centenarios\/\">Clubs Centenarios<\/a><\/li><li><a href=\"\/es\/barcelona-olimpica\/\">Barcelona Ol\u00edmpica<\/a><\/li><\/ul>\t\t\t\t\t\t\t\t<\/div>\n\t\t\t\t<\/div>\n\t\t\t\t\t<\/div>\n\t\t<\/div>\n\t\t\t\t\t<\/div>\n\t\t<\/section>\n\t\t\t\t<\/div>\n\t\t\t\t<\/div>\n\t\t\t\t\t\t<\/div>\n\t\t\t\t<\/div>\n\t\t\t\t\t<\/div>\n\t\t<\/div>\n\t\t\t\t\t<\/div>\n\t\t<\/section>\n\t\t\t\t<\/div>\n\t\t","protected":false},"excerpt":{"rendered":"<p>El futuro de los grandes eventos deportivos 14 y 15 de enero El XVI F\u00f2rum Ol\u00edmpic \u2013 Memorial Rom\u00e0 Cuy\u00e0s reunir\u00e1 a figuras del deporte para debatir los retos de los grandes eventos deportivos, la psicolog\u00eda en el alto rendimiento, la comunicaci\u00f3n deportiva y el futuro del olimpismo. Un espacio de referencia para reflexionar sobre [&hellip;]<\/p>\n","protected":false},"author":11,"featured_media":0,"parent":0,"menu_order":0,"comment_status":"closed","ping_status":"closed","template":"","meta":{"_acf_changed":false,"footnotes":""},"class_list":["post-31038","page","type-page","status-publish","hentry"],"acf":[],"yoast_head":"<!-- This site is optimized with the Yoast SEO plugin v23.7 - https:\/\/yoast.com\/wordpress\/plugins\/seo\/ -->\n<title>F\u00f3rum Ol\u00edmpico 2026 - Fundaci\u00f3 Barcelona Ol\u00edmpica<\/title>\n<meta name=\"description\" content=\"El XVI F\u00f2rum Ol\u00edmpic \u2013 Memorial Rom\u00e0 Cuy\u00e0s reunir\u00e1 a destacadas personalidades del \u00e1mbito deportivo para reflexionar sobre los principales retos y oportunidades que afrontan hoy los grandes eventos deportivos.La primera sesi\u00f3n abordar\u00e1 cuestiones clave sobre el futuro del olimpismo, el papel de la colaboraci\u00f3n p\u00fablico-privada en la organizaci\u00f3n de competiciones, el impacto econ\u00f3mico y social generado por la Copa Am\u00e9rica de Vela celebrada en Barcelona en 2024, y el rol de la gesti\u00f3n federativa en el desarrollo y \u00e9xito de este tipo de acontecimientos. La segunda sesi\u00f3n se abrir\u00e1 con una ponencia dedicada a la importancia de la psicolog\u00eda en el alto rendimiento deportivo, seguida de una mesa redonda con deportistas de primer nivel que compartir\u00e1n su experiencia y visi\u00f3n. El programa concluir\u00e1 con un an\u00e1lisis sobre los nuevos retos de la comunicaci\u00f3n deportiva y la gesti\u00f3n de sus derechos.El F\u00f2rum Ol\u00edmpic \u2013 Memorial Rom\u00e0 Cuy\u00e0s se consolida, una edici\u00f3n m\u00e1s, como un espacio de referencia para el debate y la reflexi\u00f3n sobre el presente y el futuro del deporte y el olimpismo.\" \/>\n<meta name=\"robots\" content=\"index, follow, max-snippet:-1, max-image-preview:large, max-video-preview:-1\" \/>\n<link rel=\"canonical\" href=\"https:\/\/www.fundaciobarcelonaolimpica.es\/es\/forum-olimpico-2025-el-futuro-de-los-grandes-eventos-deportivos\/\" \/>\n<meta property=\"og:locale\" content=\"es_ES\" \/>\n<meta property=\"og:type\" content=\"article\" \/>\n<meta property=\"og:title\" content=\"F\u00f3rum Ol\u00edmpico 2026 - Fundaci\u00f3 Barcelona Ol\u00edmpica\" \/>\n<meta property=\"og:description\" content=\"El XVI F\u00f2rum Ol\u00edmpic \u2013 Memorial Rom\u00e0 Cuy\u00e0s reunir\u00e1 a destacadas personalidades del \u00e1mbito deportivo para reflexionar sobre los principales retos y oportunidades que afrontan hoy los grandes eventos deportivos.La primera sesi\u00f3n abordar\u00e1 cuestiones clave sobre el futuro del olimpismo, el papel de la colaboraci\u00f3n p\u00fablico-privada en la organizaci\u00f3n de competiciones, el impacto econ\u00f3mico y social generado por la Copa Am\u00e9rica de Vela celebrada en Barcelona en 2024, y el rol de la gesti\u00f3n federativa en el desarrollo y \u00e9xito de este tipo de acontecimientos. La segunda sesi\u00f3n se abrir\u00e1 con una ponencia dedicada a la importancia de la psicolog\u00eda en el alto rendimiento deportivo, seguida de una mesa redonda con deportistas de primer nivel que compartir\u00e1n su experiencia y visi\u00f3n. El programa concluir\u00e1 con un an\u00e1lisis sobre los nuevos retos de la comunicaci\u00f3n deportiva y la gesti\u00f3n de sus derechos.El F\u00f2rum Ol\u00edmpic \u2013 Memorial Rom\u00e0 Cuy\u00e0s se consolida, una edici\u00f3n m\u00e1s, como un espacio de referencia para el debate y la reflexi\u00f3n sobre el presente y el futuro del deporte y el olimpismo.\" \/>\n<meta property=\"og:url\" content=\"https:\/\/www.fundaciobarcelonaolimpica.es\/es\/forum-olimpico-2025-el-futuro-de-los-grandes-eventos-deportivos\/\" \/>\n<meta property=\"og:site_name\" content=\"Fundaci\u00f3 Barcelona Ol\u00edmpica\" \/>\n<meta property=\"article:modified_time\" content=\"2026-01-22T09:01:31+00:00\" \/>\n<meta property=\"og:image\" content=\"https:\/\/www.fundaciobarcelonaolimpica.es\/wp-content\/uploads\/sites\/3\/2019\/03\/LOGO-FORUM-COLOR-copia.png\" \/>\n\t<meta property=\"og:image:width\" content=\"519\" \/>\n\t<meta property=\"og:image:height\" content=\"337\" \/>\n\t<meta property=\"og:image:type\" content=\"image\/png\" \/>\n<meta name=\"twitter:card\" content=\"summary_large_image\" \/>\n<meta name=\"twitter:label1\" content=\"Tiempo de lectura\" \/>\n\t<meta name=\"twitter:data1\" content=\"4 minutos\" \/>\n<script type=\"application\/ld+json\" class=\"yoast-schema-graph\">{\"@context\":\"https:\/\/schema.org\",\"@graph\":[{\"@type\":\"WebPage\",\"@id\":\"https:\/\/www.fundaciobarcelonaolimpica.es\/es\/forum-olimpico-2025-el-futuro-de-los-grandes-eventos-deportivos\/\",\"url\":\"https:\/\/www.fundaciobarcelonaolimpica.es\/es\/forum-olimpico-2025-el-futuro-de-los-grandes-eventos-deportivos\/\",\"name\":\"F\u00f3rum Ol\u00edmpico 2026 - Fundaci\u00f3 Barcelona Ol\u00edmpica\",\"isPartOf\":{\"@id\":\"https:\/\/www.fundaciobarcelonaolimpica.es\/ca\/#website\"},\"primaryImageOfPage\":{\"@id\":\"https:\/\/www.fundaciobarcelonaolimpica.es\/es\/forum-olimpico-2025-el-futuro-de-los-grandes-eventos-deportivos\/#primaryimage\"},\"image\":{\"@id\":\"https:\/\/www.fundaciobarcelonaolimpica.es\/es\/forum-olimpico-2025-el-futuro-de-los-grandes-eventos-deportivos\/#primaryimage\"},\"thumbnailUrl\":\"https:\/\/www.fundaciobarcelonaolimpica.es\/wp-content\/uploads\/sites\/3\/2019\/03\/LOGO-FORUM-COLOR-copia.png\",\"datePublished\":\"2025-07-29T15:57:56+00:00\",\"dateModified\":\"2026-01-22T09:01:31+00:00\",\"description\":\"El XVI F\u00f2rum Ol\u00edmpic \u2013 Memorial Rom\u00e0 Cuy\u00e0s reunir\u00e1 a destacadas personalidades del \u00e1mbito deportivo para reflexionar sobre los principales retos y oportunidades que afrontan hoy los grandes eventos deportivos.La primera sesi\u00f3n abordar\u00e1 cuestiones clave sobre el futuro del olimpismo, el papel de la colaboraci\u00f3n p\u00fablico-privada en la organizaci\u00f3n de competiciones, el impacto econ\u00f3mico y social generado por la Copa Am\u00e9rica de Vela celebrada en Barcelona en 2024, y el rol de la gesti\u00f3n federativa en el desarrollo y \u00e9xito de este tipo de acontecimientos. La segunda sesi\u00f3n se abrir\u00e1 con una ponencia dedicada a la importancia de la psicolog\u00eda en el alto rendimiento deportivo, seguida de una mesa redonda con deportistas de primer nivel que compartir\u00e1n su experiencia y visi\u00f3n. El programa concluir\u00e1 con un an\u00e1lisis sobre los nuevos retos de la comunicaci\u00f3n deportiva y la gesti\u00f3n de sus derechos.El F\u00f2rum Ol\u00edmpic \u2013 Memorial Rom\u00e0 Cuy\u00e0s se consolida, una edici\u00f3n m\u00e1s, como un espacio de referencia para el debate y la reflexi\u00f3n sobre el presente y el futuro del deporte y el olimpismo.\",\"breadcrumb\":{\"@id\":\"https:\/\/www.fundaciobarcelonaolimpica.es\/es\/forum-olimpico-2025-el-futuro-de-los-grandes-eventos-deportivos\/#breadcrumb\"},\"inLanguage\":\"es\",\"potentialAction\":[{\"@type\":\"ReadAction\",\"target\":[\"https:\/\/www.fundaciobarcelonaolimpica.es\/es\/forum-olimpico-2025-el-futuro-de-los-grandes-eventos-deportivos\/\"]}]},{\"@type\":\"ImageObject\",\"inLanguage\":\"es\",\"@id\":\"https:\/\/www.fundaciobarcelonaolimpica.es\/es\/forum-olimpico-2025-el-futuro-de-los-grandes-eventos-deportivos\/#primaryimage\",\"url\":\"https:\/\/www.fundaciobarcelonaolimpica.es\/wp-content\/uploads\/sites\/3\/2019\/03\/LOGO-FORUM-COLOR-copia.png\",\"contentUrl\":\"https:\/\/www.fundaciobarcelonaolimpica.es\/wp-content\/uploads\/sites\/3\/2019\/03\/LOGO-FORUM-COLOR-copia.png\"},{\"@type\":\"BreadcrumbList\",\"@id\":\"https:\/\/www.fundaciobarcelonaolimpica.es\/es\/forum-olimpico-2025-el-futuro-de-los-grandes-eventos-deportivos\/#breadcrumb\",\"itemListElement\":[{\"@type\":\"ListItem\",\"position\":1,\"name\":\"FBO\",\"item\":\"https:\/\/www.fundaciobarcelonaolimpica.es\/es\/\"},{\"@type\":\"ListItem\",\"position\":2,\"name\":\"F\u00f3rum Ol\u00edmpico 2026\"}]},{\"@type\":\"WebSite\",\"@id\":\"https:\/\/www.fundaciobarcelonaolimpica.es\/ca\/#website\",\"url\":\"https:\/\/www.fundaciobarcelonaolimpica.es\/ca\/\",\"name\":\"Fundaci\u00f3 Barcelona Ol\u00edmpica\",\"description\":\"Web del Museu Ol\u00edmpic i de l&#039;Esport\",\"publisher\":{\"@id\":\"https:\/\/www.fundaciobarcelonaolimpica.es\/ca\/#organization\"},\"potentialAction\":[{\"@type\":\"SearchAction\",\"target\":{\"@type\":\"EntryPoint\",\"urlTemplate\":\"https:\/\/www.fundaciobarcelonaolimpica.es\/ca\/?s={search_term_string}\"},\"query-input\":{\"@type\":\"PropertyValueSpecification\",\"valueRequired\":true,\"valueName\":\"search_term_string\"}}],\"inLanguage\":\"es\"},{\"@type\":\"Organization\",\"@id\":\"https:\/\/www.fundaciobarcelonaolimpica.es\/ca\/#organization\",\"name\":\"Fundaci\u00f3 Barcelona Ol\u00edmpica\",\"url\":\"https:\/\/www.fundaciobarcelonaolimpica.es\/ca\/\",\"logo\":{\"@type\":\"ImageObject\",\"inLanguage\":\"es\",\"@id\":\"https:\/\/www.fundaciobarcelonaolimpica.es\/ca\/#\/schema\/logo\/image\/\",\"url\":\"https:\/\/www.fundaciobarcelonaolimpica.es\/wp-content\/uploads\/sites\/3\/2019\/02\/logo-fundacio.svg\",\"contentUrl\":\"https:\/\/www.fundaciobarcelonaolimpica.es\/wp-content\/uploads\/sites\/3\/2019\/02\/logo-fundacio.svg\",\"caption\":\"Fundaci\u00f3 Barcelona Ol\u00edmpica\"},\"image\":{\"@id\":\"https:\/\/www.fundaciobarcelonaolimpica.es\/ca\/#\/schema\/logo\/image\/\"}}]}<\/script>\n<!-- \/ Yoast SEO plugin. -->","yoast_head_json":{"title":"F\u00f3rum Ol\u00edmpico 2026 - Fundaci\u00f3 Barcelona Ol\u00edmpica","description":"El XVI F\u00f2rum Ol\u00edmpic \u2013 Memorial Rom\u00e0 Cuy\u00e0s reunir\u00e1 a destacadas personalidades del \u00e1mbito deportivo para reflexionar sobre los principales retos y oportunidades que afrontan hoy los grandes eventos deportivos.La primera sesi\u00f3n abordar\u00e1 cuestiones clave sobre el futuro del olimpismo, el papel de la colaboraci\u00f3n p\u00fablico-privada en la organizaci\u00f3n de competiciones, el impacto econ\u00f3mico y social generado por la Copa Am\u00e9rica de Vela celebrada en Barcelona en 2024, y el rol de la gesti\u00f3n federativa en el desarrollo y \u00e9xito de este tipo de acontecimientos. La segunda sesi\u00f3n se abrir\u00e1 con una ponencia dedicada a la importancia de la psicolog\u00eda en el alto rendimiento deportivo, seguida de una mesa redonda con deportistas de primer nivel que compartir\u00e1n su experiencia y visi\u00f3n. El programa concluir\u00e1 con un an\u00e1lisis sobre los nuevos retos de la comunicaci\u00f3n deportiva y la gesti\u00f3n de sus derechos.El F\u00f2rum Ol\u00edmpic \u2013 Memorial Rom\u00e0 Cuy\u00e0s se consolida, una edici\u00f3n m\u00e1s, como un espacio de referencia para el debate y la reflexi\u00f3n sobre el presente y el futuro del deporte y el olimpismo.","robots":{"index":"index","follow":"follow","max-snippet":"max-snippet:-1","max-image-preview":"max-image-preview:large","max-video-preview":"max-video-preview:-1"},"canonical":"https:\/\/www.fundaciobarcelonaolimpica.es\/es\/forum-olimpico-2025-el-futuro-de-los-grandes-eventos-deportivos\/","og_locale":"es_ES","og_type":"article","og_title":"F\u00f3rum Ol\u00edmpico 2026 - Fundaci\u00f3 Barcelona Ol\u00edmpica","og_description":"El XVI F\u00f2rum Ol\u00edmpic \u2013 Memorial Rom\u00e0 Cuy\u00e0s reunir\u00e1 a destacadas personalidades del \u00e1mbito deportivo para reflexionar sobre los principales retos y oportunidades que afrontan hoy los grandes eventos deportivos.La primera sesi\u00f3n abordar\u00e1 cuestiones clave sobre el futuro del olimpismo, el papel de la colaboraci\u00f3n p\u00fablico-privada en la organizaci\u00f3n de competiciones, el impacto econ\u00f3mico y social generado por la Copa Am\u00e9rica de Vela celebrada en Barcelona en 2024, y el rol de la gesti\u00f3n federativa en el desarrollo y \u00e9xito de este tipo de acontecimientos. La segunda sesi\u00f3n se abrir\u00e1 con una ponencia dedicada a la importancia de la psicolog\u00eda en el alto rendimiento deportivo, seguida de una mesa redonda con deportistas de primer nivel que compartir\u00e1n su experiencia y visi\u00f3n. El programa concluir\u00e1 con un an\u00e1lisis sobre los nuevos retos de la comunicaci\u00f3n deportiva y la gesti\u00f3n de sus derechos.El F\u00f2rum Ol\u00edmpic \u2013 Memorial Rom\u00e0 Cuy\u00e0s se consolida, una edici\u00f3n m\u00e1s, como un espacio de referencia para el debate y la reflexi\u00f3n sobre el presente y el futuro del deporte y el olimpismo.","og_url":"https:\/\/www.fundaciobarcelonaolimpica.es\/es\/forum-olimpico-2025-el-futuro-de-los-grandes-eventos-deportivos\/","og_site_name":"Fundaci\u00f3 Barcelona Ol\u00edmpica","article_modified_time":"2026-01-22T09:01:31+00:00","og_image":[{"width":519,"height":337,"url":"https:\/\/www.fundaciobarcelonaolimpica.es\/wp-content\/uploads\/sites\/3\/2019\/03\/LOGO-FORUM-COLOR-copia.png","type":"image\/png"}],"twitter_card":"summary_large_image","twitter_misc":{"Tiempo de lectura":"4 minutos"},"schema":{"@context":"https:\/\/schema.org","@graph":[{"@type":"WebPage","@id":"https:\/\/www.fundaciobarcelonaolimpica.es\/es\/forum-olimpico-2025-el-futuro-de-los-grandes-eventos-deportivos\/","url":"https:\/\/www.fundaciobarcelonaolimpica.es\/es\/forum-olimpico-2025-el-futuro-de-los-grandes-eventos-deportivos\/","name":"F\u00f3rum Ol\u00edmpico 2026 - Fundaci\u00f3 Barcelona Ol\u00edmpica","isPartOf":{"@id":"https:\/\/www.fundaciobarcelonaolimpica.es\/ca\/#website"},"primaryImageOfPage":{"@id":"https:\/\/www.fundaciobarcelonaolimpica.es\/es\/forum-olimpico-2025-el-futuro-de-los-grandes-eventos-deportivos\/#primaryimage"},"image":{"@id":"https:\/\/www.fundaciobarcelonaolimpica.es\/es\/forum-olimpico-2025-el-futuro-de-los-grandes-eventos-deportivos\/#primaryimage"},"thumbnailUrl":"https:\/\/www.fundaciobarcelonaolimpica.es\/wp-content\/uploads\/sites\/3\/2019\/03\/LOGO-FORUM-COLOR-copia.png","datePublished":"2025-07-29T15:57:56+00:00","dateModified":"2026-01-22T09:01:31+00:00","description":"El XVI F\u00f2rum Ol\u00edmpic \u2013 Memorial Rom\u00e0 Cuy\u00e0s reunir\u00e1 a destacadas personalidades del \u00e1mbito deportivo para reflexionar sobre los principales retos y oportunidades que afrontan hoy los grandes eventos deportivos.La primera sesi\u00f3n abordar\u00e1 cuestiones clave sobre el futuro del olimpismo, el papel de la colaboraci\u00f3n p\u00fablico-privada en la organizaci\u00f3n de competiciones, el impacto econ\u00f3mico y social generado por la Copa Am\u00e9rica de Vela celebrada en Barcelona en 2024, y el rol de la gesti\u00f3n federativa en el desarrollo y \u00e9xito de este tipo de acontecimientos. La segunda sesi\u00f3n se abrir\u00e1 con una ponencia dedicada a la importancia de la psicolog\u00eda en el alto rendimiento deportivo, seguida de una mesa redonda con deportistas de primer nivel que compartir\u00e1n su experiencia y visi\u00f3n. El programa concluir\u00e1 con un an\u00e1lisis sobre los nuevos retos de la comunicaci\u00f3n deportiva y la gesti\u00f3n de sus derechos.El F\u00f2rum Ol\u00edmpic \u2013 Memorial Rom\u00e0 Cuy\u00e0s se consolida, una edici\u00f3n m\u00e1s, como un espacio de referencia para el debate y la reflexi\u00f3n sobre el presente y el futuro del deporte y el olimpismo.","breadcrumb":{"@id":"https:\/\/www.fundaciobarcelonaolimpica.es\/es\/forum-olimpico-2025-el-futuro-de-los-grandes-eventos-deportivos\/#breadcrumb"},"inLanguage":"es","potentialAction":[{"@type":"ReadAction","target":["https:\/\/www.fundaciobarcelonaolimpica.es\/es\/forum-olimpico-2025-el-futuro-de-los-grandes-eventos-deportivos\/"]}]},{"@type":"ImageObject","inLanguage":"es","@id":"https:\/\/www.fundaciobarcelonaolimpica.es\/es\/forum-olimpico-2025-el-futuro-de-los-grandes-eventos-deportivos\/#primaryimage","url":"https:\/\/www.fundaciobarcelonaolimpica.es\/wp-content\/uploads\/sites\/3\/2019\/03\/LOGO-FORUM-COLOR-copia.png","contentUrl":"https:\/\/www.fundaciobarcelonaolimpica.es\/wp-content\/uploads\/sites\/3\/2019\/03\/LOGO-FORUM-COLOR-copia.png"},{"@type":"BreadcrumbList","@id":"https:\/\/www.fundaciobarcelonaolimpica.es\/es\/forum-olimpico-2025-el-futuro-de-los-grandes-eventos-deportivos\/#breadcrumb","itemListElement":[{"@type":"ListItem","position":1,"name":"FBO","item":"https:\/\/www.fundaciobarcelonaolimpica.es\/es\/"},{"@type":"ListItem","position":2,"name":"F\u00f3rum Ol\u00edmpico 2026"}]},{"@type":"WebSite","@id":"https:\/\/www.fundaciobarcelonaolimpica.es\/ca\/#website","url":"https:\/\/www.fundaciobarcelonaolimpica.es\/ca\/","name":"Fundaci\u00f3 Barcelona Ol\u00edmpica","description":"Web del Museu Ol\u00edmpic i de l&#039;Esport","publisher":{"@id":"https:\/\/www.fundaciobarcelonaolimpica.es\/ca\/#organization"},"potentialAction":[{"@type":"SearchAction","target":{"@type":"EntryPoint","urlTemplate":"https:\/\/www.fundaciobarcelonaolimpica.es\/ca\/?s={search_term_string}"},"query-input":{"@type":"PropertyValueSpecification","valueRequired":true,"valueName":"search_term_string"}}],"inLanguage":"es"},{"@type":"Organization","@id":"https:\/\/www.fundaciobarcelonaolimpica.es\/ca\/#organization","name":"Fundaci\u00f3 Barcelona Ol\u00edmpica","url":"https:\/\/www.fundaciobarcelonaolimpica.es\/ca\/","logo":{"@type":"ImageObject","inLanguage":"es","@id":"https:\/\/www.fundaciobarcelonaolimpica.es\/ca\/#\/schema\/logo\/image\/","url":"https:\/\/www.fundaciobarcelonaolimpica.es\/wp-content\/uploads\/sites\/3\/2019\/02\/logo-fundacio.svg","contentUrl":"https:\/\/www.fundaciobarcelonaolimpica.es\/wp-content\/uploads\/sites\/3\/2019\/02\/logo-fundacio.svg","caption":"Fundaci\u00f3 Barcelona Ol\u00edmpica"},"image":{"@id":"https:\/\/www.fundaciobarcelonaolimpica.es\/ca\/#\/schema\/logo\/image\/"}}]}},"_links":{"self":[{"href":"https:\/\/www.fundaciobarcelonaolimpica.es\/es\/wp-json\/wp\/v2\/pages\/31038"}],"collection":[{"href":"https:\/\/www.fundaciobarcelonaolimpica.es\/es\/wp-json\/wp\/v2\/pages"}],"about":[{"href":"https:\/\/www.fundaciobarcelonaolimpica.es\/es\/wp-json\/wp\/v2\/types\/page"}],"author":[{"embeddable":true,"href":"https:\/\/www.fundaciobarcelonaolimpica.es\/es\/wp-json\/wp\/v2\/users\/11"}],"replies":[{"embeddable":true,"href":"https:\/\/www.fundaciobarcelonaolimpica.es\/es\/wp-json\/wp\/v2\/comments?post=31038"}],"version-history":[{"count":151,"href":"https:\/\/www.fundaciobarcelonaolimpica.es\/es\/wp-json\/wp\/v2\/pages\/31038\/revisions"}],"predecessor-version":[{"id":32735,"href":"https:\/\/www.fundaciobarcelonaolimpica.es\/es\/wp-json\/wp\/v2\/pages\/31038\/revisions\/32735"}],"wp:attachment":[{"href":"https:\/\/www.fundaciobarcelonaolimpica.es\/es\/wp-json\/wp\/v2\/media?parent=31038"}],"curies":[{"name":"wp","href":"https:\/\/api.w.org\/{rel}","templated":true}]}}