{"id":7385,"date":"2019-06-26T15:21:57","date_gmt":"2019-06-26T13:21:57","guid":{"rendered":"https:\/\/dev.fundaciobarcelonaolimpica.es\/?page_id=7385"},"modified":"2021-07-12T11:42:18","modified_gmt":"2021-07-12T09:42:18","slug":"forum-olimpico-2019","status":"publish","type":"page","link":"https:\/\/www.fundaciobarcelonaolimpica.es\/es\/forum-olimpico-2019\/","title":{"rendered":"F\u00f3rum Ol\u00edmpico 2019"},"content":{"rendered":"\t\t<div data-elementor-type=\"wp-post\" data-elementor-id=\"7385\" class=\"elementor elementor-7385\" data-elementor-post-type=\"page\">\n\t\t\t\t\t\t<section class=\"elementor-section elementor-top-section elementor-element elementor-element-5a921bd6 fbo-activi--interna elementor-section-boxed elementor-section-height-default elementor-section-height-default\" data-id=\"5a921bd6\" data-element_type=\"section\">\n\t\t\t\t\t\t<div class=\"elementor-container elementor-column-gap-default\">\n\t\t\t\t\t<div class=\"elementor-column elementor-col-100 elementor-top-column elementor-element elementor-element-732152e8\" data-id=\"732152e8\" data-element_type=\"column\">\n\t\t\t<div class=\"elementor-widget-wrap elementor-element-populated\">\n\t\t\t\t\t\t<section class=\"elementor-section elementor-inner-section elementor-element elementor-element-7d742dde fbo-content--intro elementor-section-boxed elementor-section-height-default elementor-section-height-default\" data-id=\"7d742dde\" data-element_type=\"section\">\n\t\t\t\t\t\t<div class=\"elementor-container elementor-column-gap-default\">\n\t\t\t\t\t<div class=\"elementor-column elementor-col-33 elementor-inner-column elementor-element elementor-element-24c6cbed\" data-id=\"24c6cbed\" data-element_type=\"column\">\n\t\t\t<div class=\"elementor-widget-wrap elementor-element-populated\">\n\t\t\t\t\t\t<div class=\"elementor-element elementor-element-4a88907 elementor-widget elementor-widget-image\" data-id=\"4a88907\" data-element_type=\"widget\" data-widget_type=\"image.default\">\n\t\t\t\t<div class=\"elementor-widget-container\">\n\t\t\t\t\t\t\t\t\t\t\t\t\t\t\t<img fetchpriority=\"high\" decoding=\"async\" width=\"1024\" height=\"294\" src=\"https:\/\/www.fundaciobarcelonaolimpica.es\/wp-content\/uploads\/sites\/3\/2019\/06\/img_hero-1024x294.jpg\" class=\"attachment-large size-large wp-image-7164\" alt=\"\" srcset=\"https:\/\/www.fundaciobarcelonaolimpica.es\/wp-content\/uploads\/sites\/3\/2019\/06\/img_hero-1024x294.jpg 1024w, https:\/\/www.fundaciobarcelonaolimpica.es\/wp-content\/uploads\/sites\/3\/2019\/06\/img_hero-300x86.jpg 300w, https:\/\/www.fundaciobarcelonaolimpica.es\/wp-content\/uploads\/sites\/3\/2019\/06\/img_hero-768x221.jpg 768w, https:\/\/www.fundaciobarcelonaolimpica.es\/wp-content\/uploads\/sites\/3\/2019\/06\/img_hero.jpg 1200w\" sizes=\"(max-width: 1024px) 100vw, 1024px\" \/>\t\t\t\t\t\t\t\t\t\t\t\t\t\t\t<\/div>\n\t\t\t\t<\/div>\n\t\t\t\t\t<\/div>\n\t\t<\/div>\n\t\t\t\t<div class=\"elementor-column elementor-col-66 elementor-inner-column elementor-element elementor-element-68d89ea8\" data-id=\"68d89ea8\" data-element_type=\"column\">\n\t\t\t<div class=\"elementor-widget-wrap elementor-element-populated\">\n\t\t\t\t\t\t<div class=\"elementor-element elementor-element-1faad160 elementor-widget elementor-widget-heading\" data-id=\"1faad160\" data-element_type=\"widget\" data-widget_type=\"heading.default\">\n\t\t\t\t<div class=\"elementor-widget-container\">\n\t\t\t\t\t<h2 class=\"elementor-heading-title elementor-size-default\">El impacto de los deportes y las disciplinas emergentes en un mundo global<\/h2>\t\t\t\t<\/div>\n\t\t\t\t<\/div>\n\t\t\t\t<div class=\"elementor-element elementor-element-5afc62c1 elementor-widget elementor-widget-text-editor\" data-id=\"5afc62c1\" data-element_type=\"widget\" data-widget_type=\"text-editor.default\">\n\t\t\t\t<div class=\"elementor-widget-container\">\n\t\t\t\t\t\t\t\t\t<h3>XIII F\u00d2RUM OL\u00cdMPIC &#8211; 15 16 OCT.<\/h3>\n\n<p>En esta treceava edici\u00f3n, el F\u00f3rum Ol\u00edmpico abordar\u00e1 los temas de los deportes emergentes y de su impacto sobre la celebraci\u00f3n de grandes eventos, la modificaci\u00f3n de deportes y disciplinas o la concepci\u00f3n de qu\u00e9 podemos considerar un deporte.<\/p>\n\n<p><a class=\"btn btn--border\" href=\"#form\" target=\"_blank\">Reserva tu plaza<\/a><\/p>\t\t\t\t\t\t\t\t<\/div>\n\t\t\t\t<\/div>\n\t\t\t\t\t<\/div>\n\t\t<\/div>\n\t\t\t\t\t<\/div>\n\t\t<\/section>\n\t\t\t\t\t<\/div>\n\t\t<\/div>\n\t\t\t\t\t<\/div>\n\t\t<\/section>\n\t\t\t\t<section class=\"elementor-section elementor-top-section elementor-element elementor-element-39b8ff64 fbo-schedule elementor-section-boxed elementor-section-height-default elementor-section-height-default\" data-id=\"39b8ff64\" data-element_type=\"section\">\n\t\t\t\t\t\t<div class=\"elementor-container elementor-column-gap-default\">\n\t\t\t\t\t<div class=\"elementor-column elementor-col-100 elementor-top-column elementor-element elementor-element-4cbd8769\" data-id=\"4cbd8769\" data-element_type=\"column\">\n\t\t\t<div class=\"elementor-widget-wrap elementor-element-populated\">\n\t\t\t\t\t\t<div class=\"elementor-element elementor-element-4196af3e elementor-widget elementor-widget-heading\" data-id=\"4196af3e\" data-element_type=\"widget\" data-widget_type=\"heading.default\">\n\t\t\t\t<div class=\"elementor-widget-container\">\n\t\t\t\t\t<h3 class=\"elementor-heading-title elementor-size-default\">AGENDA<\/h3>\t\t\t\t<\/div>\n\t\t\t\t<\/div>\n\t\t\t\t<section class=\"elementor-section elementor-inner-section elementor-element elementor-element-7eef5b6 fbo-schedule--content elementor-section-boxed elementor-section-height-default elementor-section-height-default\" data-id=\"7eef5b6\" data-element_type=\"section\">\n\t\t\t\t\t\t<div class=\"elementor-container elementor-column-gap-no\">\n\t\t\t\t\t<div class=\"elementor-column elementor-col-50 elementor-inner-column elementor-element elementor-element-30953074\" data-id=\"30953074\" data-element_type=\"column\">\n\t\t\t<div class=\"elementor-widget-wrap elementor-element-populated\">\n\t\t\t\t\t\t<div class=\"elementor-element elementor-element-79944606 elementor-widget elementor-widget-heading\" data-id=\"79944606\" data-element_type=\"widget\" data-widget_type=\"heading.default\">\n\t\t\t\t<div class=\"elementor-widget-container\">\n\t\t\t\t\t<h4 class=\"elementor-heading-title elementor-size-default\">Martes 15 de octubre<\/h4>\t\t\t\t<\/div>\n\t\t\t\t<\/div>\n\t\t\t\t<div class=\"elementor-element elementor-element-453cda7b elementor-widget elementor-widget-html\" data-id=\"453cda7b\" data-element_type=\"widget\" data-widget_type=\"html.default\">\n\t\t\t\t<div class=\"elementor-widget-container\">\n\t\t\t\t\t<!-- MARTES -->\n\n<table>\n    <tbody>\n        <tr>\n            <th>10:00<\/th>\n            <td>                \n                <p class=\"fbo-schedule--act\">Bienvenida<\/p>\n            <\/td>\n        <\/tr>\n        <tr>\n            <th>10:15<\/th>\n            <td>                \n                <p class=\"fbo-schedule--act\">Ponencia<\/p>\n                <p class=\"fbo-schedule--detail\"><a href=\"https:\/\/youtu.be\/jsoBi4445WE\">Retos ol\u00edmpicos de futuro, la renovaci\u00f3n del programa deportivo<\/a><\/p>\n                <p class=\"fbo-schedule--speaker\">Kit McConnell (IOC)<\/p>\n            <\/td>\n        <\/tr>\n        <tr>\n            <th>11:00<\/th>\n            <td>                \n                <p class=\"fbo-schedule--act\">Coffee break<\/p>\n            <\/td>\n        <\/tr>\n        <tr>\n            <th>11:15<\/th>\n            <td>                \n                <p class=\"fbo-schedule--act\">Ponencia<\/p>\n                <p class=\"fbo-schedule--detail\"><a href=\"https:\/\/youtu.be\/RGd7YTFHEMM\">La igualdad de g\u00e9nero en los deportes<\/a><\/p>\n                <p class=\"fbo-schedule--speaker\">Blanca Nualart (GENCAT)<\/p>\n            <\/td>\n        <\/tr>\n        <tr>\n            <th>12:00<\/th>\n            <td>                \n                <p class=\"fbo-schedule--act\">Mesa redonda<\/p>\n                <p class=\"fbo-schedule--detail\"><a href=\"https:\/\/youtu.be\/RGd7YTFHEMM\">La igualdad de g\u00e9nero en los deportes emergentes<\/a><\/p>\n                <p class=\"fbo-schedule--speaker\">Susanna Closa (IBE) \/ Susana Soler (INEFC) \/ Kira Men\u00e9n (FCK) \/ Joan Porcar (RPM-Racing) \/Maria Guix\u00e0, periodista<\/p>\n            <\/td>\n        <\/tr>\n        <tr>\n            <th>13:00<\/th>\n            <td>                \n                <p class=\"fbo-schedule--act\">Pausa<\/p>\n            <\/td>\n        <\/tr>\n        <tr>\n            <th>15:00<\/th>\n            <td>                \n                <p class=\"fbo-schedule--act\">Ponencia<\/p>\n                <p class=\"fbo-schedule--detail\"><a href=\"https:\/\/youtu.be\/RQLoGd-A3vI\">Los nuevos eventos deportivos: el ejemplo de los World Beach Games y los deportes de playa<\/a><\/p>\n                <p class=\"fbo-schedule--speaker\">Maribel Zamora (FCVb)<\/p>\n            <\/td>\n        <\/tr>\n        <tr>\n            <th>15:30<\/th>\n            <td>                \n                <p class=\"fbo-schedule--act\"> Mesa redonda<\/p>\n                <p class=\"fbo-schedule--detail\"><a href=\"https:\/\/youtu.be\/fY4XBkLkwck\">Nuevas disciplinas deportivas en los deportes de equipo<\/a><\/p>\n                <p class=\"fbo-schedule--speaker\">Ra\u00fal Chapado (RFEA) \/ Andrea d\u2019Auria \/ Judith Vizuete (BMG)<\/p>\n            <\/td>\n        <\/tr>\n        <tr>\n            <th>16:45<\/th>\n            <td>                \n                <p class=\"fbo-schedule--act\">Coffee break<\/p>\n            <\/td>\n        <\/tr>\n        <tr>\n            <th>17:00<\/th>\n            <td>                \n                <p class=\"fbo-schedule--act\">Ponencia<\/p>\n                <p class=\"fbo-schedule--detail\"><a href=\"https:\/\/youtu.be\/mg9aJw4YDAI\">Los nuevos eventos deportivos: el ejemplo de los World Roller Games y los deportes de rueda<\/a><\/p>\n                <p class=\"fbo-schedule--speaker\">Ramon Basiana (FCP) \/ Quim Pastor (FCP)<\/p>\n            <\/td>\n        <\/tr>\n        <tr>\n            <th>17:00<\/th>\n            <td>                \n                <p class=\"fbo-schedule--act\">Mesa redonda<\/p>\n                <p class=\"fbo-schedule--detail\"><a href=\"https:\/\/youtu.be\/qYRFgB0G8DM\">Nuevas disciplinas deportivas en los deportes individuales<\/a><\/p>\n                <p class=\"fbo-schedule--speaker\"> Alba Gamell (FCT) \/ May Peus (RFEDI) \/ David Maci\u00e0, Equipo de escalada<\/p>\n            <\/td>\n        <\/tr>\n    <\/tbody>\n<\/table>\n<!-- Fin table Martes -->\t\t\t\t<\/div>\n\t\t\t\t<\/div>\n\t\t\t\t\t<\/div>\n\t\t<\/div>\n\t\t\t\t<div class=\"elementor-column elementor-col-50 elementor-inner-column elementor-element elementor-element-4ade8c6c\" data-id=\"4ade8c6c\" data-element_type=\"column\">\n\t\t\t<div class=\"elementor-widget-wrap elementor-element-populated\">\n\t\t\t\t\t\t<div class=\"elementor-element elementor-element-69118d1 elementor-widget elementor-widget-heading\" data-id=\"69118d1\" data-element_type=\"widget\" data-widget_type=\"heading.default\">\n\t\t\t\t<div class=\"elementor-widget-container\">\n\t\t\t\t\t<h4 class=\"elementor-heading-title elementor-size-default\">Mi\u00e9rcoles 16 de octubre<\/h4>\t\t\t\t<\/div>\n\t\t\t\t<\/div>\n\t\t\t\t<div class=\"elementor-element elementor-element-71168658 elementor-widget elementor-widget-html\" data-id=\"71168658\" data-element_type=\"widget\" data-widget_type=\"html.default\">\n\t\t\t\t<div class=\"elementor-widget-container\">\n\t\t\t\t\t<!-- MI\u00c9RCOLES -->\n\n<table>\n    <tbody>\n        <tr>\n            <th>10:00<\/th>\n            <td>                \n                <p class=\"fbo-schedule--act\"><a href=\"https:\/\/youtu.be\/_GCGAtnWQ34\">eSports<\/a><\/p>\n                <p class=\"fbo-schedule--speaker\">Esteban Serrano - AKAWonder (SK Gaming)<\/p>\n            <\/td>\n        <\/tr>\n        <tr>\n            <th>11:00<\/th>\n            <td>                \n                <p class=\"fbo-schedule--act\">Coffee break<\/p>\n            <\/td>\n        <\/tr>\n        <tr>\n            <th>11:30<\/th>\n            <td>                \n                <p class=\"fbo-schedule--act\">Mesa redonda<\/p>\n                <p class=\"fbo-schedule--detail\"><a href=\"https:\/\/youtu.be\/Dx_vBcfa8AY\">Voces a favor y voces en contra de los eSports como deporte ol\u00edmpico<\/a><\/p>\n                <p class=\"fbo-schedule--speaker\">Pilar Calvo, periodista \/ V\u00edctor Casanovas (Seven Mila) \/ Pere Manel (COPLEFC)<\/p>\n            <\/td>\n        <\/tr>\n        <tr>\n            <th>12:30<\/th>\n            <td>                \n                <p class=\"fbo-schedule--act\">Exhibici\u00f3n<\/p>\n                <p class=\"fbo-schedule--detail\">Baloncesto 3x3<\/p>\n            <\/td>\n        <\/tr>\n        <tr>\n            <th>13:00<\/th>\n            <td>                \n                <p class=\"fbo-schedule--act\"><a href=\"https:\/\/youtu.be\/qNPYuyuXCU0\">Conclusiones<\/a><\/p><\/p>\n                <p class=\"fbo-schedule--speaker\">Joan Manuel Surroca, periodista<\/p>\n            <\/td>\n        <\/tr>\n        <tr>\n            <th>13:15<\/th>\n            <td>                \n                <p class=\"fbo-schedule--act\">Clausura<\/p>\n            <\/td>\n        <\/tr>\n    <\/tbody>\n<\/table>\n<!-- Fin table Mi\u00e9rcoles -->\t\t\t\t<\/div>\n\t\t\t\t<\/div>\n\t\t\t\t\t<\/div>\n\t\t<\/div>\n\t\t\t\t\t<\/div>\n\t\t<\/section>\n\t\t\t\t\t<\/div>\n\t\t<\/div>\n\t\t\t\t\t<\/div>\n\t\t<\/section>\n\t\t\t\t<section class=\"elementor-section elementor-top-section elementor-element elementor-element-686dd8fd fbo-list--descarga l-padding--bottom elementor-hidden-desktop elementor-hidden-tablet elementor-hidden-phone elementor-section-boxed elementor-section-height-default elementor-section-height-default\" data-id=\"686dd8fd\" data-element_type=\"section\">\n\t\t\t\t\t\t<div class=\"elementor-container elementor-column-gap-default\">\n\t\t\t\t\t<div class=\"elementor-column elementor-col-100 elementor-top-column elementor-element elementor-element-7d62382b\" data-id=\"7d62382b\" data-element_type=\"column\">\n\t\t\t<div class=\"elementor-widget-wrap elementor-element-populated\">\n\t\t\t\t\t\t<section class=\"elementor-section elementor-inner-section elementor-element elementor-element-16a51313 elementor-section-boxed elementor-section-height-default elementor-section-height-default\" data-id=\"16a51313\" data-element_type=\"section\">\n\t\t\t\t\t\t<div class=\"elementor-container elementor-column-gap-default\">\n\t\t\t\t\t<div class=\"elementor-column elementor-col-100 elementor-inner-column elementor-element elementor-element-7f7465cd\" data-id=\"7f7465cd\" data-element_type=\"column\">\n\t\t\t<div class=\"elementor-widget-wrap elementor-element-populated\">\n\t\t\t\t\t\t<div class=\"elementor-element elementor-element-5cff51e5 elementor-widget elementor-widget-heading\" data-id=\"5cff51e5\" data-element_type=\"widget\" data-widget_type=\"heading.default\">\n\t\t\t\t<div class=\"elementor-widget-container\">\n\t\t\t\t\t<h3 class=\"elementor-heading-title elementor-size-default\">Hist\u00f3rico de F\u00f3rums<\/h3>\t\t\t\t<\/div>\n\t\t\t\t<\/div>\n\t\t\t\t<div class=\"elementor-element elementor-element-9347c27 elementor-widget elementor-widget-text-editor\" data-id=\"9347c27\" data-element_type=\"widget\" data-widget_type=\"text-editor.default\">\n\t\t\t\t<div class=\"elementor-widget-container\">\n\t\t\t\t\t\t\t\t\t<p>El F\u00f3rum Ol\u00edmpico son unas jornadas que se organizan bianualmente desde 1995. Consisten en una seria de sesiones con el objetivo de reflexionar sobre una tem\u00e1tica actual en relaci\u00f3n al deporte, con la finalidad de encontrar v\u00edas de soluci\u00f3n.<\/p><p>Dirigido a: entidades deportivas, federaciones y clubes deportivos, diputaciones, consejos comarcales, ayuntamientos, investigadores, empresas privadas y p\u00fablicas deportivas, emprendedores, deportistas, representantes, entre otros.<\/p>\t\t\t\t\t\t\t\t<\/div>\n\t\t\t\t<\/div>\n\t\t\t\t\t<\/div>\n\t\t<\/div>\n\t\t\t\t\t<\/div>\n\t\t<\/section>\n\t\t\t\t<section class=\"elementor-section elementor-inner-section elementor-element elementor-element-28474016 elementor-section-boxed elementor-section-height-default elementor-section-height-default\" data-id=\"28474016\" data-element_type=\"section\">\n\t\t\t\t\t\t<div class=\"elementor-container elementor-column-gap-default\">\n\t\t\t\t\t<div class=\"elementor-column elementor-col-100 elementor-inner-column elementor-element elementor-element-61ef7c47\" data-id=\"61ef7c47\" data-element_type=\"column\">\n\t\t\t<div class=\"elementor-widget-wrap elementor-element-populated\">\n\t\t\t\t\t\t<div class=\"elementor-element elementor-element-56aab6b1 elementor-align-left elementor-icon-list--layout-traditional elementor-list-item-link-full_width elementor-widget elementor-widget-icon-list\" data-id=\"56aab6b1\" data-element_type=\"widget\" data-widget_type=\"icon-list.default\">\n\t\t\t\t<div class=\"elementor-widget-container\">\n\t\t\t\t\t\t\t<ul class=\"elementor-icon-list-items\">\n\t\t\t\t\t\t\t<li class=\"elementor-icon-list-item\">\n\t\t\t\t\t\t\t\t\t\t\t<a href=\"http:\/\/www.museuolimpicbcn.cat\/upload\/forum-01_1995_ponenc-concl_ca-es.pdf\" target=\"_blank\" rel=\"nofollow\">\n\n\t\t\t\t\t\t\t\t\t\t\t<span class=\"elementor-icon-list-text\">I F\u00f3rum Ol\u00edmpico (noviembre 1995) \"F\u00f3rum Ol\u00edmpico\"<\/span>\n\t\t\t\t\t\t\t\t\t\t\t<\/a>\n\t\t\t\t\t\t\t\t\t<\/li>\n\t\t\t\t\t\t\t\t<li class=\"elementor-icon-list-item\">\n\t\t\t\t\t\t\t\t\t\t\t<a href=\"http:\/\/www.museuolimpicbcn.cat\/upload\/forum-02_1997_concl_es.pdf\" target=\"_blank\" rel=\"nofollow\">\n\n\t\t\t\t\t\t\t\t\t\t\t<span class=\"elementor-icon-list-text\">II F\u00f3rum Ol\u00edmpico (noviembre 1997) \"Deporte Ol\u00edmpico\"<\/span>\n\t\t\t\t\t\t\t\t\t\t\t<\/a>\n\t\t\t\t\t\t\t\t\t<\/li>\n\t\t\t\t\t\t\t\t<li class=\"elementor-icon-list-item\">\n\t\t\t\t\t\t\t\t\t\t\t<a href=\"http:\/\/www.museuolimpicbcn.cat\/upload\/forum-03_1999_concl_ca.pdf\" target=\"_blank\" rel=\"nofollow\">\n\n\t\t\t\t\t\t\t\t\t\t\t<span class=\"elementor-icon-list-text\">III F\u00f3rum Ol\u00edmpico (noviembre 1999) \"Deporte y Mujer\"<\/span>\n\t\t\t\t\t\t\t\t\t\t\t<\/a>\n\t\t\t\t\t\t\t\t\t<\/li>\n\t\t\t\t\t\t\t\t<li class=\"elementor-icon-list-item\">\n\t\t\t\t\t\t\t\t\t\t\t<a href=\"http:\/\/www.museuolimpicbcn.cat\/upload\/forum-04_2001_ponenc-concl_ca-es.pdf\" target=\"_blank\" rel=\"nofollow\">\n\n\t\t\t\t\t\t\t\t\t\t\t<span class=\"elementor-icon-list-text\">IV F\u00f3rum Ol\u00edmpico (noviembre 2001) \"Deporte Adaptado\"<\/span>\n\t\t\t\t\t\t\t\t\t\t\t<\/a>\n\t\t\t\t\t\t\t\t\t<\/li>\n\t\t\t\t\t\t\t\t<li class=\"elementor-icon-list-item\">\n\t\t\t\t\t\t\t\t\t\t\t<a href=\"http:\/\/www.museuolimpicbcn.cat\/upload\/forum-05_2003_ponenc-concl_ca-es.pdf\" target=\"_blank\" rel=\"nofollow\">\n\n\t\t\t\t\t\t\t\t\t\t\t<span class=\"elementor-icon-list-text\">V F\u00f3rum Ol\u00edmpico (noviembre 2003) \"Dopaje en el deporte\"<\/span>\n\t\t\t\t\t\t\t\t\t\t\t<\/a>\n\t\t\t\t\t\t\t\t\t<\/li>\n\t\t\t\t\t\t\t\t<li class=\"elementor-icon-list-item\">\n\t\t\t\t\t\t\t\t\t\t\t<a href=\"http:\/\/www.museuolimpicbcn.cat\/upload\/forum-06_2005_progr-concl_ca-es.pdf\" target=\"_blank\" rel=\"nofollow\">\n\n\t\t\t\t\t\t\t\t\t\t\t<span class=\"elementor-icon-list-text\">VI F\u00f3rum Ol\u00edmpico (noviembre 2005) \"Deporte Escolar\"<\/span>\n\t\t\t\t\t\t\t\t\t\t\t<\/a>\n\t\t\t\t\t\t\t\t\t<\/li>\n\t\t\t\t\t\t\t\t<li class=\"elementor-icon-list-item\">\n\t\t\t\t\t\t\t\t\t\t\t<a href=\"http:\/\/www.museuolimpicbcn.cat\/upload\/forum-07_2007_progr-concl_ca-es.pdf\" target=\"_blank\" rel=\"nofollow\">\n\n\t\t\t\t\t\t\t\t\t\t\t<span class=\"elementor-icon-list-text\">VII F\u00f3rum Ol\u00edmpico (noviembre 2007) \"Deporte y Medio Ambiente\"<\/span>\n\t\t\t\t\t\t\t\t\t\t\t<\/a>\n\t\t\t\t\t\t\t\t\t<\/li>\n\t\t\t\t\t\t\t\t<li class=\"elementor-icon-list-item\">\n\t\t\t\t\t\t\t\t\t\t\t<a href=\"http:\/\/www.museuolimpicbcn.cat\/upload\/forum-08_2009_progr-concl_ca-es.pdf\" target=\"_blank\" rel=\"nofollow\">\n\n\t\t\t\t\t\t\t\t\t\t\t<span class=\"elementor-icon-list-text\">VIII F\u00f3rum Ol\u00edmpico (noviembre 2009) \"Deporte e inmigraci\u00f3n\"<\/span>\n\t\t\t\t\t\t\t\t\t\t\t<\/a>\n\t\t\t\t\t\t\t\t\t<\/li>\n\t\t\t\t\t\t\t\t<li class=\"elementor-icon-list-item\">\n\t\t\t\t\t\t\t\t\t\t\t<a href=\"http:\/\/www.museuolimpicbcn.cat\/upload\/forum-09_2011_progr_ca-es.pdf\" target=\"_blank\" rel=\"nofollow\">\n\n\t\t\t\t\t\t\t\t\t\t\t<span class=\"elementor-icon-list-text\">IX F\u00f3rum Ol\u00edmpico (octubre 2011) \"Deporte i Salud\"<\/span>\n\t\t\t\t\t\t\t\t\t\t\t<\/a>\n\t\t\t\t\t\t\t\t\t<\/li>\n\t\t\t\t\t\t\t\t<li class=\"elementor-icon-list-item\">\n\t\t\t\t\t\t\t\t\t\t\t<a href=\"http:\/\/www.museuolimpicbcn.cat\/upload\/forum-10_2013_progr-concl_ca-es.pdf\" target=\"_blank\" rel=\"nofollow\">\n\n\t\t\t\t\t\t\t\t\t\t\t<span class=\"elementor-icon-list-text\">X F\u00f2rum Ol\u00edmpic (17 y 18 de octubre 2013) \"Deporte y Economia: Modelos de Futuro\"<\/span>\n\t\t\t\t\t\t\t\t\t\t\t<\/a>\n\t\t\t\t\t\t\t\t\t<\/li>\n\t\t\t\t\t\t\t\t<li class=\"elementor-icon-list-item\">\n\t\t\t\t\t\t\t\t\t\t\t<a href=\"http:\/\/www.museuolimpicbcn.cat\/upload\/forum11_DOSSIER-baixa.pdf\" target=\"_blank\" rel=\"nofollow\">\n\n\t\t\t\t\t\t\t\t\t\t\t<span class=\"elementor-icon-list-text\">XI F\u00f3rum Ol\u00edmpico (15 y 16 de octubre 2015) \"Nuevas Tecnolog\u00edas y Deporte\"<\/span>\n\t\t\t\t\t\t\t\t\t\t\t<\/a>\n\t\t\t\t\t\t\t\t\t<\/li>\n\t\t\t\t\t\t\t\t<li class=\"elementor-icon-list-item\">\n\t\t\t\t\t\t\t\t\t\t\t<a href=\"http:\/\/www.fundaciobarcelonaolimpica.es\/contenido.asp?id=21&#038;url=contenido_amplia.asp?id_seccion=113\" target=\"_blank\" rel=\"nofollow\">\n\n\t\t\t\t\t\t\t\t\t\t\t<span class=\"elementor-icon-list-text\">XII F\u00f3rum Ol\u00edmpico (26 y 27 de octubre 2017) \"25 Aniversario Barcelona '92\"<\/span>\n\t\t\t\t\t\t\t\t\t\t\t<\/a>\n\t\t\t\t\t\t\t\t\t<\/li>\n\t\t\t\t\t\t<\/ul>\n\t\t\t\t\t\t<\/div>\n\t\t\t\t<\/div>\n\t\t\t\t\t<\/div>\n\t\t<\/div>\n\t\t\t\t\t<\/div>\n\t\t<\/section>\n\t\t\t\t\t<\/div>\n\t\t<\/div>\n\t\t\t\t\t<\/div>\n\t\t<\/section>\n\t\t\t\t<\/div>\n\t\t","protected":false},"excerpt":{"rendered":"<p>El impacto de los deportes y las disciplinas emergentes en un mundo global XIII F\u00d2RUM OL\u00cdMPIC &#8211; 15 16 OCT. En esta treceava edici\u00f3n, el F\u00f3rum Ol\u00edmpico abordar\u00e1 los temas de los deportes emergentes y de su impacto sobre la celebraci\u00f3n de grandes eventos, la modificaci\u00f3n de deportes y disciplinas o la concepci\u00f3n de qu\u00e9 [&hellip;]<\/p>\n","protected":false},"author":6,"featured_media":0,"parent":0,"menu_order":0,"comment_status":"closed","ping_status":"closed","template":"","meta":{"_acf_changed":false,"footnotes":""},"class_list":["post-7385","page","type-page","status-publish","hentry"],"acf":[],"yoast_head":"<!-- This site is optimized with the Yoast SEO plugin v23.7 - https:\/\/yoast.com\/wordpress\/plugins\/seo\/ -->\n<title>F\u00f3rum Ol\u00edmpico 2019 - Fundaci\u00f3 Barcelona Ol\u00edmpica<\/title>\n<meta name=\"robots\" content=\"index, follow, max-snippet:-1, max-image-preview:large, max-video-preview:-1\" \/>\n<link rel=\"canonical\" href=\"https:\/\/www.fundaciobarcelonaolimpica.es\/es\/forum-olimpico-2019\/\" \/>\n<meta property=\"og:locale\" content=\"es_ES\" \/>\n<meta property=\"og:type\" content=\"article\" \/>\n<meta property=\"og:title\" content=\"F\u00f3rum Ol\u00edmpico 2019 - Fundaci\u00f3 Barcelona Ol\u00edmpica\" \/>\n<meta property=\"og:description\" content=\"El impacto de los deportes y las disciplinas emergentes en un mundo global XIII F\u00d2RUM OL\u00cdMPIC &#8211; 15 16 OCT. En esta treceava edici\u00f3n, el F\u00f3rum Ol\u00edmpico abordar\u00e1 los temas de los deportes emergentes y de su impacto sobre la celebraci\u00f3n de grandes eventos, la modificaci\u00f3n de deportes y disciplinas o la concepci\u00f3n de qu\u00e9 [&hellip;]\" \/>\n<meta property=\"og:url\" content=\"https:\/\/www.fundaciobarcelonaolimpica.es\/es\/forum-olimpico-2019\/\" \/>\n<meta property=\"og:site_name\" content=\"Fundaci\u00f3 Barcelona Ol\u00edmpica\" \/>\n<meta property=\"article:modified_time\" content=\"2021-07-12T09:42:18+00:00\" \/>\n<meta property=\"og:image\" content=\"https:\/\/www.fundaciobarcelonaolimpica.es\/wp-content\/uploads\/sites\/3\/2019\/06\/img_hero-1024x294.jpg\" \/>\n<meta name=\"twitter:card\" content=\"summary_large_image\" \/>\n<meta name=\"twitter:label1\" content=\"Tiempo de lectura\" \/>\n\t<meta name=\"twitter:data1\" content=\"3 minutos\" \/>\n<script type=\"application\/ld+json\" class=\"yoast-schema-graph\">{\"@context\":\"https:\/\/schema.org\",\"@graph\":[{\"@type\":\"WebPage\",\"@id\":\"https:\/\/www.fundaciobarcelonaolimpica.es\/es\/forum-olimpico-2019\/\",\"url\":\"https:\/\/www.fundaciobarcelonaolimpica.es\/es\/forum-olimpico-2019\/\",\"name\":\"F\u00f3rum Ol\u00edmpico 2019 - Fundaci\u00f3 Barcelona Ol\u00edmpica\",\"isPartOf\":{\"@id\":\"https:\/\/www.fundaciobarcelonaolimpica.es\/ca\/#website\"},\"primaryImageOfPage\":{\"@id\":\"https:\/\/www.fundaciobarcelonaolimpica.es\/es\/forum-olimpico-2019\/#primaryimage\"},\"image\":{\"@id\":\"https:\/\/www.fundaciobarcelonaolimpica.es\/es\/forum-olimpico-2019\/#primaryimage\"},\"thumbnailUrl\":\"https:\/\/www.fundaciobarcelonaolimpica.es\/wp-content\/uploads\/sites\/3\/2019\/06\/img_hero-1024x294.jpg\",\"datePublished\":\"2019-06-26T13:21:57+00:00\",\"dateModified\":\"2021-07-12T09:42:18+00:00\",\"breadcrumb\":{\"@id\":\"https:\/\/www.fundaciobarcelonaolimpica.es\/es\/forum-olimpico-2019\/#breadcrumb\"},\"inLanguage\":\"es\",\"potentialAction\":[{\"@type\":\"ReadAction\",\"target\":[\"https:\/\/www.fundaciobarcelonaolimpica.es\/es\/forum-olimpico-2019\/\"]}]},{\"@type\":\"ImageObject\",\"inLanguage\":\"es\",\"@id\":\"https:\/\/www.fundaciobarcelonaolimpica.es\/es\/forum-olimpico-2019\/#primaryimage\",\"url\":\"https:\/\/www.fundaciobarcelonaolimpica.es\/wp-content\/uploads\/sites\/3\/2019\/06\/img_hero-1024x294.jpg\",\"contentUrl\":\"https:\/\/www.fundaciobarcelonaolimpica.es\/wp-content\/uploads\/sites\/3\/2019\/06\/img_hero-1024x294.jpg\"},{\"@type\":\"BreadcrumbList\",\"@id\":\"https:\/\/www.fundaciobarcelonaolimpica.es\/es\/forum-olimpico-2019\/#breadcrumb\",\"itemListElement\":[{\"@type\":\"ListItem\",\"position\":1,\"name\":\"FBO\",\"item\":\"https:\/\/www.fundaciobarcelonaolimpica.es\/es\/\"},{\"@type\":\"ListItem\",\"position\":2,\"name\":\"F\u00f3rum Ol\u00edmpico 2019\"}]},{\"@type\":\"WebSite\",\"@id\":\"https:\/\/www.fundaciobarcelonaolimpica.es\/ca\/#website\",\"url\":\"https:\/\/www.fundaciobarcelonaolimpica.es\/ca\/\",\"name\":\"Fundaci\u00f3 Barcelona Ol\u00edmpica\",\"description\":\"Web del Museu Ol\u00edmpic i de l&#039;Esport\",\"publisher\":{\"@id\":\"https:\/\/www.fundaciobarcelonaolimpica.es\/ca\/#organization\"},\"potentialAction\":[{\"@type\":\"SearchAction\",\"target\":{\"@type\":\"EntryPoint\",\"urlTemplate\":\"https:\/\/www.fundaciobarcelonaolimpica.es\/ca\/?s={search_term_string}\"},\"query-input\":{\"@type\":\"PropertyValueSpecification\",\"valueRequired\":true,\"valueName\":\"search_term_string\"}}],\"inLanguage\":\"es\"},{\"@type\":\"Organization\",\"@id\":\"https:\/\/www.fundaciobarcelonaolimpica.es\/ca\/#organization\",\"name\":\"Fundaci\u00f3 Barcelona Ol\u00edmpica\",\"url\":\"https:\/\/www.fundaciobarcelonaolimpica.es\/ca\/\",\"logo\":{\"@type\":\"ImageObject\",\"inLanguage\":\"es\",\"@id\":\"https:\/\/www.fundaciobarcelonaolimpica.es\/ca\/#\/schema\/logo\/image\/\",\"url\":\"https:\/\/www.fundaciobarcelonaolimpica.es\/wp-content\/uploads\/sites\/3\/2019\/02\/logo-fundacio.svg\",\"contentUrl\":\"https:\/\/www.fundaciobarcelonaolimpica.es\/wp-content\/uploads\/sites\/3\/2019\/02\/logo-fundacio.svg\",\"caption\":\"Fundaci\u00f3 Barcelona Ol\u00edmpica\"},\"image\":{\"@id\":\"https:\/\/www.fundaciobarcelonaolimpica.es\/ca\/#\/schema\/logo\/image\/\"}}]}<\/script>\n<!-- \/ Yoast SEO plugin. -->","yoast_head_json":{"title":"F\u00f3rum Ol\u00edmpico 2019 - Fundaci\u00f3 Barcelona Ol\u00edmpica","robots":{"index":"index","follow":"follow","max-snippet":"max-snippet:-1","max-image-preview":"max-image-preview:large","max-video-preview":"max-video-preview:-1"},"canonical":"https:\/\/www.fundaciobarcelonaolimpica.es\/es\/forum-olimpico-2019\/","og_locale":"es_ES","og_type":"article","og_title":"F\u00f3rum Ol\u00edmpico 2019 - Fundaci\u00f3 Barcelona Ol\u00edmpica","og_description":"El impacto de los deportes y las disciplinas emergentes en un mundo global XIII F\u00d2RUM OL\u00cdMPIC &#8211; 15 16 OCT. En esta treceava edici\u00f3n, el F\u00f3rum Ol\u00edmpico abordar\u00e1 los temas de los deportes emergentes y de su impacto sobre la celebraci\u00f3n de grandes eventos, la modificaci\u00f3n de deportes y disciplinas o la concepci\u00f3n de qu\u00e9 [&hellip;]","og_url":"https:\/\/www.fundaciobarcelonaolimpica.es\/es\/forum-olimpico-2019\/","og_site_name":"Fundaci\u00f3 Barcelona Ol\u00edmpica","article_modified_time":"2021-07-12T09:42:18+00:00","og_image":[{"url":"https:\/\/www.fundaciobarcelonaolimpica.es\/wp-content\/uploads\/sites\/3\/2019\/06\/img_hero-1024x294.jpg"}],"twitter_card":"summary_large_image","twitter_misc":{"Tiempo de lectura":"3 minutos"},"schema":{"@context":"https:\/\/schema.org","@graph":[{"@type":"WebPage","@id":"https:\/\/www.fundaciobarcelonaolimpica.es\/es\/forum-olimpico-2019\/","url":"https:\/\/www.fundaciobarcelonaolimpica.es\/es\/forum-olimpico-2019\/","name":"F\u00f3rum Ol\u00edmpico 2019 - Fundaci\u00f3 Barcelona Ol\u00edmpica","isPartOf":{"@id":"https:\/\/www.fundaciobarcelonaolimpica.es\/ca\/#website"},"primaryImageOfPage":{"@id":"https:\/\/www.fundaciobarcelonaolimpica.es\/es\/forum-olimpico-2019\/#primaryimage"},"image":{"@id":"https:\/\/www.fundaciobarcelonaolimpica.es\/es\/forum-olimpico-2019\/#primaryimage"},"thumbnailUrl":"https:\/\/www.fundaciobarcelonaolimpica.es\/wp-content\/uploads\/sites\/3\/2019\/06\/img_hero-1024x294.jpg","datePublished":"2019-06-26T13:21:57+00:00","dateModified":"2021-07-12T09:42:18+00:00","breadcrumb":{"@id":"https:\/\/www.fundaciobarcelonaolimpica.es\/es\/forum-olimpico-2019\/#breadcrumb"},"inLanguage":"es","potentialAction":[{"@type":"ReadAction","target":["https:\/\/www.fundaciobarcelonaolimpica.es\/es\/forum-olimpico-2019\/"]}]},{"@type":"ImageObject","inLanguage":"es","@id":"https:\/\/www.fundaciobarcelonaolimpica.es\/es\/forum-olimpico-2019\/#primaryimage","url":"https:\/\/www.fundaciobarcelonaolimpica.es\/wp-content\/uploads\/sites\/3\/2019\/06\/img_hero-1024x294.jpg","contentUrl":"https:\/\/www.fundaciobarcelonaolimpica.es\/wp-content\/uploads\/sites\/3\/2019\/06\/img_hero-1024x294.jpg"},{"@type":"BreadcrumbList","@id":"https:\/\/www.fundaciobarcelonaolimpica.es\/es\/forum-olimpico-2019\/#breadcrumb","itemListElement":[{"@type":"ListItem","position":1,"name":"FBO","item":"https:\/\/www.fundaciobarcelonaolimpica.es\/es\/"},{"@type":"ListItem","position":2,"name":"F\u00f3rum Ol\u00edmpico 2019"}]},{"@type":"WebSite","@id":"https:\/\/www.fundaciobarcelonaolimpica.es\/ca\/#website","url":"https:\/\/www.fundaciobarcelonaolimpica.es\/ca\/","name":"Fundaci\u00f3 Barcelona Ol\u00edmpica","description":"Web del Museu Ol\u00edmpic i de l&#039;Esport","publisher":{"@id":"https:\/\/www.fundaciobarcelonaolimpica.es\/ca\/#organization"},"potentialAction":[{"@type":"SearchAction","target":{"@type":"EntryPoint","urlTemplate":"https:\/\/www.fundaciobarcelonaolimpica.es\/ca\/?s={search_term_string}"},"query-input":{"@type":"PropertyValueSpecification","valueRequired":true,"valueName":"search_term_string"}}],"inLanguage":"es"},{"@type":"Organization","@id":"https:\/\/www.fundaciobarcelonaolimpica.es\/ca\/#organization","name":"Fundaci\u00f3 Barcelona Ol\u00edmpica","url":"https:\/\/www.fundaciobarcelonaolimpica.es\/ca\/","logo":{"@type":"ImageObject","inLanguage":"es","@id":"https:\/\/www.fundaciobarcelonaolimpica.es\/ca\/#\/schema\/logo\/image\/","url":"https:\/\/www.fundaciobarcelonaolimpica.es\/wp-content\/uploads\/sites\/3\/2019\/02\/logo-fundacio.svg","contentUrl":"https:\/\/www.fundaciobarcelonaolimpica.es\/wp-content\/uploads\/sites\/3\/2019\/02\/logo-fundacio.svg","caption":"Fundaci\u00f3 Barcelona Ol\u00edmpica"},"image":{"@id":"https:\/\/www.fundaciobarcelonaolimpica.es\/ca\/#\/schema\/logo\/image\/"}}]}},"_links":{"self":[{"href":"https:\/\/www.fundaciobarcelonaolimpica.es\/es\/wp-json\/wp\/v2\/pages\/7385"}],"collection":[{"href":"https:\/\/www.fundaciobarcelonaolimpica.es\/es\/wp-json\/wp\/v2\/pages"}],"about":[{"href":"https:\/\/www.fundaciobarcelonaolimpica.es\/es\/wp-json\/wp\/v2\/types\/page"}],"author":[{"embeddable":true,"href":"https:\/\/www.fundaciobarcelonaolimpica.es\/es\/wp-json\/wp\/v2\/users\/6"}],"replies":[{"embeddable":true,"href":"https:\/\/www.fundaciobarcelonaolimpica.es\/es\/wp-json\/wp\/v2\/comments?post=7385"}],"version-history":[{"count":17,"href":"https:\/\/www.fundaciobarcelonaolimpica.es\/es\/wp-json\/wp\/v2\/pages\/7385\/revisions"}],"predecessor-version":[{"id":28589,"href":"https:\/\/www.fundaciobarcelonaolimpica.es\/es\/wp-json\/wp\/v2\/pages\/7385\/revisions\/28589"}],"wp:attachment":[{"href":"https:\/\/www.fundaciobarcelonaolimpica.es\/es\/wp-json\/wp\/v2\/media?parent=7385"}],"curies":[{"name":"wp","href":"https:\/\/api.w.org\/{rel}","templated":true}]}}